{"id":924,"date":"2024-05-29T16:14:11","date_gmt":"2024-05-29T19:14:11","guid":{"rendered":"https:\/\/sodre.gub.uy\/institucional\/?page_id=924"},"modified":"2024-09-25T14:52:38","modified_gmt":"2024-09-25T17:52:38","slug":"accesibilidad","status":"publish","type":"page","link":"https:\/\/sodre.gub.uy\/institucional\/accesibilidad\/","title":{"rendered":"Accesibilidad"},"content":{"rendered":"<div class=\"wpb-content-wrapper\"><p>[vc_section][vc_row gap=\u00bb30&#8243;][vc_column width=\u00bb1\/2&#8243;][vc_column_text]<br \/>\nEl Auditorio Nacional del Sodre Dra. Adela Reta cuenta con dos salas: Eduardo Fabini que alberga el mayor recinto de conciertos sinf\u00f3nicos del pa\u00eds y, Hugo Balzo. Adem\u00e1s, una cafeter\u00eda, boleter\u00eda y recepci\u00f3n, un anfiteatro y un paseo de artes en varios de sus pisos.[\/vc_column_text][vc_empty_space height=\u00bb40px\u00bb]\n\n<h4 \n\trole=\"heading\" \n\tclass=\"cyg--tit contenido cyg--font-inter cyg--font-normal \"\n>\n\n\tIngresos\n<\/h4>\n\n\n[vc_empty_space height=\u00bb15px\u00bb][vc_column_text]<strong>Ingresos accesibles por calles Andes, Mercedes y Florida.<\/strong>[\/vc_column_text][vc_column_text]Calle Mercedes \u2013 Puerta habilitada en todo el horario que el Auditorio permanece abierto.<br \/>\nCuenta con estacionamiento exclusivo y rampa para personas en Situaci\u00f3n de Discapacidad que as\u00ed lo requieran.<\/p>\n<p>Por este acceso se llega a Recepci\u00f3n, Boleter\u00eda, cafeter\u00eda, Perifoneo, ba\u00f1os, ba\u00f1o accesible con cambiador y ascensores hac\u00eda sala Eduardo Fabini.[\/vc_column_text][vc_column_text]<strong>Calle Andes<\/strong> \u2013 Puerta habilitada \u00fanicamente cuando hay funci\u00f3n en la Sala Eduardo Fabini.<br \/>\nCuenta con estacionamiento exclusivo y rampa para personas en Situaci\u00f3n de Discapacidad que as\u00ed lo requieran.<\/p>\n<p>Por este acceso se llega a Recepci\u00f3n, Boleter\u00eda, Perifoneo, ba\u00f1os, ba\u00f1o accesible con cambiador y ascensores hac\u00eda sala Eduardo Fabini.[\/vc_column_text][vc_column_text]<strong>Calle Florida<\/strong> \u2013 Puerta habilitada \u00fanicamente cuando hay funci\u00f3n en la sala Hugo Balzo o actividad en el Anfiteatro.<br \/>\nPor este acceso llega a la sala Hugo Balzo, ascensor, ba\u00f1os, ba\u00f1o accesible con cambiador.<\/p>\n<p>Ingreso por rampa.[\/vc_column_text][vc_empty_space height=\u00bb40px\u00bb]\n\n<h4 \n\trole=\"heading\" \n\tclass=\"cyg--tit contenido cyg--font-inter cyg--font-normal \"\n>\n\n\tServicios\n<\/h4>\n\n\n[vc_empty_space height=\u00bb15px\u00bb][vc_column_text]Tienda: Se encuentra en el Hall, ingresando por las puertas de Andes.<br \/>\nCafeter\u00eda-The Lab: Se accede por escaleras desde todos los ingresos. El ingreso accesible es a trav\u00e9s de la puerta de la calle Mercedes.<br \/>\nBoleter\u00eda\/Recepci\u00f3n: Se accede por Mercedes y Andes.<br \/>\nBoleter\u00eda: Lunes a s\u00e1bados 14 a 19 h.<br \/>\nRecepci\u00f3n \u2013 Atenci\u00f3n presencial: Lunes a viernes 12 a 19 h. S\u00e1bados 14 a 19 h.<br \/>\nPerifoneo: Se accede por calle Mercedes, Andes.[\/vc_column_text][vc_empty_space height=\u00bb40px\u00bb]\n\n<h4 \n\trole=\"heading\" \n\tclass=\"cyg--tit contenido cyg--font-inter cyg--font-normal \"\n>\n\n\tIngreso a la sala Eduardo Fabini\n<\/h4>\n\n\n[vc_empty_space height=\u00bb15px\u00bb][vc_column_text]Platea baja (entrepiso):<br \/>\nSe encuentra subiendo un tramo por escalera fija\/mec\u00e1nicas o por el ascensor. Es el piso m\u00e1s cercano al escenario y cuenta con muy buena visibilidad.<\/p>\n<p>Los asientos impares \u00fanicamente ingresan por escaleras del lado izquierdo y los pares ingresan por el lado derecho.<\/p>\n<p>Cuenta con escaleras con barandas en el ingreso. Dentro de la sala no hay escaleras.<\/p>\n<p>Los ba\u00f1os est\u00e1n ubicados \u00fanicamente en el acceso de asientos pares.[\/vc_column_text][vc_column_text]Platea alta (primer piso) Piso con asientos accesibles.<br \/>\nSe encuentra subiendo dos tramos por escaleras o por el ascensor. Este piso se caracteriza por tener muy buena visibilidad desde toda la sala.<\/p>\n<p>Cuenta con dos asientos\/espacios en la \u00faltima fila (fila 10) para personas que accedan en silla de ruedas.<\/p>\n<p>Cuenta con escaleras sin barandas dentro de la sala.<\/p>\n<p>Se recomienda utilizar asientos accesibles o palcos laterales para personas con movilidad reducida.<\/p>\n<p>Las entradas con asientos pares ingresan por la puerta derecha, mientras que los asientos impares ingresan por la puerta de la izquierda.<\/p>\n<p>El piso cuenta con ba\u00f1os.[\/vc_column_text][vc_column_text]Tertulia (segundo piso) Piso con asientos accesibles.<br \/>\nSe encuentra subiendo tres tramos por escaleras o por el ascensor. Este piso se caracteriza por tener muy buena visibilidad desde toda la sala.<\/p>\n<p>Cuenta con dos asientos\/espacios en la \u00faltima fila (fila ocho) para personas que accedan en silla de ruedas.<\/p>\n<p>Cuenta con escaleras sin barandas dentro de la sala.<\/p>\n<p>Las entradas con asientos pares ingresan por la puerta derecha, mientras que los asientos impares ingresan por la puerta izquierda.<\/p>\n<p>El piso cuenta con ba\u00f1os.[\/vc_column_text][vc_column_text]Galer\u00eda baja (tercer piso) \u2013 En caso de movilidad reducida no se sugiere este piso.<br \/>\nSe encuentra subiendo cuatro tramos por escaleras o por ascensor. Los palcos tienen visibilidad limitada.<\/p>\n<p>Cuenta con escaleras con barandas en el ingreso y dentro de la sala.<\/p>\n<p>Las entradas con asientos pares ingresan por la puerta derecha, mientras que los asientos impares ingresan por la puerta de la izquierda.<\/p>\n<p>El piso cuenta con ba\u00f1os.[\/vc_column_text][vc_column_text]Galer\u00eda alta (cuarto piso) \u2013 En caso de tener v\u00e9rtigo o movilidad reducida no se sugiere este piso.<br \/>\nSe encuentra subiendo cinco tramos por escaleras o por ascensor. Los lugares laterales, especialmente de la butaca 34 en adelante, la visibilidad hacia el escenario es limitada.<\/p>\n<p>Los palcos tienen visibilidad reducida.<\/p>\n<p>Cuenta con cuatro asientos\/espacios en los palcos para personas que accedan en silla de ruedas.<\/p>\n<p>Es el \u00fanico piso que cuenta con escaleras con barandas en el ingreso y dentro de la sala.<\/p>\n<p>El piso cuenta con ba\u00f1os.[\/vc_column_text][vc_column_text]Palcos de Galer\u00eda alta Cuenta con cuatro asientos\/espacios en los palcos para personas que accedan en sillas de ruedas.[\/vc_column_text][vc_empty_space height=\u00bb40px\u00bb]\n\n<h4 \n\trole=\"heading\" \n\tclass=\"cyg--tit contenido cyg--font-inter cyg--font-normal \"\n>\n\n\tIngreso Sala Hugo Balzo \u2013 En caso de movilidad reducida, se sugiere ingresar por calle Florida y el uso del ascensor.\n<\/h4>\n\n\n[vc_empty_space height=\u00bb15px\u00bb][vc_column_text]Acceso a sala por calle Mercedes o por ingreso accesible por calle Florida.<br \/>\nPara ingresar a la sala se debe de bajar dos tramos de escaleras y subir una para llegar a los asientos.<br \/>\nCuenta con espacios y asientos reservados para personas en sillas de ruedas o con poca movilidad.<br \/>\nBa\u00f1o accesible con cambiador.<br \/>\nAscensor.[\/vc_column_text][\/vc_column][vc_column width=\u00bb1\/2&#8243; css=\u00bb.vc_custom_1701211009001{margin-top: 0px !important;border-top-width: 0px !important;padding-top: 0px !important;}\u00bb][vc_row_inner css=\u00bb.vc_custom_1717014528892{margin-bottom: 20px !important;}\u00bb][vc_column_inner width=\u00bb1\/2&#8243;][vc_single_image image=\u00bb928&#8243; img_size=\u00bbfull\u00bb add_caption=\u00bbyes\u00bb onclick=\u00bblink_image\u00bb css=\u00bb.vc_custom_1727286591917{margin-top: 0px !important;border-top-width: 0px !important;padding-top: 0px !important;}\u00bb][vc_column_text]Acceso a plateas y tertulias\/galer\u00edas[\/vc_column_text][\/vc_column_inner][vc_column_inner width=\u00bb1\/2&#8243;][vc_single_image image=\u00bb927&#8243; img_size=\u00bbfull\u00bb add_caption=\u00bbyes\u00bb onclick=\u00bblink_image\u00bb css=\u00bb.vc_custom_1727286614388{margin-top: 0px !important;border-top-width: 0px !important;padding-top: 0px !important;}\u00bb][vc_column_text]Acceso a plateas y tertulias\/galer\u00edas[\/vc_column_text][\/vc_column_inner][\/vc_row_inner][vc_row_inner css=\u00bb.vc_custom_1717014537535{margin-bottom: 20px !important;}\u00bb][vc_column_inner width=\u00bb1\/2&#8243;][vc_single_image image=\u00bb932&#8243; img_size=\u00bbfull\u00bb add_caption=\u00bbyes\u00bb onclick=\u00bblink_image\u00bb css=\u00bb.vc_custom_1727286623486{margin-top: 0px !important;border-top-width: 0px !important;padding-top: 0px !important;}\u00bb][\/vc_column_inner][vc_column_inner width=\u00bb1\/2&#8243;][vc_single_image image=\u00bb933&#8243; img_size=\u00bbfull\u00bb add_caption=\u00bbyes\u00bb onclick=\u00bblink_image\u00bb css=\u00bb.vc_custom_1727286632444{margin-top: 0px !important;border-top-width: 0px !important;padding-top: 0px !important;}\u00bb][\/vc_column_inner][\/vc_row_inner][vc_row_inner css=\u00bb.vc_custom_1717014546331{margin-bottom: 20px !important;}\u00bb][vc_column_inner width=\u00bb1\/2&#8243;][vc_single_image image=\u00bb951&#8243; img_size=\u00bbfull\u00bb add_caption=\u00bbyes\u00bb onclick=\u00bblink_image\u00bb css=\u00bb.vc_custom_1727286645964{margin-top: 0px !important;border-top-width: 0px !important;padding-top: 0px !important;}\u00bb][vc_column_text]Ingreso no accesible[\/vc_column_text][\/vc_column_inner][vc_column_inner width=\u00bb1\/2&#8243;][vc_single_image image=\u00bb949&#8243; img_size=\u00bbfull\u00bb add_caption=\u00bbyes\u00bb onclick=\u00bblink_image\u00bb css=\u00bb.vc_custom_1727286653766{margin-top: 0px !important;border-top-width: 0px !important;padding-top: 0px !important;}\u00bb][vc_column_text]Rampa accesible[\/vc_column_text][\/vc_column_inner][\/vc_row_inner][vc_row_inner css=\u00bb.vc_custom_1717014546331{margin-bottom: 20px !important;}\u00bb][vc_column_inner width=\u00bb1\/2&#8243;][vc_single_image image=\u00bb953&#8243; img_size=\u00bbfull\u00bb add_caption=\u00bbyes\u00bb onclick=\u00bblink_image\u00bb css=\u00bb.vc_custom_1727286665166{margin-top: 0px !important;border-top-width: 0px !important;padding-top: 0px !important;}\u00bb][vc_column_text]Ingreso por rampa.[\/vc_column_text][\/vc_column_inner][vc_column_inner width=\u00bb1\/2&#8243;][vc_single_image image=\u00bb962&#8243; img_size=\u00bbfull\u00bb add_caption=\u00bbyes\u00bb onclick=\u00bblink_image\u00bb css=\u00bb.vc_custom_1727286672861{margin-top: 0px !important;border-top-width: 0px !important;padding-top: 0px !important;}\u00bb][vc_column_text]Ingreso a la sala[\/vc_column_text][\/vc_column_inner][\/vc_row_inner][vc_row_inner css=\u00bb.vc_custom_1717014546331{margin-bottom: 20px !important;}\u00bb][vc_column_inner width=\u00bb1\/2&#8243;][vc_single_image image=\u00bb958&#8243; img_size=\u00bbfull\u00bb add_caption=\u00bbyes\u00bb onclick=\u00bblink_image\u00bb css=\u00bb.vc_custom_1727286682170{margin-top: 0px !important;border-top-width: 0px !important;padding-top: 0px !important;}\u00bb][vc_column_text]Platea Alta F-10 A-24. Asientos accesibles.[\/vc_column_text][\/vc_column_inner][vc_column_inner width=\u00bb1\/2&#8243;][vc_single_image image=\u00bb959&#8243; img_size=\u00bbfull\u00bb add_caption=\u00bbyes\u00bb onclick=\u00bblink_image\u00bb css=\u00bb.vc_custom_1727286688867{margin-top: 0px !important;border-top-width: 0px !important;padding-top: 0px !important;}\u00bb][vc_column_text]Platea Alta F-10 A-25. Asientos accesibles.[\/vc_column_text][\/vc_column_inner][\/vc_row_inner][vc_row_inner css=\u00bb.vc_custom_1717014546331{margin-bottom: 20px !important;}\u00bb][vc_column_inner width=\u00bb1\/2&#8243;][vc_single_image image=\u00bb945&#8243; img_size=\u00bbfull\u00bb add_caption=\u00bbyes\u00bb onclick=\u00bblink_image\u00bb css=\u00bb.vc_custom_1727286698444{margin-top: 0px !important;border-top-width: 0px !important;padding-top: 0px !important;}\u00bb][vc_column_text]Tertulia F-8 A-2. Asientos accesibles.[\/vc_column_text][\/vc_column_inner][vc_column_inner width=\u00bb1\/2&#8243;][vc_single_image image=\u00bb960&#8243; img_size=\u00bbfull\u00bb add_caption=\u00bbyes\u00bb onclick=\u00bblink_image\u00bb css=\u00bb.vc_custom_1727286705220{margin-top: 0px !important;border-top-width: 0px !important;padding-top: 0px !important;}\u00bb][vc_column_text]Tertulia F-8 A-1. Asientos accesibles.[\/vc_column_text][\/vc_column_inner][\/vc_row_inner][vc_row_inner css=\u00bb.vc_custom_1717014546331{margin-bottom: 20px !important;}\u00bb][vc_column_inner width=\u00bb1\/2&#8243;][vc_single_image image=\u00bb943&#8243; img_size=\u00bbfull\u00bb add_caption=\u00bbyes\u00bb onclick=\u00bblink_image\u00bb css=\u00bb.vc_custom_1727286715314{margin-top: 0px !important;border-top-width: 0px !important;padding-top: 0px !important;}\u00bb][vc_column_text]Ingreso a sala de Galer\u00eda baja[\/vc_column_text][\/vc_column_inner][vc_column_inner width=\u00bb1\/2&#8243;][vc_single_image image=\u00bb946&#8243; img_size=\u00bbfull\u00bb add_caption=\u00bbyes\u00bb onclick=\u00bblink_image\u00bb css=\u00bb.vc_custom_1727286722748{margin-top: 0px !important;border-top-width: 0px !important;padding-top: 0px !important;}\u00bb][vc_column_text]Escaleras en Galer\u00eda baja[\/vc_column_text][\/vc_column_inner][\/vc_row_inner][vc_row_inner css=\u00bb.vc_custom_1717014546331{margin-bottom: 20px !important;}\u00bb][vc_column_inner width=\u00bb1\/2&#8243;][vc_single_image image=\u00bb944&#8243; img_size=\u00bbfull\u00bb add_caption=\u00bbyes\u00bb onclick=\u00bblink_image\u00bb css=\u00bb.vc_custom_1727286731861{margin-top: 0px !important;border-top-width: 0px !important;padding-top: 0px !important;}\u00bb][vc_column_text]Entrada a Galer\u00eda alta[\/vc_column_text][\/vc_column_inner][vc_column_inner width=\u00bb1\/2&#8243;][vc_single_image image=\u00bb942&#8243; img_size=\u00bbfull\u00bb add_caption=\u00bbyes\u00bb onclick=\u00bblink_image\u00bb css=\u00bb.vc_custom_1727286738478{margin-top: 0px !important;border-top-width: 0px !important;padding-top: 0px !important;}\u00bb][vc_column_text]Galer\u00eda alta[\/vc_column_text][\/vc_column_inner][\/vc_row_inner][vc_row_inner css=\u00bb.vc_custom_1717014546331{margin-bottom: 20px !important;}\u00bb][vc_column_inner width=\u00bb1\/2&#8243;][vc_single_image image=\u00bb956&#8243; img_size=\u00bbfull\u00bb add_caption=\u00bbyes\u00bb onclick=\u00bblink_image\u00bb css=\u00bb.vc_custom_1727286746853{margin-top: 0px !important;border-top-width: 0px !important;padding-top: 0px !important;}\u00bb][vc_column_text]Palco Galer\u00eda Alta A-27. Asientos accesibles. Visibilidad reducida.[\/vc_column_text][\/vc_column_inner][vc_column_inner width=\u00bb1\/2&#8243;][vc_single_image image=\u00bb954&#8243; img_size=\u00bbfull\u00bb add_caption=\u00bbyes\u00bb onclick=\u00bblink_image\u00bb css=\u00bb.vc_custom_1727286760430{margin-top: 0px !important;border-top-width: 0px !important;padding-top: 0px !important;}\u00bb][vc_column_text]Palco Galer\u00eda Alta A-1. Asientos accesibles. Visibilidad reducida.[\/vc_column_text][\/vc_column_inner][\/vc_row_inner][vc_row_inner css=\u00bb.vc_custom_1717014546331{margin-bottom: 20px !important;}\u00bb][vc_column_inner width=\u00bb1\/2&#8243;][vc_single_image image=\u00bb955&#8243; img_size=\u00bbfull\u00bb add_caption=\u00bbyes\u00bb onclick=\u00bblink_image\u00bb css=\u00bb.vc_custom_1727286771413{margin-top: 0px !important;border-top-width: 0px !important;padding-top: 0px !important;}\u00bb][vc_column_text]Palco Galer\u00eda Alta A-2[\/vc_column_text][\/vc_column_inner][vc_column_inner width=\u00bb1\/2&#8243;][vc_single_image image=\u00bb957&#8243; img_size=\u00bbfull\u00bb add_caption=\u00bbyes\u00bb onclick=\u00bblink_image\u00bb css=\u00bb.vc_custom_1727286778429{margin-top: 0px !important;border-top-width: 0px !important;padding-top: 0px !important;}\u00bb][vc_column_text]Palco de Galer\u00eda alta[\/vc_column_text][\/vc_column_inner][\/vc_row_inner][\/vc_column][\/vc_row][vc_row][vc_column][vc_empty_space height=\u00bb60px\u00bb][\/vc_column][\/vc_row][\/vc_section]<\/p>\n<\/div>","protected":false},"excerpt":{"rendered":"<p>[vc_section][vc_row gap=\u00bb30&#8243;][vc_column width=\u00bb1\/2&#8243;][vc_column_text] El Auditorio Nacional del Sodre Dra. Adela Reta cuenta con dos salas: Eduardo Fabini que alberga el mayor recinto de conciertos sinf\u00f3nicos del pa\u00eds y, Hugo Balzo. Adem\u00e1s, una cafeter\u00eda, boleter\u00eda y recepci\u00f3n, un anfiteatro y un paseo de artes en varios de sus pisos.[\/vc_column_text][vc_empty_space height=\u00bb40px\u00bb][vc_empty_space height=\u00bb15px\u00bb][vc_column_text]Ingresos accesibles por calles Andes, Mercedes [&hellip;]<\/p>\n","protected":false},"author":6,"featured_media":0,"parent":0,"menu_order":0,"comment_status":"closed","ping_status":"closed","template":"","meta":{"footnotes":""},"acf":[],"yoast_head":"<!-- This site is optimized with the Yoast SEO plugin v21.7 - https:\/\/yoast.com\/wordpress\/plugins\/seo\/ -->\n<title>Accesibilidad - Institucional<\/title>\n<meta name=\"robots\" content=\"index, follow, max-snippet:-1, max-image-preview:large, max-video-preview:-1\" \/>\n<link rel=\"canonical\" href=\"https:\/\/sodre.gub.uy\/institucional\/accesibilidad\/\" \/>\n<meta property=\"og:locale\" content=\"es_ES\" \/>\n<meta property=\"og:type\" content=\"article\" \/>\n<meta property=\"og:title\" content=\"Accesibilidad - Institucional\" \/>\n<meta property=\"og:description\" content=\"[vc_section][vc_row gap=\u00bb30&#8243;][vc_column width=\u00bb1\/2&#8243;][vc_column_text] El Auditorio Nacional del Sodre Dra. Adela Reta cuenta con dos salas: Eduardo Fabini que alberga el mayor recinto de conciertos sinf\u00f3nicos del pa\u00eds y, Hugo Balzo. Adem\u00e1s, una cafeter\u00eda, boleter\u00eda y recepci\u00f3n, un anfiteatro y un paseo de artes en varios de sus pisos.[\/vc_column_text][vc_empty_space height=\u00bb40px\u00bb][vc_empty_space height=\u00bb15px\u00bb][vc_column_text]Ingresos accesibles por calles Andes, Mercedes [&hellip;]\" \/>\n<meta property=\"og:url\" content=\"https:\/\/sodre.gub.uy\/institucional\/accesibilidad\/\" \/>\n<meta property=\"og:site_name\" content=\"Institucional\" \/>\n<meta property=\"article:modified_time\" content=\"2024-09-25T17:52:38+00:00\" \/>\n<meta name=\"twitter:card\" content=\"summary_large_image\" \/>\n<meta name=\"twitter:label1\" content=\"Tiempo de lectura\" \/>\n\t<meta name=\"twitter:data1\" content=\"10 minutos\" \/>\n<script type=\"application\/ld+json\" class=\"yoast-schema-graph\">{\"@context\":\"https:\/\/schema.org\",\"@graph\":[{\"@type\":\"WebPage\",\"@id\":\"https:\/\/sodre.gub.uy\/institucional\/accesibilidad\/\",\"url\":\"https:\/\/sodre.gub.uy\/institucional\/accesibilidad\/\",\"name\":\"Accesibilidad - Institucional\",\"isPartOf\":{\"@id\":\"https:\/\/sodre.gub.uy\/institucional\/#website\"},\"datePublished\":\"2024-05-29T19:14:11+00:00\",\"dateModified\":\"2024-09-25T17:52:38+00:00\",\"inLanguage\":\"es\",\"potentialAction\":[{\"@type\":\"ReadAction\",\"target\":[\"https:\/\/sodre.gub.uy\/institucional\/accesibilidad\/\"]}]},{\"@type\":\"WebSite\",\"@id\":\"https:\/\/sodre.gub.uy\/institucional\/#website\",\"url\":\"https:\/\/sodre.gub.uy\/institucional\/\",\"name\":\"Institucional\",\"description\":\"Servicio Oficial de Difusi\u00f3n, Representaciones y Espect\u00e1culos\",\"publisher\":{\"@id\":\"https:\/\/sodre.gub.uy\/institucional\/#organization\"},\"potentialAction\":[{\"@type\":\"SearchAction\",\"target\":{\"@type\":\"EntryPoint\",\"urlTemplate\":\"https:\/\/sodre.gub.uy\/institucional\/?s={search_term_string}\"},\"query-input\":\"required name=search_term_string\"}],\"inLanguage\":\"es\"},{\"@type\":\"Organization\",\"@id\":\"https:\/\/sodre.gub.uy\/institucional\/#organization\",\"name\":\"Institucional\",\"url\":\"https:\/\/sodre.gub.uy\/institucional\/\",\"logo\":{\"@type\":\"ImageObject\",\"inLanguage\":\"es\",\"@id\":\"https:\/\/sodre.gub.uy\/institucional\/#\/schema\/logo\/image\/\",\"url\":\"https:\/\/sodre.gub.uy\/institucional\/wp-content\/uploads\/sites\/5\/2023\/12\/logo-sodre-black.svg\",\"contentUrl\":\"https:\/\/sodre.gub.uy\/institucional\/wp-content\/uploads\/sites\/5\/2023\/12\/logo-sodre-black.svg\",\"caption\":\"Institucional\"},\"image\":{\"@id\":\"https:\/\/sodre.gub.uy\/institucional\/#\/schema\/logo\/image\/\"}}]}<\/script>\n<!-- \/ Yoast SEO plugin. -->","yoast_head_json":{"title":"Accesibilidad - Institucional","robots":{"index":"index","follow":"follow","max-snippet":"max-snippet:-1","max-image-preview":"max-image-preview:large","max-video-preview":"max-video-preview:-1"},"canonical":"https:\/\/sodre.gub.uy\/institucional\/accesibilidad\/","og_locale":"es_ES","og_type":"article","og_title":"Accesibilidad - Institucional","og_description":"[vc_section][vc_row gap=\u00bb30&#8243;][vc_column width=\u00bb1\/2&#8243;][vc_column_text] El Auditorio Nacional del Sodre Dra. Adela Reta cuenta con dos salas: Eduardo Fabini que alberga el mayor recinto de conciertos sinf\u00f3nicos del pa\u00eds y, Hugo Balzo. Adem\u00e1s, una cafeter\u00eda, boleter\u00eda y recepci\u00f3n, un anfiteatro y un paseo de artes en varios de sus pisos.[\/vc_column_text][vc_empty_space height=\u00bb40px\u00bb][vc_empty_space height=\u00bb15px\u00bb][vc_column_text]Ingresos accesibles por calles Andes, Mercedes [&hellip;]","og_url":"https:\/\/sodre.gub.uy\/institucional\/accesibilidad\/","og_site_name":"Institucional","article_modified_time":"2024-09-25T17:52:38+00:00","twitter_card":"summary_large_image","twitter_misc":{"Tiempo de lectura":"10 minutos"},"schema":{"@context":"https:\/\/schema.org","@graph":[{"@type":"WebPage","@id":"https:\/\/sodre.gub.uy\/institucional\/accesibilidad\/","url":"https:\/\/sodre.gub.uy\/institucional\/accesibilidad\/","name":"Accesibilidad - Institucional","isPartOf":{"@id":"https:\/\/sodre.gub.uy\/institucional\/#website"},"datePublished":"2024-05-29T19:14:11+00:00","dateModified":"2024-09-25T17:52:38+00:00","inLanguage":"es","potentialAction":[{"@type":"ReadAction","target":["https:\/\/sodre.gub.uy\/institucional\/accesibilidad\/"]}]},{"@type":"WebSite","@id":"https:\/\/sodre.gub.uy\/institucional\/#website","url":"https:\/\/sodre.gub.uy\/institucional\/","name":"Institucional","description":"Servicio Oficial de Difusi\u00f3n, Representaciones y Espect\u00e1culos","publisher":{"@id":"https:\/\/sodre.gub.uy\/institucional\/#organization"},"potentialAction":[{"@type":"SearchAction","target":{"@type":"EntryPoint","urlTemplate":"https:\/\/sodre.gub.uy\/institucional\/?s={search_term_string}"},"query-input":"required name=search_term_string"}],"inLanguage":"es"},{"@type":"Organization","@id":"https:\/\/sodre.gub.uy\/institucional\/#organization","name":"Institucional","url":"https:\/\/sodre.gub.uy\/institucional\/","logo":{"@type":"ImageObject","inLanguage":"es","@id":"https:\/\/sodre.gub.uy\/institucional\/#\/schema\/logo\/image\/","url":"https:\/\/sodre.gub.uy\/institucional\/wp-content\/uploads\/sites\/5\/2023\/12\/logo-sodre-black.svg","contentUrl":"https:\/\/sodre.gub.uy\/institucional\/wp-content\/uploads\/sites\/5\/2023\/12\/logo-sodre-black.svg","caption":"Institucional"},"image":{"@id":"https:\/\/sodre.gub.uy\/institucional\/#\/schema\/logo\/image\/"}}]}},"_links":{"self":[{"href":"https:\/\/sodre.gub.uy\/institucional\/wp-json\/wp\/v2\/pages\/924"}],"collection":[{"href":"https:\/\/sodre.gub.uy\/institucional\/wp-json\/wp\/v2\/pages"}],"about":[{"href":"https:\/\/sodre.gub.uy\/institucional\/wp-json\/wp\/v2\/types\/page"}],"author":[{"embeddable":true,"href":"https:\/\/sodre.gub.uy\/institucional\/wp-json\/wp\/v2\/users\/6"}],"replies":[{"embeddable":true,"href":"https:\/\/sodre.gub.uy\/institucional\/wp-json\/wp\/v2\/comments?post=924"}],"version-history":[{"count":21,"href":"https:\/\/sodre.gub.uy\/institucional\/wp-json\/wp\/v2\/pages\/924\/revisions"}],"predecessor-version":[{"id":1027,"href":"https:\/\/sodre.gub.uy\/institucional\/wp-json\/wp\/v2\/pages\/924\/revisions\/1027"}],"wp:attachment":[{"href":"https:\/\/sodre.gub.uy\/institucional\/wp-json\/wp\/v2\/media?parent=924"}],"curies":[{"name":"wp","href":"https:\/\/api.w.org\/{rel}","templated":true}]}}