{"id":777,"date":"2024-02-07T12:34:58","date_gmt":"2024-02-07T15:34:58","guid":{"rendered":"https:\/\/sodre.gub.uy\/institucional\/?page_id=777"},"modified":"2024-02-07T12:34:58","modified_gmt":"2024-02-07T15:34:58","slug":"coro-nacional-de-ninos","status":"publish","type":"page","link":"https:\/\/sodre.gub.uy\/institucional\/elencos-estables\/coro-nacional-de-ninos\/","title":{"rendered":"Coro Nacional de Ni\u00f1os"},"content":{"rendered":"<div class=\"wpb-content-wrapper\"><p>[vc_section][vc_row gap=\u00bb30&#8243;][vc_column width=\u00bb1\/2&#8243;]\n\n<h3 \n\trole=\"heading\" \n\tclass=\"cyg--tit contenido cyg--font-inter cyg--font-normal \"\n>\n\n\tCoro Juvenil\n<\/h3>\n\n\n[vc_column_text]El Coro Nacional Juvenil nace como respuesta natural para dar continuidad a la formaci\u00f3n coral a los adolescentes, que por su evoluci\u00f3n vocal necesitan un espacio diferente al del Coro de Ni\u00f1os.<\/p>\n<p>De esta forma se garantiza a los y las egresadas del Coro de Ni\u00f1os la sostenibilidad del proyecto que comenzaron en la ni\u00f1ez. La continuidad del proceso le brindar\u00e1 al coreuta, una nueva perspectiva de su capacidad tanto vocal, como musical y personal. Y para las nuevas incorporaciones es un lugar donde formarse no solo a nivel musical sino socio-cultural.<\/p>\n<p>La sistematizaci\u00f3n de conocimientos y pr\u00e1ctica vocal dentro de este \u00e1mbito, le facilitar\u00e1 el pasaje a niveles superiores de estudio o profesionalizaci\u00f3n.<\/p>\n<p>Actualmente est\u00e1 integrado por 80 j\u00f3venes cantantes (entre 15 y 21 a\u00f1os) y es dirigido por V\u00edctor Mederos.[\/vc_column_text][vc_empty_space height=\u00bb40px\u00bb]\n\n<h3 \n\trole=\"heading\" \n\tclass=\"cyg--tit contenido cyg--font-inter cyg--font-normal \"\n>\n\n\tEquipo art\u00edstico\n<\/h3>\n\n\n[vc_empty_space height=\u00bb15px\u00bb][vc_column_text]Direcci\u00f3n Art\u00edstica y Musical:<\/p>\n<h4><a href=\"https:\/\/sodre.gub.uy\/institucional\/elencos-estables\/victor-mederos\/\">V\u00edctor Mederos<\/a><\/h4>\n<p>[\/vc_column_text][vc_empty_space height=\u00bb15px\u00bb][vc_single_image image=\u00bb586&#8243; img_size=\u00bbfull\u00bb onclick=\u00bbcustom_link\u00bb css=\u00bb.vc_custom_1701276258180{margin-top: 0px !important;border-top-width: 0px !important;padding-top: 0px !important;}\u00bb link=\u00bbhttps:\/\/sodre.gub.uy\/institucional\/elencos-estables\/victor-mederos\/\u00bb][vc_empty_space height=\u00bb40px\u00bb][vc_column_text]Asistente de Direcci\u00f3n: Selma Guti\u00e9rrez<\/p>\n<p>Asistente Coordinador: Giovanna Fuco, Antonella Morales[\/vc_column_text][vc_empty_space height=\u00bb40px\u00bb][vc_row_inner][vc_column_inner width=\u00bb1\/3&#8243;][vc_column_text]<strong>Sopranos<\/strong><br \/>\nAbigail Jim\u00e9nez<br \/>\nAgustina Blanco<br \/>\nAna Clara Caetano<br \/>\nAnakaren Morales<br \/>\nAntonella Machado<br \/>\nAvril Molina<br \/>\nCamila Loustau<br \/>\nCatalina Susena<br \/>\nClara Friana Flores<br \/>\nDaliana Cabarcos<br \/>\nEmma Friade<br \/>\nGiovanna Fuco<br \/>\nJosefina Salomone<br \/>\nLuc\u00eda Mesa<br \/>\nLuciana Tancredi<br \/>\nManuela Poittevin<br \/>\nMar\u00eda Bel\u00e9n Herrero<br \/>\nMar\u00eda Noel Espinosa<br \/>\nNahome Nu\u00f1ez<br \/>\nPaula Mesa<br \/>\nSofia Benitez<br \/>\nSof\u00eda Nazar<br \/>\nValentina Guerra<br \/>\nValentina S\u00e1nchez<br \/>\nValeria Rigau[\/vc_column_text][\/vc_column_inner][vc_column_inner width=\u00bb1\/3&#8243;][vc_column_text]<strong>Mezzos<\/strong><br \/>\nAlfonsina Asis<br \/>\nAntonella Morales<br \/>\nAnyela Ferreira<br \/>\nCandela Pulido<br \/>\nCecilia Alarc\u00f3n<br \/>\nDafne Cobelli<br \/>\nElba Guzm\u00e1n<br \/>\nEmilia Dominguez<br \/>\nLaura Truscelli<br \/>\nLuc\u00eda Archetti<br \/>\nLuc\u00eda Loriente<br \/>\nMaia Quiroga<br \/>\nMaite Quintero<br \/>\nManuela Fleurquin<br \/>\nMarc Rivera<br \/>\nMar\u00eda Laura Machado<br \/>\nMar\u00eda Victoria Dom\u00ednguez<br \/>\nMariana Maillot<br \/>\nMicaela Hansz<br \/>\nSatya Keuchkeri\u00e1n<br \/>\nSilvina Teliz<br \/>\nSof\u00eda Gonz\u00e1lez<br \/>\nSof\u00eda Ortiz<br \/>\nValentina Rossano<br \/>\nVioleta Mu\u00f1oz[\/vc_column_text][\/vc_column_inner][vc_column_inner width=\u00bb1\/3&#8243;][vc_column_text]<strong>Tenores<\/strong><br \/>\nAnthony Granada<br \/>\nBrian della Valle<br \/>\nCarlos Sotillo<br \/>\nDiego Duarte<br \/>\nFabio Gonz\u00e1lez<br \/>\nFrancisco Bertullo<br \/>\nIv\u00e1n Moredo<br \/>\nJohaqu\u00edn Espinosa<br \/>\nLucas Mart\u00ednez<br \/>\nLucas Silveira<br \/>\nManuel Gonzalez<br \/>\nManuel Sanjurgo<br \/>\nPedro Carag\u00fciche<br \/>\nSantiago Barbi\u00e9<\/p>\n<p>&nbsp;<\/p>\n<p><strong>Bar\u00edtonos\/Bajos<\/strong><br \/>\nEmiliano Recagno<br \/>\nFrancisco Caggiani<br \/>\nGonzalo P\u00edas<br \/>\nIv\u00e1n Rosas<br \/>\nMathias Umpierrez<br \/>\nV\u00edctor G\u00e1lvez[\/vc_column_text][\/vc_column_inner][\/vc_row_inner][vc_empty_space height=\u00bb40px\u00bb][\/vc_column][vc_column width=\u00bb1\/2&#8243; css=\u00bb.vc_custom_1701211009001{margin-top: 0px !important;border-top-width: 0px !important;padding-top: 0px !important;}\u00bb][vc_single_image image=\u00bb589&#8243; img_size=\u00bbfull\u00bb css=\u00bb.vc_custom_1701270285162{margin-top: 0px !important;border-top-width: 0px !important;padding-top: 0px !important;}\u00bb][vc_empty_space height=\u00bb40px\u00bb][vc_single_image image=\u00bb588&#8243; img_size=\u00bbfull\u00bb css=\u00bb.vc_custom_1701270301079{margin-top: 0px !important;border-top-width: 0px !important;padding-top: 0px !important;}\u00bb][vc_empty_space height=\u00bb40px\u00bb][vc_single_image image=\u00bb590&#8243; img_size=\u00bbfull\u00bb css=\u00bb.vc_custom_1701270312178{margin-top: 0px !important;border-top-width: 0px !important;padding-top: 0px !important;}\u00bb][vc_empty_space height=\u00bb40px\u00bb][vc_empty_space height=\u00bb40px\u00bb][\/vc_column][\/vc_row][vc_row][vc_column][vc_empty_space height=\u00bb60px\u00bb][\/vc_column][\/vc_row][\/vc_section]<\/p>\n<\/div>","protected":false},"excerpt":{"rendered":"<p>[vc_section][vc_row gap=\u00bb30&#8243;][vc_column width=\u00bb1\/2&#8243;][vc_column_text]El Coro Nacional Juvenil nace como respuesta natural para dar continuidad a la formaci\u00f3n coral a los adolescentes, que por su evoluci\u00f3n vocal necesitan un espacio diferente al del Coro de Ni\u00f1os. De esta forma se garantiza a los y las egresadas del Coro de Ni\u00f1os la sostenibilidad del proyecto que comenzaron en [&hellip;]<\/p>\n","protected":false},"author":6,"featured_media":0,"parent":300,"menu_order":0,"comment_status":"closed","ping_status":"closed","template":"","meta":{"footnotes":""},"acf":[],"yoast_head":"<!-- This site is optimized with the Yoast SEO plugin v21.7 - https:\/\/yoast.com\/wordpress\/plugins\/seo\/ -->\n<title>Coro Nacional de Ni\u00f1os - Institucional<\/title>\n<meta name=\"robots\" content=\"index, follow, max-snippet:-1, max-image-preview:large, max-video-preview:-1\" \/>\n<link rel=\"canonical\" href=\"https:\/\/sodre.gub.uy\/institucional\/elencos-estables\/coro-nacional-de-ninos\/\" \/>\n<meta property=\"og:locale\" content=\"es_ES\" \/>\n<meta property=\"og:type\" content=\"article\" \/>\n<meta property=\"og:title\" content=\"Coro Nacional de Ni\u00f1os - Institucional\" \/>\n<meta property=\"og:description\" content=\"[vc_section][vc_row gap=\u00bb30&#8243;][vc_column width=\u00bb1\/2&#8243;][vc_column_text]El Coro Nacional Juvenil nace como respuesta natural para dar continuidad a la formaci\u00f3n coral a los adolescentes, que por su evoluci\u00f3n vocal necesitan un espacio diferente al del Coro de Ni\u00f1os. De esta forma se garantiza a los y las egresadas del Coro de Ni\u00f1os la sostenibilidad del proyecto que comenzaron en [&hellip;]\" \/>\n<meta property=\"og:url\" content=\"https:\/\/sodre.gub.uy\/institucional\/elencos-estables\/coro-nacional-de-ninos\/\" \/>\n<meta property=\"og:site_name\" content=\"Institucional\" \/>\n<meta name=\"twitter:card\" content=\"summary_large_image\" \/>\n<meta name=\"twitter:label1\" content=\"Tiempo de lectura\" \/>\n\t<meta name=\"twitter:data1\" content=\"3 minutos\" \/>\n<script type=\"application\/ld+json\" class=\"yoast-schema-graph\">{\"@context\":\"https:\/\/schema.org\",\"@graph\":[{\"@type\":\"WebPage\",\"@id\":\"https:\/\/sodre.gub.uy\/institucional\/elencos-estables\/coro-nacional-de-ninos\/\",\"url\":\"https:\/\/sodre.gub.uy\/institucional\/elencos-estables\/coro-nacional-de-ninos\/\",\"name\":\"Coro Nacional de Ni\u00f1os - Institucional\",\"isPartOf\":{\"@id\":\"https:\/\/sodre.gub.uy\/institucional\/#website\"},\"datePublished\":\"2024-02-07T15:34:58+00:00\",\"dateModified\":\"2024-02-07T15:34:58+00:00\",\"breadcrumb\":{\"@id\":\"https:\/\/sodre.gub.uy\/institucional\/elencos-estables\/coro-nacional-de-ninos\/#breadcrumb\"},\"inLanguage\":\"es\",\"potentialAction\":[{\"@type\":\"ReadAction\",\"target\":[\"https:\/\/sodre.gub.uy\/institucional\/elencos-estables\/coro-nacional-de-ninos\/\"]}]},{\"@type\":\"BreadcrumbList\",\"@id\":\"https:\/\/sodre.gub.uy\/institucional\/elencos-estables\/coro-nacional-de-ninos\/#breadcrumb\",\"itemListElement\":[{\"@type\":\"ListItem\",\"position\":1,\"name\":\"Elencos Estables\",\"item\":\"https:\/\/sodre.gub.uy\/institucional\/elencos-estables\/\"},{\"@type\":\"ListItem\",\"position\":2,\"name\":\"Coro Nacional de Ni\u00f1os\"}]},{\"@type\":\"WebSite\",\"@id\":\"https:\/\/sodre.gub.uy\/institucional\/#website\",\"url\":\"https:\/\/sodre.gub.uy\/institucional\/\",\"name\":\"Institucional\",\"description\":\"Servicio Oficial de Difusi\u00f3n, Representaciones y Espect\u00e1culos\",\"publisher\":{\"@id\":\"https:\/\/sodre.gub.uy\/institucional\/#organization\"},\"potentialAction\":[{\"@type\":\"SearchAction\",\"target\":{\"@type\":\"EntryPoint\",\"urlTemplate\":\"https:\/\/sodre.gub.uy\/institucional\/?s={search_term_string}\"},\"query-input\":\"required name=search_term_string\"}],\"inLanguage\":\"es\"},{\"@type\":\"Organization\",\"@id\":\"https:\/\/sodre.gub.uy\/institucional\/#organization\",\"name\":\"Institucional\",\"url\":\"https:\/\/sodre.gub.uy\/institucional\/\",\"logo\":{\"@type\":\"ImageObject\",\"inLanguage\":\"es\",\"@id\":\"https:\/\/sodre.gub.uy\/institucional\/#\/schema\/logo\/image\/\",\"url\":\"https:\/\/sodre.gub.uy\/institucional\/wp-content\/uploads\/sites\/5\/2023\/12\/logo-sodre-black.svg\",\"contentUrl\":\"https:\/\/sodre.gub.uy\/institucional\/wp-content\/uploads\/sites\/5\/2023\/12\/logo-sodre-black.svg\",\"caption\":\"Institucional\"},\"image\":{\"@id\":\"https:\/\/sodre.gub.uy\/institucional\/#\/schema\/logo\/image\/\"}}]}<\/script>\n<!-- \/ Yoast SEO plugin. -->","yoast_head_json":{"title":"Coro Nacional de Ni\u00f1os - Institucional","robots":{"index":"index","follow":"follow","max-snippet":"max-snippet:-1","max-image-preview":"max-image-preview:large","max-video-preview":"max-video-preview:-1"},"canonical":"https:\/\/sodre.gub.uy\/institucional\/elencos-estables\/coro-nacional-de-ninos\/","og_locale":"es_ES","og_type":"article","og_title":"Coro Nacional de Ni\u00f1os - Institucional","og_description":"[vc_section][vc_row gap=\u00bb30&#8243;][vc_column width=\u00bb1\/2&#8243;][vc_column_text]El Coro Nacional Juvenil nace como respuesta natural para dar continuidad a la formaci\u00f3n coral a los adolescentes, que por su evoluci\u00f3n vocal necesitan un espacio diferente al del Coro de Ni\u00f1os. De esta forma se garantiza a los y las egresadas del Coro de Ni\u00f1os la sostenibilidad del proyecto que comenzaron en [&hellip;]","og_url":"https:\/\/sodre.gub.uy\/institucional\/elencos-estables\/coro-nacional-de-ninos\/","og_site_name":"Institucional","twitter_card":"summary_large_image","twitter_misc":{"Tiempo de lectura":"3 minutos"},"schema":{"@context":"https:\/\/schema.org","@graph":[{"@type":"WebPage","@id":"https:\/\/sodre.gub.uy\/institucional\/elencos-estables\/coro-nacional-de-ninos\/","url":"https:\/\/sodre.gub.uy\/institucional\/elencos-estables\/coro-nacional-de-ninos\/","name":"Coro Nacional de Ni\u00f1os - Institucional","isPartOf":{"@id":"https:\/\/sodre.gub.uy\/institucional\/#website"},"datePublished":"2024-02-07T15:34:58+00:00","dateModified":"2024-02-07T15:34:58+00:00","breadcrumb":{"@id":"https:\/\/sodre.gub.uy\/institucional\/elencos-estables\/coro-nacional-de-ninos\/#breadcrumb"},"inLanguage":"es","potentialAction":[{"@type":"ReadAction","target":["https:\/\/sodre.gub.uy\/institucional\/elencos-estables\/coro-nacional-de-ninos\/"]}]},{"@type":"BreadcrumbList","@id":"https:\/\/sodre.gub.uy\/institucional\/elencos-estables\/coro-nacional-de-ninos\/#breadcrumb","itemListElement":[{"@type":"ListItem","position":1,"name":"Elencos Estables","item":"https:\/\/sodre.gub.uy\/institucional\/elencos-estables\/"},{"@type":"ListItem","position":2,"name":"Coro Nacional de Ni\u00f1os"}]},{"@type":"WebSite","@id":"https:\/\/sodre.gub.uy\/institucional\/#website","url":"https:\/\/sodre.gub.uy\/institucional\/","name":"Institucional","description":"Servicio Oficial de Difusi\u00f3n, Representaciones y Espect\u00e1culos","publisher":{"@id":"https:\/\/sodre.gub.uy\/institucional\/#organization"},"potentialAction":[{"@type":"SearchAction","target":{"@type":"EntryPoint","urlTemplate":"https:\/\/sodre.gub.uy\/institucional\/?s={search_term_string}"},"query-input":"required name=search_term_string"}],"inLanguage":"es"},{"@type":"Organization","@id":"https:\/\/sodre.gub.uy\/institucional\/#organization","name":"Institucional","url":"https:\/\/sodre.gub.uy\/institucional\/","logo":{"@type":"ImageObject","inLanguage":"es","@id":"https:\/\/sodre.gub.uy\/institucional\/#\/schema\/logo\/image\/","url":"https:\/\/sodre.gub.uy\/institucional\/wp-content\/uploads\/sites\/5\/2023\/12\/logo-sodre-black.svg","contentUrl":"https:\/\/sodre.gub.uy\/institucional\/wp-content\/uploads\/sites\/5\/2023\/12\/logo-sodre-black.svg","caption":"Institucional"},"image":{"@id":"https:\/\/sodre.gub.uy\/institucional\/#\/schema\/logo\/image\/"}}]}},"_links":{"self":[{"href":"https:\/\/sodre.gub.uy\/institucional\/wp-json\/wp\/v2\/pages\/777"}],"collection":[{"href":"https:\/\/sodre.gub.uy\/institucional\/wp-json\/wp\/v2\/pages"}],"about":[{"href":"https:\/\/sodre.gub.uy\/institucional\/wp-json\/wp\/v2\/types\/page"}],"author":[{"embeddable":true,"href":"https:\/\/sodre.gub.uy\/institucional\/wp-json\/wp\/v2\/users\/6"}],"replies":[{"embeddable":true,"href":"https:\/\/sodre.gub.uy\/institucional\/wp-json\/wp\/v2\/comments?post=777"}],"version-history":[{"count":2,"href":"https:\/\/sodre.gub.uy\/institucional\/wp-json\/wp\/v2\/pages\/777\/revisions"}],"predecessor-version":[{"id":779,"href":"https:\/\/sodre.gub.uy\/institucional\/wp-json\/wp\/v2\/pages\/777\/revisions\/779"}],"up":[{"embeddable":true,"href":"https:\/\/sodre.gub.uy\/institucional\/wp-json\/wp\/v2\/pages\/300"}],"wp:attachment":[{"href":"https:\/\/sodre.gub.uy\/institucional\/wp-json\/wp\/v2\/media?parent=777"}],"curies":[{"name":"wp","href":"https:\/\/api.w.org\/{rel}","templated":true}]}}