{"id":434,"date":"2023-11-28T13:55:55","date_gmt":"2023-11-28T16:55:55","guid":{"rendered":"https:\/\/sodre.gub.uy\/institucional\/?page_id=434"},"modified":"2024-06-18T10:58:10","modified_gmt":"2024-06-18T13:58:10","slug":"orquesta-juvenil-nacional","status":"publish","type":"page","link":"https:\/\/sodre.gub.uy\/institucional\/elencos-estables\/orquesta-juvenil-nacional\/","title":{"rendered":"Orquesta Juvenil Nacional"},"content":{"rendered":"<div class=\"wpb-content-wrapper\"><p>[vc_section][vc_row gap=\u00bb30&#8243;][vc_column width=\u00bb1\/2&#8243;][vc_column_text]La Orquesta Juvenil del Sodre se form\u00f3 el 19 de junio de 2011, fruto de la alianza entre el Sodre y la Fundaci\u00f3n Sistema de Orquestas Juveniles e Infantiles del Uruguay y se ha convertido en uno de los principales emblemas de la nueva gesti\u00f3n. Integrada por m\u00e1s de 100 j\u00f3venes m\u00fasicos provenientes de distintos puntos del pa\u00eds y bajo la direcci\u00f3n del reconocido maestro Ariel Britos, es una estructura flexible, que asume repertorios alternativos, como el tango, el candombe, la salsa e incluso el rock.<\/p>\n<p>Hoy en d\u00eda tiene su sede frente al Auditorio Nacional del Sodre Dra. Adela Reta, donde realiza su Temporada Principal de Conciertos. Con m\u00e1s de 50 conciertos al a\u00f1o y una cuota de desenfado, la Orquesta Juvenil ha logrado seducir al p\u00fablico, conquistando en dos oportunidades el Premio Nacional a la Excelencia Ciudadana otorgado por el Centro Latinoamericano de Desarrollo y homenajeada por el Correo Uruguayo con la emisi\u00f3n de un sello postal conmemorativo propio.<\/p>\n<p>Desde sus comienzos la Orquesta Juvenil del Sodre apost\u00f3 a convertirse en referente dentro del \u00e1mbito acad\u00e9mico, brindando a los j\u00f3venes m\u00fasicos uruguayos una formaci\u00f3n musical de alto nivel. Se trata de un conjunto joven y din\u00e1mico, comprometido con la sociedad a trav\u00e9s de la cultura. La inclusi\u00f3n es uno de sus principales desaf\u00edos y se trabaja con el objetivo permanente de que la Orquesta Juvenil tenga un car\u00e1cter nacional.[\/vc_column_text][vc_empty_space height=\u00bb40px\u00bb]\n\n<h3 \n\trole=\"heading\" \n\tclass=\"cyg--tit contenido cyg--font-inter cyg--font-normal \"\n>\n\n\tEmbajadora cultural\n<\/h3>\n\n\n[vc_empty_space height=\u00bb15px\u00bb][vc_column_text]En la m\u00edtica Philharmonie de Berl\u00edn, la Orquesta Juvenil del Sodre inici\u00f3 su gira Europea 2014 por Alemania, Francia y Espa\u00f1a. Fue aplaudida de pie por el p\u00fablico y recibi\u00f3 el reconocimiento de m\u00fasicos consagrados a nivel internacional como Simon Rattle, director principal de la Orquesta Filarm\u00f3nica de Berl\u00edn. Tambi\u00e9n en esta gira, llev\u00f3 su ovacionado concierto Fiesta Latinoamericana, con lo mejor de la m\u00fasica continental, el tango y el candombe, al Conservatorio de Par\u00eds y al Auditorio Nacional de M\u00fasica de Madrid.<\/p>\n<p>En 2013 se present\u00f3 en Panam\u00e1, Miami, Nueva York, Washington y Georgia. Participaron del lanzamiento de la Orquesta Nacional Juvenil de Panam\u00e1 y brindaron un concierto en el Sal\u00f3n de las Am\u00e9ricas de la OEA en Washington, con la presencia de altas autoridades del \u00e1mbito diplom\u00e1tico y pol\u00edtico.<\/p>\n<p>Numerosas giras e intercambios con otras orquestas y la participaci\u00f3n en festivales internacionales han sido ocasiones propicias para acumular experiencia y promover la cultura uruguaya por el mundo. La Juvenil ha logrado posicionarse a nivel internacional por la frescura que proyecta su puesta en escena y por su colorido repertorio.[\/vc_column_text][vc_empty_space height=\u00bb40px\u00bb]\n\n<h3 \n\trole=\"heading\" \n\tclass=\"cyg--tit contenido cyg--font-inter cyg--font-normal \"\n>\n\n\tDirector\n<\/h3>\n\n\n[vc_empty_space height=\u00bb15px\u00bb][vc_column_text]<\/p>\n<h4><strong><a href=\"https:\/\/sodre.gub.uy\/institucional\/elencos-estables\/ariel-britos\/\">Ariel Britos &gt;<\/a><\/strong><\/h4>\n<p>[\/vc_column_text][vc_empty_space height=\u00bb15px\u00bb][vc_single_image image=\u00bb525&#8243; img_size=\u00bbfull\u00bb onclick=\u00bbcustom_link\u00bb link=\u00bbhttps:\/\/sodre.gub.uy\/institucional\/elencos-estables\/ariel-britos\/\u00bb][vc_empty_space height=\u00bb40px\u00bb][vc_column_text]<strong>Integrantes<\/strong>[\/vc_column_text][vc_column_text]<strong>Viol\u00edn I:<\/strong> Leandro Lapasta, Nikole Cede\u00f1o, Magdalena Britos, Luciano Ramon, Juan Ignacio Lockwood, Thom\u00e1s G\u00f3mez, Fernando Rondon, Mateo Carballo, Felipe Segovia, Tabar\u00e9 Echeverr\u00eda, Dahiana Rodr\u00edguez. Agust\u00edn Yao, Bel\u00e9n Pastoriza, Bany Graterol, Facundo Bel\u00e9n, Fiorella Berti.<\/p>\n<p><strong>Viol\u00edn II:<\/strong> Braian Su\u00e1rez, Reinaldo \u00c1vila, Camila Negrone, Jara Pereyra, Camila Carrasco, Luis Pardi\u00f1as, Kiara Kuradlian, Sanders Navarro, L\u00e9rida Valenzuela, Mat\u00edas Delgado, Luana Larrobla, V\u00edctor Nol\u00e9, Agustina Soria, Giuliana Pereira, Dafne Olivera, Lisa Hofmeister, Victoria Pe\u00f1a, Guillermo Acosta, Luciana Leguizam\u00f3n, Juan Manuel Vidarte, Anthony Pi, Paula Acosta, Fiorella Parris, Chiara Mart\u00ednez, Luc\u00eda Corujo, Luc\u00eda Ramos, Ivette Cisneros, Santiago Turri\u00f3n.<\/p>\n<p><strong>Viola:<\/strong> Morena Guerra, \u00c1lvaro Montemui\u00f1o, Katherine de los Santos, Emiliano Sosa, Juan Laborde, El\u00edas Lapaz, Micaela Aguiar, Selene Laborde, Catalina Fern\u00e1ndez, Bruno da Silva, Abril Nol\u00e9, Gerem\u00edas Girona, Kevin Salazar, Natasha Su\u00e1rez.<\/p>\n<p><strong>Violoncello:<\/strong> Lola Deambrosio, Luz Darley Moreno, Magal\u00ed Noble, Luc\u00eda Echavarr\u00eda, Cristhian Leiton, Dairelys Guti\u00e9rrez, Natalia Echavarr\u00eda, Clara Orellano, Joaqu\u00edn Romero, Sof\u00eda Berazategui, Carla Esquivel, Valentina Yakuza, Valentina de los Santos, Camila Girardi, Daisy da Rosa, Micaela Ortiz, Elizabeth Steel, Gaspar Femen\u00edas, Lucas Arin, Diego Soria, Rossario Colombo, Dharma Faig, Korina Nol\u00e9, Mathias Berti, Romina Sanna, Giuliana Falca.<\/p>\n<p><strong>Contrabajo:<\/strong> Gast\u00f3n Caballero, Gabriel Luigi, Dainelys Guti\u00e9rrez, Valentina Espinoza, Patricio Otonelli, Agust\u00edn Faggiani.<\/p>\n<p><strong>Flauta:<\/strong> Pamela Moirano, Kamila Torres, Mat\u00edas Rivero, Fernanda Barrozo, Nicol\u00e1s Viura, Kellen Gallo, Martina Gal\u00e1n, M\u00e1ximo dos Santos P\u00e9rez.<\/p>\n<p><strong>Oboe:<\/strong> Micaela Torello, Magaly Correa, Elizabeth Brice\u00f1o.<\/p>\n<p><strong>Clarinete:<\/strong> Roxana Guerrero, El\u00edas Perugorria, Iv\u00e1n Plavan.<\/p>\n<p><strong>Fagot:<\/strong> Jacinta Deambrosio, \u00c1lvaro Lasarga, Alison Alvez.<\/p>\n<p><strong>Corno:<\/strong> Lehia Osorio, Alessandra Su\u00e1rez, Carlos Povea, Gonzalo Ben\u00edtez.<\/p>\n<p><strong>Trompeta:<\/strong> Ignacio Mieres, Anyela Ram\u00edrez, Ramiro Beracochea, Agust\u00edn Techera, Santiago Leal, Mar\u00eda V\u00edctoria Gonz\u00e1lez, Carolina Puerto, Santiago P\u00e9rez, Clara Garc\u00eda.<\/p>\n<p><strong>Tromb\u00f3n:<\/strong> Yango Cabrera, Paula Barboza, Ana Raimundo, L\u00e1zaro Saborit.<\/p>\n<p><strong>Percusi\u00f3n:<\/strong> Facundo Sandobal, G\u00e9nesis Borges, Ludmila Termebiksietow, Ismael Dillon, Franco Moreira, Camila Navarro, Josefina Butazzoni.<\/p>\n<p><strong>Piano:<\/strong> Diego Tr\u00edas.[\/vc_column_text][\/vc_column][vc_column width=\u00bb1\/2&#8243; css=\u00bb.vc_custom_1701211009001{margin-top: 0px !important;border-top-width: 0px !important;padding-top: 0px !important;}\u00bb][vc_single_image image=\u00bb527&#8243; img_size=\u00bbfull\u00bb css=\u00bb.vc_custom_1701211778826{margin-top: 0px !important;border-top-width: 0px !important;padding-top: 0px !important;}\u00bb][vc_empty_space height=\u00bb40px\u00bb][vc_single_image image=\u00bb531&#8243; img_size=\u00bbfull\u00bb css=\u00bb.vc_custom_1701212246668{margin-top: 0px !important;border-top-width: 0px !important;padding-top: 0px !important;}\u00bb][vc_empty_space height=\u00bb40px\u00bb][vc_single_image image=\u00bb529&#8243; img_size=\u00bbfull\u00bb css=\u00bb.vc_custom_1701212256541{margin-top: 0px !important;border-top-width: 0px !important;padding-top: 0px !important;}\u00bb][vc_empty_space height=\u00bb40px\u00bb][vc_single_image image=\u00bb538&#8243; img_size=\u00bbfull\u00bb css=\u00bb.vc_custom_1701212447043{margin-top: 0px !important;border-top-width: 0px !important;padding-top: 0px !important;}\u00bb][vc_empty_space height=\u00bb40px\u00bb][vc_single_image image=\u00bb532&#8243; img_size=\u00bbfull\u00bb css=\u00bb.vc_custom_1701212283751{margin-top: 0px !important;border-top-width: 0px !important;padding-top: 0px !important;}\u00bb][vc_empty_space height=\u00bb40px\u00bb][\/vc_column][\/vc_row][vc_row][vc_column][vc_empty_space height=\u00bb60px\u00bb][\/vc_column][\/vc_row][\/vc_section]<\/p>\n<\/div>","protected":false},"excerpt":{"rendered":"<p>[vc_section][vc_row gap=\u00bb30&#8243;][vc_column width=\u00bb1\/2&#8243;][vc_column_text]La Orquesta Juvenil del Sodre se form\u00f3 el 19 de junio de 2011, fruto de la alianza entre el Sodre y la Fundaci\u00f3n Sistema de Orquestas Juveniles e Infantiles del Uruguay y se ha convertido en uno de los principales emblemas de la nueva gesti\u00f3n. Integrada por m\u00e1s de 100 j\u00f3venes m\u00fasicos provenientes [&hellip;]<\/p>\n","protected":false},"author":1,"featured_media":0,"parent":300,"menu_order":0,"comment_status":"closed","ping_status":"closed","template":"","meta":{"footnotes":""},"acf":[],"yoast_head":"<!-- This site is optimized with the Yoast SEO plugin v21.7 - https:\/\/yoast.com\/wordpress\/plugins\/seo\/ -->\n<title>Orquesta Juvenil Nacional - Institucional<\/title>\n<meta name=\"robots\" content=\"index, follow, max-snippet:-1, max-image-preview:large, max-video-preview:-1\" \/>\n<link rel=\"canonical\" href=\"https:\/\/sodre.gub.uy\/institucional\/elencos-estables\/orquesta-juvenil-nacional\/\" \/>\n<meta property=\"og:locale\" content=\"es_ES\" \/>\n<meta property=\"og:type\" content=\"article\" \/>\n<meta property=\"og:title\" content=\"Orquesta Juvenil Nacional - Institucional\" \/>\n<meta property=\"og:description\" content=\"[vc_section][vc_row gap=\u00bb30&#8243;][vc_column width=\u00bb1\/2&#8243;][vc_column_text]La Orquesta Juvenil del Sodre se form\u00f3 el 19 de junio de 2011, fruto de la alianza entre el Sodre y la Fundaci\u00f3n Sistema de Orquestas Juveniles e Infantiles del Uruguay y se ha convertido en uno de los principales emblemas de la nueva gesti\u00f3n. Integrada por m\u00e1s de 100 j\u00f3venes m\u00fasicos provenientes [&hellip;]\" \/>\n<meta property=\"og:url\" content=\"https:\/\/sodre.gub.uy\/institucional\/elencos-estables\/orquesta-juvenil-nacional\/\" \/>\n<meta property=\"og:site_name\" content=\"Institucional\" \/>\n<meta property=\"article:modified_time\" content=\"2024-06-18T13:58:10+00:00\" \/>\n<meta name=\"twitter:card\" content=\"summary_large_image\" \/>\n<meta name=\"twitter:label1\" content=\"Tiempo de lectura\" \/>\n\t<meta name=\"twitter:data1\" content=\"5 minutos\" \/>\n<script type=\"application\/ld+json\" class=\"yoast-schema-graph\">{\"@context\":\"https:\/\/schema.org\",\"@graph\":[{\"@type\":\"WebPage\",\"@id\":\"https:\/\/sodre.gub.uy\/institucional\/elencos-estables\/orquesta-juvenil-nacional\/\",\"url\":\"https:\/\/sodre.gub.uy\/institucional\/elencos-estables\/orquesta-juvenil-nacional\/\",\"name\":\"Orquesta Juvenil Nacional - Institucional\",\"isPartOf\":{\"@id\":\"https:\/\/sodre.gub.uy\/institucional\/#website\"},\"datePublished\":\"2023-11-28T16:55:55+00:00\",\"dateModified\":\"2024-06-18T13:58:10+00:00\",\"breadcrumb\":{\"@id\":\"https:\/\/sodre.gub.uy\/institucional\/elencos-estables\/orquesta-juvenil-nacional\/#breadcrumb\"},\"inLanguage\":\"es\",\"potentialAction\":[{\"@type\":\"ReadAction\",\"target\":[\"https:\/\/sodre.gub.uy\/institucional\/elencos-estables\/orquesta-juvenil-nacional\/\"]}]},{\"@type\":\"BreadcrumbList\",\"@id\":\"https:\/\/sodre.gub.uy\/institucional\/elencos-estables\/orquesta-juvenil-nacional\/#breadcrumb\",\"itemListElement\":[{\"@type\":\"ListItem\",\"position\":1,\"name\":\"Elencos Estables\",\"item\":\"https:\/\/sodre.gub.uy\/institucional\/elencos-estables\/\"},{\"@type\":\"ListItem\",\"position\":2,\"name\":\"Orquesta Juvenil Nacional\"}]},{\"@type\":\"WebSite\",\"@id\":\"https:\/\/sodre.gub.uy\/institucional\/#website\",\"url\":\"https:\/\/sodre.gub.uy\/institucional\/\",\"name\":\"Institucional\",\"description\":\"Servicio Oficial de Difusi\u00f3n, Representaciones y Espect\u00e1culos\",\"publisher\":{\"@id\":\"https:\/\/sodre.gub.uy\/institucional\/#organization\"},\"potentialAction\":[{\"@type\":\"SearchAction\",\"target\":{\"@type\":\"EntryPoint\",\"urlTemplate\":\"https:\/\/sodre.gub.uy\/institucional\/?s={search_term_string}\"},\"query-input\":\"required name=search_term_string\"}],\"inLanguage\":\"es\"},{\"@type\":\"Organization\",\"@id\":\"https:\/\/sodre.gub.uy\/institucional\/#organization\",\"name\":\"Institucional\",\"url\":\"https:\/\/sodre.gub.uy\/institucional\/\",\"logo\":{\"@type\":\"ImageObject\",\"inLanguage\":\"es\",\"@id\":\"https:\/\/sodre.gub.uy\/institucional\/#\/schema\/logo\/image\/\",\"url\":\"https:\/\/sodre.gub.uy\/institucional\/wp-content\/uploads\/sites\/5\/2023\/12\/logo-sodre-black.svg\",\"contentUrl\":\"https:\/\/sodre.gub.uy\/institucional\/wp-content\/uploads\/sites\/5\/2023\/12\/logo-sodre-black.svg\",\"caption\":\"Institucional\"},\"image\":{\"@id\":\"https:\/\/sodre.gub.uy\/institucional\/#\/schema\/logo\/image\/\"}}]}<\/script>\n<!-- \/ Yoast SEO plugin. -->","yoast_head_json":{"title":"Orquesta Juvenil Nacional - Institucional","robots":{"index":"index","follow":"follow","max-snippet":"max-snippet:-1","max-image-preview":"max-image-preview:large","max-video-preview":"max-video-preview:-1"},"canonical":"https:\/\/sodre.gub.uy\/institucional\/elencos-estables\/orquesta-juvenil-nacional\/","og_locale":"es_ES","og_type":"article","og_title":"Orquesta Juvenil Nacional - Institucional","og_description":"[vc_section][vc_row gap=\u00bb30&#8243;][vc_column width=\u00bb1\/2&#8243;][vc_column_text]La Orquesta Juvenil del Sodre se form\u00f3 el 19 de junio de 2011, fruto de la alianza entre el Sodre y la Fundaci\u00f3n Sistema de Orquestas Juveniles e Infantiles del Uruguay y se ha convertido en uno de los principales emblemas de la nueva gesti\u00f3n. Integrada por m\u00e1s de 100 j\u00f3venes m\u00fasicos provenientes [&hellip;]","og_url":"https:\/\/sodre.gub.uy\/institucional\/elencos-estables\/orquesta-juvenil-nacional\/","og_site_name":"Institucional","article_modified_time":"2024-06-18T13:58:10+00:00","twitter_card":"summary_large_image","twitter_misc":{"Tiempo de lectura":"5 minutos"},"schema":{"@context":"https:\/\/schema.org","@graph":[{"@type":"WebPage","@id":"https:\/\/sodre.gub.uy\/institucional\/elencos-estables\/orquesta-juvenil-nacional\/","url":"https:\/\/sodre.gub.uy\/institucional\/elencos-estables\/orquesta-juvenil-nacional\/","name":"Orquesta Juvenil Nacional - Institucional","isPartOf":{"@id":"https:\/\/sodre.gub.uy\/institucional\/#website"},"datePublished":"2023-11-28T16:55:55+00:00","dateModified":"2024-06-18T13:58:10+00:00","breadcrumb":{"@id":"https:\/\/sodre.gub.uy\/institucional\/elencos-estables\/orquesta-juvenil-nacional\/#breadcrumb"},"inLanguage":"es","potentialAction":[{"@type":"ReadAction","target":["https:\/\/sodre.gub.uy\/institucional\/elencos-estables\/orquesta-juvenil-nacional\/"]}]},{"@type":"BreadcrumbList","@id":"https:\/\/sodre.gub.uy\/institucional\/elencos-estables\/orquesta-juvenil-nacional\/#breadcrumb","itemListElement":[{"@type":"ListItem","position":1,"name":"Elencos Estables","item":"https:\/\/sodre.gub.uy\/institucional\/elencos-estables\/"},{"@type":"ListItem","position":2,"name":"Orquesta Juvenil Nacional"}]},{"@type":"WebSite","@id":"https:\/\/sodre.gub.uy\/institucional\/#website","url":"https:\/\/sodre.gub.uy\/institucional\/","name":"Institucional","description":"Servicio Oficial de Difusi\u00f3n, Representaciones y Espect\u00e1culos","publisher":{"@id":"https:\/\/sodre.gub.uy\/institucional\/#organization"},"potentialAction":[{"@type":"SearchAction","target":{"@type":"EntryPoint","urlTemplate":"https:\/\/sodre.gub.uy\/institucional\/?s={search_term_string}"},"query-input":"required name=search_term_string"}],"inLanguage":"es"},{"@type":"Organization","@id":"https:\/\/sodre.gub.uy\/institucional\/#organization","name":"Institucional","url":"https:\/\/sodre.gub.uy\/institucional\/","logo":{"@type":"ImageObject","inLanguage":"es","@id":"https:\/\/sodre.gub.uy\/institucional\/#\/schema\/logo\/image\/","url":"https:\/\/sodre.gub.uy\/institucional\/wp-content\/uploads\/sites\/5\/2023\/12\/logo-sodre-black.svg","contentUrl":"https:\/\/sodre.gub.uy\/institucional\/wp-content\/uploads\/sites\/5\/2023\/12\/logo-sodre-black.svg","caption":"Institucional"},"image":{"@id":"https:\/\/sodre.gub.uy\/institucional\/#\/schema\/logo\/image\/"}}]}},"_links":{"self":[{"href":"https:\/\/sodre.gub.uy\/institucional\/wp-json\/wp\/v2\/pages\/434"}],"collection":[{"href":"https:\/\/sodre.gub.uy\/institucional\/wp-json\/wp\/v2\/pages"}],"about":[{"href":"https:\/\/sodre.gub.uy\/institucional\/wp-json\/wp\/v2\/types\/page"}],"author":[{"embeddable":true,"href":"https:\/\/sodre.gub.uy\/institucional\/wp-json\/wp\/v2\/users\/1"}],"replies":[{"embeddable":true,"href":"https:\/\/sodre.gub.uy\/institucional\/wp-json\/wp\/v2\/comments?post=434"}],"version-history":[{"count":19,"href":"https:\/\/sodre.gub.uy\/institucional\/wp-json\/wp\/v2\/pages\/434\/revisions"}],"predecessor-version":[{"id":1006,"href":"https:\/\/sodre.gub.uy\/institucional\/wp-json\/wp\/v2\/pages\/434\/revisions\/1006"}],"up":[{"embeddable":true,"href":"https:\/\/sodre.gub.uy\/institucional\/wp-json\/wp\/v2\/pages\/300"}],"wp:attachment":[{"href":"https:\/\/sodre.gub.uy\/institucional\/wp-json\/wp\/v2\/media?parent=434"}],"curies":[{"name":"wp","href":"https:\/\/api.w.org\/{rel}","templated":true}]}}