{"id":428,"date":"2023-11-28T13:55:00","date_gmt":"2023-11-28T16:55:00","guid":{"rendered":"https:\/\/sodre.gub.uy\/institucional\/?page_id=428"},"modified":"2025-04-21T14:52:55","modified_gmt":"2025-04-21T17:52:55","slug":"coro-nacional-de-ninos-juvenil","status":"publish","type":"page","link":"https:\/\/sodre.gub.uy\/institucional\/elencos-estables\/coro-nacional-de-ninos-juvenil\/","title":{"rendered":"Coro Nacional de Ni\u00f1os &amp; Juvenil"},"content":{"rendered":"<div class=\"wpb-content-wrapper\"><p>[vc_section][vc_row gap=\u00bb30&#8243;][vc_column width=\u00bb1\/2&#8243;]\n\n<h2 \n\trole=\"heading\" \n\tclass=\"cyg--tit contenido cyg--font-gloock cyg--font-normal \"\n>\n\n\tCoro Nacional de Ni\u00f1os\n<\/h2>\n\n\n[vc_empty_space height=\u00bb40px\u00bb][vc_column_text]El Coro Nacional de Ni\u00f1os fue relanzado en julio de 2016, luego de dos d\u00e9cadas de inactividad.<\/p>\n<p>Es un proyecto con una propuesta de formaci\u00f3n integral, que abarca aspectos t\u00e9cnico-musicales y a la vez contribuye en el desarrollo de valores socio culturales en los m\u00e1s j\u00f3venes. La filosof\u00eda del proyecto se basa en la educaci\u00f3n art\u00edstica, fomentando valores como el respeto, el trabajo en equipo y la solidaridad.<\/p>\n<p>A trav\u00e9s de convocatorias p\u00fablicas, a las que han acudido m\u00e1s de 1400 ni\u00f1os y adolescentes, se seleccionaron 120 coreutas de entre 6 y 15 a\u00f1os, de capital e interior.<\/p>\n<p>Bajo la direcci\u00f3n de V\u00edctor Mederos, el coro busca desarrollar un repertorio ecl\u00e9ctico, estimulante para sus integrantes y a la vez interesante para el p\u00fablico general.[\/vc_column_text][vc_empty_space height=\u00bb40px\u00bb]\n\n<h3 \n\trole=\"heading\" \n\tclass=\"cyg--tit contenido cyg--font-inter cyg--font-normal \"\n>\n\n\tEquipo art\u00edstico\n<\/h3>\n\n\n[vc_empty_space height=\u00bb15px\u00bb][vc_single_image image=\u00bb990&#8243; img_size=\u00bbfull\u00bb onclick=\u00bbcustom_link\u00bb css=\u00bb.vc_custom_1717424160637{margin-top: 0px !important;border-top-width: 0px !important;padding-top: 0px !important;}\u00bb link=\u00bbhttps:\/\/sodre.gub.uy\/institucional\/elencos-estables\/victor-mederos\/\u00bb el_class=\u00bbcyg&#8211;d-none\u00bb][vc_column_text]Direcci\u00f3n Art\u00edstica y Musical: <strong>V\u00edctor Mederos<\/strong> (<a href=\"https:\/\/sodre.gub.uy\/institucional\/elencos-estables\/victor-mederos\/\"><span style=\"color: #0000ff\">saber m\u00e1s &gt;<\/span><\/a>)<br \/>\nAsistente de Direcci\u00f3n: <strong>Selma Guti\u00e9rrez<\/strong><br \/>\nAsistente Coordinador: <strong>Giovanna Fuco, Antonella Morales<\/strong>[\/vc_column_text][vc_empty_space height=\u00bb40px\u00bb][vc_row_inner gap=\u00bb15&#8243; el_class=\u00bbfix&#8211;padding-5&#8243;][vc_column_inner width=\u00bb1\/3&#8243;][vc_column_text]<strong>Integrantes<\/strong><br \/>\nAgustina Acosta<br \/>\nAgustina Gonz\u00e1lez<br \/>\nAgustina Visiedo<br \/>\nAmaia Fagundes<br \/>\nAmir Murad<br \/>\nAna Vidal<br \/>\nAngie Gonz\u00e1lez<br \/>\nAvril Flores<br \/>\nBel\u00e9n Romano<br \/>\nBianca Carlucho<br \/>\nBruno Escobar<br \/>\nCamila M\u00e1rquez<br \/>\nCamila Siri<br \/>\nCamilo Facal<br \/>\nCandela Mayayan<br \/>\nCarmela Olivera<br \/>\nCarmela Simeto<br \/>\nCatalina Amorin<br \/>\nCatalina Walker<br \/>\nChiara Cukier<br \/>\nCielo Vidal<br \/>\nClara Turielli<br \/>\nEmilia Aquino<br \/>\nEmilia De Armas<br \/>\nEmilia Libschitz<br \/>\nEmiliano Duarte<br \/>\nEmma Bustos<br \/>\nEmma Rubino<br \/>\nEmma Vidal<br \/>\nEugenia Ravelli[\/vc_column_text][\/vc_column_inner][vc_column_inner width=\u00bb1\/3&#8243;][vc_column_text]Francisca Doldan<br \/>\nFranco Wilson<br \/>\nGabriel Morales<br \/>\nImanol Ferrari<br \/>\nIrina Chernic<br \/>\nIsabela Cobas<br \/>\nIsabella Paredes<br \/>\nIsabella Rosas<br \/>\nIv\u00e1n Batista<br \/>\nJohana Szmajser<br \/>\nJuan Ignacio Bueno<br \/>\nJulia Davison<br \/>\nJulia Tr\u00edas<br \/>\nJulieta Correa<br \/>\nJulieta Grenno<br \/>\nJulieta P\u00e9rez<br \/>\nKimani Miggones<br \/>\nLautaro Moreira<br \/>\nLucas Chac\u00f3n<br \/>\nLuc\u00eda Altminc<br \/>\nLucia Monteblanco<br \/>\nMagdalena Gil<br \/>\nMaia Arce<br \/>\nMarcelo Britos<br \/>\nMarcos Brum<br \/>\nMar\u00eda de los \u00c1ngeles Moran<br \/>\nMar\u00eda Federica Straxzis<br \/>\nMar\u00eda Luc\u00eda Lezama<br \/>\nMar\u00eda Lucrecia Fern\u00e1ndez<br \/>\nMartina Quintero[\/vc_column_text][\/vc_column_inner][vc_column_inner width=\u00bb1\/3&#8243;][vc_column_text]Milagros Giglio<br \/>\nMilagros Olivera<br \/>\nMorena Asambuya<br \/>\nOlivia Urquiza<br \/>\nPaula Ferreira<br \/>\nPaula Hern\u00e1ndez<br \/>\nPaula P\u00e9rez<br \/>\nPaula Zeballos<br \/>\nPriscila Bueno<br \/>\nRafaela Pena<br \/>\nRenata de los Santos<br \/>\nRenata Latorre<br \/>\nSabrina P\u00e9rez<br \/>\nSabrina Sandes<br \/>\nSandino Facal<br \/>\nSasha Garcia<br \/>\nSerena Pintos<br \/>\nSofia Balzano<br \/>\nSof\u00eda De Lorenzi<br \/>\nSof\u00eda Riestra<br \/>\nSophia Parafita<br \/>\nTriana Sandes<br \/>\nValent\u00edn Hern\u00e1ndez<br \/>\nValent\u00edn Rodr\u00edguez<br \/>\nValentina Barrera<br \/>\nValentina Gramajo<br \/>\nVictoria Quintanar<br \/>\nVictoria Lazarde<br \/>\nViolet C\u00f3rdova<br \/>\nVioleta Vignolo<br \/>\nYanaina Collazo[\/vc_column_text][\/vc_column_inner][\/vc_row_inner][vc_empty_space height=\u00bb40px\u00bb][\/vc_column][vc_column width=\u00bb1\/2&#8243; css=\u00bb.vc_custom_1701211009001{margin-top: 0px !important;border-top-width: 0px !important;padding-top: 0px !important;}\u00bb][vc_single_image image=\u00bb998&#8243; img_size=\u00bbfull\u00bb css=\u00bb.vc_custom_1717424381874{margin-top: 0px !important;border-top-width: 0px !important;padding-top: 0px !important;}\u00bb][vc_empty_space height=\u00bb40px\u00bb][vc_single_image image=\u00bb1000&#8243; img_size=\u00bbfull\u00bb css=\u00bb.vc_custom_1717424412253{margin-top: 0px !important;border-top-width: 0px !important;padding-top: 0px !important;}\u00bb][vc_empty_space height=\u00bb40px\u00bb][vc_single_image image=\u00bb1001&#8243; img_size=\u00bbfull\u00bb css=\u00bb.vc_custom_1717424427659{margin-top: 0px !important;border-top-width: 0px !important;padding-top: 0px !important;}\u00bb][vc_empty_space height=\u00bb40px\u00bb][\/vc_column][\/vc_row][vc_row][vc_column][vc_empty_space height=\u00bb60px\u00bb][\/vc_column][\/vc_row][\/vc_section][vc_section][vc_row gap=\u00bb30&#8243;][vc_column width=\u00bb1\/2&#8243;]\n\n<h2 \n\trole=\"heading\" \n\tclass=\"cyg--tit contenido cyg--font-gloock cyg--font-normal \"\n>\n\n\tCoro Nacional Juvenil\n<\/h2>\n\n\n[vc_empty_space height=\u00bb40px\u00bb][vc_column_text]El Coro Nacional Juvenil nace como respuesta natural para dar continuidad a la formaci\u00f3n coral a los adolescentes, que por su evoluci\u00f3n vocal necesitan un espacio diferente al del Coro de Ni\u00f1os.<\/p>\n<p>De esta forma se garantiza a los y las egresadas del Coro de Ni\u00f1os la sostenibilidad del proyecto que comenzaron en la ni\u00f1ez. La continuidad del proceso le brindar\u00e1 al coreuta, una nueva perspectiva de su capacidad tanto vocal, como musical y personal. Y para las nuevas incorporaciones es un lugar donde formarse no solo a nivel musical sino socio-cultural.<\/p>\n<p>La sistematizaci\u00f3n de conocimientos y pr\u00e1ctica vocal dentro de este \u00e1mbito, le facilitar\u00e1 el pasaje a niveles superiores de estudio o profesionalizaci\u00f3n.<\/p>\n<p>Actualmente est\u00e1 integrado por 80 j\u00f3venes cantantes (entre 15 y 21 a\u00f1os) y es dirigido por V\u00edctor Mederos.[\/vc_column_text][vc_empty_space height=\u00bb40px\u00bb]\n\n<h3 \n\trole=\"heading\" \n\tclass=\"cyg--tit contenido cyg--font-inter cyg--font-normal \"\n>\n\n\tEquipo art\u00edstico\n<\/h3>\n\n\n[vc_empty_space height=\u00bb15px\u00bb][vc_single_image image=\u00bb586&#8243; img_size=\u00bbfull\u00bb onclick=\u00bbcustom_link\u00bb css=\u00bb.vc_custom_1707320808947{margin-top: 0px !important;border-top-width: 0px !important;padding-top: 0px !important;}\u00bb link=\u00bbhttps:\/\/sodre.gub.uy\/institucional\/elencos-estables\/victor-mederos\/\u00bb el_class=\u00bbcyg&#8211;d-none\u00bb][vc_column_text]Direcci\u00f3n Art\u00edstica y Musical: <strong>V\u00edctor Mederos<\/strong> (<a href=\"https:\/\/sodre.gub.uy\/institucional\/elencos-estables\/victor-mederos\/\">saber m\u00e1s &gt;<\/a>)<br \/>\nAsistente de Direcci\u00f3n: <strong>Selma Guti\u00e9rrez<\/strong><br \/>\nAsistente Coordinador: <strong>Giovanna Fuco, Antonella Morales<\/strong>[\/vc_column_text][vc_empty_space height=\u00bb40px\u00bb][vc_row_inner gap=\u00bb15&#8243; el_class=\u00bbfix&#8211;padding-5&#8243;][vc_column_inner width=\u00bb1\/3&#8243;][vc_column_text]<strong>Integrantes<\/strong><br \/>\nAbigail Jim\u00e9nez<br \/>\nAgustina Blanco<br \/>\nAlejo Sasia<br \/>\nAmanda Castillo<br \/>\n\u00c1mbar Pereira<br \/>\nAna Clara Caetano<br \/>\nAna Clara Rodriguez<br \/>\nAndrea Montoya<br \/>\nAngelina Mart\u00ednez<br \/>\nAngelo Caraballo<br \/>\nAntonella Machado<br \/>\nArianna Romero<br \/>\nAvril Molina<br \/>\nAyelen Vida<br \/>\nBautista Rey<br \/>\nBelen Lopez<br \/>\nBruno Menendez<br \/>\nCamila Aguirre<br \/>\nCamila Loustau<br \/>\nCandela Rodr\u00edguez<br \/>\nCarlos Sotillo<br \/>\nCatalina Silva<br \/>\nCecilia Alarc\u00f3n<br \/>\nCecilia Falc\u00f3n<br \/>\nClementina Gasparr\u00e9<br \/>\nDafne Cobelli<br \/>\nDaliana Cabarcos<br \/>\nElba Guzm\u00e1n<br \/>\nEmilia Dominguez<br \/>\nEmilia Prieto[\/vc_column_text][\/vc_column_inner][vc_column_inner width=\u00bb1\/3&#8243;][vc_column_text]Emma Friade<br \/>\nErika Guzm\u00e1n<br \/>\nEva Chiribao<br \/>\nFabio Gonz\u00e1lez<br \/>\nFacundo Mu\u00f1oz<br \/>\nFrancisco Caggiani<br \/>\nFrancisco Vallejo<br \/>\nGonzalo P\u00edas<br \/>\nHelena Abella<br \/>\nIsabella Almeida<br \/>\nIv\u00e1n Mattos<br \/>\nIv\u00e1n Rosas<br \/>\nJoaqu\u00edn Pintos<br \/>\nJoaquina Costanzo<br \/>\nJos\u00e9 Sim\u00f3n Sarracino<br \/>\nLara Robatto<br \/>\nLautaro Gonz\u00e1lez<br \/>\nLautaro Osores<br \/>\nLuana Su\u00e1rez<br \/>\nLucas Copelotti<br \/>\nLucas Martinez<br \/>\nLuc\u00eda Loriente<br \/>\nLuc\u00eda Mesa<br \/>\nLuc\u00eda Tejeira<br \/>\nLucia Morales<br \/>\nLuciana Tancredi<br \/>\nMaite Quintero<br \/>\nManuel Gonz\u00e1lez<br \/>\nManuela Fleurquin<br \/>\nManuela Poittevin[\/vc_column_text][\/vc_column_inner][vc_column_inner width=\u00bb1\/3&#8243;][vc_column_text]Mar\u00eda Antonia Figueredo<br \/>\nMar\u00eda P\u00eda Damasco<br \/>\nMariana Maillot<br \/>\nMathias Umpierrez<br \/>\nMat\u00edas Garc\u00eda<br \/>\nMercedes Viera<br \/>\nMicaela Hansz<br \/>\nNahyelli Baldriz<br \/>\nNatalia Alarc\u00f3n<br \/>\nNatasha Machado<br \/>\nNicol\u00e1s Escudero<br \/>\nNicolle de Le\u00f3n<br \/>\nOdhara De Le\u00f3n<br \/>\nSabrina Segovia<br \/>\nSatya Keuchkeri\u00e1n<br \/>\nSof\u00eda Ben\u00edtez<br \/>\nSof\u00eda Campos<br \/>\nSof\u00eda Gonz\u00e1lez<br \/>\nSof\u00eda Nazar<br \/>\nSof\u00eda Ortiz<br \/>\nSof\u00eda Palermo<br \/>\nSof\u00eda Varela<br \/>\nSophie Descoueyte<br \/>\nTomas Iribarne<br \/>\nValentina Guerra<br \/>\nValentina S\u00e1nchez<br \/>\nValeria Rigau<br \/>\nV\u00edctor G\u00e1lvez<br \/>\nVioleta Mu\u00f1oz<br \/>\nZoe Ben\u00edtez[\/vc_column_text][\/vc_column_inner][\/vc_row_inner][vc_empty_space height=\u00bb40px\u00bb][\/vc_column][vc_column width=\u00bb1\/2&#8243; css=\u00bb.vc_custom_1701211009001{margin-top: 0px !important;border-top-width: 0px !important;padding-top: 0px !important;}\u00bb][vc_single_image image=\u00bb993&#8243; img_size=\u00bbfull\u00bb css=\u00bb.vc_custom_1717424286421{margin-top: 0px !important;border-top-width: 0px !important;padding-top: 0px !important;}\u00bb][vc_empty_space height=\u00bb40px\u00bb][vc_single_image image=\u00bb994&#8243; img_size=\u00bbfull\u00bb css=\u00bb.vc_custom_1717424293939{margin-top: 0px !important;border-top-width: 0px !important;padding-top: 0px !important;}\u00bb][vc_empty_space height=\u00bb40px\u00bb][vc_single_image image=\u00bb996&#8243; img_size=\u00bbfull\u00bb css=\u00bb.vc_custom_1717424308203{margin-top: 0px !important;border-top-width: 0px !important;padding-top: 0px !important;}\u00bb][vc_empty_space height=\u00bb40px\u00bb][\/vc_column][\/vc_row][vc_row][vc_column][vc_empty_space height=\u00bb60px\u00bb][\/vc_column][\/vc_row][\/vc_section]<\/p>\n<\/div>","protected":false},"excerpt":{"rendered":"<p>[vc_section][vc_row gap=\u00bb30&#8243;][vc_column width=\u00bb1\/2&#8243;][vc_empty_space height=\u00bb40px\u00bb][vc_column_text]El Coro Nacional de Ni\u00f1os fue relanzado en julio de 2016, luego de dos d\u00e9cadas de inactividad. Es un proyecto con una propuesta de formaci\u00f3n integral, que abarca aspectos t\u00e9cnico-musicales y a la vez contribuye en el desarrollo de valores socio culturales en los m\u00e1s j\u00f3venes. La filosof\u00eda del proyecto se basa [&hellip;]<\/p>\n","protected":false},"author":1,"featured_media":0,"parent":300,"menu_order":0,"comment_status":"closed","ping_status":"closed","template":"","meta":{"footnotes":""},"acf":[],"yoast_head":"<!-- This site is optimized with the Yoast SEO plugin v21.7 - https:\/\/yoast.com\/wordpress\/plugins\/seo\/ -->\n<title>Coro Nacional de Ni\u00f1os &amp; Juvenil - Institucional<\/title>\n<meta name=\"robots\" content=\"index, follow, max-snippet:-1, max-image-preview:large, max-video-preview:-1\" \/>\n<link rel=\"canonical\" href=\"https:\/\/sodre.gub.uy\/institucional\/elencos-estables\/coro-nacional-de-ninos-juvenil\/\" \/>\n<meta property=\"og:locale\" content=\"es_ES\" \/>\n<meta property=\"og:type\" content=\"article\" \/>\n<meta property=\"og:title\" content=\"Coro Nacional de Ni\u00f1os &amp; Juvenil - Institucional\" \/>\n<meta property=\"og:description\" content=\"[vc_section][vc_row gap=\u00bb30&#8243;][vc_column width=\u00bb1\/2&#8243;][vc_empty_space height=\u00bb40px\u00bb][vc_column_text]El Coro Nacional de Ni\u00f1os fue relanzado en julio de 2016, luego de dos d\u00e9cadas de inactividad. Es un proyecto con una propuesta de formaci\u00f3n integral, que abarca aspectos t\u00e9cnico-musicales y a la vez contribuye en el desarrollo de valores socio culturales en los m\u00e1s j\u00f3venes. La filosof\u00eda del proyecto se basa [&hellip;]\" \/>\n<meta property=\"og:url\" content=\"https:\/\/sodre.gub.uy\/institucional\/elencos-estables\/coro-nacional-de-ninos-juvenil\/\" \/>\n<meta property=\"og:site_name\" content=\"Institucional\" \/>\n<meta property=\"article:modified_time\" content=\"2025-04-21T17:52:55+00:00\" \/>\n<meta name=\"twitter:card\" content=\"summary_large_image\" \/>\n<meta name=\"twitter:label1\" content=\"Tiempo de lectura\" \/>\n\t<meta name=\"twitter:data1\" content=\"6 minutos\" \/>\n<script type=\"application\/ld+json\" class=\"yoast-schema-graph\">{\"@context\":\"https:\/\/schema.org\",\"@graph\":[{\"@type\":\"WebPage\",\"@id\":\"https:\/\/sodre.gub.uy\/institucional\/elencos-estables\/coro-nacional-de-ninos-juvenil\/\",\"url\":\"https:\/\/sodre.gub.uy\/institucional\/elencos-estables\/coro-nacional-de-ninos-juvenil\/\",\"name\":\"Coro Nacional de Ni\u00f1os &amp; Juvenil - Institucional\",\"isPartOf\":{\"@id\":\"https:\/\/sodre.gub.uy\/institucional\/#website\"},\"datePublished\":\"2023-11-28T16:55:00+00:00\",\"dateModified\":\"2025-04-21T17:52:55+00:00\",\"breadcrumb\":{\"@id\":\"https:\/\/sodre.gub.uy\/institucional\/elencos-estables\/coro-nacional-de-ninos-juvenil\/#breadcrumb\"},\"inLanguage\":\"es\",\"potentialAction\":[{\"@type\":\"ReadAction\",\"target\":[\"https:\/\/sodre.gub.uy\/institucional\/elencos-estables\/coro-nacional-de-ninos-juvenil\/\"]}]},{\"@type\":\"BreadcrumbList\",\"@id\":\"https:\/\/sodre.gub.uy\/institucional\/elencos-estables\/coro-nacional-de-ninos-juvenil\/#breadcrumb\",\"itemListElement\":[{\"@type\":\"ListItem\",\"position\":1,\"name\":\"Elencos Estables\",\"item\":\"https:\/\/sodre.gub.uy\/institucional\/elencos-estables\/\"},{\"@type\":\"ListItem\",\"position\":2,\"name\":\"Coro Nacional de Ni\u00f1os &amp; Juvenil\"}]},{\"@type\":\"WebSite\",\"@id\":\"https:\/\/sodre.gub.uy\/institucional\/#website\",\"url\":\"https:\/\/sodre.gub.uy\/institucional\/\",\"name\":\"Institucional\",\"description\":\"Servicio Oficial de Difusi\u00f3n, Representaciones y Espect\u00e1culos\",\"publisher\":{\"@id\":\"https:\/\/sodre.gub.uy\/institucional\/#organization\"},\"potentialAction\":[{\"@type\":\"SearchAction\",\"target\":{\"@type\":\"EntryPoint\",\"urlTemplate\":\"https:\/\/sodre.gub.uy\/institucional\/?s={search_term_string}\"},\"query-input\":\"required name=search_term_string\"}],\"inLanguage\":\"es\"},{\"@type\":\"Organization\",\"@id\":\"https:\/\/sodre.gub.uy\/institucional\/#organization\",\"name\":\"Institucional\",\"url\":\"https:\/\/sodre.gub.uy\/institucional\/\",\"logo\":{\"@type\":\"ImageObject\",\"inLanguage\":\"es\",\"@id\":\"https:\/\/sodre.gub.uy\/institucional\/#\/schema\/logo\/image\/\",\"url\":\"https:\/\/sodre.gub.uy\/institucional\/wp-content\/uploads\/sites\/5\/2023\/12\/logo-sodre-black.svg\",\"contentUrl\":\"https:\/\/sodre.gub.uy\/institucional\/wp-content\/uploads\/sites\/5\/2023\/12\/logo-sodre-black.svg\",\"caption\":\"Institucional\"},\"image\":{\"@id\":\"https:\/\/sodre.gub.uy\/institucional\/#\/schema\/logo\/image\/\"}}]}<\/script>\n<!-- \/ Yoast SEO plugin. -->","yoast_head_json":{"title":"Coro Nacional de Ni\u00f1os &amp; Juvenil - Institucional","robots":{"index":"index","follow":"follow","max-snippet":"max-snippet:-1","max-image-preview":"max-image-preview:large","max-video-preview":"max-video-preview:-1"},"canonical":"https:\/\/sodre.gub.uy\/institucional\/elencos-estables\/coro-nacional-de-ninos-juvenil\/","og_locale":"es_ES","og_type":"article","og_title":"Coro Nacional de Ni\u00f1os &amp; Juvenil - Institucional","og_description":"[vc_section][vc_row gap=\u00bb30&#8243;][vc_column width=\u00bb1\/2&#8243;][vc_empty_space height=\u00bb40px\u00bb][vc_column_text]El Coro Nacional de Ni\u00f1os fue relanzado en julio de 2016, luego de dos d\u00e9cadas de inactividad. Es un proyecto con una propuesta de formaci\u00f3n integral, que abarca aspectos t\u00e9cnico-musicales y a la vez contribuye en el desarrollo de valores socio culturales en los m\u00e1s j\u00f3venes. La filosof\u00eda del proyecto se basa [&hellip;]","og_url":"https:\/\/sodre.gub.uy\/institucional\/elencos-estables\/coro-nacional-de-ninos-juvenil\/","og_site_name":"Institucional","article_modified_time":"2025-04-21T17:52:55+00:00","twitter_card":"summary_large_image","twitter_misc":{"Tiempo de lectura":"6 minutos"},"schema":{"@context":"https:\/\/schema.org","@graph":[{"@type":"WebPage","@id":"https:\/\/sodre.gub.uy\/institucional\/elencos-estables\/coro-nacional-de-ninos-juvenil\/","url":"https:\/\/sodre.gub.uy\/institucional\/elencos-estables\/coro-nacional-de-ninos-juvenil\/","name":"Coro Nacional de Ni\u00f1os &amp; Juvenil - Institucional","isPartOf":{"@id":"https:\/\/sodre.gub.uy\/institucional\/#website"},"datePublished":"2023-11-28T16:55:00+00:00","dateModified":"2025-04-21T17:52:55+00:00","breadcrumb":{"@id":"https:\/\/sodre.gub.uy\/institucional\/elencos-estables\/coro-nacional-de-ninos-juvenil\/#breadcrumb"},"inLanguage":"es","potentialAction":[{"@type":"ReadAction","target":["https:\/\/sodre.gub.uy\/institucional\/elencos-estables\/coro-nacional-de-ninos-juvenil\/"]}]},{"@type":"BreadcrumbList","@id":"https:\/\/sodre.gub.uy\/institucional\/elencos-estables\/coro-nacional-de-ninos-juvenil\/#breadcrumb","itemListElement":[{"@type":"ListItem","position":1,"name":"Elencos Estables","item":"https:\/\/sodre.gub.uy\/institucional\/elencos-estables\/"},{"@type":"ListItem","position":2,"name":"Coro Nacional de Ni\u00f1os &amp; Juvenil"}]},{"@type":"WebSite","@id":"https:\/\/sodre.gub.uy\/institucional\/#website","url":"https:\/\/sodre.gub.uy\/institucional\/","name":"Institucional","description":"Servicio Oficial de Difusi\u00f3n, Representaciones y Espect\u00e1culos","publisher":{"@id":"https:\/\/sodre.gub.uy\/institucional\/#organization"},"potentialAction":[{"@type":"SearchAction","target":{"@type":"EntryPoint","urlTemplate":"https:\/\/sodre.gub.uy\/institucional\/?s={search_term_string}"},"query-input":"required name=search_term_string"}],"inLanguage":"es"},{"@type":"Organization","@id":"https:\/\/sodre.gub.uy\/institucional\/#organization","name":"Institucional","url":"https:\/\/sodre.gub.uy\/institucional\/","logo":{"@type":"ImageObject","inLanguage":"es","@id":"https:\/\/sodre.gub.uy\/institucional\/#\/schema\/logo\/image\/","url":"https:\/\/sodre.gub.uy\/institucional\/wp-content\/uploads\/sites\/5\/2023\/12\/logo-sodre-black.svg","contentUrl":"https:\/\/sodre.gub.uy\/institucional\/wp-content\/uploads\/sites\/5\/2023\/12\/logo-sodre-black.svg","caption":"Institucional"},"image":{"@id":"https:\/\/sodre.gub.uy\/institucional\/#\/schema\/logo\/image\/"}}]}},"_links":{"self":[{"href":"https:\/\/sodre.gub.uy\/institucional\/wp-json\/wp\/v2\/pages\/428"}],"collection":[{"href":"https:\/\/sodre.gub.uy\/institucional\/wp-json\/wp\/v2\/pages"}],"about":[{"href":"https:\/\/sodre.gub.uy\/institucional\/wp-json\/wp\/v2\/types\/page"}],"author":[{"embeddable":true,"href":"https:\/\/sodre.gub.uy\/institucional\/wp-json\/wp\/v2\/users\/1"}],"replies":[{"embeddable":true,"href":"https:\/\/sodre.gub.uy\/institucional\/wp-json\/wp\/v2\/comments?post=428"}],"version-history":[{"count":34,"href":"https:\/\/sodre.gub.uy\/institucional\/wp-json\/wp\/v2\/pages\/428\/revisions"}],"predecessor-version":[{"id":1065,"href":"https:\/\/sodre.gub.uy\/institucional\/wp-json\/wp\/v2\/pages\/428\/revisions\/1065"}],"up":[{"embeddable":true,"href":"https:\/\/sodre.gub.uy\/institucional\/wp-json\/wp\/v2\/pages\/300"}],"wp:attachment":[{"href":"https:\/\/sodre.gub.uy\/institucional\/wp-json\/wp\/v2\/media?parent=428"}],"curies":[{"name":"wp","href":"https:\/\/api.w.org\/{rel}","templated":true}]}}