{"id":339,"date":"2023-11-16T11:47:42","date_gmt":"2023-11-16T14:47:42","guid":{"rendered":"https:\/\/sodre.gub.uy\/espectaculos\/?page_id=339"},"modified":"2024-06-07T10:47:53","modified_gmt":"2024-06-07T13:47:53","slug":"cine-sodre","status":"publish","type":"page","link":"https:\/\/sodre.gub.uy\/espectaculos\/cine-sodre\/","title":{"rendered":"Cine Sodre"},"content":{"rendered":"<div class=\"wpb-content-wrapper\"><p>[vc_section][vc_row][vc_column]\r\n\r\n\r\n<section id=\"searchShowProgrammingContainer\">\r\n\r\n\t<div class=\"cyg--container\">\r\n\r\n\t\t<section class=\"cyg--d-grid\">\r\n\r\n\r\n\r\n\t\t\t<section class=\"cyg--section programacion\">\r\n\t\t\t\t<form style=\"width: auto; float: none\" action=\"\" method=\"GET\" id=\"programmingFilters\"><\/form>\r\n\t\t\t\t<section class=\"cyg--slide \">\r\n\r\n\t\t\t\t\t\t\t\t\t\t\t\t\t<div class=\"item \">\r\n\t\t\t\t\t\t\t\t\t<a role=\"button\" href=\"https:\/\/sodre.gub.uy\/espectaculos\/afilo-mi-gillette\/\" class=\"cyg--efecto-zoom cyg--transition cyg--efecto-bg\">\r\n\t\t\t\t\t\t\t\t\t\t<figure class=\"cyg--ratio\"><img decoding=\"async\" class=\"cyg--transition\" src=\"https:\/\/sodre.gub.uy\/espectaculos\/wp-content\/uploads\/sites\/2\/2026\/04\/Slider-web-Sodre-2026-04-10T100645.711-768x307.png\" alt=\"\"><\/figure>\r\n\t\t\t\t\t\t\t\t\t\t<div class=\"cyg--cont\">\r\n\t\t\t\t\t\t\t\t\t\t\t<span class=\"cyg--etiqueta \"  style=\"background-color:#5DADE2;\" >\r\n\t\t\t\t\t\t\t\tCine Nacional y Latinoamericano\r\n\t\t\t\t\t\t\t<\/span>\r\n\t\t\t\t\t\t\t\r\n\t\t\t\t\t\t\t\t\t\t\t<h3 role=\"heading\">Afilo mi gillette<\/h3>\r\n\r\n\t\t\t\t\t\t\t\t\t\t\t<time class=\"cyg--dia\">16 y 18 ABR 2026 - 21 H\r<\/time><time class=\"cyg--dia\">23  y 25 ABR 2026 - 21 H\r<\/time><time class=\"cyg--dia\">30 ABR y 2 MAY 2026 - 21 H<\/time>\r\n\t\t\t\t\t\t\t\t\t\t\t<address>\r\n\t\t\t\t\t\t\t\t\t\t\t\t<img decoding=\"async\" src=\"https:\/\/sodre.gub.uy\/wp-content\/themes\/cygnus\/images\/auditorio-nelly-goitino.jpg\" alt=\"Auditorio Nelly Goiti\u00f1o\">\t\t\t\t\t\t\t\t\t\t\t<\/address>\r\n\t\t\t\t\t\t\t\t\t\t<\/div>\r\n\t\t\t\t\t\t\t\t\t<\/a>\r\n\t\t\t\t\t\t\t\t<\/div>\r\n\t\t\t\t\t\t\t\t\t\t\t\t\t\t<div class=\"item \">\r\n\t\t\t\t\t\t\t\t\t<a role=\"button\" href=\"https:\/\/sodre.gub.uy\/espectaculos\/mama-esta-aca\/\" class=\"cyg--efecto-zoom cyg--transition cyg--efecto-bg\">\r\n\t\t\t\t\t\t\t\t\t\t<figure class=\"cyg--ratio\"><img decoding=\"async\" class=\"cyg--transition\" src=\"https:\/\/sodre.gub.uy\/espectaculos\/wp-content\/uploads\/sites\/2\/2026\/04\/Slider-web-Sodre-2026-04-24T093449.332-768x307.png\" alt=\"\"><\/figure>\r\n\t\t\t\t\t\t\t\t\t\t<div class=\"cyg--cont\">\r\n\t\t\t\t\t\t\t\t\t\t\t<span class=\"cyg--etiqueta \"  style=\"background-color:#5DADE2;\" >\r\n\t\t\t\t\t\t\t\tCine Nacional y Latinoamericano\r\n\t\t\t\t\t\t\t<\/span>\r\n\t\t\t\t\t\t\t\r\n\t\t\t\t\t\t\t\t\t\t\t<h3 role=\"heading\">Mam\u00e1 est\u00e1 ac\u00e1<\/h3>\r\n\r\n\t\t\t\t\t\t\t\t\t\t\t<time class=\"cyg--dia\">30 ABR y 3 MAY 2026 - 17 H<\/time>\r\n\t\t\t\t\t\t\t\t\t\t\t<address>\r\n\t\t\t\t\t\t\t\t\t\t\t\t<img decoding=\"async\" src=\"https:\/\/sodre.gub.uy\/wp-content\/themes\/cygnus\/images\/auditorio-nelly-goitino.jpg\" alt=\"Auditorio Nelly Goiti\u00f1o\">\t\t\t\t\t\t\t\t\t\t\t<\/address>\r\n\t\t\t\t\t\t\t\t\t\t<\/div>\r\n\t\t\t\t\t\t\t\t\t<\/a>\r\n\t\t\t\t\t\t\t\t<\/div>\r\n\t\t\t\t\t\t\t\t\t\t\t\t\t\t<div class=\"item \">\r\n\t\t\t\t\t\t\t\t\t<a role=\"button\" href=\"https:\/\/sodre.gub.uy\/espectaculos\/martin-vuelve-2\/\" class=\"cyg--efecto-zoom cyg--transition cyg--efecto-bg\">\r\n\t\t\t\t\t\t\t\t\t\t<figure class=\"cyg--ratio\"><img decoding=\"async\" class=\"cyg--transition\" src=\"https:\/\/sodre.gub.uy\/espectaculos\/wp-content\/uploads\/sites\/2\/2026\/04\/Slider-web-Sodre-2026-04-24T094310.039-768x307.png\" alt=\"\"><\/figure>\r\n\t\t\t\t\t\t\t\t\t\t<div class=\"cyg--cont\">\r\n\t\t\t\t\t\t\t\t\t\t\t<span class=\"cyg--etiqueta \"  style=\"background-color:#5DADE2;\" >\r\n\t\t\t\t\t\t\t\tCine Nacional y Latinoamericano\r\n\t\t\t\t\t\t\t<\/span>\r\n\t\t\t\t\t\t\t\r\n\t\t\t\t\t\t\t\t\t\t\t<h3 role=\"heading\">Mart\u00edn vuelve<\/h3>\r\n\r\n\t\t\t\t\t\t\t\t\t\t\t<time class=\"cyg--dia\">30 ABR y 2 MAY 2026 - 19 H<\/time>\r\n\t\t\t\t\t\t\t\t\t\t\t<address>\r\n\t\t\t\t\t\t\t\t\t\t\t\t<img decoding=\"async\" src=\"https:\/\/sodre.gub.uy\/wp-content\/themes\/cygnus\/images\/auditorio-nelly-goitino.jpg\" alt=\"Auditorio Nelly Goiti\u00f1o\">\t\t\t\t\t\t\t\t\t\t\t<\/address>\r\n\t\t\t\t\t\t\t\t\t\t<\/div>\r\n\t\t\t\t\t\t\t\t\t<\/a>\r\n\t\t\t\t\t\t\t\t<\/div>\r\n\t\t\t\t\t\t\t\t\t\t\t\t\t\t<div class=\"item \">\r\n\t\t\t\t\t\t\t\t\t<a role=\"button\" href=\"https:\/\/sodre.gub.uy\/espectaculos\/el-ultimo-viaje-a-china-2\/\" class=\"cyg--efecto-zoom cyg--transition cyg--efecto-bg\">\r\n\t\t\t\t\t\t\t\t\t\t<figure class=\"cyg--ratio\"><img decoding=\"async\" class=\"cyg--transition\" src=\"https:\/\/sodre.gub.uy\/espectaculos\/wp-content\/uploads\/sites\/2\/2026\/04\/Slider-web-Sodre-2026-04-20T111033.732-768x307.png\" alt=\"\"><\/figure>\r\n\t\t\t\t\t\t\t\t\t\t<div class=\"cyg--cont\">\r\n\t\t\t\t\t\t\t\t\t\t\t<span class=\"cyg--etiqueta \"  style=\"background-color:#5DADE2;\" >\r\n\t\t\t\t\t\t\t\tCine Nacional y Latinoamericano\r\n\t\t\t\t\t\t\t<\/span>\r\n\t\t\t\t\t\t\t\r\n\t\t\t\t\t\t\t\t\t\t\t<h3 role=\"heading\">El \u00faltimo viaje a China<\/h3>\r\n\r\n\t\t\t\t\t\t\t\t\t\t\t<time class=\"cyg--dia\">2 MAY 2026 - 17 H\r<\/time><time class=\"cyg--dia\">3 MAY 2026 - 19 H<\/time>\r\n\t\t\t\t\t\t\t\t\t\t\t<address>\r\n\t\t\t\t\t\t\t\t\t\t\t\t<img decoding=\"async\" src=\"https:\/\/sodre.gub.uy\/wp-content\/themes\/cygnus\/images\/auditorio-nelly-goitino.jpg\" alt=\"Auditorio Nelly Goiti\u00f1o\">\t\t\t\t\t\t\t\t\t\t\t<\/address>\r\n\t\t\t\t\t\t\t\t\t\t<\/div>\r\n\t\t\t\t\t\t\t\t\t<\/a>\r\n\t\t\t\t\t\t\t\t<\/div>\r\n\t\t\t\t\t\t\t\t\t\t\t\t\t\t<div class=\"item \">\r\n\t\t\t\t\t\t\t\t\t<a role=\"button\" href=\"https:\/\/sodre.gub.uy\/espectaculos\/un-cabo-suelto-2\/\" class=\"cyg--efecto-zoom cyg--transition cyg--efecto-bg\">\r\n\t\t\t\t\t\t\t\t\t\t<figure class=\"cyg--ratio\"><img decoding=\"async\" class=\"cyg--transition\" src=\"https:\/\/sodre.gub.uy\/espectaculos\/wp-content\/uploads\/sites\/2\/2026\/04\/Slider-web-Sodre-100-768x307.png\" alt=\"\"><\/figure>\r\n\t\t\t\t\t\t\t\t\t\t<div class=\"cyg--cont\">\r\n\t\t\t\t\t\t\t\t\t\t\t<span class=\"cyg--etiqueta \"  style=\"background-color:#5DADE2;\" >\r\n\t\t\t\t\t\t\t\tCine Nacional y Latinoamericano\r\n\t\t\t\t\t\t\t<\/span>\r\n\t\t\t\t\t\t\t\r\n\t\t\t\t\t\t\t\t\t\t\t<h3 role=\"heading\">Un cabo suelto<\/h3>\r\n\r\n\t\t\t\t\t\t\t\t\t\t\t<time class=\"cyg--dia\">3 MAY 2026 - 21 H<\/time>\r\n\t\t\t\t\t\t\t\t\t\t\t<address>\r\n\t\t\t\t\t\t\t\t\t\t\t\t<img decoding=\"async\" src=\"https:\/\/sodre.gub.uy\/wp-content\/themes\/cygnus\/images\/auditorio-nelly-goitino.jpg\" alt=\"Auditorio Nelly Goiti\u00f1o\">\t\t\t\t\t\t\t\t\t\t\t<\/address>\r\n\t\t\t\t\t\t\t\t\t\t<\/div>\r\n\t\t\t\t\t\t\t\t\t<\/a>\r\n\t\t\t\t\t\t\t\t<\/div>\r\n\t\t\t\t\t\t\r\n\t\t\t\t<\/section>\r\n\r\n\t\t\t\t\r\n\t\t\t\t<div class=\"loader-container\" id=\"programmingLoader\">\r\n\t\t\t\t\t<div class=\"spinner\"><\/div>\r\n\t\t\t\t<\/div>\r\n\r\n\t\t\t<\/section>\r\n\r\n\t\t\t<!-- sidebar -->\r\n\t\t\t<aside class=\"cyg--sidebar\" id=\"sidebar\">\r\n\r\n\t\t\t\t<div id=\"sidebar-actividades-socioculturales\" class=\"primary-sidebar widget-area\" role=\"complementary\">\r\n\t\t\t\t\t<div class=\"cyg--widget actividades-socioculturales\">\r\n\t\t\t\t\t\t<!--<h4 class=\"cyg--widget-title\">\r\n\t\t\t\t\t\t<a href=\"https:\/\/sodre.gub.uy\/espectaculos\/wp-json\/wp\/v2\/pages\/339?\" aria-current=\"page\" role=\"link\">\r\n\t\t\t\t\t\t\tProgramaci\u00f3n\r\n\t\t\t\t\t\t<\/a>\r\n\t\t\t\t\t<\/h4>-->\r\n\t\t\t\t\t\t<ul>\r\n\t\t\t\t\t\t\t\t\t\t\t\t\t\t\t\t<li>\r\n\t\t\t\t\t\t\t\t\t\t<a href=\"https:\/\/sodre.gub.uy\/espectaculos\/wp-json\/wp\/v2\/pages\/339?filters%5Btaxs%5D%5Bcuerpo-estable%5D%5B0%5D=43\" aria-current=\"page\" role=\"link\">Cine Arte<\/a>\r\n\t\t\t\t\t\t\t\t\t<\/li>\r\n\r\n\r\n\t\t\t\t\t\t\t\t\t\t\t\t\t\t\t\t<li>\r\n\t\t\t\t\t\t\t\t\t\t<a href=\"https:\/\/sodre.gub.uy\/espectaculos\/wp-json\/wp\/v2\/pages\/339?filters%5Btaxs%5D%5Bcuerpo-estable%5D%5B0%5D=42\" aria-current=\"page\" role=\"link\">Cine Nacional y Latinoamericano<\/a>\r\n\t\t\t\t\t\t\t\t\t<\/li>\r\n\r\n\r\n\t\t\t\t\t\t\t\r\n\t\t\t\t\t\t<\/ul>\r\n\t\t\t\t\t<\/div>\r\n\t\t\t\t<\/div>\r\n\r\n\t\t\t\t<div class=\"cyg--cont-btn\">\r\n\r\n\t\t\t\t\t<a href=\"https:\/\/sodre.gub.uy\/espectaculos\/wp-json\/wp\/v2\/pages\/339?\" role=\"link\" aria-label=\"Muestra todos los espectaculos cine\" class=\"cyg--btn\">\r\n\r\n\t\t\t\t\t\tVer todos\r\n\t\t\t\t\t<\/a>\r\n\r\n\t\t\t\t<\/div>\r\n\r\n\t\t\t<\/aside>\r\n\r\n\r\n\t\t<\/section>\r\n\r\n\r\n\r\n\r\n\t<\/div>\r\n<\/section>[\/vc_column][\/vc_row][\/vc_section]<\/p>\n<\/div>","protected":false},"excerpt":{"rendered":"<p>[vc_section][vc_row][vc_column][\/vc_column][\/vc_row][\/vc_section]<\/p>\n","protected":false},"author":1,"featured_media":0,"parent":0,"menu_order":0,"comment_status":"closed","ping_status":"closed","template":"templates\/template-cine.php","meta":{"footnotes":""},"acf":[],"yoast_head":"<!-- This site is optimized with the Yoast SEO plugin v21.7 - https:\/\/yoast.com\/wordpress\/plugins\/seo\/ -->\n<title>Cine Sodre - Espect\u00e1culos<\/title>\n<meta name=\"robots\" content=\"index, follow, max-snippet:-1, max-image-preview:large, max-video-preview:-1\" \/>\n<link rel=\"canonical\" href=\"https:\/\/sodre.gub.uy\/espectaculos\/cine-sodre\/\" \/>\n<meta property=\"og:locale\" content=\"es_ES\" \/>\n<meta property=\"og:type\" content=\"article\" \/>\n<meta property=\"og:title\" content=\"Cine Sodre - Espect\u00e1culos\" \/>\n<meta property=\"og:description\" content=\"[vc_section][vc_row][vc_column][\/vc_column][\/vc_row][\/vc_section]\" \/>\n<meta property=\"og:url\" content=\"https:\/\/sodre.gub.uy\/espectaculos\/cine-sodre\/\" \/>\n<meta property=\"og:site_name\" content=\"Espect\u00e1culos\" \/>\n<meta property=\"article:modified_time\" content=\"2024-06-07T13:47:53+00:00\" \/>\n<meta name=\"twitter:card\" content=\"summary_large_image\" \/>\n<meta name=\"twitter:label1\" content=\"Tiempo de lectura\" \/>\n\t<meta name=\"twitter:data1\" content=\"1 minuto\" \/>\n<script type=\"application\/ld+json\" class=\"yoast-schema-graph\">{\"@context\":\"https:\/\/schema.org\",\"@graph\":[{\"@type\":\"WebPage\",\"@id\":\"https:\/\/sodre.gub.uy\/espectaculos\/cine-sodre\/\",\"url\":\"https:\/\/sodre.gub.uy\/espectaculos\/cine-sodre\/\",\"name\":\"Cine Sodre - Espect\u00e1culos\",\"isPartOf\":{\"@id\":\"https:\/\/sodre.gub.uy\/espectaculos\/#website\"},\"datePublished\":\"2023-11-16T14:47:42+00:00\",\"dateModified\":\"2024-06-07T13:47:53+00:00\",\"inLanguage\":\"es\",\"potentialAction\":[{\"@type\":\"ReadAction\",\"target\":[\"https:\/\/sodre.gub.uy\/espectaculos\/cine-sodre\/\"]}]},{\"@type\":\"WebSite\",\"@id\":\"https:\/\/sodre.gub.uy\/espectaculos\/#website\",\"url\":\"https:\/\/sodre.gub.uy\/espectaculos\/\",\"name\":\"Espect\u00e1culos\",\"description\":\"Servicio Oficial de Difusi\u00f3n, Representaciones y Espect\u00e1culos\",\"publisher\":{\"@id\":\"https:\/\/sodre.gub.uy\/espectaculos\/#organization\"},\"potentialAction\":[{\"@type\":\"SearchAction\",\"target\":{\"@type\":\"EntryPoint\",\"urlTemplate\":\"https:\/\/sodre.gub.uy\/espectaculos\/?s={search_term_string}\"},\"query-input\":\"required name=search_term_string\"}],\"inLanguage\":\"es\"},{\"@type\":\"Organization\",\"@id\":\"https:\/\/sodre.gub.uy\/espectaculos\/#organization\",\"name\":\"Espect\u00e1culos\",\"url\":\"https:\/\/sodre.gub.uy\/espectaculos\/\",\"logo\":{\"@type\":\"ImageObject\",\"inLanguage\":\"es\",\"@id\":\"https:\/\/sodre.gub.uy\/espectaculos\/#\/schema\/logo\/image\/\",\"url\":\"https:\/\/sodre.gub.uy\/espectaculos\/wp-content\/uploads\/sites\/2\/2023\/12\/logo-sodre-black.svg\",\"contentUrl\":\"https:\/\/sodre.gub.uy\/espectaculos\/wp-content\/uploads\/sites\/2\/2023\/12\/logo-sodre-black.svg\",\"caption\":\"Espect\u00e1culos\"},\"image\":{\"@id\":\"https:\/\/sodre.gub.uy\/espectaculos\/#\/schema\/logo\/image\/\"}}]}<\/script>\n<!-- \/ Yoast SEO plugin. -->","yoast_head_json":{"title":"Cine Sodre - Espect\u00e1culos","robots":{"index":"index","follow":"follow","max-snippet":"max-snippet:-1","max-image-preview":"max-image-preview:large","max-video-preview":"max-video-preview:-1"},"canonical":"https:\/\/sodre.gub.uy\/espectaculos\/cine-sodre\/","og_locale":"es_ES","og_type":"article","og_title":"Cine Sodre - Espect\u00e1culos","og_description":"[vc_section][vc_row][vc_column][\/vc_column][\/vc_row][\/vc_section]","og_url":"https:\/\/sodre.gub.uy\/espectaculos\/cine-sodre\/","og_site_name":"Espect\u00e1culos","article_modified_time":"2024-06-07T13:47:53+00:00","twitter_card":"summary_large_image","twitter_misc":{"Tiempo de lectura":"1 minuto"},"schema":{"@context":"https:\/\/schema.org","@graph":[{"@type":"WebPage","@id":"https:\/\/sodre.gub.uy\/espectaculos\/cine-sodre\/","url":"https:\/\/sodre.gub.uy\/espectaculos\/cine-sodre\/","name":"Cine Sodre - Espect\u00e1culos","isPartOf":{"@id":"https:\/\/sodre.gub.uy\/espectaculos\/#website"},"datePublished":"2023-11-16T14:47:42+00:00","dateModified":"2024-06-07T13:47:53+00:00","inLanguage":"es","potentialAction":[{"@type":"ReadAction","target":["https:\/\/sodre.gub.uy\/espectaculos\/cine-sodre\/"]}]},{"@type":"WebSite","@id":"https:\/\/sodre.gub.uy\/espectaculos\/#website","url":"https:\/\/sodre.gub.uy\/espectaculos\/","name":"Espect\u00e1culos","description":"Servicio Oficial de Difusi\u00f3n, Representaciones y Espect\u00e1culos","publisher":{"@id":"https:\/\/sodre.gub.uy\/espectaculos\/#organization"},"potentialAction":[{"@type":"SearchAction","target":{"@type":"EntryPoint","urlTemplate":"https:\/\/sodre.gub.uy\/espectaculos\/?s={search_term_string}"},"query-input":"required name=search_term_string"}],"inLanguage":"es"},{"@type":"Organization","@id":"https:\/\/sodre.gub.uy\/espectaculos\/#organization","name":"Espect\u00e1culos","url":"https:\/\/sodre.gub.uy\/espectaculos\/","logo":{"@type":"ImageObject","inLanguage":"es","@id":"https:\/\/sodre.gub.uy\/espectaculos\/#\/schema\/logo\/image\/","url":"https:\/\/sodre.gub.uy\/espectaculos\/wp-content\/uploads\/sites\/2\/2023\/12\/logo-sodre-black.svg","contentUrl":"https:\/\/sodre.gub.uy\/espectaculos\/wp-content\/uploads\/sites\/2\/2023\/12\/logo-sodre-black.svg","caption":"Espect\u00e1culos"},"image":{"@id":"https:\/\/sodre.gub.uy\/espectaculos\/#\/schema\/logo\/image\/"}}]}},"_links":{"self":[{"href":"https:\/\/sodre.gub.uy\/espectaculos\/wp-json\/wp\/v2\/pages\/339"}],"collection":[{"href":"https:\/\/sodre.gub.uy\/espectaculos\/wp-json\/wp\/v2\/pages"}],"about":[{"href":"https:\/\/sodre.gub.uy\/espectaculos\/wp-json\/wp\/v2\/types\/page"}],"author":[{"embeddable":true,"href":"https:\/\/sodre.gub.uy\/espectaculos\/wp-json\/wp\/v2\/users\/1"}],"replies":[{"embeddable":true,"href":"https:\/\/sodre.gub.uy\/espectaculos\/wp-json\/wp\/v2\/comments?post=339"}],"version-history":[{"count":4,"href":"https:\/\/sodre.gub.uy\/espectaculos\/wp-json\/wp\/v2\/pages\/339\/revisions"}],"predecessor-version":[{"id":4917,"href":"https:\/\/sodre.gub.uy\/espectaculos\/wp-json\/wp\/v2\/pages\/339\/revisions\/4917"}],"wp:attachment":[{"href":"https:\/\/sodre.gub.uy\/espectaculos\/wp-json\/wp\/v2\/media?parent=339"}],"curies":[{"name":"wp","href":"https:\/\/api.w.org\/{rel}","templated":true}]}}