{"id":9054,"date":"2025-07-17T13:08:25","date_gmt":"2025-07-17T16:08:25","guid":{"rendered":"https:\/\/sodre.gub.uy\/espectaculos\/?post_type=espectaculo&#038;p=9054"},"modified":"2025-08-19T09:46:08","modified_gmt":"2025-08-19T12:46:08","slug":"damian-gularte","status":"publish","type":"espectaculo","link":"https:\/\/sodre.gub.uy\/espectaculos\/damian-gularte\/","title":{"rendered":"Dami\u00e1n Gularte (CANCELADO)"},"content":{"rendered":"<div class=\"wpb-content-wrapper\"><p>[vc_section el_class=\u00bbcontent&#8211;espectaculo\u00bb][vc_row el_class=\u00bbcyg&#8211;descripcion\u00bb][vc_column][vc_column_text]En una noche \u00edntima y vibrante, Dami\u00e1n Gularte har\u00e1 la presentaci\u00f3n oficial de su octavo disco de estudio: <em>Abstracci\u00f3n<\/em>, un trabajo lleno de emociones sinceras y sonoridades cautivadoras. Adem\u00e1s del recorrido por sus nuevas canciones, Gularte har\u00e1 un repaso de sus discos anteriores, as\u00ed como tambi\u00e9n incluir\u00e1 alguna que otra sorpresa. Ser\u00e1 un viaje por el mundo ecl\u00e9ctico del cantautor, donde la influencia del candombe y la m\u00fasica popular uruguaya se encuentra con la World Music y la M\u00fasica Popular Brasilera.[\/vc_column_text][vc_empty_space height=\u00bb30px\u00bb el_class=\u00bbcyg&#8211;espacio-30&#8243;][\/vc_column][\/vc_row][vc_row el_class=\u00bbcyg&#8211;ficha\u00bb][vc_column width=\u00bb1\/2&#8243;][vc_row_inner][vc_column_inner][vc_empty_space height=\u00bb10&#8243; el_class=\u00bbcyg&#8211;espacio-10&#8243;][\/vc_column_inner][\/vc_row_inner][vc_row_inner][vc_column_inner][vc_empty_space height=\u00bb10&#8243; el_class=\u00bbcyg&#8211;espacio-10&#8243;][\/vc_column_inner][\/vc_row_inner][\/vc_column][vc_column width=\u00bb1\/2&#8243;][vc_row_inner][vc_column_inner][vc_empty_space height=\u00bb10&#8243; el_class=\u00bbcyg&#8211;espacio-10&#8243;][\/vc_column_inner][\/vc_row_inner][vc_row_inner][vc_column_inner][vc_empty_space height=\u00bb10&#8243; el_class=\u00bbcyg&#8211;espacio-10&#8243;][\/vc_column_inner][\/vc_row_inner][\/vc_column][\/vc_row][vc_row][vc_column][vc_empty_space height=\u00bb10px\u00bb][vc_column_text]Apto para todo p\u00fablico[\/vc_column_text][vc_column_text]<strong>Edad sugerida:<\/strong> a partir de 12 a\u00f1os[\/vc_column_text][vc_column_text]Menores de 3 a\u00f1os acceso gratuito[\/vc_column_text][vc_column_text]<strong>Duraci\u00f3n:<\/strong> 90 min.[\/vc_column_text][\/vc_column][\/vc_row][\/vc_section]<\/p>\n<\/div>","protected":false},"excerpt":{"rendered":"<p>Presenta \u201cAbstracci\u00f3n\u201d<\/p>\n","protected":false},"menu_order":0,"template":"","format":"standard","cuerpo-estable":[29],"etiqueta-espectaculo":[39],"lugar":[16],"sala-espacio":[31],"acf":[],"yoast_head":"<!-- This site is optimized with the Yoast SEO plugin v21.7 - https:\/\/yoast.com\/wordpress\/plugins\/seo\/ -->\n<title>Dami\u00e1n Gularte (CANCELADO) - Espect\u00e1culos<\/title>\n<meta name=\"robots\" content=\"index, follow, max-snippet:-1, max-image-preview:large, max-video-preview:-1\" \/>\n<link rel=\"canonical\" href=\"https:\/\/sodre.gub.uy\/espectaculos\/damian-gularte\/\" \/>\n<meta property=\"og:locale\" content=\"es_ES\" \/>\n<meta property=\"og:type\" content=\"article\" \/>\n<meta property=\"og:title\" content=\"Dami\u00e1n Gularte (CANCELADO) - Espect\u00e1culos\" \/>\n<meta property=\"og:description\" content=\"Presenta \u201cAbstracci\u00f3n\u201d\" \/>\n<meta property=\"og:url\" content=\"https:\/\/sodre.gub.uy\/espectaculos\/damian-gularte\/\" \/>\n<meta property=\"og:site_name\" content=\"Espect\u00e1culos\" \/>\n<meta property=\"article:modified_time\" content=\"2025-08-19T12:46:08+00:00\" \/>\n<meta name=\"twitter:card\" content=\"summary_large_image\" \/>\n<meta name=\"twitter:label1\" content=\"Tiempo de lectura\" \/>\n\t<meta name=\"twitter:data1\" content=\"1 minuto\" \/>\n<script type=\"application\/ld+json\" class=\"yoast-schema-graph\">{\"@context\":\"https:\/\/schema.org\",\"@graph\":[{\"@type\":\"WebPage\",\"@id\":\"https:\/\/sodre.gub.uy\/espectaculos\/damian-gularte\/\",\"url\":\"https:\/\/sodre.gub.uy\/espectaculos\/damian-gularte\/\",\"name\":\"Dami\u00e1n Gularte (CANCELADO) - Espect\u00e1culos\",\"isPartOf\":{\"@id\":\"https:\/\/sodre.gub.uy\/espectaculos\/#website\"},\"datePublished\":\"2025-07-17T16:08:25+00:00\",\"dateModified\":\"2025-08-19T12:46:08+00:00\",\"inLanguage\":\"es\",\"potentialAction\":[{\"@type\":\"ReadAction\",\"target\":[\"https:\/\/sodre.gub.uy\/espectaculos\/damian-gularte\/\"]}]},{\"@type\":\"WebSite\",\"@id\":\"https:\/\/sodre.gub.uy\/espectaculos\/#website\",\"url\":\"https:\/\/sodre.gub.uy\/espectaculos\/\",\"name\":\"Espect\u00e1culos\",\"description\":\"Servicio Oficial de Difusi\u00f3n, Representaciones y Espect\u00e1culos\",\"publisher\":{\"@id\":\"https:\/\/sodre.gub.uy\/espectaculos\/#organization\"},\"potentialAction\":[{\"@type\":\"SearchAction\",\"target\":{\"@type\":\"EntryPoint\",\"urlTemplate\":\"https:\/\/sodre.gub.uy\/espectaculos\/?s={search_term_string}\"},\"query-input\":\"required name=search_term_string\"}],\"inLanguage\":\"es\"},{\"@type\":\"Organization\",\"@id\":\"https:\/\/sodre.gub.uy\/espectaculos\/#organization\",\"name\":\"Espect\u00e1culos\",\"url\":\"https:\/\/sodre.gub.uy\/espectaculos\/\",\"logo\":{\"@type\":\"ImageObject\",\"inLanguage\":\"es\",\"@id\":\"https:\/\/sodre.gub.uy\/espectaculos\/#\/schema\/logo\/image\/\",\"url\":\"https:\/\/sodre.gub.uy\/espectaculos\/wp-content\/uploads\/sites\/2\/2023\/12\/logo-sodre-black.svg\",\"contentUrl\":\"https:\/\/sodre.gub.uy\/espectaculos\/wp-content\/uploads\/sites\/2\/2023\/12\/logo-sodre-black.svg\",\"caption\":\"Espect\u00e1culos\"},\"image\":{\"@id\":\"https:\/\/sodre.gub.uy\/espectaculos\/#\/schema\/logo\/image\/\"}}]}<\/script>\n<!-- \/ Yoast SEO plugin. -->","yoast_head_json":{"title":"Dami\u00e1n Gularte (CANCELADO) - Espect\u00e1culos","robots":{"index":"index","follow":"follow","max-snippet":"max-snippet:-1","max-image-preview":"max-image-preview:large","max-video-preview":"max-video-preview:-1"},"canonical":"https:\/\/sodre.gub.uy\/espectaculos\/damian-gularte\/","og_locale":"es_ES","og_type":"article","og_title":"Dami\u00e1n Gularte (CANCELADO) - Espect\u00e1culos","og_description":"Presenta \u201cAbstracci\u00f3n\u201d","og_url":"https:\/\/sodre.gub.uy\/espectaculos\/damian-gularte\/","og_site_name":"Espect\u00e1culos","article_modified_time":"2025-08-19T12:46:08+00:00","twitter_card":"summary_large_image","twitter_misc":{"Tiempo de lectura":"1 minuto"},"schema":{"@context":"https:\/\/schema.org","@graph":[{"@type":"WebPage","@id":"https:\/\/sodre.gub.uy\/espectaculos\/damian-gularte\/","url":"https:\/\/sodre.gub.uy\/espectaculos\/damian-gularte\/","name":"Dami\u00e1n Gularte (CANCELADO) - Espect\u00e1culos","isPartOf":{"@id":"https:\/\/sodre.gub.uy\/espectaculos\/#website"},"datePublished":"2025-07-17T16:08:25+00:00","dateModified":"2025-08-19T12:46:08+00:00","inLanguage":"es","potentialAction":[{"@type":"ReadAction","target":["https:\/\/sodre.gub.uy\/espectaculos\/damian-gularte\/"]}]},{"@type":"WebSite","@id":"https:\/\/sodre.gub.uy\/espectaculos\/#website","url":"https:\/\/sodre.gub.uy\/espectaculos\/","name":"Espect\u00e1culos","description":"Servicio Oficial de Difusi\u00f3n, Representaciones y Espect\u00e1culos","publisher":{"@id":"https:\/\/sodre.gub.uy\/espectaculos\/#organization"},"potentialAction":[{"@type":"SearchAction","target":{"@type":"EntryPoint","urlTemplate":"https:\/\/sodre.gub.uy\/espectaculos\/?s={search_term_string}"},"query-input":"required name=search_term_string"}],"inLanguage":"es"},{"@type":"Organization","@id":"https:\/\/sodre.gub.uy\/espectaculos\/#organization","name":"Espect\u00e1culos","url":"https:\/\/sodre.gub.uy\/espectaculos\/","logo":{"@type":"ImageObject","inLanguage":"es","@id":"https:\/\/sodre.gub.uy\/espectaculos\/#\/schema\/logo\/image\/","url":"https:\/\/sodre.gub.uy\/espectaculos\/wp-content\/uploads\/sites\/2\/2023\/12\/logo-sodre-black.svg","contentUrl":"https:\/\/sodre.gub.uy\/espectaculos\/wp-content\/uploads\/sites\/2\/2023\/12\/logo-sodre-black.svg","caption":"Espect\u00e1culos"},"image":{"@id":"https:\/\/sodre.gub.uy\/espectaculos\/#\/schema\/logo\/image\/"}}]}},"_links":{"self":[{"href":"https:\/\/sodre.gub.uy\/espectaculos\/wp-json\/wp\/v2\/espectaculo\/9054"}],"collection":[{"href":"https:\/\/sodre.gub.uy\/espectaculos\/wp-json\/wp\/v2\/espectaculo"}],"about":[{"href":"https:\/\/sodre.gub.uy\/espectaculos\/wp-json\/wp\/v2\/types\/espectaculo"}],"version-history":[{"count":5,"href":"https:\/\/sodre.gub.uy\/espectaculos\/wp-json\/wp\/v2\/espectaculo\/9054\/revisions"}],"predecessor-version":[{"id":9389,"href":"https:\/\/sodre.gub.uy\/espectaculos\/wp-json\/wp\/v2\/espectaculo\/9054\/revisions\/9389"}],"wp:attachment":[{"href":"https:\/\/sodre.gub.uy\/espectaculos\/wp-json\/wp\/v2\/media?parent=9054"}],"wp:term":[{"taxonomy":"cuerpo-estable","embeddable":true,"href":"https:\/\/sodre.gub.uy\/espectaculos\/wp-json\/wp\/v2\/cuerpo-estable?post=9054"},{"taxonomy":"etiqueta-espectaculo","embeddable":true,"href":"https:\/\/sodre.gub.uy\/espectaculos\/wp-json\/wp\/v2\/etiqueta-espectaculo?post=9054"},{"taxonomy":"lugar","embeddable":true,"href":"https:\/\/sodre.gub.uy\/espectaculos\/wp-json\/wp\/v2\/lugar?post=9054"},{"taxonomy":"sala-espacio","embeddable":true,"href":"https:\/\/sodre.gub.uy\/espectaculos\/wp-json\/wp\/v2\/sala-espacio?post=9054"}],"curies":[{"name":"wp","href":"https:\/\/api.w.org\/{rel}","templated":true}]}}