{"id":9004,"date":"2025-07-11T13:24:40","date_gmt":"2025-07-11T16:24:40","guid":{"rendered":"https:\/\/sodre.gub.uy\/espectaculos\/?post_type=espectaculo&#038;p=9004"},"modified":"2025-10-06T09:13:09","modified_gmt":"2025-10-06T12:13:09","slug":"juicio-a-una-zorra","status":"publish","type":"espectaculo","link":"https:\/\/sodre.gub.uy\/espectaculos\/juicio-a-una-zorra\/","title":{"rendered":"Juicio a una Zorra"},"content":{"rendered":"<div class=\"wpb-content-wrapper\"><p>[vc_section el_class=\u00bbcontent&#8211;espectaculo\u00bb][vc_row el_class=\u00bbcyg&#8211;descripcion\u00bb][vc_column][vc_column_text]La mujer cuya inalcanzable belleza desencaden\u00f3 la m\u00e1s c\u00e9lebre guerra de la Antig\u00fcedad, es tambi\u00e9n una de las mujeres m\u00e1s despreciadas por ser la ad\u00faltera reina de Esparta. Al menos esa es la versi\u00f3n oficial. Pero ha llegado el momento de que la mirada femenina reescriba su propia versi\u00f3n del mito&#8230; Helena asalta el escenario marcada por el transcurrir del tiempo para reclamar el derecho de elegir las palabras que relaten su historia.<\/p>\n<p>Del 8 al 11 de octubre de 2025 podr\u00e1n escuchar su versi\u00f3n de los hechos y ser\u00e1n ustedes quienes decidan.<\/p>\n<p><em>Esta noche voy a someterme voluntariamente a vuestro juicio, a pesar de haber sido condenada de antemano. Pero hoy las palabras que den forma a los hechos ser\u00e1n las m\u00edas.<\/em><\/p>\n<p>Helena de Troya<\/p>\n<p>Juicio a una Zorra de Miguel del Arco (Espa\u00f1a).[\/vc_column_text][vc_empty_space height=\u00bb30px\u00bb el_class=\u00bbcyg&#8211;espacio-30&#8243;][\/vc_column][\/vc_row][vc_row el_class=\u00bbcyg&#8211;ficha\u00bb][vc_column width=\u00bb1\/2&#8243;][vc_row_inner][vc_column_inner][vc_column_text]<strong>Ficha art\u00edstica<\/strong><\/p>\n<p>Unipersonal de C\u00e9cica Bernasconi (Per\u00fa)<br \/>\n<strong>Direcci\u00f3n:<\/strong> Mar\u00eda Dodera (Uruguay)<br \/>\n<strong>Vestuario:<\/strong> Florencia Rivas (Uruguay\u2013Per\u00fa)<br \/>\n<strong>Escenograf\u00eda:<\/strong> Antonio Piqueras (Per\u00fa)<br \/>\n<strong>Ambientaci\u00f3n sonora:<\/strong> \u00c1lvaro P\u00e9rez (Uruguay)<br \/>\n<strong>Asesoramiento en dise\u00f1o luces:<\/strong> Ivanna Dominguez (Uruguay)[\/vc_column_text][vc_empty_space height=\u00bb10&#8243; el_class=\u00bbcyg&#8211;espacio-10&#8243;][\/vc_column_inner][\/vc_row_inner][vc_row_inner][vc_column_inner][vc_empty_space height=\u00bb10&#8243; el_class=\u00bbcyg&#8211;espacio-10&#8243;][\/vc_column_inner][\/vc_row_inner][\/vc_column][vc_column width=\u00bb1\/2&#8243;][vc_row_inner][vc_column_inner][vc_empty_space height=\u00bb10&#8243; el_class=\u00bbcyg&#8211;espacio-10&#8243;][\/vc_column_inner][\/vc_row_inner][vc_row_inner][vc_column_inner][vc_empty_space height=\u00bb10&#8243; el_class=\u00bbcyg&#8211;espacio-10&#8243;][\/vc_column_inner][\/vc_row_inner][\/vc_column][\/vc_row][vc_row][vc_column][vc_empty_space height=\u00bb10px\u00bb][vc_column_text]<strong>Duraci\u00f3n: <\/strong>1 h[\/vc_column_text][\/vc_column][\/vc_row][\/vc_section]<\/p>\n<\/div>","protected":false},"excerpt":{"rendered":"<p>Helena de Troya, tambi\u00e9n conocida como Helena de Esparta, Helena la argiva, Helena la aquea&#8230;o Helena la zorra<\/p>\n","protected":false},"menu_order":0,"template":"","format":"standard","cuerpo-estable":[29],"etiqueta-espectaculo":[48],"lugar":[18],"sala-espacio":[],"acf":[],"yoast_head":"<!-- This site is optimized with the Yoast SEO plugin v21.7 - https:\/\/yoast.com\/wordpress\/plugins\/seo\/ -->\n<title>Juicio a una Zorra - Espect\u00e1culos<\/title>\n<meta name=\"robots\" content=\"index, follow, max-snippet:-1, max-image-preview:large, max-video-preview:-1\" \/>\n<link rel=\"canonical\" href=\"https:\/\/sodre.gub.uy\/espectaculos\/juicio-a-una-zorra\/\" \/>\n<meta property=\"og:locale\" content=\"es_ES\" \/>\n<meta property=\"og:type\" content=\"article\" \/>\n<meta property=\"og:title\" content=\"Juicio a una Zorra - Espect\u00e1culos\" \/>\n<meta property=\"og:description\" content=\"Helena de Troya, tambi\u00e9n conocida como Helena de Esparta, Helena la argiva, Helena la aquea...o Helena la zorra\" \/>\n<meta property=\"og:url\" content=\"https:\/\/sodre.gub.uy\/espectaculos\/juicio-a-una-zorra\/\" \/>\n<meta property=\"og:site_name\" content=\"Espect\u00e1culos\" \/>\n<meta property=\"article:modified_time\" content=\"2025-10-06T12:13:09+00:00\" \/>\n<meta name=\"twitter:card\" content=\"summary_large_image\" \/>\n<meta name=\"twitter:label1\" content=\"Tiempo de lectura\" \/>\n\t<meta name=\"twitter:data1\" content=\"1 minuto\" \/>\n<script type=\"application\/ld+json\" class=\"yoast-schema-graph\">{\"@context\":\"https:\/\/schema.org\",\"@graph\":[{\"@type\":\"WebPage\",\"@id\":\"https:\/\/sodre.gub.uy\/espectaculos\/juicio-a-una-zorra\/\",\"url\":\"https:\/\/sodre.gub.uy\/espectaculos\/juicio-a-una-zorra\/\",\"name\":\"Juicio a una Zorra - Espect\u00e1culos\",\"isPartOf\":{\"@id\":\"https:\/\/sodre.gub.uy\/espectaculos\/#website\"},\"datePublished\":\"2025-07-11T16:24:40+00:00\",\"dateModified\":\"2025-10-06T12:13:09+00:00\",\"inLanguage\":\"es\",\"potentialAction\":[{\"@type\":\"ReadAction\",\"target\":[\"https:\/\/sodre.gub.uy\/espectaculos\/juicio-a-una-zorra\/\"]}]},{\"@type\":\"WebSite\",\"@id\":\"https:\/\/sodre.gub.uy\/espectaculos\/#website\",\"url\":\"https:\/\/sodre.gub.uy\/espectaculos\/\",\"name\":\"Espect\u00e1culos\",\"description\":\"Servicio Oficial de Difusi\u00f3n, Representaciones y Espect\u00e1culos\",\"publisher\":{\"@id\":\"https:\/\/sodre.gub.uy\/espectaculos\/#organization\"},\"potentialAction\":[{\"@type\":\"SearchAction\",\"target\":{\"@type\":\"EntryPoint\",\"urlTemplate\":\"https:\/\/sodre.gub.uy\/espectaculos\/?s={search_term_string}\"},\"query-input\":\"required name=search_term_string\"}],\"inLanguage\":\"es\"},{\"@type\":\"Organization\",\"@id\":\"https:\/\/sodre.gub.uy\/espectaculos\/#organization\",\"name\":\"Espect\u00e1culos\",\"url\":\"https:\/\/sodre.gub.uy\/espectaculos\/\",\"logo\":{\"@type\":\"ImageObject\",\"inLanguage\":\"es\",\"@id\":\"https:\/\/sodre.gub.uy\/espectaculos\/#\/schema\/logo\/image\/\",\"url\":\"https:\/\/sodre.gub.uy\/espectaculos\/wp-content\/uploads\/sites\/2\/2023\/12\/logo-sodre-black.svg\",\"contentUrl\":\"https:\/\/sodre.gub.uy\/espectaculos\/wp-content\/uploads\/sites\/2\/2023\/12\/logo-sodre-black.svg\",\"caption\":\"Espect\u00e1culos\"},\"image\":{\"@id\":\"https:\/\/sodre.gub.uy\/espectaculos\/#\/schema\/logo\/image\/\"}}]}<\/script>\n<!-- \/ Yoast SEO plugin. -->","yoast_head_json":{"title":"Juicio a una Zorra - Espect\u00e1culos","robots":{"index":"index","follow":"follow","max-snippet":"max-snippet:-1","max-image-preview":"max-image-preview:large","max-video-preview":"max-video-preview:-1"},"canonical":"https:\/\/sodre.gub.uy\/espectaculos\/juicio-a-una-zorra\/","og_locale":"es_ES","og_type":"article","og_title":"Juicio a una Zorra - Espect\u00e1culos","og_description":"Helena de Troya, tambi\u00e9n conocida como Helena de Esparta, Helena la argiva, Helena la aquea...o Helena la zorra","og_url":"https:\/\/sodre.gub.uy\/espectaculos\/juicio-a-una-zorra\/","og_site_name":"Espect\u00e1culos","article_modified_time":"2025-10-06T12:13:09+00:00","twitter_card":"summary_large_image","twitter_misc":{"Tiempo de lectura":"1 minuto"},"schema":{"@context":"https:\/\/schema.org","@graph":[{"@type":"WebPage","@id":"https:\/\/sodre.gub.uy\/espectaculos\/juicio-a-una-zorra\/","url":"https:\/\/sodre.gub.uy\/espectaculos\/juicio-a-una-zorra\/","name":"Juicio a una Zorra - Espect\u00e1culos","isPartOf":{"@id":"https:\/\/sodre.gub.uy\/espectaculos\/#website"},"datePublished":"2025-07-11T16:24:40+00:00","dateModified":"2025-10-06T12:13:09+00:00","inLanguage":"es","potentialAction":[{"@type":"ReadAction","target":["https:\/\/sodre.gub.uy\/espectaculos\/juicio-a-una-zorra\/"]}]},{"@type":"WebSite","@id":"https:\/\/sodre.gub.uy\/espectaculos\/#website","url":"https:\/\/sodre.gub.uy\/espectaculos\/","name":"Espect\u00e1culos","description":"Servicio Oficial de Difusi\u00f3n, Representaciones y Espect\u00e1culos","publisher":{"@id":"https:\/\/sodre.gub.uy\/espectaculos\/#organization"},"potentialAction":[{"@type":"SearchAction","target":{"@type":"EntryPoint","urlTemplate":"https:\/\/sodre.gub.uy\/espectaculos\/?s={search_term_string}"},"query-input":"required name=search_term_string"}],"inLanguage":"es"},{"@type":"Organization","@id":"https:\/\/sodre.gub.uy\/espectaculos\/#organization","name":"Espect\u00e1culos","url":"https:\/\/sodre.gub.uy\/espectaculos\/","logo":{"@type":"ImageObject","inLanguage":"es","@id":"https:\/\/sodre.gub.uy\/espectaculos\/#\/schema\/logo\/image\/","url":"https:\/\/sodre.gub.uy\/espectaculos\/wp-content\/uploads\/sites\/2\/2023\/12\/logo-sodre-black.svg","contentUrl":"https:\/\/sodre.gub.uy\/espectaculos\/wp-content\/uploads\/sites\/2\/2023\/12\/logo-sodre-black.svg","caption":"Espect\u00e1culos"},"image":{"@id":"https:\/\/sodre.gub.uy\/espectaculos\/#\/schema\/logo\/image\/"}}]}},"_links":{"self":[{"href":"https:\/\/sodre.gub.uy\/espectaculos\/wp-json\/wp\/v2\/espectaculo\/9004"}],"collection":[{"href":"https:\/\/sodre.gub.uy\/espectaculos\/wp-json\/wp\/v2\/espectaculo"}],"about":[{"href":"https:\/\/sodre.gub.uy\/espectaculos\/wp-json\/wp\/v2\/types\/espectaculo"}],"version-history":[{"count":7,"href":"https:\/\/sodre.gub.uy\/espectaculos\/wp-json\/wp\/v2\/espectaculo\/9004\/revisions"}],"predecessor-version":[{"id":9968,"href":"https:\/\/sodre.gub.uy\/espectaculos\/wp-json\/wp\/v2\/espectaculo\/9004\/revisions\/9968"}],"wp:attachment":[{"href":"https:\/\/sodre.gub.uy\/espectaculos\/wp-json\/wp\/v2\/media?parent=9004"}],"wp:term":[{"taxonomy":"cuerpo-estable","embeddable":true,"href":"https:\/\/sodre.gub.uy\/espectaculos\/wp-json\/wp\/v2\/cuerpo-estable?post=9004"},{"taxonomy":"etiqueta-espectaculo","embeddable":true,"href":"https:\/\/sodre.gub.uy\/espectaculos\/wp-json\/wp\/v2\/etiqueta-espectaculo?post=9004"},{"taxonomy":"lugar","embeddable":true,"href":"https:\/\/sodre.gub.uy\/espectaculos\/wp-json\/wp\/v2\/lugar?post=9004"},{"taxonomy":"sala-espacio","embeddable":true,"href":"https:\/\/sodre.gub.uy\/espectaculos\/wp-json\/wp\/v2\/sala-espacio?post=9004"}],"curies":[{"name":"wp","href":"https:\/\/api.w.org\/{rel}","templated":true}]}}