{"id":8567,"date":"2025-06-06T11:00:55","date_gmt":"2025-06-06T14:00:55","guid":{"rendered":"https:\/\/sodre.gub.uy\/espectaculos\/?post_type=espectaculo&#038;p=8567"},"modified":"2025-07-01T13:50:06","modified_gmt":"2025-07-01T16:50:06","slug":"montevideo-inolvidable-6","status":"publish","type":"espectaculo","link":"https:\/\/sodre.gub.uy\/espectaculos\/montevideo-inolvidable-6\/","title":{"rendered":"Montevideo inolvidable"},"content":{"rendered":"<div class=\"wpb-content-wrapper\"><p>[vc_section el_class=\u00bbcontent&#8211;espectaculo\u00bb][vc_row el_class=\u00bbcyg&#8211;descripcion\u00bb][vc_column][vc_column_text]En Montevideo Inolvidable, el artista visual Alfredo Ghierra explora el patrimonio arquitect\u00f3nico como reflejo de nuestras historias personales y colectivas, invit\u00e1ndonos a reflexionar sobre lo que heredamos y lo que estamos dispuestos a proteger.<\/p>\n<p>A trav\u00e9s de entrevistas con diversos actores sociales, Ghierra examina nuestra relaci\u00f3n con el pasado y el futuro de nuestras ciudades, ampliando su mirada a San Pablo, Sof\u00eda y Venecia, lugares donde ha vivido y que tambi\u00e9n enfrentan desaf\u00edos de memoria y transformaci\u00f3n urbana. Montevideo Inolvidable es un homenaje a la ciudad y a su memoria construida[\/vc_column_text][vc_empty_space height=\u00bb30px\u00bb el_class=\u00bbcyg&#8211;espacio-30&#8243;][\/vc_column][\/vc_row][vc_row el_class=\u00bbcyg&#8211;ficha\u00bb][vc_column width=\u00bb1\/2&#8243;][vc_row_inner][vc_column_inner][vc_column_text]<strong>Ficha Art\u00edstica:<\/strong><\/p>\n<p><b>Direcci\u00f3n<\/b>: Alfredo Ghierra<\/p>\n<p><b>Entrevistados<\/b>: Laura Alem\u00e1n, William Rey, Gonzalo Bustillo, Elena Svirsky, Gabriela Pallares, Marcelo Danza, Magela Ferrero, Magdalena Mart\u00ednez, Gonzalo Cortizo, Silvana Pissano, Alberto Quintela, Erich Schaffner, Elena Mazzini, Ramiro Rodr\u00edguez, Julio Watorek, Emma Sanguinetti, Augusto Alcalde, Benjam\u00edn Nahoum, Enrique Cal, Luis (Lucho) Oreggioni, Federico Bervejillo, Mar\u00eda Emilia P\u00e9rez Santarcieri, Daniel Diverio, Rinche Roodenburg, Ignacio Munyo, Christian Di Candia, Camila Barraco, Ernesto Musitelli, Patricia Varela, Elisabeth Bohlmann y Giovanna Carrara.<\/p>\n<p><b>Uruguay &#8211; 2024 &#8211; 82 min<\/b>[\/vc_column_text][vc_empty_space height=\u00bb10&#8243; el_class=\u00bbcyg&#8211;espacio-10&#8243;][\/vc_column_inner][\/vc_row_inner][vc_row_inner][vc_column_inner][vc_empty_space height=\u00bb10&#8243; el_class=\u00bbcyg&#8211;espacio-10&#8243;][\/vc_column_inner][\/vc_row_inner][\/vc_column][vc_column width=\u00bb1\/2&#8243;][vc_row_inner][vc_column_inner][vc_empty_space height=\u00bb10&#8243; el_class=\u00bbcyg&#8211;espacio-10&#8243;][\/vc_column_inner][\/vc_row_inner][vc_row_inner][vc_column_inner][vc_empty_space height=\u00bb10&#8243; el_class=\u00bbcyg&#8211;espacio-10&#8243;][\/vc_column_inner][\/vc_row_inner][\/vc_column][\/vc_row][vc_row][vc_column][vc_empty_space height=\u00bb10px\u00bb][vc_column_text]<strong>Edad recomendada: <\/strong>Apta a todo p\u00fablico.[\/vc_column_text][\/vc_column][\/vc_row][\/vc_section]<\/p>\n<\/div>","protected":false},"excerpt":{"rendered":"<p>Documental uruguayo.<\/p>\n","protected":false},"menu_order":0,"template":"","format":"standard","cuerpo-estable":[42],"etiqueta-espectaculo":[],"lugar":[17],"sala-espacio":[36],"acf":[],"yoast_head":"<!-- This site is optimized with the Yoast SEO plugin v21.7 - https:\/\/yoast.com\/wordpress\/plugins\/seo\/ -->\n<title>Montevideo inolvidable - Espect\u00e1culos<\/title>\n<meta name=\"description\" content=\"En Montevideo Inolvidable, el artista visual Alfredo Ghierra explora el patrimonio arquitect\u00f3nico como reflejo de nuestras historias personales y colectivas, invit\u00e1ndonos a reflexionar sobre lo que heredamos y lo que estamos dispuestos a proteger.\" \/>\n<meta name=\"robots\" content=\"index, follow, max-snippet:-1, max-image-preview:large, max-video-preview:-1\" \/>\n<link rel=\"canonical\" href=\"https:\/\/sodre.gub.uy\/espectaculos\/montevideo-inolvidable-6\/\" \/>\n<meta property=\"og:locale\" content=\"es_ES\" \/>\n<meta property=\"og:type\" content=\"article\" \/>\n<meta property=\"og:title\" content=\"Montevideo inolvidable - Espect\u00e1culos\" \/>\n<meta property=\"og:description\" content=\"En Montevideo Inolvidable, el artista visual Alfredo Ghierra explora el patrimonio arquitect\u00f3nico como reflejo de nuestras historias personales y colectivas, invit\u00e1ndonos a reflexionar sobre lo que heredamos y lo que estamos dispuestos a proteger.\" \/>\n<meta property=\"og:url\" content=\"https:\/\/sodre.gub.uy\/espectaculos\/montevideo-inolvidable-6\/\" \/>\n<meta property=\"og:site_name\" content=\"Espect\u00e1culos\" \/>\n<meta property=\"article:modified_time\" content=\"2025-07-01T16:50:06+00:00\" \/>\n<meta name=\"twitter:card\" content=\"summary_large_image\" \/>\n<meta name=\"twitter:label1\" content=\"Tiempo de lectura\" \/>\n\t<meta name=\"twitter:data1\" content=\"1 minuto\" \/>\n<script type=\"application\/ld+json\" class=\"yoast-schema-graph\">{\"@context\":\"https:\/\/schema.org\",\"@graph\":[{\"@type\":\"WebPage\",\"@id\":\"https:\/\/sodre.gub.uy\/espectaculos\/montevideo-inolvidable-6\/\",\"url\":\"https:\/\/sodre.gub.uy\/espectaculos\/montevideo-inolvidable-6\/\",\"name\":\"Montevideo inolvidable - Espect\u00e1culos\",\"isPartOf\":{\"@id\":\"https:\/\/sodre.gub.uy\/espectaculos\/#website\"},\"datePublished\":\"2025-06-06T14:00:55+00:00\",\"dateModified\":\"2025-07-01T16:50:06+00:00\",\"description\":\"En Montevideo Inolvidable, el artista visual Alfredo Ghierra explora el patrimonio arquitect\u00f3nico como reflejo de nuestras historias personales y colectivas, invit\u00e1ndonos a reflexionar sobre lo que heredamos y lo que estamos dispuestos a proteger.\",\"inLanguage\":\"es\",\"potentialAction\":[{\"@type\":\"ReadAction\",\"target\":[\"https:\/\/sodre.gub.uy\/espectaculos\/montevideo-inolvidable-6\/\"]}]},{\"@type\":\"WebSite\",\"@id\":\"https:\/\/sodre.gub.uy\/espectaculos\/#website\",\"url\":\"https:\/\/sodre.gub.uy\/espectaculos\/\",\"name\":\"Espect\u00e1culos\",\"description\":\"Servicio Oficial de Difusi\u00f3n, Representaciones y Espect\u00e1culos\",\"publisher\":{\"@id\":\"https:\/\/sodre.gub.uy\/espectaculos\/#organization\"},\"potentialAction\":[{\"@type\":\"SearchAction\",\"target\":{\"@type\":\"EntryPoint\",\"urlTemplate\":\"https:\/\/sodre.gub.uy\/espectaculos\/?s={search_term_string}\"},\"query-input\":\"required name=search_term_string\"}],\"inLanguage\":\"es\"},{\"@type\":\"Organization\",\"@id\":\"https:\/\/sodre.gub.uy\/espectaculos\/#organization\",\"name\":\"Espect\u00e1culos\",\"url\":\"https:\/\/sodre.gub.uy\/espectaculos\/\",\"logo\":{\"@type\":\"ImageObject\",\"inLanguage\":\"es\",\"@id\":\"https:\/\/sodre.gub.uy\/espectaculos\/#\/schema\/logo\/image\/\",\"url\":\"https:\/\/sodre.gub.uy\/espectaculos\/wp-content\/uploads\/sites\/2\/2023\/12\/logo-sodre-black.svg\",\"contentUrl\":\"https:\/\/sodre.gub.uy\/espectaculos\/wp-content\/uploads\/sites\/2\/2023\/12\/logo-sodre-black.svg\",\"caption\":\"Espect\u00e1culos\"},\"image\":{\"@id\":\"https:\/\/sodre.gub.uy\/espectaculos\/#\/schema\/logo\/image\/\"}}]}<\/script>\n<!-- \/ Yoast SEO plugin. -->","yoast_head_json":{"title":"Montevideo inolvidable - Espect\u00e1culos","description":"En Montevideo Inolvidable, el artista visual Alfredo Ghierra explora el patrimonio arquitect\u00f3nico como reflejo de nuestras historias personales y colectivas, invit\u00e1ndonos a reflexionar sobre lo que heredamos y lo que estamos dispuestos a proteger.","robots":{"index":"index","follow":"follow","max-snippet":"max-snippet:-1","max-image-preview":"max-image-preview:large","max-video-preview":"max-video-preview:-1"},"canonical":"https:\/\/sodre.gub.uy\/espectaculos\/montevideo-inolvidable-6\/","og_locale":"es_ES","og_type":"article","og_title":"Montevideo inolvidable - Espect\u00e1culos","og_description":"En Montevideo Inolvidable, el artista visual Alfredo Ghierra explora el patrimonio arquitect\u00f3nico como reflejo de nuestras historias personales y colectivas, invit\u00e1ndonos a reflexionar sobre lo que heredamos y lo que estamos dispuestos a proteger.","og_url":"https:\/\/sodre.gub.uy\/espectaculos\/montevideo-inolvidable-6\/","og_site_name":"Espect\u00e1culos","article_modified_time":"2025-07-01T16:50:06+00:00","twitter_card":"summary_large_image","twitter_misc":{"Tiempo de lectura":"1 minuto"},"schema":{"@context":"https:\/\/schema.org","@graph":[{"@type":"WebPage","@id":"https:\/\/sodre.gub.uy\/espectaculos\/montevideo-inolvidable-6\/","url":"https:\/\/sodre.gub.uy\/espectaculos\/montevideo-inolvidable-6\/","name":"Montevideo inolvidable - Espect\u00e1culos","isPartOf":{"@id":"https:\/\/sodre.gub.uy\/espectaculos\/#website"},"datePublished":"2025-06-06T14:00:55+00:00","dateModified":"2025-07-01T16:50:06+00:00","description":"En Montevideo Inolvidable, el artista visual Alfredo Ghierra explora el patrimonio arquitect\u00f3nico como reflejo de nuestras historias personales y colectivas, invit\u00e1ndonos a reflexionar sobre lo que heredamos y lo que estamos dispuestos a proteger.","inLanguage":"es","potentialAction":[{"@type":"ReadAction","target":["https:\/\/sodre.gub.uy\/espectaculos\/montevideo-inolvidable-6\/"]}]},{"@type":"WebSite","@id":"https:\/\/sodre.gub.uy\/espectaculos\/#website","url":"https:\/\/sodre.gub.uy\/espectaculos\/","name":"Espect\u00e1culos","description":"Servicio Oficial de Difusi\u00f3n, Representaciones y Espect\u00e1culos","publisher":{"@id":"https:\/\/sodre.gub.uy\/espectaculos\/#organization"},"potentialAction":[{"@type":"SearchAction","target":{"@type":"EntryPoint","urlTemplate":"https:\/\/sodre.gub.uy\/espectaculos\/?s={search_term_string}"},"query-input":"required name=search_term_string"}],"inLanguage":"es"},{"@type":"Organization","@id":"https:\/\/sodre.gub.uy\/espectaculos\/#organization","name":"Espect\u00e1culos","url":"https:\/\/sodre.gub.uy\/espectaculos\/","logo":{"@type":"ImageObject","inLanguage":"es","@id":"https:\/\/sodre.gub.uy\/espectaculos\/#\/schema\/logo\/image\/","url":"https:\/\/sodre.gub.uy\/espectaculos\/wp-content\/uploads\/sites\/2\/2023\/12\/logo-sodre-black.svg","contentUrl":"https:\/\/sodre.gub.uy\/espectaculos\/wp-content\/uploads\/sites\/2\/2023\/12\/logo-sodre-black.svg","caption":"Espect\u00e1culos"},"image":{"@id":"https:\/\/sodre.gub.uy\/espectaculos\/#\/schema\/logo\/image\/"}}]}},"_links":{"self":[{"href":"https:\/\/sodre.gub.uy\/espectaculos\/wp-json\/wp\/v2\/espectaculo\/8567"}],"collection":[{"href":"https:\/\/sodre.gub.uy\/espectaculos\/wp-json\/wp\/v2\/espectaculo"}],"about":[{"href":"https:\/\/sodre.gub.uy\/espectaculos\/wp-json\/wp\/v2\/types\/espectaculo"}],"version-history":[{"count":2,"href":"https:\/\/sodre.gub.uy\/espectaculos\/wp-json\/wp\/v2\/espectaculo\/8567\/revisions"}],"predecessor-version":[{"id":8885,"href":"https:\/\/sodre.gub.uy\/espectaculos\/wp-json\/wp\/v2\/espectaculo\/8567\/revisions\/8885"}],"wp:attachment":[{"href":"https:\/\/sodre.gub.uy\/espectaculos\/wp-json\/wp\/v2\/media?parent=8567"}],"wp:term":[{"taxonomy":"cuerpo-estable","embeddable":true,"href":"https:\/\/sodre.gub.uy\/espectaculos\/wp-json\/wp\/v2\/cuerpo-estable?post=8567"},{"taxonomy":"etiqueta-espectaculo","embeddable":true,"href":"https:\/\/sodre.gub.uy\/espectaculos\/wp-json\/wp\/v2\/etiqueta-espectaculo?post=8567"},{"taxonomy":"lugar","embeddable":true,"href":"https:\/\/sodre.gub.uy\/espectaculos\/wp-json\/wp\/v2\/lugar?post=8567"},{"taxonomy":"sala-espacio","embeddable":true,"href":"https:\/\/sodre.gub.uy\/espectaculos\/wp-json\/wp\/v2\/sala-espacio?post=8567"}],"curies":[{"name":"wp","href":"https:\/\/api.w.org\/{rel}","templated":true}]}}