{"id":8509,"date":"2025-06-04T12:31:26","date_gmt":"2025-06-04T15:31:26","guid":{"rendered":"https:\/\/sodre.gub.uy\/espectaculos\/?post_type=espectaculo&#038;p=8509"},"modified":"2025-06-10T17:57:40","modified_gmt":"2025-06-10T20:57:40","slug":"gala-escuelas-sodre-50o-aniversario","status":"publish","type":"espectaculo","link":"https:\/\/sodre.gub.uy\/espectaculos\/gala-escuelas-sodre-50o-aniversario\/","title":{"rendered":"Gala Escuelas Sodre: 50.\u00ba Aniversario"},"content":{"rendered":"<div class=\"wpb-content-wrapper\"><p>[vc_section el_class=\u00bbcontent&#8211;espectaculo\u00bb][vc_row el_class=\u00bbcyg&#8211;descripcion\u00bb][vc_column][vc_column_text]Las Escuelas Sodre celebran sus 50 a\u00f1os con un espect\u00e1culo que re\u00fane todas sus disciplinas, interpretadas por estudiantes de cada una de sus \u00e1reas de formaci\u00f3n art\u00edstica.<\/p>\n<p>&nbsp;<\/p>\n<ul>\n<li>\u00c1rea Tango<\/li>\n<\/ul>\n<p><em><strong>C\u00f3digo de error: 523<\/strong><\/em><\/p>\n<p>El mundo en un tel\u00e9fono. Todo el sistema cibern\u00e9tico, las redes sociales, la posibilidad de crear un universo perfecto mediante posteos e historias teje nuestro contexto social contempor\u00e1neo.<\/p>\n<p>La obra invita a una reflexi\u00f3n de nuestros d\u00edas, usando el lenguaje del tango y contempor\u00e1neo para plasmar en escena lo que sucede en nuestro entorno y muchas veces pasamos por alto.[\/vc_column_text][vc_empty_space height=\u00bb30px\u00bb el_class=\u00bbcyg&#8211;espacio-30&#8243;][vc_tta_accordion active_section=\u00bb0&#8243; no_fill=\u00bbtrue\u00bb collapsible_all=\u00bbtrue\u00bb][vc_tta_section title=\u00bbFicha t\u00e9cnica\u00bb tab_id=\u00bb1749125717515-8b6ad94b-ae3d\u00bb][vc_column_text]<em>Sabelo<\/em> \u2013 Bajofondo<br \/>\n<strong>Coreograf\u00eda:<\/strong> Stefan\u00eda Colina y estudiantes<\/p>\n<p><em>El Hurac\u00e1n<\/em> \u2013 Tango Bardo<br \/>\n<strong>Coreograf\u00eda:<\/strong> Stefania Colina<\/p>\n<p><em>Invierno<\/em> \u2013 Astor Piazzola<br \/>\n<strong>Coreograf\u00eda:<\/strong> Stefania Colina y estudiantes<\/p>\n<p><em>El esquinazo<\/em> \u2013 Sal\u00fa Tango<br \/>\n<strong>Coreograf\u00eda:<\/strong> Gabriela Far\u00edas<\/p>\n<p><em>Poema<\/em> \u2013 Rom\u00e1ntica Milonguera<br \/>\n<strong>Coreograf\u00eda:<\/strong> Stefania Colina<\/p>\n<p><em>Zum<\/em> \u2013 Osvaldo Pugliese<br \/>\n<strong>Coreograf\u00eda:<\/strong> Stefania Colina<\/p>\n<p><em>La trufa y el sif\u00f3n<\/em> \u2013 Bajofondo<br \/>\n<strong>Coreograf\u00eda:<\/strong> Catalina Chouhfffky y estudiantes<\/p>\n<p><strong>Puesta en escena:<\/strong> Rodrigo Garmendia \/ Stefania Colina<\/p>\n<p><strong>Dise\u00f1o de iluminaci\u00f3n:<\/strong> Mar\u00eda Noel Gonzalez<\/p>\n<p><strong>Int\u00e9rpretes creadores:<\/strong> Julieta Acosta, Sabrina Alvez, Victoria Amaro, Ana Clara Cedr\u00e9s, Victoria Condeza, Florencia Denis, Micaela Fern\u00e1ndez, Pablo Guazzo, Cristina Ibarra, Milena Marino, Luc\u00eda Morales, Patricia Ramos, Isabel Rivas, I\u00f1aqui Veiga[\/vc_column_text][\/vc_tta_section][\/vc_tta_accordion][vc_empty_space height=\u00bb50px\u00bb el_class=\u00bbcyg&#8211;espacio-30&#8243;][vc_column_text]<\/p>\n<ul>\n<li>\u00c1rea Contempor\u00e1neo<\/li>\n<\/ul>\n<p><strong><em>Se nos quedaron ellos<\/em><\/strong><\/p>\n<p>Veremos una saga de procesos\/laboratorios esc\u00e9nicos que teje un mosaico de narrativas fragmentadas que exploran la esencia de la vida a trav\u00e9s de sus vac\u00edos y plenitudes: las ausencias insalvables, los amores ef\u00edmeros, los abandonos inevitables, la presencia de la muerte y la pobreza espiritual. Un espejo en el que se reflejan las historias que nos conforman y las huellas indelebles que dejan en nosotros.[\/vc_column_text][vc_empty_space height=\u00bb30px\u00bb el_class=\u00bbcyg&#8211;espacio-30&#8243;][vc_tta_accordion active_section=\u00bb0&#8243; no_fill=\u00bbtrue\u00bb collapsible_all=\u00bbtrue\u00bb][vc_tta_section title=\u00bbFicha t\u00e9cnica\u00bb tab_id=\u00bb1749126652637-400fc7c7-a6e7&#8243;][vc_column_text]<strong>Core\u00f3grafo invitado:<\/strong> Francisco C\u00f3rdova<\/p>\n<p><strong>Docente responsable\/ensayadora:<\/strong> Andrea Lamana, Andrea Arobba<\/p>\n<p><strong>Asistente del core\u00f3grafo y colaboradora:<\/strong> Lucia Facio<\/p>\n<p><strong>M\u00fasica:<\/strong> J\u00f3hann J\u00f3hannsson, Ben Frost, Helisir, Armand Amar<\/p>\n<p><strong>Dise\u00f1o de Iluminaci\u00f3n:<\/strong> Francisco C\u00f3rdova<\/p>\n<p><strong>Adaptaci\u00f3n de Iluminaci\u00f3n:<\/strong> Mar\u00eda Noel Gonzalez<\/p>\n<p><strong>Curso:<\/strong> Segundo a\u00f1o Tecnicatura<\/p>\n<p><strong>Int\u00e9rpretes:<\/strong> Emiliano Bittencourt, Luc\u00eda Blanco, Maite Curbelo, Guida\u00ed Curuchaga, Santiago Driedger, Joel Fregoni, Natalia Furman, Clara Guanco, Mar\u00eda Invernizzi, Camila Martinis, Manuela Mello, Miguel N\u00fa\u00f1ez, Joaqu\u00edn N\u00fa\u00f1ez, Cadnela P\u00e9rez, Joaqu\u00edn Rocha y Kaef Valverde[\/vc_column_text][\/vc_tta_section][\/vc_tta_accordion][vc_empty_space height=\u00bb50px\u00bb el_class=\u00bbcyg&#8211;espacio-30&#8243;][vc_column_text]<\/p>\n<ul>\n<li>Arte l\u00edrico<\/li>\n<\/ul>\n<p><strong><em>Concertante a catorce voces<\/em> de la \u00f3pera <em>Il viaggio a reims<\/em> de Gioachino Rossini<\/strong><\/p>\n<p>La escena se desarrolla en un hotel termal llamado Il Giglio d\u2019oro. All\u00ed pernoctan viajeros de distintas nacionalidades que se dirigen a Reims a la coronaci\u00f3n de Carlos X. En el momento de reemprender el viaje llega un emisario que les comunica que no hay caballos ni carrozas disponibles para continuar el viaje. Todos expresan su pesar por no poder acudir a la coronaci\u00f3n. Entretanto llega una carta en la que se comunica que los fastos de la coronaci\u00f3n tendr\u00e1n un segundo festejo en Par\u00eds. La Contessa Folleville ofrece su casa de Par\u00eds para que todos puedan acudir a ese festejo. Todo termina en gran alegr\u00eda.[\/vc_column_text][vc_empty_space height=\u00bb30px\u00bb el_class=\u00bbcyg&#8211;espacio-30&#8243;][vc_tta_accordion active_section=\u00bb0&#8243; no_fill=\u00bbtrue\u00bb collapsible_all=\u00bbtrue\u00bb][vc_tta_section title=\u00bbFicha t\u00e9cnica\u00bb tab_id=\u00bb1749126843886-c026d006-5576&#8243;][vc_column_text]<strong>Pianista:<\/strong> Mart\u00edn Troche<\/p>\n<p><strong>Preparaci\u00f3n musical<\/strong>: Mart\u00edn Troche, H\u00e9ctor Fuentes, Malena Rivarola<\/p>\n<p><strong>Directora musical<\/strong>: Malena Rivarola<\/p>\n<p><strong>Director esc\u00e9nico:<\/strong> Santiago Bentancor<\/p>\n<p><strong>Vestuario:<\/strong> Escuela Nacional de Arte L\u00edrico<\/p>\n<p><strong>Dise\u00f1o de Iluminaci\u00f3n:<\/strong> Mar\u00eda Noel Gonzalez<\/p>\n<p><strong>Interpretes<\/strong><br \/>\nMadama Cortese \u2013 Claire Susana Rey<br \/>\nCorinna \u2013 Sof\u00eda Rasmussen<br \/>\nContessa Folleville \u2013 Carina Techera<br \/>\nMelibea \u2013 Mar\u00eda Jos\u00e9 Ant\u00fanez<br \/>\nModestina \u2013 Agustina Rodr\u00edguez<br \/>\nDelia \u2013 Antonella Alpu\u00edn<br \/>\nCavalier Belfiore \u2013 Santiago Delpiano<br \/>\nConte Liebenskof \u2013 Mat\u00edas Rivero<br \/>\nDon Profondo \u2013 Gabriel Luigi<br \/>\nDon Alvaro \u2013 Marcos Carrasco<br \/>\nLord Sidney \u2013 Sim\u00f3n Ortiz<br \/>\nBarone Trombonok \u2013 Valent\u00edn Bervejillo<br \/>\nDon Prudenzio \u2013 Mat\u00edas Lempes<br \/>\nZefirino \u2013 Carlos Aquino[\/vc_column_text][\/vc_tta_section][\/vc_tta_accordion][vc_empty_space height=\u00bb50px\u00bb el_class=\u00bbcyg&#8211;espacio-30&#8243;][vc_column_text]<\/p>\n<ul>\n<li>\u00c1rea Ballet<\/li>\n<\/ul>\n<p><em><strong>Elementos<\/strong><\/em><\/p>\n<p>Un ballet que explora las din\u00e1micas y formas de moverse inspirados en los cuatro elementos de la naturaleza.<\/p>\n<p>Agua es movimiento constante, fluye, se adapta y siempre encuentra su camino.<\/p>\n<p>Fuego, intenso y seductor, arde con fuerza y se expande sin l\u00edmites.<\/p>\n<p>Aire, ligero e impredecible, una brisa sutil o un viento arrasador.<\/p>\n<p>Tierra, s\u00f3lida y pesada, base firme que sostiene y transforma.<\/p>\n<p>Cada elemento cobra vida, contrastando, interactuando y fusion\u00e1ndose en una danza en constante transformaci\u00f3n.[\/vc_column_text][vc_empty_space height=\u00bb30px\u00bb el_class=\u00bbcyg&#8211;espacio-30&#8243;][vc_tta_accordion active_section=\u00bb0&#8243; no_fill=\u00bbtrue\u00bb collapsible_all=\u00bbtrue\u00bb][vc_tta_section title=\u00bbFicha t\u00e9cnica\u00bb tab_id=\u00bb1749126956732-0877fbe4-3e46&#8243;][vc_column_text]<strong>Coreograf\u00eda:<\/strong> Ignacio Lombardo<\/p>\n<p><strong>M\u00fasica:<\/strong> Franz Joseph Haydn<\/p>\n<p><strong>Coordinadora Art\u00edstica:<\/strong> Rossana Borghetti<\/p>\n<p><strong>Maestros ensayadores:<\/strong> Ana Claudia Villamil, Ma. Noel Bonino, Sofia Sajac, Paula Penachio, Sergio Muzzio<\/p>\n<p>Pianistas acompa\u00f1antes: Judith Fleitas y Adri\u00e1n Braida<\/p>\n<p>Adaptaci\u00f3n de Iluminaci\u00f3n: Mar\u00eda Noel Gonzalez<\/p>\n<p><strong>Int\u00e9rpretes:<\/strong> Amina Brazeiro, Federica Britos, Candela Castro, Valentina Corvo, Victoria Lazo, Romina Magallanes, Martina Sini, Victoria Roverano, Daylin Ruiz, Alfonsina Gervaz, Camila Lores, Matilde Lozowsky, Mahia Tretiak, Maria P\u00eda Villar, Lola Santullo, Jos\u00e9 Luis Esteche, Santiago Larronda, Pedro Vitabar, Ezequiel Acosta, Mat\u00edas Carballo, Gonzalo Castiglioni, Braian C\u00faneo, Braulio Espino, Lucas Icasurriaga[\/vc_column_text][\/vc_tta_section][\/vc_tta_accordion][vc_empty_space height=\u00bb50px\u00bb el_class=\u00bbcyg&#8211;espacio-30&#8243;][vc_column_text]<\/p>\n<ul>\n<li>\u00c1rea Folclore<\/li>\n<\/ul>\n<p><em><strong>Celebraci\u00f3n<\/strong><\/em><\/p>\n<p>Una muestra sobre nuestra pasi\u00f3n por la danza folcl\u00f3rica uruguaya. Nos acompa\u00f1an en esta jornada bailando cuatro expresiones tradicionales: el Gato, la Ranchera, el Malambo y el Candombe con coreograf\u00edas de los maestros del \u00e1rea y trabajos de taller de las\/los estudiantes. Cada uno de estos estilos representa una parte importante de nuestra cultura e historia, y estamos emocionados de mostrarles nuestro trabajo y amor por nuestras ra\u00edces. Cabe destacar que la Escuela fue creada hace 50 a\u00f1os con el compromiso de preservar el acervo danc\u00edstico nacional en todas sus expresiones. Desde entonces, nuestro objetivo ha sido mantener viva y transmitir la riqueza de nuestro folclore a las nuevas generaciones.[\/vc_column_text][vc_empty_space height=\u00bb30px\u00bb el_class=\u00bbcyg&#8211;espacio-30&#8243;][\/vc_column][vc_column][vc_tta_accordion active_section=\u00bb0&#8243; no_fill=\u00bbtrue\u00bb collapsible_all=\u00bbtrue\u00bb][vc_tta_section title=\u00bbFicha t\u00e9cnica\u00bb tab_id=\u00bb1749126371788-3ffb1cfa-667b\u00bb][vc_column_text]<strong>Coreograf\u00eda:<\/strong> Jorge Caride, Federico Olivera, Marcos Cal<\/p>\n<p><strong>Dise\u00f1o de Iluminaci\u00f3n:<\/strong> Mar\u00eda Noel Gonzalez<\/p>\n<p><strong>Int\u00e9rpretes:<\/strong> Micaela Larrosa, Martina Amaro, Luciana Forl\u00e1n, Antonella Meneses, Dafne Chiminelli, Melody Cano, Luciana Barlocco, Clara L\u00f3pez, Mariana Nostrani, Federico Zecchi, Renzo Couget, Leandro Machado, Manuel S\u00e1nchez, Izmael Su\u00e1rez, Iv\u00e1n Rosas, Maximiliano Ortiz, Juan Diego Morales, Felipe Artigas, \u00c1ngela Larrea, Emilia P\u00e9rez, Jorge Vera, Antonella Cabrera, Martina de Le\u00f3n, Avril Grattone, Sarah Bennett, Cecilia Maddalena<\/p>\n<p>[\/vc_column_text][\/vc_tta_section][\/vc_tta_accordion][\/vc_column][\/vc_row][vc_row][vc_column][vc_empty_space height=\u00bb50px\u00bb][\/vc_column][\/vc_row][vc_row el_class=\u00bbcyg&#8211;ficha\u00bb][vc_column width=\u00bb1\/2&#8243;][vc_row_inner][vc_column_inner][vc_btn title=\u00bbVer programa\u00bb link=\u00bburl:https%3A%2F%2Fsodre.gub.uy%2Fespectaculos%2Fwp-content%2Fuploads%2Fsites%2F2%2F2025%2F06%2FPROGR.gala_.11junio-or.pdf\u00bb][vc_empty_space height=\u00bb10&#8243; el_class=\u00bbcyg&#8211;espacio-10&#8243;][\/vc_column_inner][\/vc_row_inner][vc_row_inner][vc_column_inner][vc_column_text][\/vc_column_text][vc_empty_space height=\u00bb10&#8243; el_class=\u00bbcyg&#8211;espacio-10&#8243;][\/vc_column_inner][\/vc_row_inner][\/vc_column][vc_column width=\u00bb1\/2&#8243;][vc_row_inner][vc_column_inner][vc_empty_space height=\u00bb10&#8243; el_class=\u00bbcyg&#8211;espacio-10&#8243;][\/vc_column_inner][\/vc_row_inner][vc_row_inner][vc_column_inner][vc_empty_space height=\u00bb10&#8243; el_class=\u00bbcyg&#8211;espacio-10&#8243;][\/vc_column_inner][\/vc_row_inner][\/vc_column][\/vc_row][vc_row][vc_column][vc_empty_space height=\u00bb50px\u00bb][vc_column_text]<strong>Duraci\u00f3n:<\/strong> 120 min.[\/vc_column_text][vc_column_text]<strong>Edad recomendada: <\/strong>Apta para todo p\u00fablico[\/vc_column_text][\/vc_column][\/vc_row][\/vc_section]<\/p>\n<\/div>","protected":false},"excerpt":{"rendered":"<p>Celebraci\u00f3n de 50 a\u00f1os de formaci\u00f3n<\/p>\n","protected":false},"menu_order":0,"template":"","format":"standard","cuerpo-estable":[40],"etiqueta-espectaculo":[],"lugar":[16],"sala-espacio":[30],"acf":[],"yoast_head":"<!-- This site is optimized with the Yoast SEO plugin v21.7 - https:\/\/yoast.com\/wordpress\/plugins\/seo\/ -->\n<title>Gala Escuelas Sodre: 50.\u00ba Aniversario - Espect\u00e1culos<\/title>\n<meta name=\"description\" content=\"Las Escuelas Sodre celebran sus 50 a\u00f1os con un espect\u00e1culo que re\u00fane todas sus disciplinas, interpretadas por estudiantes de cada una de sus \u00e1reas de formaci\u00f3n art\u00edstica.\" \/>\n<meta name=\"robots\" content=\"index, follow, max-snippet:-1, max-image-preview:large, max-video-preview:-1\" \/>\n<link rel=\"canonical\" href=\"https:\/\/sodre.gub.uy\/espectaculos\/gala-escuelas-sodre-50o-aniversario\/\" \/>\n<meta property=\"og:locale\" content=\"es_ES\" \/>\n<meta property=\"og:type\" content=\"article\" \/>\n<meta property=\"og:title\" content=\"Gala Escuelas Sodre: 50.\u00ba Aniversario - Espect\u00e1culos\" \/>\n<meta property=\"og:description\" content=\"Las Escuelas Sodre celebran sus 50 a\u00f1os con un espect\u00e1culo que re\u00fane todas sus disciplinas, interpretadas por estudiantes de cada una de sus \u00e1reas de formaci\u00f3n art\u00edstica.\" \/>\n<meta property=\"og:url\" content=\"https:\/\/sodre.gub.uy\/espectaculos\/gala-escuelas-sodre-50o-aniversario\/\" \/>\n<meta property=\"og:site_name\" content=\"Espect\u00e1culos\" \/>\n<meta property=\"article:modified_time\" content=\"2025-06-10T20:57:40+00:00\" \/>\n<meta name=\"twitter:card\" content=\"summary_large_image\" \/>\n<meta name=\"twitter:label1\" content=\"Tiempo de lectura\" \/>\n\t<meta name=\"twitter:data1\" content=\"5 minutos\" \/>\n<script type=\"application\/ld+json\" class=\"yoast-schema-graph\">{\"@context\":\"https:\/\/schema.org\",\"@graph\":[{\"@type\":\"WebPage\",\"@id\":\"https:\/\/sodre.gub.uy\/espectaculos\/gala-escuelas-sodre-50o-aniversario\/\",\"url\":\"https:\/\/sodre.gub.uy\/espectaculos\/gala-escuelas-sodre-50o-aniversario\/\",\"name\":\"Gala Escuelas Sodre: 50.\u00ba Aniversario - Espect\u00e1culos\",\"isPartOf\":{\"@id\":\"https:\/\/sodre.gub.uy\/espectaculos\/#website\"},\"datePublished\":\"2025-06-04T15:31:26+00:00\",\"dateModified\":\"2025-06-10T20:57:40+00:00\",\"description\":\"Las Escuelas Sodre celebran sus 50 a\u00f1os con un espect\u00e1culo que re\u00fane todas sus disciplinas, interpretadas por estudiantes de cada una de sus \u00e1reas de formaci\u00f3n art\u00edstica.\",\"inLanguage\":\"es\",\"potentialAction\":[{\"@type\":\"ReadAction\",\"target\":[\"https:\/\/sodre.gub.uy\/espectaculos\/gala-escuelas-sodre-50o-aniversario\/\"]}]},{\"@type\":\"WebSite\",\"@id\":\"https:\/\/sodre.gub.uy\/espectaculos\/#website\",\"url\":\"https:\/\/sodre.gub.uy\/espectaculos\/\",\"name\":\"Espect\u00e1culos\",\"description\":\"Servicio Oficial de Difusi\u00f3n, Representaciones y Espect\u00e1culos\",\"publisher\":{\"@id\":\"https:\/\/sodre.gub.uy\/espectaculos\/#organization\"},\"potentialAction\":[{\"@type\":\"SearchAction\",\"target\":{\"@type\":\"EntryPoint\",\"urlTemplate\":\"https:\/\/sodre.gub.uy\/espectaculos\/?s={search_term_string}\"},\"query-input\":\"required name=search_term_string\"}],\"inLanguage\":\"es\"},{\"@type\":\"Organization\",\"@id\":\"https:\/\/sodre.gub.uy\/espectaculos\/#organization\",\"name\":\"Espect\u00e1culos\",\"url\":\"https:\/\/sodre.gub.uy\/espectaculos\/\",\"logo\":{\"@type\":\"ImageObject\",\"inLanguage\":\"es\",\"@id\":\"https:\/\/sodre.gub.uy\/espectaculos\/#\/schema\/logo\/image\/\",\"url\":\"https:\/\/sodre.gub.uy\/espectaculos\/wp-content\/uploads\/sites\/2\/2023\/12\/logo-sodre-black.svg\",\"contentUrl\":\"https:\/\/sodre.gub.uy\/espectaculos\/wp-content\/uploads\/sites\/2\/2023\/12\/logo-sodre-black.svg\",\"caption\":\"Espect\u00e1culos\"},\"image\":{\"@id\":\"https:\/\/sodre.gub.uy\/espectaculos\/#\/schema\/logo\/image\/\"}}]}<\/script>\n<!-- \/ Yoast SEO plugin. -->","yoast_head_json":{"title":"Gala Escuelas Sodre: 50.\u00ba Aniversario - Espect\u00e1culos","description":"Las Escuelas Sodre celebran sus 50 a\u00f1os con un espect\u00e1culo que re\u00fane todas sus disciplinas, interpretadas por estudiantes de cada una de sus \u00e1reas de formaci\u00f3n art\u00edstica.","robots":{"index":"index","follow":"follow","max-snippet":"max-snippet:-1","max-image-preview":"max-image-preview:large","max-video-preview":"max-video-preview:-1"},"canonical":"https:\/\/sodre.gub.uy\/espectaculos\/gala-escuelas-sodre-50o-aniversario\/","og_locale":"es_ES","og_type":"article","og_title":"Gala Escuelas Sodre: 50.\u00ba Aniversario - Espect\u00e1culos","og_description":"Las Escuelas Sodre celebran sus 50 a\u00f1os con un espect\u00e1culo que re\u00fane todas sus disciplinas, interpretadas por estudiantes de cada una de sus \u00e1reas de formaci\u00f3n art\u00edstica.","og_url":"https:\/\/sodre.gub.uy\/espectaculos\/gala-escuelas-sodre-50o-aniversario\/","og_site_name":"Espect\u00e1culos","article_modified_time":"2025-06-10T20:57:40+00:00","twitter_card":"summary_large_image","twitter_misc":{"Tiempo de lectura":"5 minutos"},"schema":{"@context":"https:\/\/schema.org","@graph":[{"@type":"WebPage","@id":"https:\/\/sodre.gub.uy\/espectaculos\/gala-escuelas-sodre-50o-aniversario\/","url":"https:\/\/sodre.gub.uy\/espectaculos\/gala-escuelas-sodre-50o-aniversario\/","name":"Gala Escuelas Sodre: 50.\u00ba Aniversario - Espect\u00e1culos","isPartOf":{"@id":"https:\/\/sodre.gub.uy\/espectaculos\/#website"},"datePublished":"2025-06-04T15:31:26+00:00","dateModified":"2025-06-10T20:57:40+00:00","description":"Las Escuelas Sodre celebran sus 50 a\u00f1os con un espect\u00e1culo que re\u00fane todas sus disciplinas, interpretadas por estudiantes de cada una de sus \u00e1reas de formaci\u00f3n art\u00edstica.","inLanguage":"es","potentialAction":[{"@type":"ReadAction","target":["https:\/\/sodre.gub.uy\/espectaculos\/gala-escuelas-sodre-50o-aniversario\/"]}]},{"@type":"WebSite","@id":"https:\/\/sodre.gub.uy\/espectaculos\/#website","url":"https:\/\/sodre.gub.uy\/espectaculos\/","name":"Espect\u00e1culos","description":"Servicio Oficial de Difusi\u00f3n, Representaciones y Espect\u00e1culos","publisher":{"@id":"https:\/\/sodre.gub.uy\/espectaculos\/#organization"},"potentialAction":[{"@type":"SearchAction","target":{"@type":"EntryPoint","urlTemplate":"https:\/\/sodre.gub.uy\/espectaculos\/?s={search_term_string}"},"query-input":"required name=search_term_string"}],"inLanguage":"es"},{"@type":"Organization","@id":"https:\/\/sodre.gub.uy\/espectaculos\/#organization","name":"Espect\u00e1culos","url":"https:\/\/sodre.gub.uy\/espectaculos\/","logo":{"@type":"ImageObject","inLanguage":"es","@id":"https:\/\/sodre.gub.uy\/espectaculos\/#\/schema\/logo\/image\/","url":"https:\/\/sodre.gub.uy\/espectaculos\/wp-content\/uploads\/sites\/2\/2023\/12\/logo-sodre-black.svg","contentUrl":"https:\/\/sodre.gub.uy\/espectaculos\/wp-content\/uploads\/sites\/2\/2023\/12\/logo-sodre-black.svg","caption":"Espect\u00e1culos"},"image":{"@id":"https:\/\/sodre.gub.uy\/espectaculos\/#\/schema\/logo\/image\/"}}]}},"_links":{"self":[{"href":"https:\/\/sodre.gub.uy\/espectaculos\/wp-json\/wp\/v2\/espectaculo\/8509"}],"collection":[{"href":"https:\/\/sodre.gub.uy\/espectaculos\/wp-json\/wp\/v2\/espectaculo"}],"about":[{"href":"https:\/\/sodre.gub.uy\/espectaculos\/wp-json\/wp\/v2\/types\/espectaculo"}],"version-history":[{"count":15,"href":"https:\/\/sodre.gub.uy\/espectaculos\/wp-json\/wp\/v2\/espectaculo\/8509\/revisions"}],"predecessor-version":[{"id":8629,"href":"https:\/\/sodre.gub.uy\/espectaculos\/wp-json\/wp\/v2\/espectaculo\/8509\/revisions\/8629"}],"wp:attachment":[{"href":"https:\/\/sodre.gub.uy\/espectaculos\/wp-json\/wp\/v2\/media?parent=8509"}],"wp:term":[{"taxonomy":"cuerpo-estable","embeddable":true,"href":"https:\/\/sodre.gub.uy\/espectaculos\/wp-json\/wp\/v2\/cuerpo-estable?post=8509"},{"taxonomy":"etiqueta-espectaculo","embeddable":true,"href":"https:\/\/sodre.gub.uy\/espectaculos\/wp-json\/wp\/v2\/etiqueta-espectaculo?post=8509"},{"taxonomy":"lugar","embeddable":true,"href":"https:\/\/sodre.gub.uy\/espectaculos\/wp-json\/wp\/v2\/lugar?post=8509"},{"taxonomy":"sala-espacio","embeddable":true,"href":"https:\/\/sodre.gub.uy\/espectaculos\/wp-json\/wp\/v2\/sala-espacio?post=8509"}],"curies":[{"name":"wp","href":"https:\/\/api.w.org\/{rel}","templated":true}]}}