{"id":7128,"date":"2025-02-03T14:16:19","date_gmt":"2025-02-03T17:16:19","guid":{"rendered":"https:\/\/sodre.gub.uy\/espectaculos\/?post_type=espectaculo&#038;p=7128"},"modified":"2025-12-12T12:40:03","modified_gmt":"2025-12-12T15:40:03","slug":"carmina-burana-2","status":"publish","type":"espectaculo","link":"https:\/\/sodre.gub.uy\/espectaculos\/carmina-burana-2\/","title":{"rendered":"Carmina Burana"},"content":{"rendered":"<div class=\"wpb-content-wrapper\"><p>[vc_section el_class=\u00bbcontent&#8211;espectaculo\u00bb][vc_row el_class=\u00bbcyg&#8211;descripcion\u00bb][vc_column][vc_column_text]Esta impactante producci\u00f3n combina danza, m\u00fasica y canto en una obra de gran riqueza visual y teatralidad. Bajo la coreograf\u00eda de Mauricio Wainrot, el espect\u00e1culo nos transporta a un mundo de intensa pasi\u00f3n, profundo dramatismo y una espiritualidad que emerge a trav\u00e9s del esfuerzo atl\u00e9tico de los bailarines. El vestuario elegante y cautivador, captura la esencia de los ritmos primitivos y la sensualidad evocada por la m\u00fasica de Carl Orff.[\/vc_column_text][vc_empty_space height=\u00bb30px\u00bb el_class=\u00bbcyg&#8211;espacio-30&#8243;][\/vc_column][\/vc_row][vc_row el_class=\u00bbcyg&#8211;ficha\u00bb][vc_column width=\u00bb1\/2&#8243;][vc_row_inner][vc_column_inner][vc_column_text]<strong>Coreograf\u00eda:<\/strong> Mauricio Wainrot<br \/>\nLibreto original basado en los poemas y cantos goliardos, encontrados en la abad\u00eda de Bura Sancti Benedicti.[\/vc_column_text][vc_empty_space height=\u00bb10&#8243; el_class=\u00bbcyg&#8211;espacio-10&#8243;][\/vc_column_inner][\/vc_row_inner][vc_row_inner][vc_column_inner][vc_column_text]<strong>M\u00fasica:<\/strong> Carl Orff[\/vc_column_text][vc_empty_space height=\u00bb10&#8243; el_class=\u00bbcyg&#8211;espacio-10&#8243;][\/vc_column_inner][\/vc_row_inner][vc_row_inner][vc_column_inner][vc_column_text]<strong>Presentaci\u00f3n de los elencos estables:<\/strong> Orquesta Sinf\u00f3nica y Coro Nacional del Sodre[\/vc_column_text][vc_empty_space height=\u00bb10&#8243; el_class=\u00bbcyg&#8211;espacio-10&#8243;][\/vc_column_inner][\/vc_row_inner][vc_row_inner][vc_column_inner][vc_column_text]<strong>Direcci\u00f3n musical:<\/strong> Esteban Louise[\/vc_column_text][vc_empty_space height=\u00bb10&#8243; el_class=\u00bbcyg&#8211;espacio-10&#8243;][\/vc_column_inner][\/vc_row_inner][vc_row_inner][vc_column_inner][vc_column_text]<strong>Dise\u00f1o de escenograf\u00eda y vestuario:<\/strong> Carlos Gallardo[\/vc_column_text][vc_empty_space height=\u00bb10&#8243; el_class=\u00bbcyg&#8211;espacio-10&#8243;][\/vc_column_inner][\/vc_row_inner][\/vc_column][vc_column width=\u00bb1\/2&#8243;][\/vc_column][\/vc_row][vc_row][vc_column][vc_empty_space height=\u00bb50px\u00bb][vc_column_text]<strong>Duraci\u00f3n:<\/strong> 65 min. (sin intervalos)[\/vc_column_text][vc_empty_space height=\u00bb52px\u00bb][\/vc_column][\/vc_row][\/vc_section][vc_row][vc_column width=\u00bb1\/2&#8243;][vc_column_text]<\/p>\n<p style=\"margin: 0px 0px 12px;padding: 0px;position: relative;font-family: Inter, sans-serif;line-height: 1.65;color: #020304;font-size: 14.72px;font-style: normal;font-weight: 400;letter-spacing: normal;text-align: start;text-indent: 0px;text-transform: none;background-color: #ffffff\"><span style=\"margin: 0px;padding: 0px;position: relative;font-size: 10pt\"><strong style=\"margin: 0px;padding: 0px;position: relative;font-weight: 600\">Medios de pago BROU:<\/strong><\/span><\/p>\n<p style=\"margin: 0px 0px 12px;padding: 0px;position: relative;font-family: Inter, sans-serif;line-height: 1.65;color: #020304;font-size: 14.72px;font-style: normal;font-weight: 400;letter-spacing: normal;text-align: start;text-indent: 0px;text-transform: none;background-color: #ffffff\"><span style=\"margin: 0px;padding: 0px;position: relative;font-size: 10pt\">20 % de descuento abonando con tarjetas de cr\u00e9dito Visa y Mastercard Recompensa, y tarjetas de d\u00e9bito Visa y Mastercard D\u00e9bito Recompensa del Banco.<\/span><\/p>\n<p style=\"margin: 0px 0px 12px;padding: 0px;position: relative;font-family: Inter, sans-serif;line-height: 1.65;color: #020304;font-size: 14.72px;font-style: normal;font-weight: 400;letter-spacing: normal;text-align: start;text-indent: 0px;text-transform: none;background-color: #ffffff\"><span style=\"margin: 0px;padding: 0px;position: relative;font-size: 10pt\">50 %\u00a0 de descuento para las tarjetas Black y Visa Platinum del Banco para todas las obras.<\/span><\/p>\n<p style=\"margin: 0px;padding: 0px;position: relative;font-family: Inter, sans-serif;line-height: 1.65;color: #020304;font-size: 14.72px;font-style: normal;font-weight: 400;letter-spacing: normal;text-align: start;text-indent: 0px;text-transform: none;background-color: #ffffff\"><span style=\"margin: 0px;padding: 0px;position: relative;font-size: 10pt\">Tope del descuento: $1000 (por cuenta y por mes).<\/span><\/p>\n<p>[\/vc_column_text][\/vc_column][vc_column width=\u00bb1\/2&#8243;][\/vc_column][\/vc_row]<\/p>\n<\/div>","protected":false},"excerpt":{"rendered":"<p>Donde la ternura del amor se entrelaza con el erotismo, la majestuosidad de la naturaleza se enfrenta a la inevitable fatalidad de la muerte, y la fuerza del destino se hace palpable<\/p>\n","protected":false},"menu_order":0,"template":"","format":"standard","cuerpo-estable":[22],"etiqueta-espectaculo":[],"lugar":[16],"sala-espacio":[30],"acf":[],"yoast_head":"<!-- This site is optimized with the Yoast SEO plugin v21.7 - https:\/\/yoast.com\/wordpress\/plugins\/seo\/ -->\n<title>Carmina Burana - Espect\u00e1culos<\/title>\n<meta name=\"robots\" content=\"index, follow, max-snippet:-1, max-image-preview:large, max-video-preview:-1\" \/>\n<link rel=\"canonical\" href=\"https:\/\/sodre.gub.uy\/espectaculos\/carmina-burana-2\/\" \/>\n<meta property=\"og:locale\" content=\"es_ES\" \/>\n<meta property=\"og:type\" content=\"article\" \/>\n<meta property=\"og:title\" content=\"Carmina Burana - Espect\u00e1culos\" \/>\n<meta property=\"og:description\" content=\"Donde la ternura del amor se entrelaza con el erotismo, la majestuosidad de la naturaleza se enfrenta a la inevitable fatalidad de la muerte, y la fuerza del destino se hace palpable\" \/>\n<meta property=\"og:url\" content=\"https:\/\/sodre.gub.uy\/espectaculos\/carmina-burana-2\/\" \/>\n<meta property=\"og:site_name\" content=\"Espect\u00e1culos\" \/>\n<meta property=\"article:modified_time\" content=\"2025-12-12T15:40:03+00:00\" \/>\n<meta name=\"twitter:card\" content=\"summary_large_image\" \/>\n<meta name=\"twitter:label1\" content=\"Tiempo de lectura\" \/>\n\t<meta name=\"twitter:data1\" content=\"1 minuto\" \/>\n<script type=\"application\/ld+json\" class=\"yoast-schema-graph\">{\"@context\":\"https:\/\/schema.org\",\"@graph\":[{\"@type\":\"WebPage\",\"@id\":\"https:\/\/sodre.gub.uy\/espectaculos\/carmina-burana-2\/\",\"url\":\"https:\/\/sodre.gub.uy\/espectaculos\/carmina-burana-2\/\",\"name\":\"Carmina Burana - Espect\u00e1culos\",\"isPartOf\":{\"@id\":\"https:\/\/sodre.gub.uy\/espectaculos\/#website\"},\"datePublished\":\"2025-02-03T17:16:19+00:00\",\"dateModified\":\"2025-12-12T15:40:03+00:00\",\"inLanguage\":\"es\",\"potentialAction\":[{\"@type\":\"ReadAction\",\"target\":[\"https:\/\/sodre.gub.uy\/espectaculos\/carmina-burana-2\/\"]}]},{\"@type\":\"WebSite\",\"@id\":\"https:\/\/sodre.gub.uy\/espectaculos\/#website\",\"url\":\"https:\/\/sodre.gub.uy\/espectaculos\/\",\"name\":\"Espect\u00e1culos\",\"description\":\"Servicio Oficial de Difusi\u00f3n, Representaciones y Espect\u00e1culos\",\"publisher\":{\"@id\":\"https:\/\/sodre.gub.uy\/espectaculos\/#organization\"},\"potentialAction\":[{\"@type\":\"SearchAction\",\"target\":{\"@type\":\"EntryPoint\",\"urlTemplate\":\"https:\/\/sodre.gub.uy\/espectaculos\/?s={search_term_string}\"},\"query-input\":\"required name=search_term_string\"}],\"inLanguage\":\"es\"},{\"@type\":\"Organization\",\"@id\":\"https:\/\/sodre.gub.uy\/espectaculos\/#organization\",\"name\":\"Espect\u00e1culos\",\"url\":\"https:\/\/sodre.gub.uy\/espectaculos\/\",\"logo\":{\"@type\":\"ImageObject\",\"inLanguage\":\"es\",\"@id\":\"https:\/\/sodre.gub.uy\/espectaculos\/#\/schema\/logo\/image\/\",\"url\":\"https:\/\/sodre.gub.uy\/espectaculos\/wp-content\/uploads\/sites\/2\/2023\/12\/logo-sodre-black.svg\",\"contentUrl\":\"https:\/\/sodre.gub.uy\/espectaculos\/wp-content\/uploads\/sites\/2\/2023\/12\/logo-sodre-black.svg\",\"caption\":\"Espect\u00e1culos\"},\"image\":{\"@id\":\"https:\/\/sodre.gub.uy\/espectaculos\/#\/schema\/logo\/image\/\"}}]}<\/script>\n<!-- \/ Yoast SEO plugin. -->","yoast_head_json":{"title":"Carmina Burana - Espect\u00e1culos","robots":{"index":"index","follow":"follow","max-snippet":"max-snippet:-1","max-image-preview":"max-image-preview:large","max-video-preview":"max-video-preview:-1"},"canonical":"https:\/\/sodre.gub.uy\/espectaculos\/carmina-burana-2\/","og_locale":"es_ES","og_type":"article","og_title":"Carmina Burana - Espect\u00e1culos","og_description":"Donde la ternura del amor se entrelaza con el erotismo, la majestuosidad de la naturaleza se enfrenta a la inevitable fatalidad de la muerte, y la fuerza del destino se hace palpable","og_url":"https:\/\/sodre.gub.uy\/espectaculos\/carmina-burana-2\/","og_site_name":"Espect\u00e1culos","article_modified_time":"2025-12-12T15:40:03+00:00","twitter_card":"summary_large_image","twitter_misc":{"Tiempo de lectura":"1 minuto"},"schema":{"@context":"https:\/\/schema.org","@graph":[{"@type":"WebPage","@id":"https:\/\/sodre.gub.uy\/espectaculos\/carmina-burana-2\/","url":"https:\/\/sodre.gub.uy\/espectaculos\/carmina-burana-2\/","name":"Carmina Burana - Espect\u00e1culos","isPartOf":{"@id":"https:\/\/sodre.gub.uy\/espectaculos\/#website"},"datePublished":"2025-02-03T17:16:19+00:00","dateModified":"2025-12-12T15:40:03+00:00","inLanguage":"es","potentialAction":[{"@type":"ReadAction","target":["https:\/\/sodre.gub.uy\/espectaculos\/carmina-burana-2\/"]}]},{"@type":"WebSite","@id":"https:\/\/sodre.gub.uy\/espectaculos\/#website","url":"https:\/\/sodre.gub.uy\/espectaculos\/","name":"Espect\u00e1culos","description":"Servicio Oficial de Difusi\u00f3n, Representaciones y Espect\u00e1culos","publisher":{"@id":"https:\/\/sodre.gub.uy\/espectaculos\/#organization"},"potentialAction":[{"@type":"SearchAction","target":{"@type":"EntryPoint","urlTemplate":"https:\/\/sodre.gub.uy\/espectaculos\/?s={search_term_string}"},"query-input":"required name=search_term_string"}],"inLanguage":"es"},{"@type":"Organization","@id":"https:\/\/sodre.gub.uy\/espectaculos\/#organization","name":"Espect\u00e1culos","url":"https:\/\/sodre.gub.uy\/espectaculos\/","logo":{"@type":"ImageObject","inLanguage":"es","@id":"https:\/\/sodre.gub.uy\/espectaculos\/#\/schema\/logo\/image\/","url":"https:\/\/sodre.gub.uy\/espectaculos\/wp-content\/uploads\/sites\/2\/2023\/12\/logo-sodre-black.svg","contentUrl":"https:\/\/sodre.gub.uy\/espectaculos\/wp-content\/uploads\/sites\/2\/2023\/12\/logo-sodre-black.svg","caption":"Espect\u00e1culos"},"image":{"@id":"https:\/\/sodre.gub.uy\/espectaculos\/#\/schema\/logo\/image\/"}}]}},"_links":{"self":[{"href":"https:\/\/sodre.gub.uy\/espectaculos\/wp-json\/wp\/v2\/espectaculo\/7128"}],"collection":[{"href":"https:\/\/sodre.gub.uy\/espectaculos\/wp-json\/wp\/v2\/espectaculo"}],"about":[{"href":"https:\/\/sodre.gub.uy\/espectaculos\/wp-json\/wp\/v2\/types\/espectaculo"}],"version-history":[{"count":18,"href":"https:\/\/sodre.gub.uy\/espectaculos\/wp-json\/wp\/v2\/espectaculo\/7128\/revisions"}],"predecessor-version":[{"id":10643,"href":"https:\/\/sodre.gub.uy\/espectaculos\/wp-json\/wp\/v2\/espectaculo\/7128\/revisions\/10643"}],"wp:attachment":[{"href":"https:\/\/sodre.gub.uy\/espectaculos\/wp-json\/wp\/v2\/media?parent=7128"}],"wp:term":[{"taxonomy":"cuerpo-estable","embeddable":true,"href":"https:\/\/sodre.gub.uy\/espectaculos\/wp-json\/wp\/v2\/cuerpo-estable?post=7128"},{"taxonomy":"etiqueta-espectaculo","embeddable":true,"href":"https:\/\/sodre.gub.uy\/espectaculos\/wp-json\/wp\/v2\/etiqueta-espectaculo?post=7128"},{"taxonomy":"lugar","embeddable":true,"href":"https:\/\/sodre.gub.uy\/espectaculos\/wp-json\/wp\/v2\/lugar?post=7128"},{"taxonomy":"sala-espacio","embeddable":true,"href":"https:\/\/sodre.gub.uy\/espectaculos\/wp-json\/wp\/v2\/sala-espacio?post=7128"}],"curies":[{"name":"wp","href":"https:\/\/api.w.org\/{rel}","templated":true}]}}