{"id":6972,"date":"2025-01-23T10:30:45","date_gmt":"2025-01-23T13:30:45","guid":{"rendered":"https:\/\/sodre.gub.uy\/espectaculos\/?post_type=espectaculo&#038;p=6972"},"modified":"2025-01-29T12:15:51","modified_gmt":"2025-01-29T15:15:51","slug":"carnaval-en-el-sodre-4-febrero-2025","status":"publish","type":"espectaculo","link":"https:\/\/sodre.gub.uy\/espectaculos\/carnaval-en-el-sodre-4-febrero-2025\/","title":{"rendered":"A la bartola &#8211; Asaltantes con patente"},"content":{"rendered":"<div class=\"wpb-content-wrapper\"><p>[vc_section el_class=\u00bbcontent&#8211;espectaculo\u00bb][vc_row el_class=\u00bbcyg&#8211;descripcion\u00bb][vc_column][vc_column_text]Carnaval en el Sodre se trata de un convenio de cooperaci\u00f3n entre Directores Asociados de Espect\u00e1culos Carnavalescos Populares del Uruguay (DAECPU) y el Sodre con el fin de representar una propuesta diferente de la m\u00e1xima fiesta popular del Uruguay.<\/p>\n<p>&nbsp;<\/p>\n<p><strong style=\"margin: 0px;padding: 0px;position: relative;font-weight: 600\">Martes 4 de febrero<\/strong><\/p>\n<p style=\"margin: 0px 0px 12px;padding: 0px;position: relative;font-family: Inter, sans-serif;line-height: 1.65;color: #020304;font-size: 14.72px;font-style: normal;font-weight: 400;letter-spacing: normal;text-align: start;text-indent: 0px;text-transform: none;background-color: #ffffff\">20 h \u2013\u00a0<em style=\"margin: 0px;padding: 0px;position: relative\">A la bartola<\/em>\u00a0(Murga)<br style=\"margin: 0px;padding: 0px;position: relative\" \/>20.50 h \u2013\u00a0<em style=\"margin: 0px;padding: 0px;position: relative\">Asaltantes con patente<\/em>\u00a0(Murga)<\/p>\n<p>*La programaci\u00f3n puede modificarse en funci\u00f3n de coincidencia con alguna etapa del concurso oficial.[\/vc_column_text][vc_empty_space height=\u00bb50px\u00bb el_class=\u00bbcyg&#8211;espacio-30&#8243;]\r\n<a \r\nrole=\"link\"\r\naria-label=\"Ver programaci\u00f3n completa de ``Carnaval en el Sodre``\"\r\nclass=\"cyg--btn \" \r\nhref=\"https:\/\/sodre.gub.uy\/actividad\/carnaval-en-el-sodre-2\/\"\r\ntarget=\"\"\r\n>\r\nVer programaci\u00f3n completa de ``Carnaval en el Sodre``<\/a>\r\n[\/vc_column][\/vc_row][vc_row el_class=\u00bbcyg&#8211;ficha\u00bb][vc_column width=\u00bb1\/2&#8243;][vc_row_inner][vc_column_inner][vc_empty_space height=\u00bb10&#8243; el_class=\u00bbcyg&#8211;espacio-10&#8243;][\/vc_column_inner][\/vc_row_inner][vc_row_inner][vc_column_inner][vc_empty_space height=\u00bb10&#8243; el_class=\u00bbcyg&#8211;espacio-10&#8243;][\/vc_column_inner][\/vc_row_inner][\/vc_column][vc_column width=\u00bb1\/2&#8243;][vc_row_inner][vc_column_inner][vc_empty_space height=\u00bb10&#8243; el_class=\u00bbcyg&#8211;espacio-10&#8243;][\/vc_column_inner][\/vc_row_inner][vc_row_inner][vc_column_inner][vc_empty_space height=\u00bb10&#8243; el_class=\u00bbcyg&#8211;espacio-10&#8243;][\/vc_column_inner][\/vc_row_inner][\/vc_column][\/vc_row][vc_row][vc_column][vc_empty_space height=\u00bb50px\u00bb][vc_column_text]<strong>Edad recomendada: <\/strong>Apto a todo p\u00fablico.[\/vc_column_text][\/vc_column][\/vc_row][\/vc_section]<\/p>\n<\/div>","protected":false},"excerpt":{"rendered":"<p>Nuevamente se realizar\u00e1 un ciclo de carnaval en el Auditorio Nelly Goiti\u00f1o que ir\u00e1 del 3 al 26 de febrero, con un total de 24 espect\u00e1culos del Carnaval 2025.<\/p>\n","protected":false},"menu_order":0,"template":"","format":"standard","cuerpo-estable":[67],"etiqueta-espectaculo":[],"lugar":[17],"sala-espacio":[35],"acf":[],"yoast_head":"<!-- This site is optimized with the Yoast SEO plugin v21.7 - https:\/\/yoast.com\/wordpress\/plugins\/seo\/ -->\n<title>A la bartola - Asaltantes con patente - Espect\u00e1culos<\/title>\n<meta name=\"description\" content=\"Nuevamente se realizar\u00e1 un ciclo de carnaval en el Auditorio Nelly Goiti\u00f1o que ir\u00e1 del 3 al 26 de febrero, con un total de 24 espect\u00e1culos del Carnaval 2025.\" \/>\n<meta name=\"robots\" content=\"index, follow, max-snippet:-1, max-image-preview:large, max-video-preview:-1\" \/>\n<link rel=\"canonical\" href=\"https:\/\/sodre.gub.uy\/espectaculos\/carnaval-en-el-sodre-4-febrero-2025\/\" \/>\n<meta property=\"og:locale\" content=\"es_ES\" \/>\n<meta property=\"og:type\" content=\"article\" \/>\n<meta property=\"og:title\" content=\"A la bartola - Asaltantes con patente - Espect\u00e1culos\" \/>\n<meta property=\"og:description\" content=\"Nuevamente se realizar\u00e1 un ciclo de carnaval en el Auditorio Nelly Goiti\u00f1o que ir\u00e1 del 3 al 26 de febrero, con un total de 24 espect\u00e1culos del Carnaval 2025.\" \/>\n<meta property=\"og:url\" content=\"https:\/\/sodre.gub.uy\/espectaculos\/carnaval-en-el-sodre-4-febrero-2025\/\" \/>\n<meta property=\"og:site_name\" content=\"Espect\u00e1culos\" \/>\n<meta property=\"article:modified_time\" content=\"2025-01-29T15:15:51+00:00\" \/>\n<meta name=\"twitter:card\" content=\"summary_large_image\" \/>\n<meta name=\"twitter:label1\" content=\"Tiempo de lectura\" \/>\n\t<meta name=\"twitter:data1\" content=\"1 minuto\" \/>\n<script type=\"application\/ld+json\" class=\"yoast-schema-graph\">{\"@context\":\"https:\/\/schema.org\",\"@graph\":[{\"@type\":\"WebPage\",\"@id\":\"https:\/\/sodre.gub.uy\/espectaculos\/carnaval-en-el-sodre-4-febrero-2025\/\",\"url\":\"https:\/\/sodre.gub.uy\/espectaculos\/carnaval-en-el-sodre-4-febrero-2025\/\",\"name\":\"A la bartola - Asaltantes con patente - Espect\u00e1culos\",\"isPartOf\":{\"@id\":\"https:\/\/sodre.gub.uy\/espectaculos\/#website\"},\"datePublished\":\"2025-01-23T13:30:45+00:00\",\"dateModified\":\"2025-01-29T15:15:51+00:00\",\"description\":\"Nuevamente se realizar\u00e1 un ciclo de carnaval en el Auditorio Nelly Goiti\u00f1o que ir\u00e1 del 3 al 26 de febrero, con un total de 24 espect\u00e1culos del Carnaval 2025.\",\"inLanguage\":\"es\",\"potentialAction\":[{\"@type\":\"ReadAction\",\"target\":[\"https:\/\/sodre.gub.uy\/espectaculos\/carnaval-en-el-sodre-4-febrero-2025\/\"]}]},{\"@type\":\"WebSite\",\"@id\":\"https:\/\/sodre.gub.uy\/espectaculos\/#website\",\"url\":\"https:\/\/sodre.gub.uy\/espectaculos\/\",\"name\":\"Espect\u00e1culos\",\"description\":\"Servicio Oficial de Difusi\u00f3n, Representaciones y Espect\u00e1culos\",\"publisher\":{\"@id\":\"https:\/\/sodre.gub.uy\/espectaculos\/#organization\"},\"potentialAction\":[{\"@type\":\"SearchAction\",\"target\":{\"@type\":\"EntryPoint\",\"urlTemplate\":\"https:\/\/sodre.gub.uy\/espectaculos\/?s={search_term_string}\"},\"query-input\":\"required name=search_term_string\"}],\"inLanguage\":\"es\"},{\"@type\":\"Organization\",\"@id\":\"https:\/\/sodre.gub.uy\/espectaculos\/#organization\",\"name\":\"Espect\u00e1culos\",\"url\":\"https:\/\/sodre.gub.uy\/espectaculos\/\",\"logo\":{\"@type\":\"ImageObject\",\"inLanguage\":\"es\",\"@id\":\"https:\/\/sodre.gub.uy\/espectaculos\/#\/schema\/logo\/image\/\",\"url\":\"https:\/\/sodre.gub.uy\/espectaculos\/wp-content\/uploads\/sites\/2\/2023\/12\/logo-sodre-black.svg\",\"contentUrl\":\"https:\/\/sodre.gub.uy\/espectaculos\/wp-content\/uploads\/sites\/2\/2023\/12\/logo-sodre-black.svg\",\"caption\":\"Espect\u00e1culos\"},\"image\":{\"@id\":\"https:\/\/sodre.gub.uy\/espectaculos\/#\/schema\/logo\/image\/\"}}]}<\/script>\n<!-- \/ Yoast SEO plugin. -->","yoast_head_json":{"title":"A la bartola - Asaltantes con patente - Espect\u00e1culos","description":"Nuevamente se realizar\u00e1 un ciclo de carnaval en el Auditorio Nelly Goiti\u00f1o que ir\u00e1 del 3 al 26 de febrero, con un total de 24 espect\u00e1culos del Carnaval 2025.","robots":{"index":"index","follow":"follow","max-snippet":"max-snippet:-1","max-image-preview":"max-image-preview:large","max-video-preview":"max-video-preview:-1"},"canonical":"https:\/\/sodre.gub.uy\/espectaculos\/carnaval-en-el-sodre-4-febrero-2025\/","og_locale":"es_ES","og_type":"article","og_title":"A la bartola - Asaltantes con patente - Espect\u00e1culos","og_description":"Nuevamente se realizar\u00e1 un ciclo de carnaval en el Auditorio Nelly Goiti\u00f1o que ir\u00e1 del 3 al 26 de febrero, con un total de 24 espect\u00e1culos del Carnaval 2025.","og_url":"https:\/\/sodre.gub.uy\/espectaculos\/carnaval-en-el-sodre-4-febrero-2025\/","og_site_name":"Espect\u00e1culos","article_modified_time":"2025-01-29T15:15:51+00:00","twitter_card":"summary_large_image","twitter_misc":{"Tiempo de lectura":"1 minuto"},"schema":{"@context":"https:\/\/schema.org","@graph":[{"@type":"WebPage","@id":"https:\/\/sodre.gub.uy\/espectaculos\/carnaval-en-el-sodre-4-febrero-2025\/","url":"https:\/\/sodre.gub.uy\/espectaculos\/carnaval-en-el-sodre-4-febrero-2025\/","name":"A la bartola - Asaltantes con patente - Espect\u00e1culos","isPartOf":{"@id":"https:\/\/sodre.gub.uy\/espectaculos\/#website"},"datePublished":"2025-01-23T13:30:45+00:00","dateModified":"2025-01-29T15:15:51+00:00","description":"Nuevamente se realizar\u00e1 un ciclo de carnaval en el Auditorio Nelly Goiti\u00f1o que ir\u00e1 del 3 al 26 de febrero, con un total de 24 espect\u00e1culos del Carnaval 2025.","inLanguage":"es","potentialAction":[{"@type":"ReadAction","target":["https:\/\/sodre.gub.uy\/espectaculos\/carnaval-en-el-sodre-4-febrero-2025\/"]}]},{"@type":"WebSite","@id":"https:\/\/sodre.gub.uy\/espectaculos\/#website","url":"https:\/\/sodre.gub.uy\/espectaculos\/","name":"Espect\u00e1culos","description":"Servicio Oficial de Difusi\u00f3n, Representaciones y Espect\u00e1culos","publisher":{"@id":"https:\/\/sodre.gub.uy\/espectaculos\/#organization"},"potentialAction":[{"@type":"SearchAction","target":{"@type":"EntryPoint","urlTemplate":"https:\/\/sodre.gub.uy\/espectaculos\/?s={search_term_string}"},"query-input":"required name=search_term_string"}],"inLanguage":"es"},{"@type":"Organization","@id":"https:\/\/sodre.gub.uy\/espectaculos\/#organization","name":"Espect\u00e1culos","url":"https:\/\/sodre.gub.uy\/espectaculos\/","logo":{"@type":"ImageObject","inLanguage":"es","@id":"https:\/\/sodre.gub.uy\/espectaculos\/#\/schema\/logo\/image\/","url":"https:\/\/sodre.gub.uy\/espectaculos\/wp-content\/uploads\/sites\/2\/2023\/12\/logo-sodre-black.svg","contentUrl":"https:\/\/sodre.gub.uy\/espectaculos\/wp-content\/uploads\/sites\/2\/2023\/12\/logo-sodre-black.svg","caption":"Espect\u00e1culos"},"image":{"@id":"https:\/\/sodre.gub.uy\/espectaculos\/#\/schema\/logo\/image\/"}}]}},"_links":{"self":[{"href":"https:\/\/sodre.gub.uy\/espectaculos\/wp-json\/wp\/v2\/espectaculo\/6972"}],"collection":[{"href":"https:\/\/sodre.gub.uy\/espectaculos\/wp-json\/wp\/v2\/espectaculo"}],"about":[{"href":"https:\/\/sodre.gub.uy\/espectaculos\/wp-json\/wp\/v2\/types\/espectaculo"}],"version-history":[{"count":5,"href":"https:\/\/sodre.gub.uy\/espectaculos\/wp-json\/wp\/v2\/espectaculo\/6972\/revisions"}],"predecessor-version":[{"id":7059,"href":"https:\/\/sodre.gub.uy\/espectaculos\/wp-json\/wp\/v2\/espectaculo\/6972\/revisions\/7059"}],"wp:attachment":[{"href":"https:\/\/sodre.gub.uy\/espectaculos\/wp-json\/wp\/v2\/media?parent=6972"}],"wp:term":[{"taxonomy":"cuerpo-estable","embeddable":true,"href":"https:\/\/sodre.gub.uy\/espectaculos\/wp-json\/wp\/v2\/cuerpo-estable?post=6972"},{"taxonomy":"etiqueta-espectaculo","embeddable":true,"href":"https:\/\/sodre.gub.uy\/espectaculos\/wp-json\/wp\/v2\/etiqueta-espectaculo?post=6972"},{"taxonomy":"lugar","embeddable":true,"href":"https:\/\/sodre.gub.uy\/espectaculos\/wp-json\/wp\/v2\/lugar?post=6972"},{"taxonomy":"sala-espacio","embeddable":true,"href":"https:\/\/sodre.gub.uy\/espectaculos\/wp-json\/wp\/v2\/sala-espacio?post=6972"}],"curies":[{"name":"wp","href":"https:\/\/api.w.org\/{rel}","templated":true}]}}