{"id":578,"date":"2023-11-21T12:27:02","date_gmt":"2023-11-21T15:27:02","guid":{"rendered":"https:\/\/sodre.gub.uy\/espectaculos\/?post_type=espectaculo&#038;p=578"},"modified":"2024-04-04T09:55:15","modified_gmt":"2024-04-04T12:55:15","slug":"latinoamerica-coral","status":"publish","type":"espectaculo","link":"https:\/\/sodre.gub.uy\/espectaculos\/latinoamerica-coral\/","title":{"rendered":"Latinoam\u00e9rica Coral"},"content":{"rendered":"<div class=\"wpb-content-wrapper\"><p>[vc_section el_class=\u00bbcontent&#8211;espectaculo\u00bb][vc_row el_class=\u00bbcyg&#8211;descripcion\u00bb][vc_column][vc_column_text]Am\u00e9rica Latina, rica en paisajes naturales que van desde las tierras fr\u00edas del sur argentino\u2013chileno hasta los c\u00e1lidos territorios de Centroam\u00e9rica, ha inspirado a numerosos artistas. Los contrastes entre selva y desierto, cordillera y llano, han dado origen a costumbres, rituales y modos de vida plasmados en obras art\u00edsticas. Se homenajea esta rica tradici\u00f3n coral latinoamericana interpretando obras de autores como Ginastera, Guastavino, Tosar, Villalobos, entre otros.<\/p>\n<p>&nbsp;<\/p>\n<p><strong>Programa<\/strong><\/p>\n<p><strong>Carlos Guastavino<\/strong> (Santa Fe, 1912 \u2013 ib\u00eddem, 2000)<br \/>\n<strong>Indianas 2<\/strong><\/p>\n<p><strong>Eduardo Fabini<\/strong> (Sol\u00eds de Mataojo, 1882 \u2013 Montevideo, 1950)<br \/>\n<strong>El arroyo<\/strong><\/p>\n<p><strong>H\u00e9ctor Tosar<\/strong> (Montevideo, 1923 \u2013 ib\u00eddem, 2002)<br \/>\n<strong>T\u00fa estabas como un cedro<\/strong><br \/>\n<strong>T\u00fa sonr\u00edes<\/strong><\/p>\n<p><strong>Beatriz Corona<\/strong> (n. La Habana, 1962)<br \/>\n<strong>Penas<\/strong> (sobre un poema de Jos\u00e9 Mart\u00ed)<br \/>\n<strong>Coraz\u00f3n coraza<\/strong> (sobre un poema de Mario Benedetti)<\/p>\n<p><strong>Heitor Villa\u2013Lobos<\/strong> (R\u00edo de Janeiro, 1887 \u2013 ib\u00eddem, 1959)<br \/>\n<strong>Bendita Sabedoria<\/strong><\/p>\n<ol style=\"list-style-type: upper-roman\">\n<li>Sapientia foris predicat<\/li>\n<li>Vas pretiosum labia scientiae<\/li>\n<li>Principium sapientiae<\/li>\n<li>Vir sapiens fortis est<\/li>\n<li>Beatus homo invenit sapientiam<\/li>\n<li>Dexeteram tuam<\/li>\n<\/ol>\n<p><strong>Carlos Guastavino<\/strong><br \/>\n<strong>Indianas 1<\/strong>[\/vc_column_text][vc_empty_space height=\u00bb30px\u00bb el_class=\u00bbcyg&#8211;espacio-30&#8243;][\/vc_column][\/vc_row][vc_row el_class=\u00bbcyg&#8211;ficha\u00bb][vc_column width=\u00bb1\/2&#8243;][vc_row_inner][vc_column_inner][vc_column_text]<strong>Director:<\/strong> Esteban Louise[\/vc_column_text][vc_empty_space height=\u00bb10&#8243; el_class=\u00bbcyg&#8211;espacio-10&#8243;][\/vc_column_inner][\/vc_row_inner][vc_row_inner][vc_column_inner][vc_column_text]<strong>Pianista invitada:<\/strong> Andrea Cruz[\/vc_column_text][vc_empty_space height=\u00bb10&#8243; el_class=\u00bbcyg&#8211;espacio-10&#8243;][\/vc_column_inner][\/vc_row_inner][\/vc_column][vc_column width=\u00bb1\/2&#8243;][vc_row_inner][vc_column_inner][vc_column_text]Solistas del Coro Nacional del Sodre[\/vc_column_text][vc_empty_space height=\u00bb10&#8243; el_class=\u00bbcyg&#8211;espacio-10&#8243;][\/vc_column_inner][\/vc_row_inner][vc_row_inner][vc_column_inner][vc_column_text]M\u00fasicos invitados[\/vc_column_text][vc_empty_space height=\u00bb10&#8243; el_class=\u00bbcyg&#8211;espacio-10&#8243;][\/vc_column_inner][\/vc_row_inner][\/vc_column][\/vc_row][\/vc_section][vc_row][vc_column][vc_empty_space height=\u00bb50px\u00bb][\/vc_column][\/vc_row][vc_row][vc_column width=\u00bb1\/2&#8243;][vc_column_text]<span style=\"font-size: 10pt\"><strong>Medios de pago BROU:<\/strong><\/span><\/p>\n<p><span style=\"font-size: 10pt\">20 % de descuento abonando con tarjetas de cr\u00e9dito Visa y Mastercard Recompensa, y tarjetas de d\u00e9bito Visa y Mastercard D\u00e9bito Recompensa del Banco.<\/span><\/p>\n<p><span style=\"font-size: 10pt\">50 %\u00a0 de descuento para las tarjetas Black y Visa Platinum del Banco para todas las obras.<\/span><\/p>\n<p><span style=\"font-size: 10pt\">Tope del descuento: $1000 (por cuenta y por mes).<\/span>[\/vc_column_text][vc_empty_space height=\u00bb30px\u00bb][\/vc_column][vc_column width=\u00bb1\/2&#8243;][\/vc_column][\/vc_row][vc_row][vc_column][vc_single_image image=\u00bb1645&#8243;][\/vc_column][\/vc_row]<\/p>\n<\/div>","protected":false},"excerpt":{"rendered":"<p>Autores como Ginastera, Guastavino, Tosar, Villa Lobos, entre otros, ser\u00e1n interpretados en este homenaje a la vasta literatura coral Latinoamericana<\/p>\n","protected":false},"menu_order":0,"template":"","format":"standard","cuerpo-estable":[24],"etiqueta-espectaculo":[],"lugar":[17],"sala-espacio":[35],"acf":[],"yoast_head":"<!-- This site is optimized with the Yoast SEO plugin v21.7 - https:\/\/yoast.com\/wordpress\/plugins\/seo\/ -->\n<title>Latinoam\u00e9rica Coral - Espect\u00e1culos<\/title>\n<meta name=\"robots\" content=\"index, follow, max-snippet:-1, max-image-preview:large, max-video-preview:-1\" \/>\n<link rel=\"canonical\" href=\"https:\/\/sodre.gub.uy\/espectaculos\/latinoamerica-coral\/\" \/>\n<meta property=\"og:locale\" content=\"es_ES\" \/>\n<meta property=\"og:type\" content=\"article\" \/>\n<meta property=\"og:title\" content=\"Latinoam\u00e9rica Coral - Espect\u00e1culos\" \/>\n<meta property=\"og:description\" content=\"Autores como Ginastera, Guastavino, Tosar, Villa Lobos, entre otros, ser\u00e1n interpretados en este homenaje a la vasta literatura coral Latinoamericana\" \/>\n<meta property=\"og:url\" content=\"https:\/\/sodre.gub.uy\/espectaculos\/latinoamerica-coral\/\" \/>\n<meta property=\"og:site_name\" content=\"Espect\u00e1culos\" \/>\n<meta property=\"article:modified_time\" content=\"2024-04-04T12:55:15+00:00\" \/>\n<meta name=\"twitter:card\" content=\"summary_large_image\" \/>\n<meta name=\"twitter:label1\" content=\"Tiempo de lectura\" \/>\n\t<meta name=\"twitter:data1\" content=\"2 minutos\" \/>\n<script type=\"application\/ld+json\" class=\"yoast-schema-graph\">{\"@context\":\"https:\/\/schema.org\",\"@graph\":[{\"@type\":\"WebPage\",\"@id\":\"https:\/\/sodre.gub.uy\/espectaculos\/latinoamerica-coral\/\",\"url\":\"https:\/\/sodre.gub.uy\/espectaculos\/latinoamerica-coral\/\",\"name\":\"Latinoam\u00e9rica Coral - Espect\u00e1culos\",\"isPartOf\":{\"@id\":\"https:\/\/sodre.gub.uy\/espectaculos\/#website\"},\"datePublished\":\"2023-11-21T15:27:02+00:00\",\"dateModified\":\"2024-04-04T12:55:15+00:00\",\"inLanguage\":\"es\",\"potentialAction\":[{\"@type\":\"ReadAction\",\"target\":[\"https:\/\/sodre.gub.uy\/espectaculos\/latinoamerica-coral\/\"]}]},{\"@type\":\"WebSite\",\"@id\":\"https:\/\/sodre.gub.uy\/espectaculos\/#website\",\"url\":\"https:\/\/sodre.gub.uy\/espectaculos\/\",\"name\":\"Espect\u00e1culos\",\"description\":\"Servicio Oficial de Difusi\u00f3n, Representaciones y Espect\u00e1culos\",\"publisher\":{\"@id\":\"https:\/\/sodre.gub.uy\/espectaculos\/#organization\"},\"potentialAction\":[{\"@type\":\"SearchAction\",\"target\":{\"@type\":\"EntryPoint\",\"urlTemplate\":\"https:\/\/sodre.gub.uy\/espectaculos\/?s={search_term_string}\"},\"query-input\":\"required name=search_term_string\"}],\"inLanguage\":\"es\"},{\"@type\":\"Organization\",\"@id\":\"https:\/\/sodre.gub.uy\/espectaculos\/#organization\",\"name\":\"Espect\u00e1culos\",\"url\":\"https:\/\/sodre.gub.uy\/espectaculos\/\",\"logo\":{\"@type\":\"ImageObject\",\"inLanguage\":\"es\",\"@id\":\"https:\/\/sodre.gub.uy\/espectaculos\/#\/schema\/logo\/image\/\",\"url\":\"https:\/\/sodre.gub.uy\/espectaculos\/wp-content\/uploads\/sites\/2\/2023\/12\/logo-sodre-black.svg\",\"contentUrl\":\"https:\/\/sodre.gub.uy\/espectaculos\/wp-content\/uploads\/sites\/2\/2023\/12\/logo-sodre-black.svg\",\"caption\":\"Espect\u00e1culos\"},\"image\":{\"@id\":\"https:\/\/sodre.gub.uy\/espectaculos\/#\/schema\/logo\/image\/\"}}]}<\/script>\n<!-- \/ Yoast SEO plugin. -->","yoast_head_json":{"title":"Latinoam\u00e9rica Coral - Espect\u00e1culos","robots":{"index":"index","follow":"follow","max-snippet":"max-snippet:-1","max-image-preview":"max-image-preview:large","max-video-preview":"max-video-preview:-1"},"canonical":"https:\/\/sodre.gub.uy\/espectaculos\/latinoamerica-coral\/","og_locale":"es_ES","og_type":"article","og_title":"Latinoam\u00e9rica Coral - Espect\u00e1culos","og_description":"Autores como Ginastera, Guastavino, Tosar, Villa Lobos, entre otros, ser\u00e1n interpretados en este homenaje a la vasta literatura coral Latinoamericana","og_url":"https:\/\/sodre.gub.uy\/espectaculos\/latinoamerica-coral\/","og_site_name":"Espect\u00e1culos","article_modified_time":"2024-04-04T12:55:15+00:00","twitter_card":"summary_large_image","twitter_misc":{"Tiempo de lectura":"2 minutos"},"schema":{"@context":"https:\/\/schema.org","@graph":[{"@type":"WebPage","@id":"https:\/\/sodre.gub.uy\/espectaculos\/latinoamerica-coral\/","url":"https:\/\/sodre.gub.uy\/espectaculos\/latinoamerica-coral\/","name":"Latinoam\u00e9rica Coral - Espect\u00e1culos","isPartOf":{"@id":"https:\/\/sodre.gub.uy\/espectaculos\/#website"},"datePublished":"2023-11-21T15:27:02+00:00","dateModified":"2024-04-04T12:55:15+00:00","inLanguage":"es","potentialAction":[{"@type":"ReadAction","target":["https:\/\/sodre.gub.uy\/espectaculos\/latinoamerica-coral\/"]}]},{"@type":"WebSite","@id":"https:\/\/sodre.gub.uy\/espectaculos\/#website","url":"https:\/\/sodre.gub.uy\/espectaculos\/","name":"Espect\u00e1culos","description":"Servicio Oficial de Difusi\u00f3n, Representaciones y Espect\u00e1culos","publisher":{"@id":"https:\/\/sodre.gub.uy\/espectaculos\/#organization"},"potentialAction":[{"@type":"SearchAction","target":{"@type":"EntryPoint","urlTemplate":"https:\/\/sodre.gub.uy\/espectaculos\/?s={search_term_string}"},"query-input":"required name=search_term_string"}],"inLanguage":"es"},{"@type":"Organization","@id":"https:\/\/sodre.gub.uy\/espectaculos\/#organization","name":"Espect\u00e1culos","url":"https:\/\/sodre.gub.uy\/espectaculos\/","logo":{"@type":"ImageObject","inLanguage":"es","@id":"https:\/\/sodre.gub.uy\/espectaculos\/#\/schema\/logo\/image\/","url":"https:\/\/sodre.gub.uy\/espectaculos\/wp-content\/uploads\/sites\/2\/2023\/12\/logo-sodre-black.svg","contentUrl":"https:\/\/sodre.gub.uy\/espectaculos\/wp-content\/uploads\/sites\/2\/2023\/12\/logo-sodre-black.svg","caption":"Espect\u00e1culos"},"image":{"@id":"https:\/\/sodre.gub.uy\/espectaculos\/#\/schema\/logo\/image\/"}}]}},"_links":{"self":[{"href":"https:\/\/sodre.gub.uy\/espectaculos\/wp-json\/wp\/v2\/espectaculo\/578"}],"collection":[{"href":"https:\/\/sodre.gub.uy\/espectaculos\/wp-json\/wp\/v2\/espectaculo"}],"about":[{"href":"https:\/\/sodre.gub.uy\/espectaculos\/wp-json\/wp\/v2\/types\/espectaculo"}],"version-history":[{"count":15,"href":"https:\/\/sodre.gub.uy\/espectaculos\/wp-json\/wp\/v2\/espectaculo\/578\/revisions"}],"predecessor-version":[{"id":1938,"href":"https:\/\/sodre.gub.uy\/espectaculos\/wp-json\/wp\/v2\/espectaculo\/578\/revisions\/1938"}],"wp:attachment":[{"href":"https:\/\/sodre.gub.uy\/espectaculos\/wp-json\/wp\/v2\/media?parent=578"}],"wp:term":[{"taxonomy":"cuerpo-estable","embeddable":true,"href":"https:\/\/sodre.gub.uy\/espectaculos\/wp-json\/wp\/v2\/cuerpo-estable?post=578"},{"taxonomy":"etiqueta-espectaculo","embeddable":true,"href":"https:\/\/sodre.gub.uy\/espectaculos\/wp-json\/wp\/v2\/etiqueta-espectaculo?post=578"},{"taxonomy":"lugar","embeddable":true,"href":"https:\/\/sodre.gub.uy\/espectaculos\/wp-json\/wp\/v2\/lugar?post=578"},{"taxonomy":"sala-espacio","embeddable":true,"href":"https:\/\/sodre.gub.uy\/espectaculos\/wp-json\/wp\/v2\/sala-espacio?post=578"}],"curies":[{"name":"wp","href":"https:\/\/api.w.org\/{rel}","templated":true}]}}