{"id":5594,"date":"2024-07-25T14:12:18","date_gmt":"2024-07-25T17:12:18","guid":{"rendered":"https:\/\/sodre.gub.uy\/espectaculos\/?post_type=espectaculo&#038;p=5594"},"modified":"2024-07-25T14:12:18","modified_gmt":"2024-07-25T17:12:18","slug":"jorge-batlle-entre-el-cielo-y-el-infierno-8","status":"publish","type":"espectaculo","link":"https:\/\/sodre.gub.uy\/espectaculos\/jorge-batlle-entre-el-cielo-y-el-infierno-8\/","title":{"rendered":"Jorge Batlle entre el cielo y el infierno"},"content":{"rendered":"<div class=\"wpb-content-wrapper\"><p>[vc_section el_class=\u00bbcontent&#8211;espectaculo\u00bb][vc_row el_class=\u00bbcyg&#8211;descripcion\u00bb][vc_column][vc_column_text]<strong>Sinopsis<\/strong><\/p>\n<p>A mediados de 2002 los bancos uruguayos hab\u00edan perdido la mitad de sus dep\u00f3sitos. El desempleo, la inflaci\u00f3n y la devaluaci\u00f3n crec\u00edan a pasos agigantados. Algunos sosten\u00edan que el presidente deb\u00eda dar un paso al costado.<\/p>\n<p>Esta es la historia de un hombre que lleg\u00f3 a la presidencia a los 72 a\u00f1os, tras su quinto intento, para encontrarse con la peor crisis econ\u00f3mica de la historia del Uruguay.<\/p>\n<p>Jorge Batlle el heredero de una estirpe pol\u00edtica, due\u00f1o de un estilo peculiar, logr\u00f3 evitar el default en medio de la crisis.[\/vc_column_text][vc_empty_space height=\u00bb30px\u00bb el_class=\u00bbcyg&#8211;espacio-30&#8243;][\/vc_column][\/vc_row][vc_row el_class=\u00bbcyg&#8211;ficha\u00bb][vc_column width=\u00bb1\/2&#8243;][vc_row_inner][vc_column_inner][vc_column_text]<strong>Direcci\u00f3n:<\/strong> Federico Lemos<\/p>\n<p>&nbsp;<\/p>\n<p><strong>Duraci\u00f3n: <\/strong>90 min[\/vc_column_text][vc_empty_space height=\u00bb10&#8243; el_class=\u00bbcyg&#8211;espacio-10&#8243;][\/vc_column_inner][\/vc_row_inner][vc_row_inner][vc_column_inner][vc_column_text][\/vc_column_text][vc_empty_space height=\u00bb10&#8243; el_class=\u00bbcyg&#8211;espacio-10&#8243;][\/vc_column_inner][\/vc_row_inner][\/vc_column][vc_column width=\u00bb1\/2&#8243;][vc_row_inner][vc_column_inner][vc_column_text][\/vc_column_text][vc_empty_space height=\u00bb10&#8243; el_class=\u00bbcyg&#8211;espacio-10&#8243;][\/vc_column_inner][\/vc_row_inner][vc_row_inner][vc_column_inner][vc_column_text][\/vc_column_text][vc_empty_space height=\u00bb10&#8243; el_class=\u00bbcyg&#8211;espacio-10&#8243;][\/vc_column_inner][\/vc_row_inner][\/vc_column][\/vc_row][vc_row][vc_column][vc_empty_space height=\u00bb10px\u00bb][vc_column_text]<strong>Pol\u00edtica de menores: <\/strong>Todos pagan[\/vc_column_text][\/vc_column][\/vc_row][\/vc_section]<\/p>\n<\/div>","protected":false},"excerpt":{"rendered":"<p>El heredero de una estirpe pol\u00edtica.<\/p>\n","protected":false},"menu_order":0,"template":"","format":"standard","cuerpo-estable":[42],"etiqueta-espectaculo":[47],"lugar":[17],"sala-espacio":[36],"acf":[],"yoast_head":"<!-- This site is optimized with the Yoast SEO plugin v21.7 - https:\/\/yoast.com\/wordpress\/plugins\/seo\/ -->\n<title>Jorge Batlle entre el cielo y el infierno - Espect\u00e1culos<\/title>\n<meta name=\"description\" content=\"El heredero de una estirpe pol\u00edtica, due\u00f1o de un estilo peculiar que logr\u00f3 evitar el default en medio de la crisis\" \/>\n<meta name=\"robots\" content=\"index, follow, max-snippet:-1, max-image-preview:large, max-video-preview:-1\" \/>\n<link rel=\"canonical\" href=\"https:\/\/sodre.gub.uy\/espectaculos\/jorge-batlle-entre-el-cielo-y-el-infierno-8\/\" \/>\n<meta property=\"og:locale\" content=\"es_ES\" \/>\n<meta property=\"og:type\" content=\"article\" \/>\n<meta property=\"og:title\" content=\"Jorge Batlle entre el cielo y el infierno - Espect\u00e1culos\" \/>\n<meta property=\"og:description\" content=\"El heredero de una estirpe pol\u00edtica, due\u00f1o de un estilo peculiar que logr\u00f3 evitar el default en medio de la crisis\" \/>\n<meta property=\"og:url\" content=\"https:\/\/sodre.gub.uy\/espectaculos\/jorge-batlle-entre-el-cielo-y-el-infierno-8\/\" \/>\n<meta property=\"og:site_name\" content=\"Espect\u00e1culos\" \/>\n<meta name=\"twitter:card\" content=\"summary_large_image\" \/>\n<meta name=\"twitter:label1\" content=\"Tiempo de lectura\" \/>\n\t<meta name=\"twitter:data1\" content=\"1 minuto\" \/>\n<script type=\"application\/ld+json\" class=\"yoast-schema-graph\">{\"@context\":\"https:\/\/schema.org\",\"@graph\":[{\"@type\":\"WebPage\",\"@id\":\"https:\/\/sodre.gub.uy\/espectaculos\/jorge-batlle-entre-el-cielo-y-el-infierno-8\/\",\"url\":\"https:\/\/sodre.gub.uy\/espectaculos\/jorge-batlle-entre-el-cielo-y-el-infierno-8\/\",\"name\":\"Jorge Batlle entre el cielo y el infierno - Espect\u00e1culos\",\"isPartOf\":{\"@id\":\"https:\/\/sodre.gub.uy\/espectaculos\/#website\"},\"datePublished\":\"2024-07-25T17:12:18+00:00\",\"dateModified\":\"2024-07-25T17:12:18+00:00\",\"description\":\"El heredero de una estirpe pol\u00edtica, due\u00f1o de un estilo peculiar que logr\u00f3 evitar el default en medio de la crisis\",\"inLanguage\":\"es\",\"potentialAction\":[{\"@type\":\"ReadAction\",\"target\":[\"https:\/\/sodre.gub.uy\/espectaculos\/jorge-batlle-entre-el-cielo-y-el-infierno-8\/\"]}]},{\"@type\":\"WebSite\",\"@id\":\"https:\/\/sodre.gub.uy\/espectaculos\/#website\",\"url\":\"https:\/\/sodre.gub.uy\/espectaculos\/\",\"name\":\"Espect\u00e1culos\",\"description\":\"Servicio Oficial de Difusi\u00f3n, Representaciones y Espect\u00e1culos\",\"publisher\":{\"@id\":\"https:\/\/sodre.gub.uy\/espectaculos\/#organization\"},\"potentialAction\":[{\"@type\":\"SearchAction\",\"target\":{\"@type\":\"EntryPoint\",\"urlTemplate\":\"https:\/\/sodre.gub.uy\/espectaculos\/?s={search_term_string}\"},\"query-input\":\"required name=search_term_string\"}],\"inLanguage\":\"es\"},{\"@type\":\"Organization\",\"@id\":\"https:\/\/sodre.gub.uy\/espectaculos\/#organization\",\"name\":\"Espect\u00e1culos\",\"url\":\"https:\/\/sodre.gub.uy\/espectaculos\/\",\"logo\":{\"@type\":\"ImageObject\",\"inLanguage\":\"es\",\"@id\":\"https:\/\/sodre.gub.uy\/espectaculos\/#\/schema\/logo\/image\/\",\"url\":\"https:\/\/sodre.gub.uy\/espectaculos\/wp-content\/uploads\/sites\/2\/2023\/12\/logo-sodre-black.svg\",\"contentUrl\":\"https:\/\/sodre.gub.uy\/espectaculos\/wp-content\/uploads\/sites\/2\/2023\/12\/logo-sodre-black.svg\",\"caption\":\"Espect\u00e1culos\"},\"image\":{\"@id\":\"https:\/\/sodre.gub.uy\/espectaculos\/#\/schema\/logo\/image\/\"}}]}<\/script>\n<!-- \/ Yoast SEO plugin. -->","yoast_head_json":{"title":"Jorge Batlle entre el cielo y el infierno - Espect\u00e1culos","description":"El heredero de una estirpe pol\u00edtica, due\u00f1o de un estilo peculiar que logr\u00f3 evitar el default en medio de la crisis","robots":{"index":"index","follow":"follow","max-snippet":"max-snippet:-1","max-image-preview":"max-image-preview:large","max-video-preview":"max-video-preview:-1"},"canonical":"https:\/\/sodre.gub.uy\/espectaculos\/jorge-batlle-entre-el-cielo-y-el-infierno-8\/","og_locale":"es_ES","og_type":"article","og_title":"Jorge Batlle entre el cielo y el infierno - Espect\u00e1culos","og_description":"El heredero de una estirpe pol\u00edtica, due\u00f1o de un estilo peculiar que logr\u00f3 evitar el default en medio de la crisis","og_url":"https:\/\/sodre.gub.uy\/espectaculos\/jorge-batlle-entre-el-cielo-y-el-infierno-8\/","og_site_name":"Espect\u00e1culos","twitter_card":"summary_large_image","twitter_misc":{"Tiempo de lectura":"1 minuto"},"schema":{"@context":"https:\/\/schema.org","@graph":[{"@type":"WebPage","@id":"https:\/\/sodre.gub.uy\/espectaculos\/jorge-batlle-entre-el-cielo-y-el-infierno-8\/","url":"https:\/\/sodre.gub.uy\/espectaculos\/jorge-batlle-entre-el-cielo-y-el-infierno-8\/","name":"Jorge Batlle entre el cielo y el infierno - Espect\u00e1culos","isPartOf":{"@id":"https:\/\/sodre.gub.uy\/espectaculos\/#website"},"datePublished":"2024-07-25T17:12:18+00:00","dateModified":"2024-07-25T17:12:18+00:00","description":"El heredero de una estirpe pol\u00edtica, due\u00f1o de un estilo peculiar que logr\u00f3 evitar el default en medio de la crisis","inLanguage":"es","potentialAction":[{"@type":"ReadAction","target":["https:\/\/sodre.gub.uy\/espectaculos\/jorge-batlle-entre-el-cielo-y-el-infierno-8\/"]}]},{"@type":"WebSite","@id":"https:\/\/sodre.gub.uy\/espectaculos\/#website","url":"https:\/\/sodre.gub.uy\/espectaculos\/","name":"Espect\u00e1culos","description":"Servicio Oficial de Difusi\u00f3n, Representaciones y Espect\u00e1culos","publisher":{"@id":"https:\/\/sodre.gub.uy\/espectaculos\/#organization"},"potentialAction":[{"@type":"SearchAction","target":{"@type":"EntryPoint","urlTemplate":"https:\/\/sodre.gub.uy\/espectaculos\/?s={search_term_string}"},"query-input":"required name=search_term_string"}],"inLanguage":"es"},{"@type":"Organization","@id":"https:\/\/sodre.gub.uy\/espectaculos\/#organization","name":"Espect\u00e1culos","url":"https:\/\/sodre.gub.uy\/espectaculos\/","logo":{"@type":"ImageObject","inLanguage":"es","@id":"https:\/\/sodre.gub.uy\/espectaculos\/#\/schema\/logo\/image\/","url":"https:\/\/sodre.gub.uy\/espectaculos\/wp-content\/uploads\/sites\/2\/2023\/12\/logo-sodre-black.svg","contentUrl":"https:\/\/sodre.gub.uy\/espectaculos\/wp-content\/uploads\/sites\/2\/2023\/12\/logo-sodre-black.svg","caption":"Espect\u00e1culos"},"image":{"@id":"https:\/\/sodre.gub.uy\/espectaculos\/#\/schema\/logo\/image\/"}}]}},"_links":{"self":[{"href":"https:\/\/sodre.gub.uy\/espectaculos\/wp-json\/wp\/v2\/espectaculo\/5594"}],"collection":[{"href":"https:\/\/sodre.gub.uy\/espectaculos\/wp-json\/wp\/v2\/espectaculo"}],"about":[{"href":"https:\/\/sodre.gub.uy\/espectaculos\/wp-json\/wp\/v2\/types\/espectaculo"}],"version-history":[{"count":1,"href":"https:\/\/sodre.gub.uy\/espectaculos\/wp-json\/wp\/v2\/espectaculo\/5594\/revisions"}],"predecessor-version":[{"id":5595,"href":"https:\/\/sodre.gub.uy\/espectaculos\/wp-json\/wp\/v2\/espectaculo\/5594\/revisions\/5595"}],"wp:attachment":[{"href":"https:\/\/sodre.gub.uy\/espectaculos\/wp-json\/wp\/v2\/media?parent=5594"}],"wp:term":[{"taxonomy":"cuerpo-estable","embeddable":true,"href":"https:\/\/sodre.gub.uy\/espectaculos\/wp-json\/wp\/v2\/cuerpo-estable?post=5594"},{"taxonomy":"etiqueta-espectaculo","embeddable":true,"href":"https:\/\/sodre.gub.uy\/espectaculos\/wp-json\/wp\/v2\/etiqueta-espectaculo?post=5594"},{"taxonomy":"lugar","embeddable":true,"href":"https:\/\/sodre.gub.uy\/espectaculos\/wp-json\/wp\/v2\/lugar?post=5594"},{"taxonomy":"sala-espacio","embeddable":true,"href":"https:\/\/sodre.gub.uy\/espectaculos\/wp-json\/wp\/v2\/sala-espacio?post=5594"}],"curies":[{"name":"wp","href":"https:\/\/api.w.org\/{rel}","templated":true}]}}