{"id":4910,"date":"2024-06-06T13:22:15","date_gmt":"2024-06-06T16:22:15","guid":{"rendered":"https:\/\/sodre.gub.uy\/espectaculos\/?post_type=espectaculo&#038;p=4910"},"modified":"2024-06-06T13:22:15","modified_gmt":"2024-06-06T16:22:15","slug":"rada-la-pelicula-6","status":"publish","type":"espectaculo","link":"https:\/\/sodre.gub.uy\/espectaculos\/rada-la-pelicula-6\/","title":{"rendered":"Rada- La pel\u00edcula"},"content":{"rendered":"<div class=\"wpb-content-wrapper\"><p>[vc_section el_class=\u00bbcontent&#8211;espectaculo\u00bb][vc_row el_class=\u00bbcyg&#8211;descripcion\u00bb][vc_column][vc_column_text]<span style=\"font-style: normal;text-indent: 0px;text-transform: none;text-decoration: none;color: #333333;font-family: georgia, palatino, serif;font-size: 12pt;font-weight: 300;letter-spacing: 0.5px;text-align: left;background-color: #ffffff;float: none\">Esta es la pel\u00edcula documental que retrata la vida de uno de los artistas m\u00e1s importantes de la historia del R\u00edo de la Plata. Nacido en Uruguay en 1943, Ruben Rada se convirti\u00f3 en uno de los artistas m\u00e1s influyentes de la historia de la m\u00fasica en Latinoam\u00e9rica. M\u00fasicos de la talla de Fito Pa\u00e9z y Charly Garc\u00eda se inspiraron en Rada en el comienzo de sus carreras. \u201cEl Negro Rada\u201d como lo llaman en el mundo entero, es de origen humilde y gracias a su talento, trabajo e incre\u00edble personalidad, fue poco a poco abriendo camino y creando un legado sin igual. Fusion\u00f3 sonidos de rock, candombe, jazz, y diversos g\u00e9neros, y cre\u00f3 una identidad \u00fanica que poco a poco se volvi\u00f3 la inspiraci\u00f3n de las nuevas generaciones. Su fama y carisma lo llevaron a protagonizar series y pel\u00edculas, mientras que su m\u00fasica lo hizo recorrer el mundo y compartir escenario con las principales estrellas de la m\u00fasica Latina. Hoy con 80 a\u00f1os, su popularidad est\u00e1 en su punto m\u00e1ximo, su m\u00fasica es motivo de culto en la cultura popular Uruguaya, Argentina y Chilena, y su legado contin\u00faa creciendo d\u00eda a d\u00eda.<\/span>[\/vc_column_text][vc_empty_space height=\u00bb30px\u00bb el_class=\u00bbcyg&#8211;espacio-30&#8243;][\/vc_column][\/vc_row][vc_row el_class=\u00bbcyg&#8211;ficha\u00bb][vc_column width=\u00bb1\/2&#8243;][vc_row_inner][vc_column_inner][vc_column_text]<strong>Ficha Art\u00edstica:<\/strong><\/p>\n<p><span style=\"font-family: georgia, palatino, serif\"><strong>Direcci\u00f3n<\/strong><span style=\"font-style: normal;text-indent: 0px;text-transform: none;text-decoration: none;color: #000000;font-size: 14px;font-weight: 300;letter-spacing: 0.5px;text-align: left;background-color: #ffffff;float: none\"><strong>:<\/strong> Luis Ara<\/span><\/span>[\/vc_column_text][vc_empty_space height=\u00bb10&#8243; el_class=\u00bbcyg&#8211;espacio-10&#8243;][\/vc_column_inner][\/vc_row_inner][vc_row_inner][vc_column_inner][vc_column_text]<\/p>\n<p style=\"font-style: normal;text-indent: 0px;text-transform: none;text-decoration: none;color: #000000;font-size: 14px;font-family: 'Open Sans', sans-serif;font-weight: 300;margin-top: 0px;margin-bottom: 20px;letter-spacing: 0.5px;text-align: left\"><span style=\"font-family: georgia, palatino, serif;font-size: 12pt;color: #333333\"><b style=\"font-weight: bolder\">Uruguay, 2024, 75 min<\/b><\/span><\/p>\n<p>[\/vc_column_text][vc_empty_space height=\u00bb10&#8243; el_class=\u00bbcyg&#8211;espacio-10&#8243;][\/vc_column_inner][\/vc_row_inner][\/vc_column][vc_column width=\u00bb1\/2&#8243;][vc_row_inner][vc_column_inner][vc_column_text]<strong>Con:<\/strong><br \/>\n<span style=\"font-style: normal;text-indent: 0px;text-transform: none;text-decoration: none;color: #333333;font-family: georgia, palatino, serif;font-size: 12pt;font-weight: 300;letter-spacing: 0.5px;text-align: left;background-color: #ffffff;float: none\">Ruben Rada, Julieta Rada, Mat\u00edas Rada, Lucila Rada, Patricia Jodar, Fito Paez, Ciro Mart\u00ednez, Los aut\u00e9nticos decadentes, David Lebon, Le\u00f3n Gieco, Emiliano Brancciari, Sebasti\u00e1n Teysera, Osvaldp Fattoruso.<\/span>[\/vc_column_text][vc_empty_space height=\u00bb10&#8243; el_class=\u00bbcyg&#8211;espacio-10&#8243;][\/vc_column_inner][\/vc_row_inner][vc_row_inner][vc_column_inner][vc_empty_space height=\u00bb10&#8243; el_class=\u00bbcyg&#8211;espacio-10&#8243;][\/vc_column_inner][\/vc_row_inner][\/vc_column][\/vc_row][vc_row][vc_column][vc_empty_space height=\u00bb10px\u00bb][vc_column_text]<strong>Edad recomendada: <\/strong>Apto a todo p\u00fablico[\/vc_column_text][\/vc_column][\/vc_row][\/vc_section]<\/p>\n<\/div>","protected":false},"excerpt":{"rendered":"<p>Esta es la pel\u00edcula documental que retrata la vida de uno de los artistas m\u00e1s importantes de la historia del R\u00edo de la Plata. <\/p>\n","protected":false},"menu_order":0,"template":"","format":"standard","cuerpo-estable":[42],"etiqueta-espectaculo":[47],"lugar":[17],"sala-espacio":[36],"acf":[],"yoast_head":"<!-- This site is optimized with the Yoast SEO plugin v21.7 - https:\/\/yoast.com\/wordpress\/plugins\/seo\/ -->\n<title>Rada- La pel\u00edcula - Espect\u00e1culos<\/title>\n<meta name=\"description\" content=\"Esta es la pel\u00edcula documental que retrata la vida de uno de los artistas m\u00e1s importantes de la historia del R\u00edo de la Plata.\" \/>\n<meta name=\"robots\" content=\"index, follow, max-snippet:-1, max-image-preview:large, max-video-preview:-1\" \/>\n<link rel=\"canonical\" href=\"https:\/\/sodre.gub.uy\/espectaculos\/rada-la-pelicula-6\/\" \/>\n<meta property=\"og:locale\" content=\"es_ES\" \/>\n<meta property=\"og:type\" content=\"article\" \/>\n<meta property=\"og:title\" content=\"Rada- La pel\u00edcula - Espect\u00e1culos\" \/>\n<meta property=\"og:description\" content=\"Esta es la pel\u00edcula documental que retrata la vida de uno de los artistas m\u00e1s importantes de la historia del R\u00edo de la Plata.\" \/>\n<meta property=\"og:url\" content=\"https:\/\/sodre.gub.uy\/espectaculos\/rada-la-pelicula-6\/\" \/>\n<meta property=\"og:site_name\" content=\"Espect\u00e1culos\" \/>\n<meta name=\"twitter:card\" content=\"summary_large_image\" \/>\n<meta name=\"twitter:label1\" content=\"Tiempo de lectura\" \/>\n\t<meta name=\"twitter:data1\" content=\"2 minutos\" \/>\n<script type=\"application\/ld+json\" class=\"yoast-schema-graph\">{\"@context\":\"https:\/\/schema.org\",\"@graph\":[{\"@type\":\"WebPage\",\"@id\":\"https:\/\/sodre.gub.uy\/espectaculos\/rada-la-pelicula-6\/\",\"url\":\"https:\/\/sodre.gub.uy\/espectaculos\/rada-la-pelicula-6\/\",\"name\":\"Rada- La pel\u00edcula - Espect\u00e1culos\",\"isPartOf\":{\"@id\":\"https:\/\/sodre.gub.uy\/espectaculos\/#website\"},\"datePublished\":\"2024-06-06T16:22:15+00:00\",\"dateModified\":\"2024-06-06T16:22:15+00:00\",\"description\":\"Esta es la pel\u00edcula documental que retrata la vida de uno de los artistas m\u00e1s importantes de la historia del R\u00edo de la Plata.\",\"inLanguage\":\"es\",\"potentialAction\":[{\"@type\":\"ReadAction\",\"target\":[\"https:\/\/sodre.gub.uy\/espectaculos\/rada-la-pelicula-6\/\"]}]},{\"@type\":\"WebSite\",\"@id\":\"https:\/\/sodre.gub.uy\/espectaculos\/#website\",\"url\":\"https:\/\/sodre.gub.uy\/espectaculos\/\",\"name\":\"Espect\u00e1culos\",\"description\":\"Servicio Oficial de Difusi\u00f3n, Representaciones y Espect\u00e1culos\",\"publisher\":{\"@id\":\"https:\/\/sodre.gub.uy\/espectaculos\/#organization\"},\"potentialAction\":[{\"@type\":\"SearchAction\",\"target\":{\"@type\":\"EntryPoint\",\"urlTemplate\":\"https:\/\/sodre.gub.uy\/espectaculos\/?s={search_term_string}\"},\"query-input\":\"required name=search_term_string\"}],\"inLanguage\":\"es\"},{\"@type\":\"Organization\",\"@id\":\"https:\/\/sodre.gub.uy\/espectaculos\/#organization\",\"name\":\"Espect\u00e1culos\",\"url\":\"https:\/\/sodre.gub.uy\/espectaculos\/\",\"logo\":{\"@type\":\"ImageObject\",\"inLanguage\":\"es\",\"@id\":\"https:\/\/sodre.gub.uy\/espectaculos\/#\/schema\/logo\/image\/\",\"url\":\"https:\/\/sodre.gub.uy\/espectaculos\/wp-content\/uploads\/sites\/2\/2023\/12\/logo-sodre-black.svg\",\"contentUrl\":\"https:\/\/sodre.gub.uy\/espectaculos\/wp-content\/uploads\/sites\/2\/2023\/12\/logo-sodre-black.svg\",\"caption\":\"Espect\u00e1culos\"},\"image\":{\"@id\":\"https:\/\/sodre.gub.uy\/espectaculos\/#\/schema\/logo\/image\/\"}}]}<\/script>\n<!-- \/ Yoast SEO plugin. -->","yoast_head_json":{"title":"Rada- La pel\u00edcula - Espect\u00e1culos","description":"Esta es la pel\u00edcula documental que retrata la vida de uno de los artistas m\u00e1s importantes de la historia del R\u00edo de la Plata.","robots":{"index":"index","follow":"follow","max-snippet":"max-snippet:-1","max-image-preview":"max-image-preview:large","max-video-preview":"max-video-preview:-1"},"canonical":"https:\/\/sodre.gub.uy\/espectaculos\/rada-la-pelicula-6\/","og_locale":"es_ES","og_type":"article","og_title":"Rada- La pel\u00edcula - Espect\u00e1culos","og_description":"Esta es la pel\u00edcula documental que retrata la vida de uno de los artistas m\u00e1s importantes de la historia del R\u00edo de la Plata.","og_url":"https:\/\/sodre.gub.uy\/espectaculos\/rada-la-pelicula-6\/","og_site_name":"Espect\u00e1culos","twitter_card":"summary_large_image","twitter_misc":{"Tiempo de lectura":"2 minutos"},"schema":{"@context":"https:\/\/schema.org","@graph":[{"@type":"WebPage","@id":"https:\/\/sodre.gub.uy\/espectaculos\/rada-la-pelicula-6\/","url":"https:\/\/sodre.gub.uy\/espectaculos\/rada-la-pelicula-6\/","name":"Rada- La pel\u00edcula - Espect\u00e1culos","isPartOf":{"@id":"https:\/\/sodre.gub.uy\/espectaculos\/#website"},"datePublished":"2024-06-06T16:22:15+00:00","dateModified":"2024-06-06T16:22:15+00:00","description":"Esta es la pel\u00edcula documental que retrata la vida de uno de los artistas m\u00e1s importantes de la historia del R\u00edo de la Plata.","inLanguage":"es","potentialAction":[{"@type":"ReadAction","target":["https:\/\/sodre.gub.uy\/espectaculos\/rada-la-pelicula-6\/"]}]},{"@type":"WebSite","@id":"https:\/\/sodre.gub.uy\/espectaculos\/#website","url":"https:\/\/sodre.gub.uy\/espectaculos\/","name":"Espect\u00e1culos","description":"Servicio Oficial de Difusi\u00f3n, Representaciones y Espect\u00e1culos","publisher":{"@id":"https:\/\/sodre.gub.uy\/espectaculos\/#organization"},"potentialAction":[{"@type":"SearchAction","target":{"@type":"EntryPoint","urlTemplate":"https:\/\/sodre.gub.uy\/espectaculos\/?s={search_term_string}"},"query-input":"required name=search_term_string"}],"inLanguage":"es"},{"@type":"Organization","@id":"https:\/\/sodre.gub.uy\/espectaculos\/#organization","name":"Espect\u00e1culos","url":"https:\/\/sodre.gub.uy\/espectaculos\/","logo":{"@type":"ImageObject","inLanguage":"es","@id":"https:\/\/sodre.gub.uy\/espectaculos\/#\/schema\/logo\/image\/","url":"https:\/\/sodre.gub.uy\/espectaculos\/wp-content\/uploads\/sites\/2\/2023\/12\/logo-sodre-black.svg","contentUrl":"https:\/\/sodre.gub.uy\/espectaculos\/wp-content\/uploads\/sites\/2\/2023\/12\/logo-sodre-black.svg","caption":"Espect\u00e1culos"},"image":{"@id":"https:\/\/sodre.gub.uy\/espectaculos\/#\/schema\/logo\/image\/"}}]}},"_links":{"self":[{"href":"https:\/\/sodre.gub.uy\/espectaculos\/wp-json\/wp\/v2\/espectaculo\/4910"}],"collection":[{"href":"https:\/\/sodre.gub.uy\/espectaculos\/wp-json\/wp\/v2\/espectaculo"}],"about":[{"href":"https:\/\/sodre.gub.uy\/espectaculos\/wp-json\/wp\/v2\/types\/espectaculo"}],"version-history":[{"count":1,"href":"https:\/\/sodre.gub.uy\/espectaculos\/wp-json\/wp\/v2\/espectaculo\/4910\/revisions"}],"predecessor-version":[{"id":4911,"href":"https:\/\/sodre.gub.uy\/espectaculos\/wp-json\/wp\/v2\/espectaculo\/4910\/revisions\/4911"}],"wp:attachment":[{"href":"https:\/\/sodre.gub.uy\/espectaculos\/wp-json\/wp\/v2\/media?parent=4910"}],"wp:term":[{"taxonomy":"cuerpo-estable","embeddable":true,"href":"https:\/\/sodre.gub.uy\/espectaculos\/wp-json\/wp\/v2\/cuerpo-estable?post=4910"},{"taxonomy":"etiqueta-espectaculo","embeddable":true,"href":"https:\/\/sodre.gub.uy\/espectaculos\/wp-json\/wp\/v2\/etiqueta-espectaculo?post=4910"},{"taxonomy":"lugar","embeddable":true,"href":"https:\/\/sodre.gub.uy\/espectaculos\/wp-json\/wp\/v2\/lugar?post=4910"},{"taxonomy":"sala-espacio","embeddable":true,"href":"https:\/\/sodre.gub.uy\/espectaculos\/wp-json\/wp\/v2\/sala-espacio?post=4910"}],"curies":[{"name":"wp","href":"https:\/\/api.w.org\/{rel}","templated":true}]}}