{"id":4222,"date":"2024-04-17T13:04:04","date_gmt":"2024-04-17T16:04:04","guid":{"rendered":"https:\/\/sodre.gub.uy\/espectaculos\/?post_type=espectaculo&#038;p=4222"},"modified":"2024-04-17T13:04:04","modified_gmt":"2024-04-17T16:04:04","slug":"el-asesino-vive-en-el-21","status":"publish","type":"espectaculo","link":"https:\/\/sodre.gub.uy\/espectaculos\/el-asesino-vive-en-el-21\/","title":{"rendered":"El asesino vive en el 21"},"content":{"rendered":"<div class=\"wpb-content-wrapper\"><p>[vc_section el_class=\u00bbcontent&#8211;espectaculo\u00bb][vc_row el_class=\u00bbcyg&#8211;descripcion\u00bb][vc_column][vc_column_text]<span style=\"color: #333333;font-family: georgia, palatino, serif;font-size: 12pt;font-style: normal;font-weight: 400;letter-spacing: normal;text-align: start;text-indent: 0px;text-transform: none;background-color: #ffffff;text-decoration: none;float: none\">En Par\u00eds, en el barrio de Montmartre, act\u00faa un misterioso asesino que tiene el cinismo de dejar una tarjeta de visita sobre sus v\u00edctimas. En un mes ha asesinado ya a cuatro personas.<\/span><\/p>\n<p style=\"margin: 0px 0px 12px;padding: 0px;position: relative;font-family: Inter, sans-serif;line-height: 1.65;color: #020304;font-size: 15.008000373840332px;font-style: normal;font-weight: 400;letter-spacing: normal;text-align: start;text-indent: 0px;text-transform: none;text-decoration: none\"><span style=\"font-family: georgia, palatino, serif;font-size: 12pt;color: #333333\">Estreno: 03\/08\/1950 (Cine Central).<\/span><\/p>\n<p>\u00a0[\/vc_column_text][vc_empty_space height=\u00bb30px\u00bb el_class=\u00bbcyg&#8211;espacio-30&#8243;][\/vc_column][\/vc_row][vc_row el_class=\u00bbcyg&#8211;ficha\u00bb][vc_column width=\u00bb1\/2&#8243;][vc_row_inner][vc_column_inner][vc_column_text]<strong>Ficha Art\u00edstica:<\/strong><\/p>\n<p><span style=\"color: #333333;font-family: georgia, palatino, serif;font-size: 12pt;font-style: normal;font-weight: 400;letter-spacing: normal;text-align: start;text-indent: 0px;text-transform: none;background-color: #ffffff;text-decoration: none;float: none\"><strong>Direcci\u00f3n<\/strong>: H.G. Clouzot<br \/>\n<\/span><br style=\"margin: 0px;padding: 0px;position: relative;color: #020304;font-family: Inter, sans-serif;font-size: 15.008000373840332px;font-style: normal;font-weight: 400;letter-spacing: normal;text-align: start;text-indent: 0px;text-transform: none;text-decoration: none\" \/><span style=\"color: #333333;font-family: georgia, palatino, serif;font-size: 12pt;font-style: normal;font-weight: 400;letter-spacing: normal;text-align: start;text-indent: 0px;text-transform: none;background-color: #ffffff;text-decoration: none;float: none\"><strong>Int\u00e9rpretes<\/strong>: Pierre Fresnay, Suzy Delair, Jean Tissier, Pierre Larquey, Ren\u00e9 G\u00e9nin<\/span>[\/vc_column_text][vc_empty_space height=\u00bb10&#8243; el_class=\u00bbcyg&#8211;espacio-10&#8243;][\/vc_column_inner][\/vc_row_inner][vc_row_inner][vc_column_inner][vc_empty_space height=\u00bb10&#8243; el_class=\u00bbcyg&#8211;espacio-10&#8243;][\/vc_column_inner][\/vc_row_inner][\/vc_column][vc_column width=\u00bb1\/2&#8243;][vc_row_inner][vc_column_inner][vc_empty_space height=\u00bb10&#8243; el_class=\u00bbcyg&#8211;espacio-10&#8243;][\/vc_column_inner][\/vc_row_inner][vc_row_inner][vc_column_inner][vc_empty_space height=\u00bb10&#8243; el_class=\u00bbcyg&#8211;espacio-10&#8243;][\/vc_column_inner][\/vc_row_inner][\/vc_column][\/vc_row][vc_row][vc_column][vc_empty_space height=\u00bb10px\u00bb][\/vc_column][\/vc_row][\/vc_section]<\/p>\n<\/div>","protected":false},"excerpt":{"rendered":"<p>Un cl\u00e1sico del misterio en el cine franc\u00e9s.<\/p>\n","protected":false},"menu_order":0,"template":"","format":"standard","cuerpo-estable":[43],"etiqueta-espectaculo":[47],"lugar":[17],"sala-espacio":[36],"acf":[],"yoast_head":"<!-- This site is optimized with the Yoast SEO plugin v21.7 - https:\/\/yoast.com\/wordpress\/plugins\/seo\/ -->\n<title>El asesino vive en el 21 - Espect\u00e1culos<\/title>\n<meta name=\"description\" content=\"En Par\u00eds, en el barrio de Montmartre, act\u00faa un misterioso asesino que tiene el cinismo de dejar una tarjeta de visita sobre sus v\u00edctimas. En un mes ha asesinado ya a cuatro personas.\" \/>\n<meta name=\"robots\" content=\"index, follow, max-snippet:-1, max-image-preview:large, max-video-preview:-1\" \/>\n<link rel=\"canonical\" href=\"https:\/\/sodre.gub.uy\/espectaculos\/el-asesino-vive-en-el-21\/\" \/>\n<meta property=\"og:locale\" content=\"es_ES\" \/>\n<meta property=\"og:type\" content=\"article\" \/>\n<meta property=\"og:title\" content=\"El asesino vive en el 21 - Espect\u00e1culos\" \/>\n<meta property=\"og:description\" content=\"En Par\u00eds, en el barrio de Montmartre, act\u00faa un misterioso asesino que tiene el cinismo de dejar una tarjeta de visita sobre sus v\u00edctimas. En un mes ha asesinado ya a cuatro personas.\" \/>\n<meta property=\"og:url\" content=\"https:\/\/sodre.gub.uy\/espectaculos\/el-asesino-vive-en-el-21\/\" \/>\n<meta property=\"og:site_name\" content=\"Espect\u00e1culos\" \/>\n<meta name=\"twitter:card\" content=\"summary_large_image\" \/>\n<meta name=\"twitter:label1\" content=\"Tiempo de lectura\" \/>\n\t<meta name=\"twitter:data1\" content=\"1 minuto\" \/>\n<script type=\"application\/ld+json\" class=\"yoast-schema-graph\">{\"@context\":\"https:\/\/schema.org\",\"@graph\":[{\"@type\":\"WebPage\",\"@id\":\"https:\/\/sodre.gub.uy\/espectaculos\/el-asesino-vive-en-el-21\/\",\"url\":\"https:\/\/sodre.gub.uy\/espectaculos\/el-asesino-vive-en-el-21\/\",\"name\":\"El asesino vive en el 21 - Espect\u00e1culos\",\"isPartOf\":{\"@id\":\"https:\/\/sodre.gub.uy\/espectaculos\/#website\"},\"datePublished\":\"2024-04-17T16:04:04+00:00\",\"dateModified\":\"2024-04-17T16:04:04+00:00\",\"description\":\"En Par\u00eds, en el barrio de Montmartre, act\u00faa un misterioso asesino que tiene el cinismo de dejar una tarjeta de visita sobre sus v\u00edctimas. En un mes ha asesinado ya a cuatro personas.\",\"inLanguage\":\"es\",\"potentialAction\":[{\"@type\":\"ReadAction\",\"target\":[\"https:\/\/sodre.gub.uy\/espectaculos\/el-asesino-vive-en-el-21\/\"]}]},{\"@type\":\"WebSite\",\"@id\":\"https:\/\/sodre.gub.uy\/espectaculos\/#website\",\"url\":\"https:\/\/sodre.gub.uy\/espectaculos\/\",\"name\":\"Espect\u00e1culos\",\"description\":\"Servicio Oficial de Difusi\u00f3n, Representaciones y Espect\u00e1culos\",\"publisher\":{\"@id\":\"https:\/\/sodre.gub.uy\/espectaculos\/#organization\"},\"potentialAction\":[{\"@type\":\"SearchAction\",\"target\":{\"@type\":\"EntryPoint\",\"urlTemplate\":\"https:\/\/sodre.gub.uy\/espectaculos\/?s={search_term_string}\"},\"query-input\":\"required name=search_term_string\"}],\"inLanguage\":\"es\"},{\"@type\":\"Organization\",\"@id\":\"https:\/\/sodre.gub.uy\/espectaculos\/#organization\",\"name\":\"Espect\u00e1culos\",\"url\":\"https:\/\/sodre.gub.uy\/espectaculos\/\",\"logo\":{\"@type\":\"ImageObject\",\"inLanguage\":\"es\",\"@id\":\"https:\/\/sodre.gub.uy\/espectaculos\/#\/schema\/logo\/image\/\",\"url\":\"https:\/\/sodre.gub.uy\/espectaculos\/wp-content\/uploads\/sites\/2\/2023\/12\/logo-sodre-black.svg\",\"contentUrl\":\"https:\/\/sodre.gub.uy\/espectaculos\/wp-content\/uploads\/sites\/2\/2023\/12\/logo-sodre-black.svg\",\"caption\":\"Espect\u00e1culos\"},\"image\":{\"@id\":\"https:\/\/sodre.gub.uy\/espectaculos\/#\/schema\/logo\/image\/\"}}]}<\/script>\n<!-- \/ Yoast SEO plugin. -->","yoast_head_json":{"title":"El asesino vive en el 21 - Espect\u00e1culos","description":"En Par\u00eds, en el barrio de Montmartre, act\u00faa un misterioso asesino que tiene el cinismo de dejar una tarjeta de visita sobre sus v\u00edctimas. En un mes ha asesinado ya a cuatro personas.","robots":{"index":"index","follow":"follow","max-snippet":"max-snippet:-1","max-image-preview":"max-image-preview:large","max-video-preview":"max-video-preview:-1"},"canonical":"https:\/\/sodre.gub.uy\/espectaculos\/el-asesino-vive-en-el-21\/","og_locale":"es_ES","og_type":"article","og_title":"El asesino vive en el 21 - Espect\u00e1culos","og_description":"En Par\u00eds, en el barrio de Montmartre, act\u00faa un misterioso asesino que tiene el cinismo de dejar una tarjeta de visita sobre sus v\u00edctimas. En un mes ha asesinado ya a cuatro personas.","og_url":"https:\/\/sodre.gub.uy\/espectaculos\/el-asesino-vive-en-el-21\/","og_site_name":"Espect\u00e1culos","twitter_card":"summary_large_image","twitter_misc":{"Tiempo de lectura":"1 minuto"},"schema":{"@context":"https:\/\/schema.org","@graph":[{"@type":"WebPage","@id":"https:\/\/sodre.gub.uy\/espectaculos\/el-asesino-vive-en-el-21\/","url":"https:\/\/sodre.gub.uy\/espectaculos\/el-asesino-vive-en-el-21\/","name":"El asesino vive en el 21 - Espect\u00e1culos","isPartOf":{"@id":"https:\/\/sodre.gub.uy\/espectaculos\/#website"},"datePublished":"2024-04-17T16:04:04+00:00","dateModified":"2024-04-17T16:04:04+00:00","description":"En Par\u00eds, en el barrio de Montmartre, act\u00faa un misterioso asesino que tiene el cinismo de dejar una tarjeta de visita sobre sus v\u00edctimas. En un mes ha asesinado ya a cuatro personas.","inLanguage":"es","potentialAction":[{"@type":"ReadAction","target":["https:\/\/sodre.gub.uy\/espectaculos\/el-asesino-vive-en-el-21\/"]}]},{"@type":"WebSite","@id":"https:\/\/sodre.gub.uy\/espectaculos\/#website","url":"https:\/\/sodre.gub.uy\/espectaculos\/","name":"Espect\u00e1culos","description":"Servicio Oficial de Difusi\u00f3n, Representaciones y Espect\u00e1culos","publisher":{"@id":"https:\/\/sodre.gub.uy\/espectaculos\/#organization"},"potentialAction":[{"@type":"SearchAction","target":{"@type":"EntryPoint","urlTemplate":"https:\/\/sodre.gub.uy\/espectaculos\/?s={search_term_string}"},"query-input":"required name=search_term_string"}],"inLanguage":"es"},{"@type":"Organization","@id":"https:\/\/sodre.gub.uy\/espectaculos\/#organization","name":"Espect\u00e1culos","url":"https:\/\/sodre.gub.uy\/espectaculos\/","logo":{"@type":"ImageObject","inLanguage":"es","@id":"https:\/\/sodre.gub.uy\/espectaculos\/#\/schema\/logo\/image\/","url":"https:\/\/sodre.gub.uy\/espectaculos\/wp-content\/uploads\/sites\/2\/2023\/12\/logo-sodre-black.svg","contentUrl":"https:\/\/sodre.gub.uy\/espectaculos\/wp-content\/uploads\/sites\/2\/2023\/12\/logo-sodre-black.svg","caption":"Espect\u00e1culos"},"image":{"@id":"https:\/\/sodre.gub.uy\/espectaculos\/#\/schema\/logo\/image\/"}}]}},"_links":{"self":[{"href":"https:\/\/sodre.gub.uy\/espectaculos\/wp-json\/wp\/v2\/espectaculo\/4222"}],"collection":[{"href":"https:\/\/sodre.gub.uy\/espectaculos\/wp-json\/wp\/v2\/espectaculo"}],"about":[{"href":"https:\/\/sodre.gub.uy\/espectaculos\/wp-json\/wp\/v2\/types\/espectaculo"}],"version-history":[{"count":1,"href":"https:\/\/sodre.gub.uy\/espectaculos\/wp-json\/wp\/v2\/espectaculo\/4222\/revisions"}],"predecessor-version":[{"id":4226,"href":"https:\/\/sodre.gub.uy\/espectaculos\/wp-json\/wp\/v2\/espectaculo\/4222\/revisions\/4226"}],"wp:attachment":[{"href":"https:\/\/sodre.gub.uy\/espectaculos\/wp-json\/wp\/v2\/media?parent=4222"}],"wp:term":[{"taxonomy":"cuerpo-estable","embeddable":true,"href":"https:\/\/sodre.gub.uy\/espectaculos\/wp-json\/wp\/v2\/cuerpo-estable?post=4222"},{"taxonomy":"etiqueta-espectaculo","embeddable":true,"href":"https:\/\/sodre.gub.uy\/espectaculos\/wp-json\/wp\/v2\/etiqueta-espectaculo?post=4222"},{"taxonomy":"lugar","embeddable":true,"href":"https:\/\/sodre.gub.uy\/espectaculos\/wp-json\/wp\/v2\/lugar?post=4222"},{"taxonomy":"sala-espacio","embeddable":true,"href":"https:\/\/sodre.gub.uy\/espectaculos\/wp-json\/wp\/v2\/sala-espacio?post=4222"}],"curies":[{"name":"wp","href":"https:\/\/api.w.org\/{rel}","templated":true}]}}