{"id":4005,"date":"2023-06-09T12:38:30","date_gmt":"2023-06-09T15:38:30","guid":{"rendered":"https:\/\/sodre.gub.uy\/espectaculos\/cine-nacional-y-latinoamericano-2023-copy\/"},"modified":"2023-06-09T12:38:30","modified_gmt":"2023-06-09T15:38:30","slug":"cine-nacional-y-latinoamericano-2023-copy","status":"publish","type":"espectaculo","link":"https:\/\/sodre.gub.uy\/espectaculos\/cine-nacional-y-latinoamericano-2023-copy\/","title":{"rendered":"Cine Nacional y Latinoamericano 2023"},"content":{"rendered":"<div class=\"wpb-content-wrapper\"><p>[vc_section el_class=\u00bbcontent&#8211;espectaculo evento-auditorio-nelly-goitino\u00bb][vc_row el_class=\u00bbcyg&#8211;descripcion\u00bb]<br \/>\n\t\t\t\t\t[vc_column]<br \/>\n\t\t\t\t\t\t[vc_column_text]<\/p>\n<section>\n<h1 style=\"text-align: center;\"><span style=\"color: #000000; font-family: arial, sans-serif; font-size: large;\">Programaci\u00f3n de cine de la Sala B &#8211; Auditorio Nelly Goiti\u00f1o \u00a0\u00a0<\/span>___________________\u00a0<\/h1>\n<div>\n<div style=\"text-align: center;\">\n<div>\n<div>\n<div>\n<div>Programaci\u00f3n de cine de la Sala B del Auditorio Nelly Goiti\u00f1o\u00a0<\/div>\n<div>del jueves 16\u00a0al domingo 19 de noviembre<\/div>\n<\/div>\n<div><span style=\"color: #444444; font-family: arial, sans-serif; font-size: large;\">\u00a0<\/span><\/div>\n<div>\n<div><span style=\"color: #000000; font-size: 12pt;\"><b>Programaci\u00f3n<\/b><\/span><\/div>\n<div><span style=\"color: #444444; font-size: large;\"><span style=\"color: #444444; font-size: large;\"><span style=\"font-size: 12pt;\"><b><br clear=\"all\" \/><\/b><\/span><\/span><\/span><\/p>\n<div><b>Jueves 16<\/b><br \/>17.00 &#8211; No me rompan<br \/>19.00 &#8211; El duelo<br \/>21.00 &#8211; Carm\u00edn<\/p>\n<p><b>Viernes 17<\/b><br \/>17.00 &#8211; Norma <br \/>19.00 &#8211; Puan<br \/>21.00 &#8211; Reus II<\/p>\n<p><b>S\u00e1bado 18<\/b><br \/>17.00 &#8211; No me rompan<br \/>19.00 &#8211; El duelo<br \/>21.00 &#8211; Luz de obra<\/p>\n<p><b>Domingo 19<\/b><br \/>17.00 &#8211; Norma<br \/>19.00 &#8211; Puan<br \/>21.00 &#8211; El retrato de mi padre<\/div>\n<p>\u00a0<\/p><\/div>\n<\/div>\n<\/div>\n<div>\u00a0<\/div>\n<\/div>\n<div>\u00a0<\/div>\n<\/div>\n<div style=\"text-align: center;\"><span style=\"font-size: 14pt;\"><strong><a href=\"https:\/\/tickantel.com.uy\/inicio\/buscar?2&amp;texto=cine\" target=\"_blank\" rel=\"noopener noreferrer\">COMPRAR ENTRADAS<\/a><\/strong><\/span><\/div>\n<div style=\"text-align: center;\">\u00a0<\/div>\n<div style=\"text-align: center;\">\u00a0\u00a0<\/div>\n<div style=\"text-align: center;\">\u00a0<\/div>\n<\/div>\n<\/section>\n<p>\t\t\t\t\t\t[\/vc_column_text]<br \/>\n\t\t\t\t\t\t[vc_empty_space height=\u00bb30px\u00bb el_class=\u00bbcyg&#8211;espacio-30&#8243;]<br \/>\n\t\t\t\t\t[\/vc_column]<br \/>\n\t\t\t\t[\/vc_row][vc_row el_class=\u00bbcyg&#8211;ficha\u00bb]<br \/>\n\t\t\t\t\t[vc_column]<br \/>\n\t\t\t\t\t[vc_column_text]<\/p>\n<section><\/section>\n<p>\t\t\t\t\t[\/vc_column_text]<br \/>\n\t\t\t\t\t[\/vc_column]<br \/>\n\t\t\t\t[\/vc_row][\/vc_section]<\/p>\n<\/div>","protected":false},"excerpt":{"rendered":"<p>[vc_section el_class=\u00bbcontent&#8211;espectaculo evento-auditorio-nelly-goitino\u00bb][vc_row el_class=\u00bbcyg&#8211;descripcion\u00bb] [vc_column] [vc_column_text] Programaci\u00f3n de cine de la Sala B &#8211; Auditorio Nelly Goiti\u00f1o \u00a0\u00a0___________________\u00a0 Programaci\u00f3n de cine de la Sala B del Auditorio Nelly Goiti\u00f1o\u00a0 del jueves 16\u00a0al domingo 19 de noviembre \u00a0 Programaci\u00f3n Jueves 1617.00 &#8211; No me rompan19.00 &#8211; El duelo21.00 &#8211; Carm\u00edn Viernes 1717.00 &#8211; Norma 19.00 &#8211; [&hellip;]<\/p>\n","protected":false},"menu_order":0,"template":"","format":"standard","cuerpo-estable":[],"etiqueta-espectaculo":[],"lugar":[17],"sala-espacio":[36],"acf":[],"yoast_head":"<!-- This site is optimized with the Yoast SEO plugin v21.7 - https:\/\/yoast.com\/wordpress\/plugins\/seo\/ -->\n<title>Cine Nacional y Latinoamericano 2023 - Espect\u00e1culos<\/title>\n<meta name=\"robots\" content=\"index, follow, max-snippet:-1, max-image-preview:large, max-video-preview:-1\" \/>\n<link rel=\"canonical\" href=\"https:\/\/sodre.gub.uy\/espectaculos\/cine-nacional-y-latinoamericano-2023-copy\/\" \/>\n<meta property=\"og:locale\" content=\"es_ES\" \/>\n<meta property=\"og:type\" content=\"article\" \/>\n<meta property=\"og:title\" content=\"Cine Nacional y Latinoamericano 2023 - Espect\u00e1culos\" \/>\n<meta property=\"og:description\" content=\"[vc_section el_class=\u00bbcontent&#8211;espectaculo evento-auditorio-nelly-goitino\u00bb][vc_row el_class=\u00bbcyg&#8211;descripcion\u00bb] [vc_column] [vc_column_text] Programaci\u00f3n de cine de la Sala B &#8211; Auditorio Nelly Goiti\u00f1o \u00a0\u00a0___________________\u00a0 Programaci\u00f3n de cine de la Sala B del Auditorio Nelly Goiti\u00f1o\u00a0 del jueves 16\u00a0al domingo 19 de noviembre \u00a0 Programaci\u00f3n Jueves 1617.00 &#8211; No me rompan19.00 &#8211; El duelo21.00 &#8211; Carm\u00edn Viernes 1717.00 &#8211; Norma 19.00 &#8211; [&hellip;]\" \/>\n<meta property=\"og:url\" content=\"https:\/\/sodre.gub.uy\/espectaculos\/cine-nacional-y-latinoamericano-2023-copy\/\" \/>\n<meta property=\"og:site_name\" content=\"Espect\u00e1culos\" \/>\n<meta name=\"twitter:card\" content=\"summary_large_image\" \/>\n<meta name=\"twitter:label1\" content=\"Tiempo de lectura\" \/>\n\t<meta name=\"twitter:data1\" content=\"1 minuto\" \/>\n<script type=\"application\/ld+json\" class=\"yoast-schema-graph\">{\"@context\":\"https:\/\/schema.org\",\"@graph\":[{\"@type\":\"WebPage\",\"@id\":\"https:\/\/sodre.gub.uy\/espectaculos\/cine-nacional-y-latinoamericano-2023-copy\/\",\"url\":\"https:\/\/sodre.gub.uy\/espectaculos\/cine-nacional-y-latinoamericano-2023-copy\/\",\"name\":\"Cine Nacional y Latinoamericano 2023 - Espect\u00e1culos\",\"isPartOf\":{\"@id\":\"https:\/\/sodre.gub.uy\/espectaculos\/#website\"},\"datePublished\":\"2023-06-09T15:38:30+00:00\",\"dateModified\":\"2023-06-09T15:38:30+00:00\",\"inLanguage\":\"es\",\"potentialAction\":[{\"@type\":\"ReadAction\",\"target\":[\"https:\/\/sodre.gub.uy\/espectaculos\/cine-nacional-y-latinoamericano-2023-copy\/\"]}]},{\"@type\":\"WebSite\",\"@id\":\"https:\/\/sodre.gub.uy\/espectaculos\/#website\",\"url\":\"https:\/\/sodre.gub.uy\/espectaculos\/\",\"name\":\"Espect\u00e1culos\",\"description\":\"Servicio Oficial de Difusi\u00f3n, Representaciones y Espect\u00e1culos\",\"publisher\":{\"@id\":\"https:\/\/sodre.gub.uy\/espectaculos\/#organization\"},\"potentialAction\":[{\"@type\":\"SearchAction\",\"target\":{\"@type\":\"EntryPoint\",\"urlTemplate\":\"https:\/\/sodre.gub.uy\/espectaculos\/?s={search_term_string}\"},\"query-input\":\"required name=search_term_string\"}],\"inLanguage\":\"es\"},{\"@type\":\"Organization\",\"@id\":\"https:\/\/sodre.gub.uy\/espectaculos\/#organization\",\"name\":\"Espect\u00e1culos\",\"url\":\"https:\/\/sodre.gub.uy\/espectaculos\/\",\"logo\":{\"@type\":\"ImageObject\",\"inLanguage\":\"es\",\"@id\":\"https:\/\/sodre.gub.uy\/espectaculos\/#\/schema\/logo\/image\/\",\"url\":\"https:\/\/sodre.gub.uy\/espectaculos\/wp-content\/uploads\/sites\/2\/2023\/12\/logo-sodre-black.svg\",\"contentUrl\":\"https:\/\/sodre.gub.uy\/espectaculos\/wp-content\/uploads\/sites\/2\/2023\/12\/logo-sodre-black.svg\",\"caption\":\"Espect\u00e1culos\"},\"image\":{\"@id\":\"https:\/\/sodre.gub.uy\/espectaculos\/#\/schema\/logo\/image\/\"}}]}<\/script>\n<!-- \/ Yoast SEO plugin. -->","yoast_head_json":{"title":"Cine Nacional y Latinoamericano 2023 - Espect\u00e1culos","robots":{"index":"index","follow":"follow","max-snippet":"max-snippet:-1","max-image-preview":"max-image-preview:large","max-video-preview":"max-video-preview:-1"},"canonical":"https:\/\/sodre.gub.uy\/espectaculos\/cine-nacional-y-latinoamericano-2023-copy\/","og_locale":"es_ES","og_type":"article","og_title":"Cine Nacional y Latinoamericano 2023 - Espect\u00e1culos","og_description":"[vc_section el_class=\u00bbcontent&#8211;espectaculo evento-auditorio-nelly-goitino\u00bb][vc_row el_class=\u00bbcyg&#8211;descripcion\u00bb] [vc_column] [vc_column_text] Programaci\u00f3n de cine de la Sala B &#8211; Auditorio Nelly Goiti\u00f1o \u00a0\u00a0___________________\u00a0 Programaci\u00f3n de cine de la Sala B del Auditorio Nelly Goiti\u00f1o\u00a0 del jueves 16\u00a0al domingo 19 de noviembre \u00a0 Programaci\u00f3n Jueves 1617.00 &#8211; No me rompan19.00 &#8211; El duelo21.00 &#8211; Carm\u00edn Viernes 1717.00 &#8211; Norma 19.00 &#8211; [&hellip;]","og_url":"https:\/\/sodre.gub.uy\/espectaculos\/cine-nacional-y-latinoamericano-2023-copy\/","og_site_name":"Espect\u00e1culos","twitter_card":"summary_large_image","twitter_misc":{"Tiempo de lectura":"1 minuto"},"schema":{"@context":"https:\/\/schema.org","@graph":[{"@type":"WebPage","@id":"https:\/\/sodre.gub.uy\/espectaculos\/cine-nacional-y-latinoamericano-2023-copy\/","url":"https:\/\/sodre.gub.uy\/espectaculos\/cine-nacional-y-latinoamericano-2023-copy\/","name":"Cine Nacional y Latinoamericano 2023 - Espect\u00e1culos","isPartOf":{"@id":"https:\/\/sodre.gub.uy\/espectaculos\/#website"},"datePublished":"2023-06-09T15:38:30+00:00","dateModified":"2023-06-09T15:38:30+00:00","inLanguage":"es","potentialAction":[{"@type":"ReadAction","target":["https:\/\/sodre.gub.uy\/espectaculos\/cine-nacional-y-latinoamericano-2023-copy\/"]}]},{"@type":"WebSite","@id":"https:\/\/sodre.gub.uy\/espectaculos\/#website","url":"https:\/\/sodre.gub.uy\/espectaculos\/","name":"Espect\u00e1culos","description":"Servicio Oficial de Difusi\u00f3n, Representaciones y Espect\u00e1culos","publisher":{"@id":"https:\/\/sodre.gub.uy\/espectaculos\/#organization"},"potentialAction":[{"@type":"SearchAction","target":{"@type":"EntryPoint","urlTemplate":"https:\/\/sodre.gub.uy\/espectaculos\/?s={search_term_string}"},"query-input":"required name=search_term_string"}],"inLanguage":"es"},{"@type":"Organization","@id":"https:\/\/sodre.gub.uy\/espectaculos\/#organization","name":"Espect\u00e1culos","url":"https:\/\/sodre.gub.uy\/espectaculos\/","logo":{"@type":"ImageObject","inLanguage":"es","@id":"https:\/\/sodre.gub.uy\/espectaculos\/#\/schema\/logo\/image\/","url":"https:\/\/sodre.gub.uy\/espectaculos\/wp-content\/uploads\/sites\/2\/2023\/12\/logo-sodre-black.svg","contentUrl":"https:\/\/sodre.gub.uy\/espectaculos\/wp-content\/uploads\/sites\/2\/2023\/12\/logo-sodre-black.svg","caption":"Espect\u00e1culos"},"image":{"@id":"https:\/\/sodre.gub.uy\/espectaculos\/#\/schema\/logo\/image\/"}}]}},"_links":{"self":[{"href":"https:\/\/sodre.gub.uy\/espectaculos\/wp-json\/wp\/v2\/espectaculo\/4005"}],"collection":[{"href":"https:\/\/sodre.gub.uy\/espectaculos\/wp-json\/wp\/v2\/espectaculo"}],"about":[{"href":"https:\/\/sodre.gub.uy\/espectaculos\/wp-json\/wp\/v2\/types\/espectaculo"}],"version-history":[{"count":0,"href":"https:\/\/sodre.gub.uy\/espectaculos\/wp-json\/wp\/v2\/espectaculo\/4005\/revisions"}],"wp:attachment":[{"href":"https:\/\/sodre.gub.uy\/espectaculos\/wp-json\/wp\/v2\/media?parent=4005"}],"wp:term":[{"taxonomy":"cuerpo-estable","embeddable":true,"href":"https:\/\/sodre.gub.uy\/espectaculos\/wp-json\/wp\/v2\/cuerpo-estable?post=4005"},{"taxonomy":"etiqueta-espectaculo","embeddable":true,"href":"https:\/\/sodre.gub.uy\/espectaculos\/wp-json\/wp\/v2\/etiqueta-espectaculo?post=4005"},{"taxonomy":"lugar","embeddable":true,"href":"https:\/\/sodre.gub.uy\/espectaculos\/wp-json\/wp\/v2\/lugar?post=4005"},{"taxonomy":"sala-espacio","embeddable":true,"href":"https:\/\/sodre.gub.uy\/espectaculos\/wp-json\/wp\/v2\/sala-espacio?post=4005"}],"curies":[{"name":"wp","href":"https:\/\/api.w.org\/{rel}","templated":true}]}}