{"id":398,"date":"2023-11-20T16:19:51","date_gmt":"2023-11-20T19:19:51","guid":{"rendered":"https:\/\/sodre.gub.uy\/espectaculos\/?post_type=espectaculo&#038;p=398"},"modified":"2024-04-03T12:10:51","modified_gmt":"2024-04-03T15:10:51","slug":"bohemian-rhapsody-in-blue","status":"publish","type":"espectaculo","link":"https:\/\/sodre.gub.uy\/espectaculos\/bohemian-rhapsody-in-blue\/","title":{"rendered":"Bohemian Rhapsody in blue"},"content":{"rendered":"<div class=\"wpb-content-wrapper\"><p>[vc_section el_class=\u00bbcontent&#8211;espectaculo\u00bb][vc_row el_class=\u00bbcyg&#8211;descripcion\u00bb][vc_column][vc_column_text]El concierto inicia con El Moldava de Smetana que evoca orquestalmente los sonidos del r\u00edo checo. Luego, la esencia del jazz se manifiesta a trav\u00e9s de Rhapsody <em>in Blue<\/em> de Gershwin y, a la vez, en La Primera Sinfon\u00eda de Martin\u016f que explora de manera intrigante las posibilidades sonoras de la Orquesta.<\/p>\n<p>&nbsp;<\/p>\n<p><strong>Programa<\/strong><\/p>\n<p><strong>Bed\u0159ich Smetana<\/strong> (Litomy\u0161l, Bohemia, 1824 \u2013 Praga, 1884)<br \/>\n<em><strong>El Moldava<\/strong><\/em><\/p>\n<p><strong>George Gershwin<\/strong> (New York, 1898 \u2013 California, 1937)<br \/>\n<em><strong>Rhapsody in blue<\/strong><\/em> (orquestaci\u00f3n: Ferde Grof\u00e9)<br \/>\nCIRO FODERE<\/p>\n<p>Editor original: Schott Music. Representante exclusivo Barry Editorial<br \/>\n(www.barryeditorial.com.ar)<\/p>\n<p>&nbsp;<\/p>\n<p>INTERVALO DE 15 MINUTOS<\/p>\n<p>&nbsp;<\/p>\n<p><strong>Bohuslav Martin\u016f<\/strong> (Poli\u010dka, 1890 \u2013 Liestal, 1959)<br \/>\n<em><strong>Sinfon\u00eda N.\u00b0 1, H.289<\/strong><\/em><br \/>\nI. Moderato<br \/>\nII. Scherzo: Allegro \u2013 Trio<br \/>\nIII. Largo<br \/>\nIV. Allegro non troppo<\/p>\n<p>Editor original: Boosey &amp; Hawkes. Representante exclusivo Barry Editorial<br \/>\n(www.barryeditorial.com.ar)[\/vc_column_text][vc_empty_space height=\u00bb30px\u00bb el_class=\u00bbcyg&#8211;espacio-30&#8243;][\/vc_column][\/vc_row][vc_row el_class=\u00bbcyg&#8211;ficha\u00bb][vc_column width=\u00bb1\/2&#8243;][vc_row_inner][vc_column_inner][vc_column_text]<strong>Direcci\u00f3n:<\/strong> Nicolas Rauss[\/vc_column_text][vc_empty_space height=\u00bb10&#8243; el_class=\u00bbcyg&#8211;espacio-10&#8243;][\/vc_column_inner][\/vc_row_inner][vc_row_inner][vc_column_inner][vc_column_text]<strong>Solista invitado:<\/strong> Ciro Fodere, piano[\/vc_column_text][vc_empty_space height=\u00bb10&#8243; el_class=\u00bbcyg&#8211;espacio-10&#8243;][\/vc_column_inner][\/vc_row_inner][\/vc_column][vc_column width=\u00bb1\/2&#8243;][\/vc_column][\/vc_row][vc_row][vc_column][vc_empty_space height=\u00bb10px\u00bb][vc_column_text]<strong>Edad recomendada: <\/strong>A partir de 3 a\u00f1os[\/vc_column_text][\/vc_column][\/vc_row][\/vc_section]<\/p>\n<\/div>","protected":false},"excerpt":{"rendered":"<p> Dos destacados m\u00fasicos checos y el renombrado compositor estadounidense Gershwin integran este programa<\/p>\n","protected":false},"menu_order":0,"template":"","format":"standard","cuerpo-estable":[23],"etiqueta-espectaculo":[],"lugar":[16],"sala-espacio":[30],"acf":[],"yoast_head":"<!-- This site is optimized with the Yoast SEO plugin v21.7 - https:\/\/yoast.com\/wordpress\/plugins\/seo\/ -->\n<title>Bohemian Rhapsody in blue - Espect\u00e1culos<\/title>\n<meta name=\"robots\" content=\"index, follow, max-snippet:-1, max-image-preview:large, max-video-preview:-1\" \/>\n<link rel=\"canonical\" href=\"https:\/\/sodre.gub.uy\/espectaculos\/bohemian-rhapsody-in-blue\/\" \/>\n<meta property=\"og:locale\" content=\"es_ES\" \/>\n<meta property=\"og:type\" content=\"article\" \/>\n<meta property=\"og:title\" content=\"Bohemian Rhapsody in blue - Espect\u00e1culos\" \/>\n<meta property=\"og:description\" content=\"Dos destacados m\u00fasicos checos y el renombrado compositor estadounidense Gershwin integran este programa\" \/>\n<meta property=\"og:url\" content=\"https:\/\/sodre.gub.uy\/espectaculos\/bohemian-rhapsody-in-blue\/\" \/>\n<meta property=\"og:site_name\" content=\"Espect\u00e1culos\" \/>\n<meta property=\"article:modified_time\" content=\"2024-04-03T15:10:51+00:00\" \/>\n<meta name=\"twitter:card\" content=\"summary_large_image\" \/>\n<meta name=\"twitter:label1\" content=\"Tiempo de lectura\" \/>\n\t<meta name=\"twitter:data1\" content=\"1 minuto\" \/>\n<script type=\"application\/ld+json\" class=\"yoast-schema-graph\">{\"@context\":\"https:\/\/schema.org\",\"@graph\":[{\"@type\":\"WebPage\",\"@id\":\"https:\/\/sodre.gub.uy\/espectaculos\/bohemian-rhapsody-in-blue\/\",\"url\":\"https:\/\/sodre.gub.uy\/espectaculos\/bohemian-rhapsody-in-blue\/\",\"name\":\"Bohemian Rhapsody in blue - Espect\u00e1culos\",\"isPartOf\":{\"@id\":\"https:\/\/sodre.gub.uy\/espectaculos\/#website\"},\"datePublished\":\"2023-11-20T19:19:51+00:00\",\"dateModified\":\"2024-04-03T15:10:51+00:00\",\"inLanguage\":\"es\",\"potentialAction\":[{\"@type\":\"ReadAction\",\"target\":[\"https:\/\/sodre.gub.uy\/espectaculos\/bohemian-rhapsody-in-blue\/\"]}]},{\"@type\":\"WebSite\",\"@id\":\"https:\/\/sodre.gub.uy\/espectaculos\/#website\",\"url\":\"https:\/\/sodre.gub.uy\/espectaculos\/\",\"name\":\"Espect\u00e1culos\",\"description\":\"Servicio Oficial de Difusi\u00f3n, Representaciones y Espect\u00e1culos\",\"publisher\":{\"@id\":\"https:\/\/sodre.gub.uy\/espectaculos\/#organization\"},\"potentialAction\":[{\"@type\":\"SearchAction\",\"target\":{\"@type\":\"EntryPoint\",\"urlTemplate\":\"https:\/\/sodre.gub.uy\/espectaculos\/?s={search_term_string}\"},\"query-input\":\"required name=search_term_string\"}],\"inLanguage\":\"es\"},{\"@type\":\"Organization\",\"@id\":\"https:\/\/sodre.gub.uy\/espectaculos\/#organization\",\"name\":\"Espect\u00e1culos\",\"url\":\"https:\/\/sodre.gub.uy\/espectaculos\/\",\"logo\":{\"@type\":\"ImageObject\",\"inLanguage\":\"es\",\"@id\":\"https:\/\/sodre.gub.uy\/espectaculos\/#\/schema\/logo\/image\/\",\"url\":\"https:\/\/sodre.gub.uy\/espectaculos\/wp-content\/uploads\/sites\/2\/2023\/12\/logo-sodre-black.svg\",\"contentUrl\":\"https:\/\/sodre.gub.uy\/espectaculos\/wp-content\/uploads\/sites\/2\/2023\/12\/logo-sodre-black.svg\",\"caption\":\"Espect\u00e1culos\"},\"image\":{\"@id\":\"https:\/\/sodre.gub.uy\/espectaculos\/#\/schema\/logo\/image\/\"}}]}<\/script>\n<!-- \/ Yoast SEO plugin. -->","yoast_head_json":{"title":"Bohemian Rhapsody in blue - Espect\u00e1culos","robots":{"index":"index","follow":"follow","max-snippet":"max-snippet:-1","max-image-preview":"max-image-preview:large","max-video-preview":"max-video-preview:-1"},"canonical":"https:\/\/sodre.gub.uy\/espectaculos\/bohemian-rhapsody-in-blue\/","og_locale":"es_ES","og_type":"article","og_title":"Bohemian Rhapsody in blue - Espect\u00e1culos","og_description":"Dos destacados m\u00fasicos checos y el renombrado compositor estadounidense Gershwin integran este programa","og_url":"https:\/\/sodre.gub.uy\/espectaculos\/bohemian-rhapsody-in-blue\/","og_site_name":"Espect\u00e1culos","article_modified_time":"2024-04-03T15:10:51+00:00","twitter_card":"summary_large_image","twitter_misc":{"Tiempo de lectura":"1 minuto"},"schema":{"@context":"https:\/\/schema.org","@graph":[{"@type":"WebPage","@id":"https:\/\/sodre.gub.uy\/espectaculos\/bohemian-rhapsody-in-blue\/","url":"https:\/\/sodre.gub.uy\/espectaculos\/bohemian-rhapsody-in-blue\/","name":"Bohemian Rhapsody in blue - Espect\u00e1culos","isPartOf":{"@id":"https:\/\/sodre.gub.uy\/espectaculos\/#website"},"datePublished":"2023-11-20T19:19:51+00:00","dateModified":"2024-04-03T15:10:51+00:00","inLanguage":"es","potentialAction":[{"@type":"ReadAction","target":["https:\/\/sodre.gub.uy\/espectaculos\/bohemian-rhapsody-in-blue\/"]}]},{"@type":"WebSite","@id":"https:\/\/sodre.gub.uy\/espectaculos\/#website","url":"https:\/\/sodre.gub.uy\/espectaculos\/","name":"Espect\u00e1culos","description":"Servicio Oficial de Difusi\u00f3n, Representaciones y Espect\u00e1culos","publisher":{"@id":"https:\/\/sodre.gub.uy\/espectaculos\/#organization"},"potentialAction":[{"@type":"SearchAction","target":{"@type":"EntryPoint","urlTemplate":"https:\/\/sodre.gub.uy\/espectaculos\/?s={search_term_string}"},"query-input":"required name=search_term_string"}],"inLanguage":"es"},{"@type":"Organization","@id":"https:\/\/sodre.gub.uy\/espectaculos\/#organization","name":"Espect\u00e1culos","url":"https:\/\/sodre.gub.uy\/espectaculos\/","logo":{"@type":"ImageObject","inLanguage":"es","@id":"https:\/\/sodre.gub.uy\/espectaculos\/#\/schema\/logo\/image\/","url":"https:\/\/sodre.gub.uy\/espectaculos\/wp-content\/uploads\/sites\/2\/2023\/12\/logo-sodre-black.svg","contentUrl":"https:\/\/sodre.gub.uy\/espectaculos\/wp-content\/uploads\/sites\/2\/2023\/12\/logo-sodre-black.svg","caption":"Espect\u00e1culos"},"image":{"@id":"https:\/\/sodre.gub.uy\/espectaculos\/#\/schema\/logo\/image\/"}}]}},"_links":{"self":[{"href":"https:\/\/sodre.gub.uy\/espectaculos\/wp-json\/wp\/v2\/espectaculo\/398"}],"collection":[{"href":"https:\/\/sodre.gub.uy\/espectaculos\/wp-json\/wp\/v2\/espectaculo"}],"about":[{"href":"https:\/\/sodre.gub.uy\/espectaculos\/wp-json\/wp\/v2\/types\/espectaculo"}],"version-history":[{"count":23,"href":"https:\/\/sodre.gub.uy\/espectaculos\/wp-json\/wp\/v2\/espectaculo\/398\/revisions"}],"predecessor-version":[{"id":1902,"href":"https:\/\/sodre.gub.uy\/espectaculos\/wp-json\/wp\/v2\/espectaculo\/398\/revisions\/1902"}],"wp:attachment":[{"href":"https:\/\/sodre.gub.uy\/espectaculos\/wp-json\/wp\/v2\/media?parent=398"}],"wp:term":[{"taxonomy":"cuerpo-estable","embeddable":true,"href":"https:\/\/sodre.gub.uy\/espectaculos\/wp-json\/wp\/v2\/cuerpo-estable?post=398"},{"taxonomy":"etiqueta-espectaculo","embeddable":true,"href":"https:\/\/sodre.gub.uy\/espectaculos\/wp-json\/wp\/v2\/etiqueta-espectaculo?post=398"},{"taxonomy":"lugar","embeddable":true,"href":"https:\/\/sodre.gub.uy\/espectaculos\/wp-json\/wp\/v2\/lugar?post=398"},{"taxonomy":"sala-espacio","embeddable":true,"href":"https:\/\/sodre.gub.uy\/espectaculos\/wp-json\/wp\/v2\/sala-espacio?post=398"}],"curies":[{"name":"wp","href":"https:\/\/api.w.org\/{rel}","templated":true}]}}