{"id":3905,"date":"2022-11-17T13:52:20","date_gmt":"2022-11-17T16:52:20","guid":{"rendered":"https:\/\/sodre.gub.uy\/espectaculos\/nuestra-raices-europeas\/"},"modified":"2022-11-17T13:52:20","modified_gmt":"2022-11-17T16:52:20","slug":"nuestra-raices-europeas","status":"publish","type":"espectaculo","link":"https:\/\/sodre.gub.uy\/espectaculos\/nuestra-raices-europeas\/","title":{"rendered":"Nuestra ra\u00edces europeas"},"content":{"rendered":"<div class=\"wpb-content-wrapper\"><p>[vc_section el_class=\u00bbcontent&#8211;espectaculo evento-auditorio-nelly-goitino\u00bb][vc_row el_class=\u00bbcyg&#8211;descripcion\u00bb]<br \/>\n\t\t\t\t\t[vc_column]<br \/>\n\t\t\t\t\t\t[vc_column_text]<\/p>\n<section>\n<p><strong>Programa<\/strong><\/p>\n<p>Felix Mendelssohn<br \/>Sechs Duet, Op. 63 (Seis d\u00faos)<br \/>1. Ich wollt&#8217;, meine Lieb&#8217; erg\u00f6sse sich (Heinrich Heine)<br \/>2. Abschiedslied der Zugv\u00f6gel (Hoffmann von Fallersleben)<br \/>3. Gru\u00df (Josef v. Eichendorff)<br \/>4. Herbstlied (Klingemann)<br \/>5. Volkslied (Robert Burns)<br \/>6. Maigl\u00f6ckchen und die Bl\u00fcmelein (Hoffmann v. Fallersleben).<br \/>Op. 38 &#8211; Canci\u00f3n sin palabras N\u00b0 1 (piano)<br \/>Johannes Brahms<br \/>Op. 43 N\u00b0 1 \u2013 Von ewiger Liebe (Holm-Cruz)<br \/>Gioachino Rossini<br \/>La Promessa (Canci\u00f3n) (Berardi-Cruz)<br \/>Franz Peter Schubert<br \/>D 338 &#8211; An den Fr\u00fchling (Holm-Cruz)<\/p>\n<p>6 7<br \/>G. Rossini<br \/>La pastorella delle Alpi (Tirolesa) (Berardi-Cruz)<br \/>F. Schubert<br \/>Op. 72 D 774 &#8211; Auf dem Wasser zu singen (Holm-Cruz) .<br \/>G. Rossini<br \/>La Danza (tarantela napolitana) (Berardi-Cruz)<br \/>J. Brahms &#8211; Op. 118 N\u00b0 2 (Cruz)<br \/>D\u00faos italianos de c\u00e1mara<br \/>G. Rossini<br \/>La Pesca<br \/>La regata veneciana<br \/>Duetto buffo di due gatti<br \/>G. Donizetti<br \/>I bevitori<\/p>\n<p><strong>Integrantes:<\/strong> Stephanie Holm, Flavia Berardi, Andrea Cruz Fostik<\/p>\n<p>\u00a0<\/p>\n<p style=\"text-align: center;\"><span style=\"font-size: 14pt;\"><strong><a href=\"https:\/\/tickantel.com.uy\/inicio\/espectaculo\/40012986\/espectaculo\/Temporada%20de%20M\u00fasica%20de%20C\u00e1mara?1\">COMPRAR ENTRADA<\/a><\/strong><\/span><\/p>\n<\/section>\n<p>\t\t\t\t\t\t[\/vc_column_text]<br \/>\n\t\t\t\t\t\t[vc_empty_space height=\u00bb30px\u00bb el_class=\u00bbcyg&#8211;espacio-30&#8243;]<br \/>\n\t\t\t\t\t[\/vc_column]<br \/>\n\t\t\t\t[\/vc_row][vc_row el_class=\u00bbcyg&#8211;ficha\u00bb]<br \/>\n\t\t\t\t\t[vc_column]<br \/>\n\t\t\t\t\t[vc_column_text]<\/p>\n<section><\/section>\n<p>\t\t\t\t\t[\/vc_column_text]<br \/>\n\t\t\t\t\t[\/vc_column]<br \/>\n\t\t\t\t[\/vc_row][\/vc_section]<\/p>\n<\/div>","protected":false},"excerpt":{"rendered":"<p>[vc_section el_class=\u00bbcontent&#8211;espectaculo evento-auditorio-nelly-goitino\u00bb][vc_row el_class=\u00bbcyg&#8211;descripcion\u00bb] [vc_column] [vc_column_text] Programa Felix MendelssohnSechs Duet, Op. 63 (Seis d\u00faos)1. Ich wollt&#8217;, meine Lieb&#8217; erg\u00f6sse sich (Heinrich Heine)2. Abschiedslied der Zugv\u00f6gel (Hoffmann von Fallersleben)3. Gru\u00df (Josef v. Eichendorff)4. Herbstlied (Klingemann)5. Volkslied (Robert Burns)6. Maigl\u00f6ckchen und die Bl\u00fcmelein (Hoffmann v. Fallersleben).Op. 38 &#8211; Canci\u00f3n sin palabras N\u00b0 1 (piano)Johannes BrahmsOp. 43 N\u00b0 [&hellip;]<\/p>\n","protected":false},"menu_order":0,"template":"","format":"standard","cuerpo-estable":[],"etiqueta-espectaculo":[],"lugar":[18],"sala-espacio":[],"acf":[],"yoast_head":"<!-- This site is optimized with the Yoast SEO plugin v21.7 - https:\/\/yoast.com\/wordpress\/plugins\/seo\/ -->\n<title>Nuestra ra\u00edces europeas - Espect\u00e1culos<\/title>\n<meta name=\"robots\" content=\"index, follow, max-snippet:-1, max-image-preview:large, max-video-preview:-1\" \/>\n<link rel=\"canonical\" href=\"https:\/\/sodre.gub.uy\/espectaculos\/nuestra-raices-europeas\/\" \/>\n<meta property=\"og:locale\" content=\"es_ES\" \/>\n<meta property=\"og:type\" content=\"article\" \/>\n<meta property=\"og:title\" content=\"Nuestra ra\u00edces europeas - Espect\u00e1culos\" \/>\n<meta property=\"og:description\" content=\"[vc_section el_class=\u00bbcontent&#8211;espectaculo evento-auditorio-nelly-goitino\u00bb][vc_row el_class=\u00bbcyg&#8211;descripcion\u00bb] [vc_column] [vc_column_text] Programa Felix MendelssohnSechs Duet, Op. 63 (Seis d\u00faos)1. Ich wollt&#8217;, meine Lieb&#8217; erg\u00f6sse sich (Heinrich Heine)2. Abschiedslied der Zugv\u00f6gel (Hoffmann von Fallersleben)3. Gru\u00df (Josef v. Eichendorff)4. Herbstlied (Klingemann)5. Volkslied (Robert Burns)6. Maigl\u00f6ckchen und die Bl\u00fcmelein (Hoffmann v. Fallersleben).Op. 38 &#8211; Canci\u00f3n sin palabras N\u00b0 1 (piano)Johannes BrahmsOp. 43 N\u00b0 [&hellip;]\" \/>\n<meta property=\"og:url\" content=\"https:\/\/sodre.gub.uy\/espectaculos\/nuestra-raices-europeas\/\" \/>\n<meta property=\"og:site_name\" content=\"Espect\u00e1culos\" \/>\n<meta name=\"twitter:card\" content=\"summary_large_image\" \/>\n<meta name=\"twitter:label1\" content=\"Tiempo de lectura\" \/>\n\t<meta name=\"twitter:data1\" content=\"1 minuto\" \/>\n<script type=\"application\/ld+json\" class=\"yoast-schema-graph\">{\"@context\":\"https:\/\/schema.org\",\"@graph\":[{\"@type\":\"WebPage\",\"@id\":\"https:\/\/sodre.gub.uy\/espectaculos\/nuestra-raices-europeas\/\",\"url\":\"https:\/\/sodre.gub.uy\/espectaculos\/nuestra-raices-europeas\/\",\"name\":\"Nuestra ra\u00edces europeas - Espect\u00e1culos\",\"isPartOf\":{\"@id\":\"https:\/\/sodre.gub.uy\/espectaculos\/#website\"},\"datePublished\":\"2022-11-17T16:52:20+00:00\",\"dateModified\":\"2022-11-17T16:52:20+00:00\",\"inLanguage\":\"es\",\"potentialAction\":[{\"@type\":\"ReadAction\",\"target\":[\"https:\/\/sodre.gub.uy\/espectaculos\/nuestra-raices-europeas\/\"]}]},{\"@type\":\"WebSite\",\"@id\":\"https:\/\/sodre.gub.uy\/espectaculos\/#website\",\"url\":\"https:\/\/sodre.gub.uy\/espectaculos\/\",\"name\":\"Espect\u00e1culos\",\"description\":\"Servicio Oficial de Difusi\u00f3n, Representaciones y Espect\u00e1culos\",\"publisher\":{\"@id\":\"https:\/\/sodre.gub.uy\/espectaculos\/#organization\"},\"potentialAction\":[{\"@type\":\"SearchAction\",\"target\":{\"@type\":\"EntryPoint\",\"urlTemplate\":\"https:\/\/sodre.gub.uy\/espectaculos\/?s={search_term_string}\"},\"query-input\":\"required name=search_term_string\"}],\"inLanguage\":\"es\"},{\"@type\":\"Organization\",\"@id\":\"https:\/\/sodre.gub.uy\/espectaculos\/#organization\",\"name\":\"Espect\u00e1culos\",\"url\":\"https:\/\/sodre.gub.uy\/espectaculos\/\",\"logo\":{\"@type\":\"ImageObject\",\"inLanguage\":\"es\",\"@id\":\"https:\/\/sodre.gub.uy\/espectaculos\/#\/schema\/logo\/image\/\",\"url\":\"https:\/\/sodre.gub.uy\/espectaculos\/wp-content\/uploads\/sites\/2\/2023\/12\/logo-sodre-black.svg\",\"contentUrl\":\"https:\/\/sodre.gub.uy\/espectaculos\/wp-content\/uploads\/sites\/2\/2023\/12\/logo-sodre-black.svg\",\"caption\":\"Espect\u00e1culos\"},\"image\":{\"@id\":\"https:\/\/sodre.gub.uy\/espectaculos\/#\/schema\/logo\/image\/\"}}]}<\/script>\n<!-- \/ Yoast SEO plugin. -->","yoast_head_json":{"title":"Nuestra ra\u00edces europeas - Espect\u00e1culos","robots":{"index":"index","follow":"follow","max-snippet":"max-snippet:-1","max-image-preview":"max-image-preview:large","max-video-preview":"max-video-preview:-1"},"canonical":"https:\/\/sodre.gub.uy\/espectaculos\/nuestra-raices-europeas\/","og_locale":"es_ES","og_type":"article","og_title":"Nuestra ra\u00edces europeas - Espect\u00e1culos","og_description":"[vc_section el_class=\u00bbcontent&#8211;espectaculo evento-auditorio-nelly-goitino\u00bb][vc_row el_class=\u00bbcyg&#8211;descripcion\u00bb] [vc_column] [vc_column_text] Programa Felix MendelssohnSechs Duet, Op. 63 (Seis d\u00faos)1. Ich wollt&#8217;, meine Lieb&#8217; erg\u00f6sse sich (Heinrich Heine)2. Abschiedslied der Zugv\u00f6gel (Hoffmann von Fallersleben)3. Gru\u00df (Josef v. Eichendorff)4. Herbstlied (Klingemann)5. Volkslied (Robert Burns)6. Maigl\u00f6ckchen und die Bl\u00fcmelein (Hoffmann v. Fallersleben).Op. 38 &#8211; Canci\u00f3n sin palabras N\u00b0 1 (piano)Johannes BrahmsOp. 43 N\u00b0 [&hellip;]","og_url":"https:\/\/sodre.gub.uy\/espectaculos\/nuestra-raices-europeas\/","og_site_name":"Espect\u00e1culos","twitter_card":"summary_large_image","twitter_misc":{"Tiempo de lectura":"1 minuto"},"schema":{"@context":"https:\/\/schema.org","@graph":[{"@type":"WebPage","@id":"https:\/\/sodre.gub.uy\/espectaculos\/nuestra-raices-europeas\/","url":"https:\/\/sodre.gub.uy\/espectaculos\/nuestra-raices-europeas\/","name":"Nuestra ra\u00edces europeas - Espect\u00e1culos","isPartOf":{"@id":"https:\/\/sodre.gub.uy\/espectaculos\/#website"},"datePublished":"2022-11-17T16:52:20+00:00","dateModified":"2022-11-17T16:52:20+00:00","inLanguage":"es","potentialAction":[{"@type":"ReadAction","target":["https:\/\/sodre.gub.uy\/espectaculos\/nuestra-raices-europeas\/"]}]},{"@type":"WebSite","@id":"https:\/\/sodre.gub.uy\/espectaculos\/#website","url":"https:\/\/sodre.gub.uy\/espectaculos\/","name":"Espect\u00e1culos","description":"Servicio Oficial de Difusi\u00f3n, Representaciones y Espect\u00e1culos","publisher":{"@id":"https:\/\/sodre.gub.uy\/espectaculos\/#organization"},"potentialAction":[{"@type":"SearchAction","target":{"@type":"EntryPoint","urlTemplate":"https:\/\/sodre.gub.uy\/espectaculos\/?s={search_term_string}"},"query-input":"required name=search_term_string"}],"inLanguage":"es"},{"@type":"Organization","@id":"https:\/\/sodre.gub.uy\/espectaculos\/#organization","name":"Espect\u00e1culos","url":"https:\/\/sodre.gub.uy\/espectaculos\/","logo":{"@type":"ImageObject","inLanguage":"es","@id":"https:\/\/sodre.gub.uy\/espectaculos\/#\/schema\/logo\/image\/","url":"https:\/\/sodre.gub.uy\/espectaculos\/wp-content\/uploads\/sites\/2\/2023\/12\/logo-sodre-black.svg","contentUrl":"https:\/\/sodre.gub.uy\/espectaculos\/wp-content\/uploads\/sites\/2\/2023\/12\/logo-sodre-black.svg","caption":"Espect\u00e1culos"},"image":{"@id":"https:\/\/sodre.gub.uy\/espectaculos\/#\/schema\/logo\/image\/"}}]}},"_links":{"self":[{"href":"https:\/\/sodre.gub.uy\/espectaculos\/wp-json\/wp\/v2\/espectaculo\/3905"}],"collection":[{"href":"https:\/\/sodre.gub.uy\/espectaculos\/wp-json\/wp\/v2\/espectaculo"}],"about":[{"href":"https:\/\/sodre.gub.uy\/espectaculos\/wp-json\/wp\/v2\/types\/espectaculo"}],"version-history":[{"count":0,"href":"https:\/\/sodre.gub.uy\/espectaculos\/wp-json\/wp\/v2\/espectaculo\/3905\/revisions"}],"wp:attachment":[{"href":"https:\/\/sodre.gub.uy\/espectaculos\/wp-json\/wp\/v2\/media?parent=3905"}],"wp:term":[{"taxonomy":"cuerpo-estable","embeddable":true,"href":"https:\/\/sodre.gub.uy\/espectaculos\/wp-json\/wp\/v2\/cuerpo-estable?post=3905"},{"taxonomy":"etiqueta-espectaculo","embeddable":true,"href":"https:\/\/sodre.gub.uy\/espectaculos\/wp-json\/wp\/v2\/etiqueta-espectaculo?post=3905"},{"taxonomy":"lugar","embeddable":true,"href":"https:\/\/sodre.gub.uy\/espectaculos\/wp-json\/wp\/v2\/lugar?post=3905"},{"taxonomy":"sala-espacio","embeddable":true,"href":"https:\/\/sodre.gub.uy\/espectaculos\/wp-json\/wp\/v2\/sala-espacio?post=3905"}],"curies":[{"name":"wp","href":"https:\/\/api.w.org\/{rel}","templated":true}]}}