{"id":3775,"date":"2022-07-07T15:04:35","date_gmt":"2022-07-07T18:04:35","guid":{"rendered":"https:\/\/sodre.gub.uy\/espectaculos\/concierto-a-dos-claves\/"},"modified":"2022-07-07T15:04:35","modified_gmt":"2022-07-07T18:04:35","slug":"concierto-a-dos-claves","status":"publish","type":"espectaculo","link":"https:\/\/sodre.gub.uy\/espectaculos\/concierto-a-dos-claves\/","title":{"rendered":"Concierto a dos claves"},"content":{"rendered":"<div class=\"wpb-content-wrapper\"><p>[vc_section el_class=\u00bbcontent&#8211;espectaculo evento-auditorio-nelly-goitino\u00bb][vc_row el_class=\u00bbcyg&#8211;descripcion\u00bb]<br \/>\n\t\t\t\t\t[vc_column]<br \/>\n\t\t\t\t\t\t[vc_column_text]<\/p>\n<section>\n<div class=\"cmsmasters_text\">\n<p>En este concierto nuestras invitadas son Laura y Nives Dearmas, quienes interpretar\u00e1n obras de C. Schaffrath y J. S. Bach en el clave junto al CNMC.<br \/>El concierto se llevar\u00e1 a cabo en el Auditorio Vaz Ferreira, una joya entre las salas de nuestra ciudad y con una de las mejores ac\u00fasticas para la m\u00fasica de c\u00e1mara.<\/p>\n<p>\u00a0<\/p>\n<\/div>\n<div class=\"cmsmasters_text destacado\">\n<p><b>Programa<\/b><\/p>\n<p><strong><i>Johann Sebastian Bach<\/i><\/strong><\/p>\n<ul>\n<li><span data-sheets-value=\"{\" data-sheets-userformat=\"{\">Concierto para dos claves en Do menor, BWV 1062<\/span><\/li>\n<li><span data-sheets-value=\"{\" data-sheets-userformat=\"{\">Concierto para dos claves en Do mayor, BWV 1061<\/span><\/li>\n<\/ul>\n<p><span data-sheets-value=\"{\" data-sheets-userformat=\"{\"><b><i>Christoph Schaffrath<\/i><\/b><\/span><\/p>\n<ul>\n<li><span data-sheets-value=\"{\" data-sheets-userformat=\"{\">Concierto para dos claves en Do mayor<\/span><\/li>\n<\/ul>\n<p>\u00a0<\/p>\n<p style=\"text-align: center;\"><span style=\"font-size: 14pt;\"><strong><a href=\"https:\/\/tickantel.com.uy\/inicio\/espectaculo\/40010368\/espectaculo\/Concierto%20a%20dos%20claves?3\" target=\"_blank\" rel=\"noopener noreferrer\">COMPRAR ENTRADA<\/a><\/strong><\/span><\/p>\n<\/div>\n<\/section>\n<p>\t\t\t\t\t\t[\/vc_column_text]<br \/>\n\t\t\t\t\t\t[vc_empty_space height=\u00bb30px\u00bb el_class=\u00bbcyg&#8211;espacio-30&#8243;]<br \/>\n\t\t\t\t\t[\/vc_column]<br \/>\n\t\t\t\t[\/vc_row][vc_row el_class=\u00bbcyg&#8211;ficha\u00bb]<br \/>\n\t\t\t\t\t[vc_column]<br \/>\n\t\t\t\t\t[vc_column_text]<\/p>\n<section>\n<div class=\"cmsmasters_text tit-custom mt-40 mb-40\">\n<h4>FICHA ART\u00cdSTICA<\/h4>\n<\/div>\n<div class=\"cmsmasters_text ficha-col col-6\">\n<h6>Direcci\u00f3n<\/h6>\n<p><strong>Juan Cannav\u00f3<\/strong><\/p>\n<\/div>\n<div class=\"cmsmasters_text ficha-col col-6\">\n<h6>M\u00fasicos:<\/h6>\n<p><strong>Juan Sebasti\u00e1n Cannav\u00f3<\/strong>, viol\u00edn<br \/><strong>Clara Kruk<\/strong>\u00a0, viol\u00edn<br \/><strong>Stella Maris Gonz\u00e1lez<\/strong>, \u00a0viola<br \/><strong>Rodrigo Riera<\/strong>, violoncello<br \/><strong>Juan Chilindr\u00f3n<\/strong>, contrabajo<br \/><strong>Javier Toledo<\/strong>, piano<\/p>\n<\/div>\n<div class=\"cmsmasters_text ficha-col col-6\">\n<h6><strong>Solistas:<\/strong><\/h6>\n<p><strong>Laura Dearmas<\/strong>, clave<br \/><strong>Nives Dearmas<\/strong>, clave<\/p>\n<\/div>\n<div class=\"aligncenter\">\u00a0<\/div>\n<div class=\"cmsmasters_text ficha-col col-6\">\u00a0<\/div>\n<\/section>\n<p>\t\t\t\t\t[\/vc_column_text]<br \/>\n\t\t\t\t\t[\/vc_column]<br \/>\n\t\t\t\t[\/vc_row][\/vc_section]<\/p>\n<\/div>","protected":false},"excerpt":{"rendered":"<p>[vc_section el_class=\u00bbcontent&#8211;espectaculo evento-auditorio-nelly-goitino\u00bb][vc_row el_class=\u00bbcyg&#8211;descripcion\u00bb] [vc_column] [vc_column_text] En este concierto nuestras invitadas son Laura y Nives Dearmas, quienes interpretar\u00e1n obras de C. Schaffrath y J. S. Bach en el clave junto al CNMC.El concierto se llevar\u00e1 a cabo en el Auditorio Vaz Ferreira, una joya entre las salas de nuestra ciudad y con una de las [&hellip;]<\/p>\n","protected":false},"menu_order":0,"template":"","format":"standard","cuerpo-estable":[],"etiqueta-espectaculo":[],"lugar":[18],"sala-espacio":[],"acf":[],"yoast_head":"<!-- This site is optimized with the Yoast SEO plugin v21.7 - https:\/\/yoast.com\/wordpress\/plugins\/seo\/ -->\n<title>Concierto a dos claves - Espect\u00e1culos<\/title>\n<meta name=\"robots\" content=\"index, follow, max-snippet:-1, max-image-preview:large, max-video-preview:-1\" \/>\n<link rel=\"canonical\" href=\"https:\/\/sodre.gub.uy\/espectaculos\/concierto-a-dos-claves\/\" \/>\n<meta property=\"og:locale\" content=\"es_ES\" \/>\n<meta property=\"og:type\" content=\"article\" \/>\n<meta property=\"og:title\" content=\"Concierto a dos claves - Espect\u00e1culos\" \/>\n<meta property=\"og:description\" content=\"[vc_section el_class=\u00bbcontent&#8211;espectaculo evento-auditorio-nelly-goitino\u00bb][vc_row el_class=\u00bbcyg&#8211;descripcion\u00bb] [vc_column] [vc_column_text] En este concierto nuestras invitadas son Laura y Nives Dearmas, quienes interpretar\u00e1n obras de C. Schaffrath y J. S. Bach en el clave junto al CNMC.El concierto se llevar\u00e1 a cabo en el Auditorio Vaz Ferreira, una joya entre las salas de nuestra ciudad y con una de las [&hellip;]\" \/>\n<meta property=\"og:url\" content=\"https:\/\/sodre.gub.uy\/espectaculos\/concierto-a-dos-claves\/\" \/>\n<meta property=\"og:site_name\" content=\"Espect\u00e1culos\" \/>\n<meta name=\"twitter:card\" content=\"summary_large_image\" \/>\n<meta name=\"twitter:label1\" content=\"Tiempo de lectura\" \/>\n\t<meta name=\"twitter:data1\" content=\"1 minuto\" \/>\n<script type=\"application\/ld+json\" class=\"yoast-schema-graph\">{\"@context\":\"https:\/\/schema.org\",\"@graph\":[{\"@type\":\"WebPage\",\"@id\":\"https:\/\/sodre.gub.uy\/espectaculos\/concierto-a-dos-claves\/\",\"url\":\"https:\/\/sodre.gub.uy\/espectaculos\/concierto-a-dos-claves\/\",\"name\":\"Concierto a dos claves - Espect\u00e1culos\",\"isPartOf\":{\"@id\":\"https:\/\/sodre.gub.uy\/espectaculos\/#website\"},\"datePublished\":\"2022-07-07T18:04:35+00:00\",\"dateModified\":\"2022-07-07T18:04:35+00:00\",\"inLanguage\":\"es\",\"potentialAction\":[{\"@type\":\"ReadAction\",\"target\":[\"https:\/\/sodre.gub.uy\/espectaculos\/concierto-a-dos-claves\/\"]}]},{\"@type\":\"WebSite\",\"@id\":\"https:\/\/sodre.gub.uy\/espectaculos\/#website\",\"url\":\"https:\/\/sodre.gub.uy\/espectaculos\/\",\"name\":\"Espect\u00e1culos\",\"description\":\"Servicio Oficial de Difusi\u00f3n, Representaciones y Espect\u00e1culos\",\"publisher\":{\"@id\":\"https:\/\/sodre.gub.uy\/espectaculos\/#organization\"},\"potentialAction\":[{\"@type\":\"SearchAction\",\"target\":{\"@type\":\"EntryPoint\",\"urlTemplate\":\"https:\/\/sodre.gub.uy\/espectaculos\/?s={search_term_string}\"},\"query-input\":\"required name=search_term_string\"}],\"inLanguage\":\"es\"},{\"@type\":\"Organization\",\"@id\":\"https:\/\/sodre.gub.uy\/espectaculos\/#organization\",\"name\":\"Espect\u00e1culos\",\"url\":\"https:\/\/sodre.gub.uy\/espectaculos\/\",\"logo\":{\"@type\":\"ImageObject\",\"inLanguage\":\"es\",\"@id\":\"https:\/\/sodre.gub.uy\/espectaculos\/#\/schema\/logo\/image\/\",\"url\":\"https:\/\/sodre.gub.uy\/espectaculos\/wp-content\/uploads\/sites\/2\/2023\/12\/logo-sodre-black.svg\",\"contentUrl\":\"https:\/\/sodre.gub.uy\/espectaculos\/wp-content\/uploads\/sites\/2\/2023\/12\/logo-sodre-black.svg\",\"caption\":\"Espect\u00e1culos\"},\"image\":{\"@id\":\"https:\/\/sodre.gub.uy\/espectaculos\/#\/schema\/logo\/image\/\"}}]}<\/script>\n<!-- \/ Yoast SEO plugin. -->","yoast_head_json":{"title":"Concierto a dos claves - Espect\u00e1culos","robots":{"index":"index","follow":"follow","max-snippet":"max-snippet:-1","max-image-preview":"max-image-preview:large","max-video-preview":"max-video-preview:-1"},"canonical":"https:\/\/sodre.gub.uy\/espectaculos\/concierto-a-dos-claves\/","og_locale":"es_ES","og_type":"article","og_title":"Concierto a dos claves - Espect\u00e1culos","og_description":"[vc_section el_class=\u00bbcontent&#8211;espectaculo evento-auditorio-nelly-goitino\u00bb][vc_row el_class=\u00bbcyg&#8211;descripcion\u00bb] [vc_column] [vc_column_text] En este concierto nuestras invitadas son Laura y Nives Dearmas, quienes interpretar\u00e1n obras de C. Schaffrath y J. S. Bach en el clave junto al CNMC.El concierto se llevar\u00e1 a cabo en el Auditorio Vaz Ferreira, una joya entre las salas de nuestra ciudad y con una de las [&hellip;]","og_url":"https:\/\/sodre.gub.uy\/espectaculos\/concierto-a-dos-claves\/","og_site_name":"Espect\u00e1culos","twitter_card":"summary_large_image","twitter_misc":{"Tiempo de lectura":"1 minuto"},"schema":{"@context":"https:\/\/schema.org","@graph":[{"@type":"WebPage","@id":"https:\/\/sodre.gub.uy\/espectaculos\/concierto-a-dos-claves\/","url":"https:\/\/sodre.gub.uy\/espectaculos\/concierto-a-dos-claves\/","name":"Concierto a dos claves - Espect\u00e1culos","isPartOf":{"@id":"https:\/\/sodre.gub.uy\/espectaculos\/#website"},"datePublished":"2022-07-07T18:04:35+00:00","dateModified":"2022-07-07T18:04:35+00:00","inLanguage":"es","potentialAction":[{"@type":"ReadAction","target":["https:\/\/sodre.gub.uy\/espectaculos\/concierto-a-dos-claves\/"]}]},{"@type":"WebSite","@id":"https:\/\/sodre.gub.uy\/espectaculos\/#website","url":"https:\/\/sodre.gub.uy\/espectaculos\/","name":"Espect\u00e1culos","description":"Servicio Oficial de Difusi\u00f3n, Representaciones y Espect\u00e1culos","publisher":{"@id":"https:\/\/sodre.gub.uy\/espectaculos\/#organization"},"potentialAction":[{"@type":"SearchAction","target":{"@type":"EntryPoint","urlTemplate":"https:\/\/sodre.gub.uy\/espectaculos\/?s={search_term_string}"},"query-input":"required name=search_term_string"}],"inLanguage":"es"},{"@type":"Organization","@id":"https:\/\/sodre.gub.uy\/espectaculos\/#organization","name":"Espect\u00e1culos","url":"https:\/\/sodre.gub.uy\/espectaculos\/","logo":{"@type":"ImageObject","inLanguage":"es","@id":"https:\/\/sodre.gub.uy\/espectaculos\/#\/schema\/logo\/image\/","url":"https:\/\/sodre.gub.uy\/espectaculos\/wp-content\/uploads\/sites\/2\/2023\/12\/logo-sodre-black.svg","contentUrl":"https:\/\/sodre.gub.uy\/espectaculos\/wp-content\/uploads\/sites\/2\/2023\/12\/logo-sodre-black.svg","caption":"Espect\u00e1culos"},"image":{"@id":"https:\/\/sodre.gub.uy\/espectaculos\/#\/schema\/logo\/image\/"}}]}},"_links":{"self":[{"href":"https:\/\/sodre.gub.uy\/espectaculos\/wp-json\/wp\/v2\/espectaculo\/3775"}],"collection":[{"href":"https:\/\/sodre.gub.uy\/espectaculos\/wp-json\/wp\/v2\/espectaculo"}],"about":[{"href":"https:\/\/sodre.gub.uy\/espectaculos\/wp-json\/wp\/v2\/types\/espectaculo"}],"version-history":[{"count":0,"href":"https:\/\/sodre.gub.uy\/espectaculos\/wp-json\/wp\/v2\/espectaculo\/3775\/revisions"}],"wp:attachment":[{"href":"https:\/\/sodre.gub.uy\/espectaculos\/wp-json\/wp\/v2\/media?parent=3775"}],"wp:term":[{"taxonomy":"cuerpo-estable","embeddable":true,"href":"https:\/\/sodre.gub.uy\/espectaculos\/wp-json\/wp\/v2\/cuerpo-estable?post=3775"},{"taxonomy":"etiqueta-espectaculo","embeddable":true,"href":"https:\/\/sodre.gub.uy\/espectaculos\/wp-json\/wp\/v2\/etiqueta-espectaculo?post=3775"},{"taxonomy":"lugar","embeddable":true,"href":"https:\/\/sodre.gub.uy\/espectaculos\/wp-json\/wp\/v2\/lugar?post=3775"},{"taxonomy":"sala-espacio","embeddable":true,"href":"https:\/\/sodre.gub.uy\/espectaculos\/wp-json\/wp\/v2\/sala-espacio?post=3775"}],"curies":[{"name":"wp","href":"https:\/\/api.w.org\/{rel}","templated":true}]}}