{"id":3545,"date":"2021-07-01T17:55:35","date_gmt":"2021-07-01T20:55:35","guid":{"rendered":"https:\/\/sodre.gub.uy\/espectaculos\/r\/"},"modified":"2021-07-01T17:55:35","modified_gmt":"2021-07-01T20:55:35","slug":"r","status":"publish","type":"espectaculo","link":"https:\/\/sodre.gub.uy\/espectaculos\/r\/","title":{"rendered":"R\u00e9quiem Durufl\u00e9"},"content":{"rendered":"<div class=\"wpb-content-wrapper\"><p>[vc_section el_class=\u00bbcontent&#8211;espectaculo evento-auditorio-nelly-goitino\u00bb][vc_row el_class=\u00bbcyg&#8211;descripcion\u00bb]<br \/>\n\t\t\t\t\t[vc_column]<br \/>\n\t\t\t\t\t\t[vc_column_text]<\/p>\n<section>\n<p>Maurice Durufl\u00e9 fue un organista y compositor franc\u00e9s, cuya obra m\u00e1s conocida, el R\u00e9quiem Opus 9 para coro, solistas y orquesta fue estrenada en 1947. El R\u00e9quiem est\u00e1 muy influido por el canto gregoriano y por la m\u00fasica del Renacimiento.<\/p>\n<p>Es una pieza bell\u00edsima y muy importante por su cercan\u00eda con los organistas dedicados al servicio lit\u00fargico. Por su sonoridad ha trascendido ese \u00e1mbito para convertirse en una parte clave dentro del repertorio cl\u00e1sico. A pesar de ser una misa de difuntos, tiene un toque de esperanza. Conceb\u00eda esta obra como una reflexi\u00f3n sobre la forma mutable de la oraci\u00f3n cristiana y la agon\u00eda del hombre que se enfrenta al misterio de su fin \u00faltimo. En el coraz\u00f3n del lenguaje musical del R\u00e9quiem est\u00e1 la canci\u00f3n llana, espec\u00edficamente las melod\u00edas medievales de la Misa de Muertos que Durufl\u00e9 conoc\u00eda tan bien. El objetivo de Durufl\u00e9 era mantener el enfoque fluido y el\u00e1stico del ritmo caracter\u00edstico del canto, con sus constantes fluctuaciones de grupos de dos y tres.<\/p>\n<p>Direcci\u00f3n: Esteban Louise<\/p>\n<p><strong><a href=\"https:\/\/tickantel.com.uy\/inicio\/espectaculo\/40009506\/espectaculo\/R\u00e9quiem%20de%20Durufl\u00e9?2\">Comprar entrada<\/a><\/strong><\/p>\n<\/section>\n<p>\t\t\t\t\t\t[\/vc_column_text]<br \/>\n\t\t\t\t\t\t[vc_empty_space height=\u00bb30px\u00bb el_class=\u00bbcyg&#8211;espacio-30&#8243;]<br \/>\n\t\t\t\t\t[\/vc_column]<br \/>\n\t\t\t\t[\/vc_row][vc_row el_class=\u00bbcyg&#8211;ficha\u00bb]<br \/>\n\t\t\t\t\t[vc_column]<br \/>\n\t\t\t\t\t[vc_column_text]<\/p>\n<section><\/section>\n<p>\t\t\t\t\t[\/vc_column_text]<br \/>\n\t\t\t\t\t[\/vc_column]<br \/>\n\t\t\t\t[\/vc_row][\/vc_section]<\/p>\n<\/div>","protected":false},"excerpt":{"rendered":"<p>[vc_section el_class=\u00bbcontent&#8211;espectaculo evento-auditorio-nelly-goitino\u00bb][vc_row el_class=\u00bbcyg&#8211;descripcion\u00bb] [vc_column] [vc_column_text] Maurice Durufl\u00e9 fue un organista y compositor franc\u00e9s, cuya obra m\u00e1s conocida, el R\u00e9quiem Opus 9 para coro, solistas y orquesta fue estrenada en 1947. El R\u00e9quiem est\u00e1 muy influido por el canto gregoriano y por la m\u00fasica del Renacimiento. Es una pieza bell\u00edsima y muy importante por su [&hellip;]<\/p>\n","protected":false},"menu_order":0,"template":"","format":"standard","cuerpo-estable":[],"etiqueta-espectaculo":[],"lugar":[17],"sala-espacio":[35],"acf":[],"yoast_head":"<!-- This site is optimized with the Yoast SEO plugin v21.7 - https:\/\/yoast.com\/wordpress\/plugins\/seo\/ -->\n<title>R\u00e9quiem Durufl\u00e9 - Espect\u00e1culos<\/title>\n<meta name=\"robots\" content=\"index, follow, max-snippet:-1, max-image-preview:large, max-video-preview:-1\" \/>\n<link rel=\"canonical\" href=\"https:\/\/sodre.gub.uy\/espectaculos\/r\/\" \/>\n<meta property=\"og:locale\" content=\"es_ES\" \/>\n<meta property=\"og:type\" content=\"article\" \/>\n<meta property=\"og:title\" content=\"R\u00e9quiem Durufl\u00e9 - Espect\u00e1culos\" \/>\n<meta property=\"og:description\" content=\"[vc_section el_class=\u00bbcontent&#8211;espectaculo evento-auditorio-nelly-goitino\u00bb][vc_row el_class=\u00bbcyg&#8211;descripcion\u00bb] [vc_column] [vc_column_text] Maurice Durufl\u00e9 fue un organista y compositor franc\u00e9s, cuya obra m\u00e1s conocida, el R\u00e9quiem Opus 9 para coro, solistas y orquesta fue estrenada en 1947. El R\u00e9quiem est\u00e1 muy influido por el canto gregoriano y por la m\u00fasica del Renacimiento. Es una pieza bell\u00edsima y muy importante por su [&hellip;]\" \/>\n<meta property=\"og:url\" content=\"https:\/\/sodre.gub.uy\/espectaculos\/r\/\" \/>\n<meta property=\"og:site_name\" content=\"Espect\u00e1culos\" \/>\n<meta name=\"twitter:card\" content=\"summary_large_image\" \/>\n<meta name=\"twitter:label1\" content=\"Tiempo de lectura\" \/>\n\t<meta name=\"twitter:data1\" content=\"1 minuto\" \/>\n<script type=\"application\/ld+json\" class=\"yoast-schema-graph\">{\"@context\":\"https:\/\/schema.org\",\"@graph\":[{\"@type\":\"WebPage\",\"@id\":\"https:\/\/sodre.gub.uy\/espectaculos\/r\/\",\"url\":\"https:\/\/sodre.gub.uy\/espectaculos\/r\/\",\"name\":\"R\u00e9quiem Durufl\u00e9 - Espect\u00e1culos\",\"isPartOf\":{\"@id\":\"https:\/\/sodre.gub.uy\/espectaculos\/#website\"},\"datePublished\":\"2021-07-01T20:55:35+00:00\",\"dateModified\":\"2021-07-01T20:55:35+00:00\",\"inLanguage\":\"es\",\"potentialAction\":[{\"@type\":\"ReadAction\",\"target\":[\"https:\/\/sodre.gub.uy\/espectaculos\/r\/\"]}]},{\"@type\":\"WebSite\",\"@id\":\"https:\/\/sodre.gub.uy\/espectaculos\/#website\",\"url\":\"https:\/\/sodre.gub.uy\/espectaculos\/\",\"name\":\"Espect\u00e1culos\",\"description\":\"Servicio Oficial de Difusi\u00f3n, Representaciones y Espect\u00e1culos\",\"publisher\":{\"@id\":\"https:\/\/sodre.gub.uy\/espectaculos\/#organization\"},\"potentialAction\":[{\"@type\":\"SearchAction\",\"target\":{\"@type\":\"EntryPoint\",\"urlTemplate\":\"https:\/\/sodre.gub.uy\/espectaculos\/?s={search_term_string}\"},\"query-input\":\"required name=search_term_string\"}],\"inLanguage\":\"es\"},{\"@type\":\"Organization\",\"@id\":\"https:\/\/sodre.gub.uy\/espectaculos\/#organization\",\"name\":\"Espect\u00e1culos\",\"url\":\"https:\/\/sodre.gub.uy\/espectaculos\/\",\"logo\":{\"@type\":\"ImageObject\",\"inLanguage\":\"es\",\"@id\":\"https:\/\/sodre.gub.uy\/espectaculos\/#\/schema\/logo\/image\/\",\"url\":\"https:\/\/sodre.gub.uy\/espectaculos\/wp-content\/uploads\/sites\/2\/2023\/12\/logo-sodre-black.svg\",\"contentUrl\":\"https:\/\/sodre.gub.uy\/espectaculos\/wp-content\/uploads\/sites\/2\/2023\/12\/logo-sodre-black.svg\",\"caption\":\"Espect\u00e1culos\"},\"image\":{\"@id\":\"https:\/\/sodre.gub.uy\/espectaculos\/#\/schema\/logo\/image\/\"}}]}<\/script>\n<!-- \/ Yoast SEO plugin. -->","yoast_head_json":{"title":"R\u00e9quiem Durufl\u00e9 - Espect\u00e1culos","robots":{"index":"index","follow":"follow","max-snippet":"max-snippet:-1","max-image-preview":"max-image-preview:large","max-video-preview":"max-video-preview:-1"},"canonical":"https:\/\/sodre.gub.uy\/espectaculos\/r\/","og_locale":"es_ES","og_type":"article","og_title":"R\u00e9quiem Durufl\u00e9 - Espect\u00e1culos","og_description":"[vc_section el_class=\u00bbcontent&#8211;espectaculo evento-auditorio-nelly-goitino\u00bb][vc_row el_class=\u00bbcyg&#8211;descripcion\u00bb] [vc_column] [vc_column_text] Maurice Durufl\u00e9 fue un organista y compositor franc\u00e9s, cuya obra m\u00e1s conocida, el R\u00e9quiem Opus 9 para coro, solistas y orquesta fue estrenada en 1947. El R\u00e9quiem est\u00e1 muy influido por el canto gregoriano y por la m\u00fasica del Renacimiento. Es una pieza bell\u00edsima y muy importante por su [&hellip;]","og_url":"https:\/\/sodre.gub.uy\/espectaculos\/r\/","og_site_name":"Espect\u00e1culos","twitter_card":"summary_large_image","twitter_misc":{"Tiempo de lectura":"1 minuto"},"schema":{"@context":"https:\/\/schema.org","@graph":[{"@type":"WebPage","@id":"https:\/\/sodre.gub.uy\/espectaculos\/r\/","url":"https:\/\/sodre.gub.uy\/espectaculos\/r\/","name":"R\u00e9quiem Durufl\u00e9 - Espect\u00e1culos","isPartOf":{"@id":"https:\/\/sodre.gub.uy\/espectaculos\/#website"},"datePublished":"2021-07-01T20:55:35+00:00","dateModified":"2021-07-01T20:55:35+00:00","inLanguage":"es","potentialAction":[{"@type":"ReadAction","target":["https:\/\/sodre.gub.uy\/espectaculos\/r\/"]}]},{"@type":"WebSite","@id":"https:\/\/sodre.gub.uy\/espectaculos\/#website","url":"https:\/\/sodre.gub.uy\/espectaculos\/","name":"Espect\u00e1culos","description":"Servicio Oficial de Difusi\u00f3n, Representaciones y Espect\u00e1culos","publisher":{"@id":"https:\/\/sodre.gub.uy\/espectaculos\/#organization"},"potentialAction":[{"@type":"SearchAction","target":{"@type":"EntryPoint","urlTemplate":"https:\/\/sodre.gub.uy\/espectaculos\/?s={search_term_string}"},"query-input":"required name=search_term_string"}],"inLanguage":"es"},{"@type":"Organization","@id":"https:\/\/sodre.gub.uy\/espectaculos\/#organization","name":"Espect\u00e1culos","url":"https:\/\/sodre.gub.uy\/espectaculos\/","logo":{"@type":"ImageObject","inLanguage":"es","@id":"https:\/\/sodre.gub.uy\/espectaculos\/#\/schema\/logo\/image\/","url":"https:\/\/sodre.gub.uy\/espectaculos\/wp-content\/uploads\/sites\/2\/2023\/12\/logo-sodre-black.svg","contentUrl":"https:\/\/sodre.gub.uy\/espectaculos\/wp-content\/uploads\/sites\/2\/2023\/12\/logo-sodre-black.svg","caption":"Espect\u00e1culos"},"image":{"@id":"https:\/\/sodre.gub.uy\/espectaculos\/#\/schema\/logo\/image\/"}}]}},"_links":{"self":[{"href":"https:\/\/sodre.gub.uy\/espectaculos\/wp-json\/wp\/v2\/espectaculo\/3545"}],"collection":[{"href":"https:\/\/sodre.gub.uy\/espectaculos\/wp-json\/wp\/v2\/espectaculo"}],"about":[{"href":"https:\/\/sodre.gub.uy\/espectaculos\/wp-json\/wp\/v2\/types\/espectaculo"}],"version-history":[{"count":0,"href":"https:\/\/sodre.gub.uy\/espectaculos\/wp-json\/wp\/v2\/espectaculo\/3545\/revisions"}],"wp:attachment":[{"href":"https:\/\/sodre.gub.uy\/espectaculos\/wp-json\/wp\/v2\/media?parent=3545"}],"wp:term":[{"taxonomy":"cuerpo-estable","embeddable":true,"href":"https:\/\/sodre.gub.uy\/espectaculos\/wp-json\/wp\/v2\/cuerpo-estable?post=3545"},{"taxonomy":"etiqueta-espectaculo","embeddable":true,"href":"https:\/\/sodre.gub.uy\/espectaculos\/wp-json\/wp\/v2\/etiqueta-espectaculo?post=3545"},{"taxonomy":"lugar","embeddable":true,"href":"https:\/\/sodre.gub.uy\/espectaculos\/wp-json\/wp\/v2\/lugar?post=3545"},{"taxonomy":"sala-espacio","embeddable":true,"href":"https:\/\/sodre.gub.uy\/espectaculos\/wp-json\/wp\/v2\/sala-espacio?post=3545"}],"curies":[{"name":"wp","href":"https:\/\/api.w.org\/{rel}","templated":true}]}}