{"id":3434,"date":"2020-12-04T16:05:26","date_gmt":"2020-12-04T19:05:26","guid":{"rendered":"https:\/\/sodre.gub.uy\/espectaculos\/atlantidoc\/"},"modified":"2020-12-04T16:05:26","modified_gmt":"2020-12-04T19:05:26","slug":"atlantidoc","status":"publish","type":"espectaculo","link":"https:\/\/sodre.gub.uy\/espectaculos\/atlantidoc\/","title":{"rendered":"ATLANTIDOC"},"content":{"rendered":"<div class=\"wpb-content-wrapper\"><p>[vc_section el_class=\u00bbcontent&#8211;espectaculo evento-auditorio-nelly-goitino\u00bb][vc_row el_class=\u00bbcyg&#8211;descripcion\u00bb]<br \/>\n\t\t\t\t\t[vc_column]<br \/>\n\t\t\t\t\t\t[vc_column_text]<\/p>\n<section>\n<p><strong>Placer de conocerte<\/strong><\/p>\n<p><strong>6 de diciembre a las 17:00 hs<\/strong><\/p>\n<p>Brasil \u2013 2020 \u2013 72 minutos<\/p>\n<p>Directora: Susanna Lira<\/p>\n<p>Un vistazo sobre la sexualidad LGBT contempor\u00e1nea. La reciente llegada al Brasil de nuevas formas de prevenci\u00f3n &#8211; PrEP (Profilaxis preexposici\u00f3n) y PEP (Profilaxis post exposici\u00f3n) &#8211; medicamentos que prometen una mayor eficacia contra la transmisi\u00f3n y el contagio por El VIH \/ SIDA &#8211; hizo posible un intenso ejercicio de pr\u00e1cticas sexuales, trayendo nuevas formas de cuidado m\u00e1s all\u00e1 del uso del cond\u00f3n. A trav\u00e9s de un registro \u00edntimo y de observaci\u00f3n, la pel\u00edcula se despoja de cualquier juicio moral para sumergirse en la vida cotidiana de los usuarios de PrEP, trayendo reflexiones sobre el deseo, el sexo y la protecci\u00f3n.<\/p>\n<p>\u00a0<\/p>\n<p><strong>Sue\u00f1os grandes<\/strong><\/p>\n<p><strong>6 de diciembre a las 20:00 hs<\/strong><\/p>\n<p>Uruguay \u2013 2020 &#8211; 54 minutos<\/p>\n<p>Director: Juan Miguel Bonner<\/p>\n<p>El surf como motivo de vida, como forma de relacionarse con la naturaleza y la gente. Ese deporte\/pasi\u00f3n se mezcla con la vida cotidiana y recrea una experiencia dif\u00edcil de expresar pero que vi\u00e9ndola adquiere una dimensi\u00f3n interesante y \u00fanica.<\/p>\n<p>\u00a0<\/p>\n<p><strong>Plano Cuarentena<\/strong><\/p>\n<p><strong>10\u00a0 de diciembre a las 17:00 hs<\/strong><\/p>\n<p>Plano cuarentena fue un concurso convocado por CINEDUCA (ANEP-CFE) para compartir una experiencia de vida relacionada a una situaci\u00f3n de ense\u00f1ar o aprender durante la cuarentena 2020. Los 14 videos de un minuto ganadores generaron una colecci\u00f3n de escenas de ense\u00f1ar y aprender que interpelan a la educaci\u00f3n en el marco de una pandemia. El jurado estuvo integrado por Ricardo Casas, Gabriel Massa, Fernanda Blanco y Cecilia Cirillo.<\/p>\n<p>Este concurso sustituye, de alguna manera, la exitosa experiencia del Filmadoc, que despu\u00e9s de 8 a\u00f1os de desarrollo tuvimos que interrumpirlo por la pandemia.<\/p>\n<p><span style=\"text-decoration: underline;\"><em>Los cortometrajes seleccionados son de:<\/em><\/span><\/p>\n<p>Guadalupe Zabaleta, Mat\u00edas Dur\u00e1n, Fernando Ruiz, Katherine Thove, \u00c1ngela Salati, Valentina Maldonado, Elisa Bordarenco, Karen Vivas, Daniela Garc\u00eda, Delfina P\u00e9rez, Rod\u00edo Da Costa, La under rocha (colectivo), Gladys Cavani y Roxana Adalid. De los departamentos de Salto, Paysand\u00fa, Montevideo, Colonia, Soriano y Rocha.<\/p>\n<p><span style=\"text-decoration: underline;\">Entrada Libre<\/span><\/p>\n<p>\u00a0<\/p>\n<p><strong>El cine a trav\u00e9s de la m\u00fasica<\/strong><\/p>\n<p><strong>13 de diciembre a las 17:00 hs<\/strong><\/p>\n<p>Argentina &#8211; 2020 &#8211; 120 minutos<\/p>\n<p>Director: Emilio Cartoy D\u00edaz<\/p>\n<p>Libreto: Emilio Cartoy D\u00edaz, Mar\u00eda \u00c1ngeles Mira y Diego Boris<\/p>\n<p>Fotograf\u00eda: Ramiro Antico<\/p>\n<p>Sonido: Diego Burgos<\/p>\n<p>Edici\u00f3n: Ramiro Antico, Diego Burgos y Mariano Romo<\/p>\n<p>Es un recorrido memorable por la cinematograf\u00eda argentina de todos los tiempos, guiados por los m\u00e1s importantes compositores de bandas musicales y por nuestra propia emoci\u00f3n: fragmentos de m\u00e1s de 120 pel\u00edculas argentinas y la presencia tambi\u00e9n de directores, directoras, productoras y productores, que nos cuentan la importancia de la m\u00fasica en su cine.<\/p>\n<p>\u00a0<\/p>\n<p><strong>Encuentro con mi agresor<\/strong><\/p>\n<p><strong>13 de diciembre a las 20:00 hs<\/strong><\/p>\n<p>Francia \u2013 2019 &#8211; 70 minutos<\/p>\n<p>Directora: Maiana Bidegain y Sebastian Koegler<\/p>\n<p>Libreto: Maiana Bidegain<\/p>\n<p>Fotograf\u00eda: Sebastian Koegler<\/p>\n<p>M\u00fasica: Gregory Tianelian<\/p>\n<p>Edici\u00f3n: Anne Lori\u00e9re<\/p>\n<p>\u00a0<\/p>\n<p>Una mujer v\u00edctima de violaci\u00f3n en su ni\u00f1ez, se encuentra a dialogar con el que fue su agresor, 33 a\u00f1os despu\u00e9s.<\/p>\n<p>Esa mujer soy yo, Maiana. Este encuentro se pudo hacer gracias a un dispositivo de Justicia Restaurativa, un sistema que entr\u00f3 en vigor en Francia en 2014.<\/p>\n<p>Soy la primera en hacer este tipo de encuentro, y este es s\u00f3lo el inicio de un largo camino, que me llevar\u00e1 de Francia a Canad\u00e1, explorando los planteos de este nuevo tipo de justicia.<\/p>\n<\/section>\n<p>\t\t\t\t\t\t[\/vc_column_text]<br \/>\n\t\t\t\t\t\t[vc_empty_space height=\u00bb30px\u00bb el_class=\u00bbcyg&#8211;espacio-30&#8243;]<br \/>\n\t\t\t\t\t[\/vc_column]<br \/>\n\t\t\t\t[\/vc_row][vc_row el_class=\u00bbcyg&#8211;ficha\u00bb]<br \/>\n\t\t\t\t\t[vc_column]<br \/>\n\t\t\t\t\t[vc_column_text]<\/p>\n<section><\/section>\n<p>\t\t\t\t\t[\/vc_column_text]<br \/>\n\t\t\t\t\t[\/vc_column]<br \/>\n\t\t\t\t[\/vc_row][\/vc_section]<\/p>\n<\/div>","protected":false},"excerpt":{"rendered":"<p>[vc_section el_class=\u00bbcontent&#8211;espectaculo evento-auditorio-nelly-goitino\u00bb][vc_row el_class=\u00bbcyg&#8211;descripcion\u00bb] [vc_column] [vc_column_text] Placer de conocerte 6 de diciembre a las 17:00 hs Brasil \u2013 2020 \u2013 72 minutos Directora: Susanna Lira Un vistazo sobre la sexualidad LGBT contempor\u00e1nea. La reciente llegada al Brasil de nuevas formas de prevenci\u00f3n &#8211; PrEP (Profilaxis preexposici\u00f3n) y PEP (Profilaxis post exposici\u00f3n) &#8211; medicamentos que prometen [&hellip;]<\/p>\n","protected":false},"menu_order":0,"template":"","format":"standard","cuerpo-estable":[],"etiqueta-espectaculo":[],"lugar":[17],"sala-espacio":[36],"acf":[],"yoast_head":"<!-- This site is optimized with the Yoast SEO plugin v21.7 - https:\/\/yoast.com\/wordpress\/plugins\/seo\/ -->\n<title>ATLANTIDOC - Espect\u00e1culos<\/title>\n<meta name=\"robots\" content=\"index, follow, max-snippet:-1, max-image-preview:large, max-video-preview:-1\" \/>\n<link rel=\"canonical\" href=\"https:\/\/sodre.gub.uy\/espectaculos\/atlantidoc\/\" \/>\n<meta property=\"og:locale\" content=\"es_ES\" \/>\n<meta property=\"og:type\" content=\"article\" \/>\n<meta property=\"og:title\" content=\"ATLANTIDOC - Espect\u00e1culos\" \/>\n<meta property=\"og:description\" content=\"[vc_section el_class=\u00bbcontent&#8211;espectaculo evento-auditorio-nelly-goitino\u00bb][vc_row el_class=\u00bbcyg&#8211;descripcion\u00bb] [vc_column] [vc_column_text] Placer de conocerte 6 de diciembre a las 17:00 hs Brasil \u2013 2020 \u2013 72 minutos Directora: Susanna Lira Un vistazo sobre la sexualidad LGBT contempor\u00e1nea. La reciente llegada al Brasil de nuevas formas de prevenci\u00f3n &#8211; PrEP (Profilaxis preexposici\u00f3n) y PEP (Profilaxis post exposici\u00f3n) &#8211; medicamentos que prometen [&hellip;]\" \/>\n<meta property=\"og:url\" content=\"https:\/\/sodre.gub.uy\/espectaculos\/atlantidoc\/\" \/>\n<meta property=\"og:site_name\" content=\"Espect\u00e1culos\" \/>\n<meta name=\"twitter:card\" content=\"summary_large_image\" \/>\n<meta name=\"twitter:label1\" content=\"Tiempo de lectura\" \/>\n\t<meta name=\"twitter:data1\" content=\"3 minutos\" \/>\n<script type=\"application\/ld+json\" class=\"yoast-schema-graph\">{\"@context\":\"https:\/\/schema.org\",\"@graph\":[{\"@type\":\"WebPage\",\"@id\":\"https:\/\/sodre.gub.uy\/espectaculos\/atlantidoc\/\",\"url\":\"https:\/\/sodre.gub.uy\/espectaculos\/atlantidoc\/\",\"name\":\"ATLANTIDOC - Espect\u00e1culos\",\"isPartOf\":{\"@id\":\"https:\/\/sodre.gub.uy\/espectaculos\/#website\"},\"datePublished\":\"2020-12-04T19:05:26+00:00\",\"dateModified\":\"2020-12-04T19:05:26+00:00\",\"inLanguage\":\"es\",\"potentialAction\":[{\"@type\":\"ReadAction\",\"target\":[\"https:\/\/sodre.gub.uy\/espectaculos\/atlantidoc\/\"]}]},{\"@type\":\"WebSite\",\"@id\":\"https:\/\/sodre.gub.uy\/espectaculos\/#website\",\"url\":\"https:\/\/sodre.gub.uy\/espectaculos\/\",\"name\":\"Espect\u00e1culos\",\"description\":\"Servicio Oficial de Difusi\u00f3n, Representaciones y Espect\u00e1culos\",\"publisher\":{\"@id\":\"https:\/\/sodre.gub.uy\/espectaculos\/#organization\"},\"potentialAction\":[{\"@type\":\"SearchAction\",\"target\":{\"@type\":\"EntryPoint\",\"urlTemplate\":\"https:\/\/sodre.gub.uy\/espectaculos\/?s={search_term_string}\"},\"query-input\":\"required name=search_term_string\"}],\"inLanguage\":\"es\"},{\"@type\":\"Organization\",\"@id\":\"https:\/\/sodre.gub.uy\/espectaculos\/#organization\",\"name\":\"Espect\u00e1culos\",\"url\":\"https:\/\/sodre.gub.uy\/espectaculos\/\",\"logo\":{\"@type\":\"ImageObject\",\"inLanguage\":\"es\",\"@id\":\"https:\/\/sodre.gub.uy\/espectaculos\/#\/schema\/logo\/image\/\",\"url\":\"https:\/\/sodre.gub.uy\/espectaculos\/wp-content\/uploads\/sites\/2\/2023\/12\/logo-sodre-black.svg\",\"contentUrl\":\"https:\/\/sodre.gub.uy\/espectaculos\/wp-content\/uploads\/sites\/2\/2023\/12\/logo-sodre-black.svg\",\"caption\":\"Espect\u00e1culos\"},\"image\":{\"@id\":\"https:\/\/sodre.gub.uy\/espectaculos\/#\/schema\/logo\/image\/\"}}]}<\/script>\n<!-- \/ Yoast SEO plugin. -->","yoast_head_json":{"title":"ATLANTIDOC - Espect\u00e1culos","robots":{"index":"index","follow":"follow","max-snippet":"max-snippet:-1","max-image-preview":"max-image-preview:large","max-video-preview":"max-video-preview:-1"},"canonical":"https:\/\/sodre.gub.uy\/espectaculos\/atlantidoc\/","og_locale":"es_ES","og_type":"article","og_title":"ATLANTIDOC - Espect\u00e1culos","og_description":"[vc_section el_class=\u00bbcontent&#8211;espectaculo evento-auditorio-nelly-goitino\u00bb][vc_row el_class=\u00bbcyg&#8211;descripcion\u00bb] [vc_column] [vc_column_text] Placer de conocerte 6 de diciembre a las 17:00 hs Brasil \u2013 2020 \u2013 72 minutos Directora: Susanna Lira Un vistazo sobre la sexualidad LGBT contempor\u00e1nea. La reciente llegada al Brasil de nuevas formas de prevenci\u00f3n &#8211; PrEP (Profilaxis preexposici\u00f3n) y PEP (Profilaxis post exposici\u00f3n) &#8211; medicamentos que prometen [&hellip;]","og_url":"https:\/\/sodre.gub.uy\/espectaculos\/atlantidoc\/","og_site_name":"Espect\u00e1culos","twitter_card":"summary_large_image","twitter_misc":{"Tiempo de lectura":"3 minutos"},"schema":{"@context":"https:\/\/schema.org","@graph":[{"@type":"WebPage","@id":"https:\/\/sodre.gub.uy\/espectaculos\/atlantidoc\/","url":"https:\/\/sodre.gub.uy\/espectaculos\/atlantidoc\/","name":"ATLANTIDOC - Espect\u00e1culos","isPartOf":{"@id":"https:\/\/sodre.gub.uy\/espectaculos\/#website"},"datePublished":"2020-12-04T19:05:26+00:00","dateModified":"2020-12-04T19:05:26+00:00","inLanguage":"es","potentialAction":[{"@type":"ReadAction","target":["https:\/\/sodre.gub.uy\/espectaculos\/atlantidoc\/"]}]},{"@type":"WebSite","@id":"https:\/\/sodre.gub.uy\/espectaculos\/#website","url":"https:\/\/sodre.gub.uy\/espectaculos\/","name":"Espect\u00e1culos","description":"Servicio Oficial de Difusi\u00f3n, Representaciones y Espect\u00e1culos","publisher":{"@id":"https:\/\/sodre.gub.uy\/espectaculos\/#organization"},"potentialAction":[{"@type":"SearchAction","target":{"@type":"EntryPoint","urlTemplate":"https:\/\/sodre.gub.uy\/espectaculos\/?s={search_term_string}"},"query-input":"required name=search_term_string"}],"inLanguage":"es"},{"@type":"Organization","@id":"https:\/\/sodre.gub.uy\/espectaculos\/#organization","name":"Espect\u00e1culos","url":"https:\/\/sodre.gub.uy\/espectaculos\/","logo":{"@type":"ImageObject","inLanguage":"es","@id":"https:\/\/sodre.gub.uy\/espectaculos\/#\/schema\/logo\/image\/","url":"https:\/\/sodre.gub.uy\/espectaculos\/wp-content\/uploads\/sites\/2\/2023\/12\/logo-sodre-black.svg","contentUrl":"https:\/\/sodre.gub.uy\/espectaculos\/wp-content\/uploads\/sites\/2\/2023\/12\/logo-sodre-black.svg","caption":"Espect\u00e1culos"},"image":{"@id":"https:\/\/sodre.gub.uy\/espectaculos\/#\/schema\/logo\/image\/"}}]}},"_links":{"self":[{"href":"https:\/\/sodre.gub.uy\/espectaculos\/wp-json\/wp\/v2\/espectaculo\/3434"}],"collection":[{"href":"https:\/\/sodre.gub.uy\/espectaculos\/wp-json\/wp\/v2\/espectaculo"}],"about":[{"href":"https:\/\/sodre.gub.uy\/espectaculos\/wp-json\/wp\/v2\/types\/espectaculo"}],"version-history":[{"count":0,"href":"https:\/\/sodre.gub.uy\/espectaculos\/wp-json\/wp\/v2\/espectaculo\/3434\/revisions"}],"wp:attachment":[{"href":"https:\/\/sodre.gub.uy\/espectaculos\/wp-json\/wp\/v2\/media?parent=3434"}],"wp:term":[{"taxonomy":"cuerpo-estable","embeddable":true,"href":"https:\/\/sodre.gub.uy\/espectaculos\/wp-json\/wp\/v2\/cuerpo-estable?post=3434"},{"taxonomy":"etiqueta-espectaculo","embeddable":true,"href":"https:\/\/sodre.gub.uy\/espectaculos\/wp-json\/wp\/v2\/etiqueta-espectaculo?post=3434"},{"taxonomy":"lugar","embeddable":true,"href":"https:\/\/sodre.gub.uy\/espectaculos\/wp-json\/wp\/v2\/lugar?post=3434"},{"taxonomy":"sala-espacio","embeddable":true,"href":"https:\/\/sodre.gub.uy\/espectaculos\/wp-json\/wp\/v2\/sala-espacio?post=3434"}],"curies":[{"name":"wp","href":"https:\/\/api.w.org\/{rel}","templated":true}]}}