{"id":3266,"date":"2020-09-16T10:09:51","date_gmt":"2020-09-16T13:09:51","guid":{"rendered":"https:\/\/sodre.gub.uy\/espectaculos\/cortos-en-cartelera-programa-2\/"},"modified":"2020-09-16T10:09:51","modified_gmt":"2020-09-16T13:09:51","slug":"cortos-en-cartelera-programa-2","status":"publish","type":"espectaculo","link":"https:\/\/sodre.gub.uy\/espectaculos\/cortos-en-cartelera-programa-2\/","title":{"rendered":"Cortos en cartelera, programa 1"},"content":{"rendered":"<div class=\"wpb-content-wrapper\"><p>[vc_section el_class=\u00bbcontent&#8211;espectaculo evento-auditorio-nelly-goitino\u00bb][vc_row el_class=\u00bbcyg&#8211;descripcion\u00bb]<br \/>\n\t\t\t\t\t[vc_column]<br \/>\n\t\t\t\t\t\t[vc_column_text]<\/p>\n<section>\n<p style=\"text-align: justify;\">Los invitamos a la primera funci\u00f3n del ciclo <span class=\"tm-color-primary\"><strong>Cortos en Cartelera<\/strong><\/span>. El ciclo tendr\u00e1 adem\u00e1s una instancia\u00a0de exhibici\u00f3n online.\u00a0Pronto m\u00e1s novedades.<\/p>\n<div style=\"text-align: justify;\">\n<div>\n<div>\n<p><strong>Programa #1 \/ Inici\u00e1ticos<\/strong><\/p>\n<p>Iniciar en lo desconocido, lo secreto, poner a prueba los l\u00edmites formales, narrativos e incluso los econ\u00f3micos, para contar historias. Mundos cotidianos o sobrenaturales, universos costumbristas o improbables, se conjugan en el trazado de historias vertiginosas, complejas, avasallantes. Una selecci\u00f3n que ahonda en la ficci\u00f3n, no sin cierta destreza formal y originalidad creativa.<\/p>\n<p><em><span class=\"tm-color-primary\"><strong>N\u00famero desconocido<\/strong><\/span><\/em><br \/> Dir. Leandro Salandr\u00fa<br \/> Mientras acampan, Federico intenta disuadir a Santiago sobre la existencia de extraterrestres. Santiago siente una fuerza que lo atrae desde un bosque cercano y Federico lo acompa\u00f1a.<\/p>\n<p><span class=\"tm-color-primary\"><strong><em>Lo que sue\u00f1an las liebres<\/em><\/strong><\/span><br \/> Dir.\u00a0Camilo Argim\u00f3n y Daniel Borges<br \/> Afectada por la desaparici\u00f3n de su mejor amiga, Clara se ha desvinculado del mundo exterior. En una fiesta conoce a Mateo, \u00e9l parece conocerla m\u00e1s de lo que ella cree.<\/p>\n<p><span class=\"tm-color-primary\"><em><strong>La inquilina<\/strong><\/em><\/span><br \/> Dir.\u00a0Ra\u00fal Pierri<br \/> Una agente inmobiliaria recibe a una mujer interesada en un apartamento de la Ciudad Vieja, donde a\u00f1os atr\u00e1s ocurri\u00f3 una tragedia.<\/p>\n<p><span class=\"tm-color-primary\"><em><strong>EmFUCKnadas<\/strong><\/em><\/span><br \/> Dir.\u00a0Fabricio Camargo<br \/> Unas empanadas son preparadas para la cena y devoradas por dos amigas, las sobrevivientes buscar\u00e1n vengar a aquellas que fueron comidas.<\/p>\n<p><span class=\"tm-color-primary\"><em><strong>Craneoplastia<\/strong><\/em><\/span><br \/> Dir.\u00a0Diego Mellogno<br \/> Corto filmado en Super 8 mm. Narra la historia de Juan, quien es el encargado de cobrar deudas para una organizaci\u00f3n de la cual no tiene mucha informaci\u00f3n.<\/p>\n<\/div>\n<\/div>\n<\/div>\n<hr \/>\n<p style=\"text-align: justify;\"><span class=\"tm-color-primary\">Funci\u00f3n:<\/span> <strong>16 de setiembre a las 20 horas en la Sala B del Auditorio Nelly Goiti\u00f1o<br \/><\/strong><\/p>\n<p style=\"text-align: justify;\"><span class=\"tm-color-primary\">Localidades:<\/span> Generales $ 250<\/p>\n<p style=\"text-align: justify;\"><span class=\"tm-color-primary\">Beneficios:<\/span> Cupo gratuito para Socio Espectacular y Montevideo Libre. 50 % de descuento para socios de Cinemateca Uruguaya, para estudiantes de cine y comunicaci\u00f3n audiovisual y para socios de la Asociaci\u00f3n de Productores y Realizadores de Cine del Uruguay (Asoprod)<strong><br \/><\/strong><\/p>\n<\/section>\n<p>\t\t\t\t\t\t[\/vc_column_text]<br \/>\n\t\t\t\t\t\t[vc_empty_space height=\u00bb30px\u00bb el_class=\u00bbcyg&#8211;espacio-30&#8243;]<br \/>\n\t\t\t\t\t[\/vc_column]<br \/>\n\t\t\t\t[\/vc_row][vc_row el_class=\u00bbcyg&#8211;ficha\u00bb]<br \/>\n\t\t\t\t\t[vc_column]<br \/>\n\t\t\t\t\t[vc_column_text]<\/p>\n<section><\/section>\n<p>\t\t\t\t\t[\/vc_column_text]<br \/>\n\t\t\t\t\t[\/vc_column]<br \/>\n\t\t\t\t[\/vc_row][\/vc_section]<\/p>\n<\/div>","protected":false},"excerpt":{"rendered":"<p>[vc_section el_class=\u00bbcontent&#8211;espectaculo evento-auditorio-nelly-goitino\u00bb][vc_row el_class=\u00bbcyg&#8211;descripcion\u00bb] [vc_column] [vc_column_text] Los invitamos a la primera funci\u00f3n del ciclo Cortos en Cartelera. El ciclo tendr\u00e1 adem\u00e1s una instancia\u00a0de exhibici\u00f3n online.\u00a0Pronto m\u00e1s novedades. Programa #1 \/ Inici\u00e1ticos Iniciar en lo desconocido, lo secreto, poner a prueba los l\u00edmites formales, narrativos e incluso los econ\u00f3micos, para contar historias. Mundos cotidianos o sobrenaturales, [&hellip;]<\/p>\n","protected":false},"menu_order":0,"template":"","format":"standard","cuerpo-estable":[],"etiqueta-espectaculo":[],"lugar":[17],"sala-espacio":[36],"acf":[],"yoast_head":"<!-- This site is optimized with the Yoast SEO plugin v21.7 - https:\/\/yoast.com\/wordpress\/plugins\/seo\/ -->\n<title>Cortos en cartelera, programa 1 - Espect\u00e1culos<\/title>\n<meta name=\"robots\" content=\"index, follow, max-snippet:-1, max-image-preview:large, max-video-preview:-1\" \/>\n<link rel=\"canonical\" href=\"https:\/\/sodre.gub.uy\/espectaculos\/cortos-en-cartelera-programa-2\/\" \/>\n<meta property=\"og:locale\" content=\"es_ES\" \/>\n<meta property=\"og:type\" content=\"article\" \/>\n<meta property=\"og:title\" content=\"Cortos en cartelera, programa 1 - Espect\u00e1culos\" \/>\n<meta property=\"og:description\" content=\"[vc_section el_class=\u00bbcontent&#8211;espectaculo evento-auditorio-nelly-goitino\u00bb][vc_row el_class=\u00bbcyg&#8211;descripcion\u00bb] [vc_column] [vc_column_text] Los invitamos a la primera funci\u00f3n del ciclo Cortos en Cartelera. El ciclo tendr\u00e1 adem\u00e1s una instancia\u00a0de exhibici\u00f3n online.\u00a0Pronto m\u00e1s novedades. Programa #1 \/ Inici\u00e1ticos Iniciar en lo desconocido, lo secreto, poner a prueba los l\u00edmites formales, narrativos e incluso los econ\u00f3micos, para contar historias. Mundos cotidianos o sobrenaturales, [&hellip;]\" \/>\n<meta property=\"og:url\" content=\"https:\/\/sodre.gub.uy\/espectaculos\/cortos-en-cartelera-programa-2\/\" \/>\n<meta property=\"og:site_name\" content=\"Espect\u00e1culos\" \/>\n<meta name=\"twitter:card\" content=\"summary_large_image\" \/>\n<meta name=\"twitter:label1\" content=\"Tiempo de lectura\" \/>\n\t<meta name=\"twitter:data1\" content=\"2 minutos\" \/>\n<script type=\"application\/ld+json\" class=\"yoast-schema-graph\">{\"@context\":\"https:\/\/schema.org\",\"@graph\":[{\"@type\":\"WebPage\",\"@id\":\"https:\/\/sodre.gub.uy\/espectaculos\/cortos-en-cartelera-programa-2\/\",\"url\":\"https:\/\/sodre.gub.uy\/espectaculos\/cortos-en-cartelera-programa-2\/\",\"name\":\"Cortos en cartelera, programa 1 - Espect\u00e1culos\",\"isPartOf\":{\"@id\":\"https:\/\/sodre.gub.uy\/espectaculos\/#website\"},\"datePublished\":\"2020-09-16T13:09:51+00:00\",\"dateModified\":\"2020-09-16T13:09:51+00:00\",\"inLanguage\":\"es\",\"potentialAction\":[{\"@type\":\"ReadAction\",\"target\":[\"https:\/\/sodre.gub.uy\/espectaculos\/cortos-en-cartelera-programa-2\/\"]}]},{\"@type\":\"WebSite\",\"@id\":\"https:\/\/sodre.gub.uy\/espectaculos\/#website\",\"url\":\"https:\/\/sodre.gub.uy\/espectaculos\/\",\"name\":\"Espect\u00e1culos\",\"description\":\"Servicio Oficial de Difusi\u00f3n, Representaciones y Espect\u00e1culos\",\"publisher\":{\"@id\":\"https:\/\/sodre.gub.uy\/espectaculos\/#organization\"},\"potentialAction\":[{\"@type\":\"SearchAction\",\"target\":{\"@type\":\"EntryPoint\",\"urlTemplate\":\"https:\/\/sodre.gub.uy\/espectaculos\/?s={search_term_string}\"},\"query-input\":\"required name=search_term_string\"}],\"inLanguage\":\"es\"},{\"@type\":\"Organization\",\"@id\":\"https:\/\/sodre.gub.uy\/espectaculos\/#organization\",\"name\":\"Espect\u00e1culos\",\"url\":\"https:\/\/sodre.gub.uy\/espectaculos\/\",\"logo\":{\"@type\":\"ImageObject\",\"inLanguage\":\"es\",\"@id\":\"https:\/\/sodre.gub.uy\/espectaculos\/#\/schema\/logo\/image\/\",\"url\":\"https:\/\/sodre.gub.uy\/espectaculos\/wp-content\/uploads\/sites\/2\/2023\/12\/logo-sodre-black.svg\",\"contentUrl\":\"https:\/\/sodre.gub.uy\/espectaculos\/wp-content\/uploads\/sites\/2\/2023\/12\/logo-sodre-black.svg\",\"caption\":\"Espect\u00e1culos\"},\"image\":{\"@id\":\"https:\/\/sodre.gub.uy\/espectaculos\/#\/schema\/logo\/image\/\"}}]}<\/script>\n<!-- \/ Yoast SEO plugin. -->","yoast_head_json":{"title":"Cortos en cartelera, programa 1 - Espect\u00e1culos","robots":{"index":"index","follow":"follow","max-snippet":"max-snippet:-1","max-image-preview":"max-image-preview:large","max-video-preview":"max-video-preview:-1"},"canonical":"https:\/\/sodre.gub.uy\/espectaculos\/cortos-en-cartelera-programa-2\/","og_locale":"es_ES","og_type":"article","og_title":"Cortos en cartelera, programa 1 - Espect\u00e1culos","og_description":"[vc_section el_class=\u00bbcontent&#8211;espectaculo evento-auditorio-nelly-goitino\u00bb][vc_row el_class=\u00bbcyg&#8211;descripcion\u00bb] [vc_column] [vc_column_text] Los invitamos a la primera funci\u00f3n del ciclo Cortos en Cartelera. El ciclo tendr\u00e1 adem\u00e1s una instancia\u00a0de exhibici\u00f3n online.\u00a0Pronto m\u00e1s novedades. Programa #1 \/ Inici\u00e1ticos Iniciar en lo desconocido, lo secreto, poner a prueba los l\u00edmites formales, narrativos e incluso los econ\u00f3micos, para contar historias. Mundos cotidianos o sobrenaturales, [&hellip;]","og_url":"https:\/\/sodre.gub.uy\/espectaculos\/cortos-en-cartelera-programa-2\/","og_site_name":"Espect\u00e1culos","twitter_card":"summary_large_image","twitter_misc":{"Tiempo de lectura":"2 minutos"},"schema":{"@context":"https:\/\/schema.org","@graph":[{"@type":"WebPage","@id":"https:\/\/sodre.gub.uy\/espectaculos\/cortos-en-cartelera-programa-2\/","url":"https:\/\/sodre.gub.uy\/espectaculos\/cortos-en-cartelera-programa-2\/","name":"Cortos en cartelera, programa 1 - Espect\u00e1culos","isPartOf":{"@id":"https:\/\/sodre.gub.uy\/espectaculos\/#website"},"datePublished":"2020-09-16T13:09:51+00:00","dateModified":"2020-09-16T13:09:51+00:00","inLanguage":"es","potentialAction":[{"@type":"ReadAction","target":["https:\/\/sodre.gub.uy\/espectaculos\/cortos-en-cartelera-programa-2\/"]}]},{"@type":"WebSite","@id":"https:\/\/sodre.gub.uy\/espectaculos\/#website","url":"https:\/\/sodre.gub.uy\/espectaculos\/","name":"Espect\u00e1culos","description":"Servicio Oficial de Difusi\u00f3n, Representaciones y Espect\u00e1culos","publisher":{"@id":"https:\/\/sodre.gub.uy\/espectaculos\/#organization"},"potentialAction":[{"@type":"SearchAction","target":{"@type":"EntryPoint","urlTemplate":"https:\/\/sodre.gub.uy\/espectaculos\/?s={search_term_string}"},"query-input":"required name=search_term_string"}],"inLanguage":"es"},{"@type":"Organization","@id":"https:\/\/sodre.gub.uy\/espectaculos\/#organization","name":"Espect\u00e1culos","url":"https:\/\/sodre.gub.uy\/espectaculos\/","logo":{"@type":"ImageObject","inLanguage":"es","@id":"https:\/\/sodre.gub.uy\/espectaculos\/#\/schema\/logo\/image\/","url":"https:\/\/sodre.gub.uy\/espectaculos\/wp-content\/uploads\/sites\/2\/2023\/12\/logo-sodre-black.svg","contentUrl":"https:\/\/sodre.gub.uy\/espectaculos\/wp-content\/uploads\/sites\/2\/2023\/12\/logo-sodre-black.svg","caption":"Espect\u00e1culos"},"image":{"@id":"https:\/\/sodre.gub.uy\/espectaculos\/#\/schema\/logo\/image\/"}}]}},"_links":{"self":[{"href":"https:\/\/sodre.gub.uy\/espectaculos\/wp-json\/wp\/v2\/espectaculo\/3266"}],"collection":[{"href":"https:\/\/sodre.gub.uy\/espectaculos\/wp-json\/wp\/v2\/espectaculo"}],"about":[{"href":"https:\/\/sodre.gub.uy\/espectaculos\/wp-json\/wp\/v2\/types\/espectaculo"}],"version-history":[{"count":0,"href":"https:\/\/sodre.gub.uy\/espectaculos\/wp-json\/wp\/v2\/espectaculo\/3266\/revisions"}],"wp:attachment":[{"href":"https:\/\/sodre.gub.uy\/espectaculos\/wp-json\/wp\/v2\/media?parent=3266"}],"wp:term":[{"taxonomy":"cuerpo-estable","embeddable":true,"href":"https:\/\/sodre.gub.uy\/espectaculos\/wp-json\/wp\/v2\/cuerpo-estable?post=3266"},{"taxonomy":"etiqueta-espectaculo","embeddable":true,"href":"https:\/\/sodre.gub.uy\/espectaculos\/wp-json\/wp\/v2\/etiqueta-espectaculo?post=3266"},{"taxonomy":"lugar","embeddable":true,"href":"https:\/\/sodre.gub.uy\/espectaculos\/wp-json\/wp\/v2\/lugar?post=3266"},{"taxonomy":"sala-espacio","embeddable":true,"href":"https:\/\/sodre.gub.uy\/espectaculos\/wp-json\/wp\/v2\/sala-espacio?post=3266"}],"curies":[{"name":"wp","href":"https:\/\/api.w.org\/{rel}","templated":true}]}}