{"id":3225,"date":"2020-06-24T08:37:15","date_gmt":"2020-06-24T11:37:15","guid":{"rendered":"https:\/\/sodre.gub.uy\/espectaculos\/cortos-en-cartelera-programa-4\/"},"modified":"2020-06-24T08:37:15","modified_gmt":"2020-06-24T11:37:15","slug":"cortos-en-cartelera-programa-4","status":"publish","type":"espectaculo","link":"https:\/\/sodre.gub.uy\/espectaculos\/cortos-en-cartelera-programa-4\/","title":{"rendered":"CORTOS EN CARTELERA, programa 4"},"content":{"rendered":"<div class=\"wpb-content-wrapper\"><p>[vc_section el_class=\u00bbcontent&#8211;espectaculo evento-auditorio-nelly-goitino\u00bb][vc_row el_class=\u00bbcyg&#8211;descripcion\u00bb]<br \/>\n\t\t\t\t\t[vc_column]<br \/>\n\t\t\t\t\t\t[vc_column_text]<\/p>\n<section>\n<p style=\"text-align: justify;\"><span class=\"tm-color-primary\"><strong>Cortos en cartelera<\/strong><\/span> es un espacio dedicado a la exhibici\u00f3n de cortometrajes de realizadores y realizadoras, con el fin de dar visibilidad y fortalecer la presencia de obras nuevas y de calidad en las salas de cine. Este ciclo se llev\u00f3 a cabo en la\u00a0Sala B\u00a0del\u00a0Auditorio Nelly Goiti\u00f1o\u00a0desde\u00a0junio hasta noviembre de 2019. Fue presentado por el Sodre y la <span class=\"ILfuVd\"><span class=\"e24Kjd\">Direcci\u00f3n del Cine y Audiovisual Nacional (<\/span><\/span>ICAU), organizado por\u00a0Buen Cine, con el apoyo de\u00a0Fundaci\u00f3n Ita\u00fa.<\/p>\n<p style=\"margin: 10px 0px; padding: 0px; line-height: 24px; text-align: justify;\">Ahora te invitamos ver algunos cortos de esta primera edici\u00f3n en el Festival Sodre en Casa. Pod\u00e9s acceder <a href=\"https:\/\/www.youtube.com\/watch?v=OxBjd1r0y2E&amp;list=PLprpucOLg2VLNAXZycuB7At9IlRagKbeB\" target=\"_blank\" rel=\"noopener noreferrer\">ingresando aqu\u00ed<\/a>.<\/p>\n<p style=\"margin-bottom: 0cm; text-align: justify;\"><strong>Programa 4 &#8211; No-ficciones: Desde los m\u00e1rgenes<\/strong><\/p>\n<p style=\"text-align: justify;\">La no ficci\u00f3n, m\u00e1s que un g\u00e9nero, es un espacio intermedio entre la ficci\u00f3n, el documental y lo experimental. Una fuga donde operan otros principios. Los cortometrajes indagan en esas fisuras que surgen a partir de la puesta en crisis de la mirada hegem\u00f3nica. Nos enfocamos en aquellas obras que encuentran en la apropiaci\u00f3n de im\u00e1genes y sonidos, nuevas formas de reinventar las posibilidades est\u00e9ticas y las l\u00f3gicas narrativas, al preguntarse c\u00f3mo filmar la memoria, c\u00f3mo evocar esos vac\u00edos.<\/p>\n<p style=\"text-align: justify;\"><span class=\"tm-color-primary\"><em><strong>Luz breve<\/strong><\/em><\/span><br \/>Direcci\u00f3n: Florencia Colman \/ 13&#8242; &#8211; 2019<br \/>Intent\u00e9 filmar a mi abuela a trav\u00e9s de esta mara\u00f1a de recuerdos. Fracas\u00e9.<\/p>\n<p style=\"text-align: justify;\"><em><span class=\"tm-color-primary\"><strong>Confluencia<\/strong><\/span><\/em><br \/>Direcci\u00f3n: Felipe Bellocq \/ 15&#8242; &#8211; 2018<br \/>Confluencia, aborda los conceptos del tiempo, el encuentro y la circularidad. Poniendo en relaci\u00f3n el cine experimental y la m\u00fasica <em>ambient<\/em>.\u00a0<\/p>\n<p style=\"text-align: justify;\"><strong><span class=\"tm-color-primary\"><em>Espacio<\/em><\/span><\/strong><br \/>Direcci\u00f3n: Silvana Camors \/ 6&#8242; &#8211; 2018<br \/>Un viaje sensorial, un recorrido donde se siente la soledad mientras se atraviesan caminos junto a otros.<\/p>\n<p style=\"text-align: justify;\"><strong><span class=\"tm-color-primary\"><em>A Rosa dos Ventos<\/em><\/span><\/strong><br \/>Direcci\u00f3n: Ina L\u00f3pez \/ 12&#8242; &#8211; 2018<br \/>Rosa dos Ventos recupera la historia de emigraci\u00f3n de mi abuela. F\u00e1bula y documental, dos mundos que se confunden para interpelar su historia.<\/p>\n<p>\u00a0<\/p>\n<\/section>\n<p>\t\t\t\t\t\t[\/vc_column_text]<br \/>\n\t\t\t\t\t\t[vc_empty_space height=\u00bb30px\u00bb el_class=\u00bbcyg&#8211;espacio-30&#8243;]<br \/>\n\t\t\t\t\t[\/vc_column]<br \/>\n\t\t\t\t[\/vc_row][vc_row el_class=\u00bbcyg&#8211;ficha\u00bb]<br \/>\n\t\t\t\t\t[vc_column]<br \/>\n\t\t\t\t\t[vc_column_text]<\/p>\n<section><\/section>\n<p>\t\t\t\t\t[\/vc_column_text]<br \/>\n\t\t\t\t\t[\/vc_column]<br \/>\n\t\t\t\t[\/vc_row][vc_row][vc_column][vc_gallery type=\u00bbimage_grid\u00bb images=\u00bb3221,3222,3223,3224&#8243;][\/vc_column][\/vc_row][vc_row][vc_column][vc_video link=\u00bbhttps:\/\/www.youtube.com\/watch?v=OxBjd1r0y2E&#038;list=PLprpucOLg2VKA9C9xi5ZhhB50hW8OaJzF\u00bb][\/vc_column][\/vc_row][\/vc_section]<\/p>\n<\/div>","protected":false},"excerpt":{"rendered":"<p>[vc_section el_class=\u00bbcontent&#8211;espectaculo evento-auditorio-nelly-goitino\u00bb][vc_row el_class=\u00bbcyg&#8211;descripcion\u00bb] [vc_column] [vc_column_text] Cortos en cartelera es un espacio dedicado a la exhibici\u00f3n de cortometrajes de realizadores y realizadoras, con el fin de dar visibilidad y fortalecer la presencia de obras nuevas y de calidad en las salas de cine. Este ciclo se llev\u00f3 a cabo en la\u00a0Sala B\u00a0del\u00a0Auditorio Nelly Goiti\u00f1o\u00a0desde\u00a0junio hasta [&hellip;]<\/p>\n","protected":false},"menu_order":0,"template":"","format":"standard","cuerpo-estable":[],"etiqueta-espectaculo":[],"lugar":[],"sala-espacio":[],"acf":[],"yoast_head":"<!-- This site is optimized with the Yoast SEO plugin v21.7 - https:\/\/yoast.com\/wordpress\/plugins\/seo\/ -->\n<title>CORTOS EN CARTELERA, programa 4 - Espect\u00e1culos<\/title>\n<meta name=\"robots\" content=\"index, follow, max-snippet:-1, max-image-preview:large, max-video-preview:-1\" \/>\n<link rel=\"canonical\" href=\"https:\/\/sodre.gub.uy\/espectaculos\/cortos-en-cartelera-programa-4\/\" \/>\n<meta property=\"og:locale\" content=\"es_ES\" \/>\n<meta property=\"og:type\" content=\"article\" \/>\n<meta property=\"og:title\" content=\"CORTOS EN CARTELERA, programa 4 - Espect\u00e1culos\" \/>\n<meta property=\"og:description\" content=\"[vc_section el_class=\u00bbcontent&#8211;espectaculo evento-auditorio-nelly-goitino\u00bb][vc_row el_class=\u00bbcyg&#8211;descripcion\u00bb] [vc_column] [vc_column_text] Cortos en cartelera es un espacio dedicado a la exhibici\u00f3n de cortometrajes de realizadores y realizadoras, con el fin de dar visibilidad y fortalecer la presencia de obras nuevas y de calidad en las salas de cine. Este ciclo se llev\u00f3 a cabo en la\u00a0Sala B\u00a0del\u00a0Auditorio Nelly Goiti\u00f1o\u00a0desde\u00a0junio hasta [&hellip;]\" \/>\n<meta property=\"og:url\" content=\"https:\/\/sodre.gub.uy\/espectaculos\/cortos-en-cartelera-programa-4\/\" \/>\n<meta property=\"og:site_name\" content=\"Espect\u00e1culos\" \/>\n<meta name=\"twitter:card\" content=\"summary_large_image\" \/>\n<meta name=\"twitter:label1\" content=\"Tiempo de lectura\" \/>\n\t<meta name=\"twitter:data1\" content=\"2 minutos\" \/>\n<script type=\"application\/ld+json\" class=\"yoast-schema-graph\">{\"@context\":\"https:\/\/schema.org\",\"@graph\":[{\"@type\":\"WebPage\",\"@id\":\"https:\/\/sodre.gub.uy\/espectaculos\/cortos-en-cartelera-programa-4\/\",\"url\":\"https:\/\/sodre.gub.uy\/espectaculos\/cortos-en-cartelera-programa-4\/\",\"name\":\"CORTOS EN CARTELERA, programa 4 - Espect\u00e1culos\",\"isPartOf\":{\"@id\":\"https:\/\/sodre.gub.uy\/espectaculos\/#website\"},\"datePublished\":\"2020-06-24T11:37:15+00:00\",\"dateModified\":\"2020-06-24T11:37:15+00:00\",\"inLanguage\":\"es\",\"potentialAction\":[{\"@type\":\"ReadAction\",\"target\":[\"https:\/\/sodre.gub.uy\/espectaculos\/cortos-en-cartelera-programa-4\/\"]}]},{\"@type\":\"WebSite\",\"@id\":\"https:\/\/sodre.gub.uy\/espectaculos\/#website\",\"url\":\"https:\/\/sodre.gub.uy\/espectaculos\/\",\"name\":\"Espect\u00e1culos\",\"description\":\"Servicio Oficial de Difusi\u00f3n, Representaciones y Espect\u00e1culos\",\"publisher\":{\"@id\":\"https:\/\/sodre.gub.uy\/espectaculos\/#organization\"},\"potentialAction\":[{\"@type\":\"SearchAction\",\"target\":{\"@type\":\"EntryPoint\",\"urlTemplate\":\"https:\/\/sodre.gub.uy\/espectaculos\/?s={search_term_string}\"},\"query-input\":\"required name=search_term_string\"}],\"inLanguage\":\"es\"},{\"@type\":\"Organization\",\"@id\":\"https:\/\/sodre.gub.uy\/espectaculos\/#organization\",\"name\":\"Espect\u00e1culos\",\"url\":\"https:\/\/sodre.gub.uy\/espectaculos\/\",\"logo\":{\"@type\":\"ImageObject\",\"inLanguage\":\"es\",\"@id\":\"https:\/\/sodre.gub.uy\/espectaculos\/#\/schema\/logo\/image\/\",\"url\":\"https:\/\/sodre.gub.uy\/espectaculos\/wp-content\/uploads\/sites\/2\/2023\/12\/logo-sodre-black.svg\",\"contentUrl\":\"https:\/\/sodre.gub.uy\/espectaculos\/wp-content\/uploads\/sites\/2\/2023\/12\/logo-sodre-black.svg\",\"caption\":\"Espect\u00e1culos\"},\"image\":{\"@id\":\"https:\/\/sodre.gub.uy\/espectaculos\/#\/schema\/logo\/image\/\"}}]}<\/script>\n<!-- \/ Yoast SEO plugin. -->","yoast_head_json":{"title":"CORTOS EN CARTELERA, programa 4 - Espect\u00e1culos","robots":{"index":"index","follow":"follow","max-snippet":"max-snippet:-1","max-image-preview":"max-image-preview:large","max-video-preview":"max-video-preview:-1"},"canonical":"https:\/\/sodre.gub.uy\/espectaculos\/cortos-en-cartelera-programa-4\/","og_locale":"es_ES","og_type":"article","og_title":"CORTOS EN CARTELERA, programa 4 - Espect\u00e1culos","og_description":"[vc_section el_class=\u00bbcontent&#8211;espectaculo evento-auditorio-nelly-goitino\u00bb][vc_row el_class=\u00bbcyg&#8211;descripcion\u00bb] [vc_column] [vc_column_text] Cortos en cartelera es un espacio dedicado a la exhibici\u00f3n de cortometrajes de realizadores y realizadoras, con el fin de dar visibilidad y fortalecer la presencia de obras nuevas y de calidad en las salas de cine. Este ciclo se llev\u00f3 a cabo en la\u00a0Sala B\u00a0del\u00a0Auditorio Nelly Goiti\u00f1o\u00a0desde\u00a0junio hasta [&hellip;]","og_url":"https:\/\/sodre.gub.uy\/espectaculos\/cortos-en-cartelera-programa-4\/","og_site_name":"Espect\u00e1culos","twitter_card":"summary_large_image","twitter_misc":{"Tiempo de lectura":"2 minutos"},"schema":{"@context":"https:\/\/schema.org","@graph":[{"@type":"WebPage","@id":"https:\/\/sodre.gub.uy\/espectaculos\/cortos-en-cartelera-programa-4\/","url":"https:\/\/sodre.gub.uy\/espectaculos\/cortos-en-cartelera-programa-4\/","name":"CORTOS EN CARTELERA, programa 4 - Espect\u00e1culos","isPartOf":{"@id":"https:\/\/sodre.gub.uy\/espectaculos\/#website"},"datePublished":"2020-06-24T11:37:15+00:00","dateModified":"2020-06-24T11:37:15+00:00","inLanguage":"es","potentialAction":[{"@type":"ReadAction","target":["https:\/\/sodre.gub.uy\/espectaculos\/cortos-en-cartelera-programa-4\/"]}]},{"@type":"WebSite","@id":"https:\/\/sodre.gub.uy\/espectaculos\/#website","url":"https:\/\/sodre.gub.uy\/espectaculos\/","name":"Espect\u00e1culos","description":"Servicio Oficial de Difusi\u00f3n, Representaciones y Espect\u00e1culos","publisher":{"@id":"https:\/\/sodre.gub.uy\/espectaculos\/#organization"},"potentialAction":[{"@type":"SearchAction","target":{"@type":"EntryPoint","urlTemplate":"https:\/\/sodre.gub.uy\/espectaculos\/?s={search_term_string}"},"query-input":"required name=search_term_string"}],"inLanguage":"es"},{"@type":"Organization","@id":"https:\/\/sodre.gub.uy\/espectaculos\/#organization","name":"Espect\u00e1culos","url":"https:\/\/sodre.gub.uy\/espectaculos\/","logo":{"@type":"ImageObject","inLanguage":"es","@id":"https:\/\/sodre.gub.uy\/espectaculos\/#\/schema\/logo\/image\/","url":"https:\/\/sodre.gub.uy\/espectaculos\/wp-content\/uploads\/sites\/2\/2023\/12\/logo-sodre-black.svg","contentUrl":"https:\/\/sodre.gub.uy\/espectaculos\/wp-content\/uploads\/sites\/2\/2023\/12\/logo-sodre-black.svg","caption":"Espect\u00e1culos"},"image":{"@id":"https:\/\/sodre.gub.uy\/espectaculos\/#\/schema\/logo\/image\/"}}]}},"_links":{"self":[{"href":"https:\/\/sodre.gub.uy\/espectaculos\/wp-json\/wp\/v2\/espectaculo\/3225"}],"collection":[{"href":"https:\/\/sodre.gub.uy\/espectaculos\/wp-json\/wp\/v2\/espectaculo"}],"about":[{"href":"https:\/\/sodre.gub.uy\/espectaculos\/wp-json\/wp\/v2\/types\/espectaculo"}],"version-history":[{"count":0,"href":"https:\/\/sodre.gub.uy\/espectaculos\/wp-json\/wp\/v2\/espectaculo\/3225\/revisions"}],"wp:attachment":[{"href":"https:\/\/sodre.gub.uy\/espectaculos\/wp-json\/wp\/v2\/media?parent=3225"}],"wp:term":[{"taxonomy":"cuerpo-estable","embeddable":true,"href":"https:\/\/sodre.gub.uy\/espectaculos\/wp-json\/wp\/v2\/cuerpo-estable?post=3225"},{"taxonomy":"etiqueta-espectaculo","embeddable":true,"href":"https:\/\/sodre.gub.uy\/espectaculos\/wp-json\/wp\/v2\/etiqueta-espectaculo?post=3225"},{"taxonomy":"lugar","embeddable":true,"href":"https:\/\/sodre.gub.uy\/espectaculos\/wp-json\/wp\/v2\/lugar?post=3225"},{"taxonomy":"sala-espacio","embeddable":true,"href":"https:\/\/sodre.gub.uy\/espectaculos\/wp-json\/wp\/v2\/sala-espacio?post=3225"}],"curies":[{"name":"wp","href":"https:\/\/api.w.org\/{rel}","templated":true}]}}