{"id":3211,"date":"2020-06-02T08:41:08","date_gmt":"2020-06-02T11:41:08","guid":{"rendered":"https:\/\/sodre.gub.uy\/espectaculos\/cortos-en-cartelera\/"},"modified":"2020-06-02T08:41:08","modified_gmt":"2020-06-02T11:41:08","slug":"cortos-en-cartelera","status":"publish","type":"espectaculo","link":"https:\/\/sodre.gub.uy\/espectaculos\/cortos-en-cartelera\/","title":{"rendered":"CORTOS EN CARTELERA, programa 1 y 2"},"content":{"rendered":"<div class=\"wpb-content-wrapper\"><p>[vc_section el_class=\u00bbcontent&#8211;espectaculo evento-auditorio-nelly-goitino\u00bb][vc_row el_class=\u00bbcyg&#8211;descripcion\u00bb]<br \/>\n\t\t\t\t\t[vc_column]<br \/>\n\t\t\t\t\t\t[vc_column_text]<\/p>\n<section>\n<p style=\"text-align: justify;\"><span class=\"tm-color-primary\"><strong>Cortos en cartelera<\/strong><\/span> es un espacio dedicado a la exhibici\u00f3n de cortometrajes de realizadores y realizadoras, con el fin de dar visibilidad y fortalecer la presencia de obras nuevas y de calidad en las salas de cine. Este ciclo se llev\u00f3 a cabo en la\u00a0Sala B\u00a0del\u00a0Auditorio Nelly Goiti\u00f1o\u00a0desde\u00a0junio hasta noviembre de 2019. Fue presentado por el Sodre y la <span class=\"ILfuVd\"><span class=\"e24Kjd\">Direcci\u00f3n del Cine y Audiovisual Nacional (<\/span><\/span>ICAU), organizado por\u00a0Buen Cine, con el apoyo de\u00a0Fundaci\u00f3n Ita\u00fa.<\/p>\n<p style=\"margin: 10px 0px; padding: 0px; line-height: 24px; text-align: justify;\">Ahora te invitamos ver algunos cortos de esta primera edici\u00f3n en el Festival Sodre en Casa. Pod\u00e9s acceder <a href=\"https:\/\/www.youtube.com\/watch?v=OxBjd1r0y2E&amp;list=PLprpucOLg2VLNAXZycuB7At9IlRagKbeB\" target=\"_blank\" rel=\"noopener noreferrer\">ingresando aqu\u00ed<\/a>.<\/p>\n<p><strong>Programa 1 &#8211; Apertura: cortos premiados internacionalmente<br \/><\/strong><\/p>\n<p dir=\"ltr\" style=\"text-align: justify;\"><em><span class=\"tm-color-primary\"><strong>Negra<\/strong><\/span><\/em><br \/>Direcci\u00f3n: Luc\u00eda Nieto Salazar \/ 14<span lang=\"es-MX\">&#8216; &#8211; 2019<\/span><br \/>El hombre vive solo con su perra, su presencia lo perturba y lo obsesiona, por lo que decide deshacerse de ella. Pero, aunque la abandone lejos, ella sigue volviendo.<br \/>Mejor cortometraje en el 37.\u00ba Festival Cinematogr\u00e1fico Internacional del Uruguay<\/p>\n<p dir=\"ltr\" style=\"text-align: justify;\"><em><span class=\"tm-color-primary\"><strong>Ya no<\/strong><\/span><\/em><br \/>Direcci\u00f3n: Mar\u00eda Ang\u00e9lica Gil \/ 16<span lang=\"es-MX\">&#8216; &#8211; 2018<\/span><br \/>Una joven de 27 a\u00f1os que vive en Montevideo atraviesa un terrible momento de desencuentro con el mundo que la rodea.<br \/>Mejor cortometraje en el 36.\u00ba Festival Cinematogr\u00e1fico Internacional del Uruguay<\/p>\n<p dir=\"ltr\" style=\"text-align: justify;\"><em><strong><span class=\"tm-color-primary\">Camposanto<\/span><\/strong><\/em><br \/>Direcci\u00f3n: Pedro Gauvain \/ 25<span lang=\"es-MX\">&#8216; &#8211; 2019<\/span><br \/>Es el fin de una larga expedici\u00f3n arqueol\u00f3gica en un lugar perdido entre la serran\u00eda, sin ning\u00fan resultado todos est\u00e1n dispuestos a marcharse. Excepto uno de los investigadores, que est\u00e1 decidido a continuar\u2026<\/p>\n<p style=\"text-align: justify;\"><span class=\"tm-color-primary\"><em><strong>Como los erizos<\/strong><\/em><\/span><br \/>Direcci\u00f3n: Andrea P\u00e9rez \/ 11&#8242; &#8211; 2019<br \/><span style=\"font-weight: 400;\">Despu\u00e9s de que su pareja lo deje y se vaya sin dejar rastro, Carlos (33) no sabe c\u00f3mo contarle a su hijo Ignacio (6) lo sucedido, e intenta pasar unas vacaciones normales en Uruguay. Sin embargo, Ignacio extra\u00f1a a su madre y exige saber d\u00f3nde est\u00e1. La relaci\u00f3n se tensa y Carlos deber\u00e1 hacerle frente al evento que sacudi\u00f3 sus vidas.<\/span><\/p>\n<p style=\"text-align: justify;\"><strong>Programa 2 &#8211; El horror de lo cotidiano<\/strong><span style=\"font-weight: 400;\"><span class=\"tm-color-primary\"><strong><br \/><\/strong><\/span><\/span><\/p>\n<p style=\"text-align: justify;\"><span style=\"font-weight: 400;\"><span class=\"tm-color-primary\"><strong><em>La petit mort<\/em><\/strong><\/span><\/span><br \/>Direcci\u00f3n: Felipe Ruete \/ 14&#8242; &#8211; 2018<br \/>Carlos es un joven que atraviesa por una crisis de identidad. Durante el proceso tendr\u00e1 que enfrentarse a sus miedos m\u00e1s profundos.<\/p>\n<p style=\"text-align: justify;\"><em><span class=\"tm-color-primary\"><strong>Quedarse en casa<\/strong><\/span><\/em><br \/>Direcci\u00f3n: Lucas Mazzoni \/ 14&#8242; &#8211; 2018<br \/>Mariela, una noche, al volver de trabajar, se encuentra con una joven desconocida en su propio cuarto. Sin saber c\u00f3mo reaccionar, la invita a quedarse esa noche en la casa. Pese a lo extra\u00f1o de la situaci\u00f3n, ambas se acercan, y durante esa cena, Mariela llega a olvidarse de estar sola.<\/p>\n<p style=\"text-align: justify;\"><span class=\"tm-color-primary\"><em><strong>La noche de Melisa<\/strong><\/em><\/span><br \/>Direcci\u00f3n: Milagros Fern\u00e1ndez\u00a0\/ 16&#8242; &#8211; 2018<br \/>En una calle solitaria un hombre golpea duramente a Melisa, una mujer trans. Tras la fuga del hombre, Melisa, toda lastimada, acude a pedir ayuda a una comisar\u00eda donde los polic\u00edas resultan ser omisos y no la toman en serio, por lo que decide ir a buscar por su cuenta al agresor.<\/p>\n<p style=\"text-align: justify;\"><span class=\"tm-color-primary\"><em><strong>Lloren la locura perdida de estos campos<\/strong><\/em><\/span><br \/>Direcci\u00f3n: Alex PipernoUruguay \/ 15&#8242; &#8211; 2019<br \/>Una ni\u00f1a muere en una quinta en la provincia y es velada por su familia. A la noche un perro salvaje desentierra el cad\u00e1ver y lo lleva al bosque. Bajo la sombra de los \u00e1rboles la ni\u00f1a despierta y decide regresar a casa acompa\u00f1ada por el perro.<\/p>\n<\/section>\n<p>\t\t\t\t\t\t[\/vc_column_text]<br \/>\n\t\t\t\t\t\t[vc_empty_space height=\u00bb30px\u00bb el_class=\u00bbcyg&#8211;espacio-30&#8243;]<br \/>\n\t\t\t\t\t[\/vc_column]<br \/>\n\t\t\t\t[\/vc_row][vc_row el_class=\u00bbcyg&#8211;ficha\u00bb]<br \/>\n\t\t\t\t\t[vc_column]<br \/>\n\t\t\t\t\t[vc_column_text]<\/p>\n<section><\/section>\n<p>\t\t\t\t\t[\/vc_column_text]<br \/>\n\t\t\t\t\t[\/vc_column]<br \/>\n\t\t\t\t[\/vc_row][vc_row][vc_column][vc_gallery type=\u00bbimage_grid\u00bb images=\u00bb3203,3204,3205,3206,3207,3208,3209,3210&#8243;][\/vc_column][\/vc_row][vc_row][vc_column][vc_video link=\u00bbhttps:\/\/www.youtube.com\/watch?v=OxBjd1r0y2E&#038;list=PLprpucOLg2VKA9C9xi5ZhhB50hW8OaJzF\u00bb][\/vc_column][\/vc_row][\/vc_section]<\/p>\n<\/div>","protected":false},"excerpt":{"rendered":"<p>[vc_section el_class=\u00bbcontent&#8211;espectaculo evento-auditorio-nelly-goitino\u00bb][vc_row el_class=\u00bbcyg&#8211;descripcion\u00bb] [vc_column] [vc_column_text] Cortos en cartelera es un espacio dedicado a la exhibici\u00f3n de cortometrajes de realizadores y realizadoras, con el fin de dar visibilidad y fortalecer la presencia de obras nuevas y de calidad en las salas de cine. Este ciclo se llev\u00f3 a cabo en la\u00a0Sala B\u00a0del\u00a0Auditorio Nelly Goiti\u00f1o\u00a0desde\u00a0junio hasta [&hellip;]<\/p>\n","protected":false},"menu_order":0,"template":"","format":"standard","cuerpo-estable":[],"etiqueta-espectaculo":[],"lugar":[],"sala-espacio":[],"acf":[],"yoast_head":"<!-- This site is optimized with the Yoast SEO plugin v21.7 - https:\/\/yoast.com\/wordpress\/plugins\/seo\/ -->\n<title>CORTOS EN CARTELERA, programa 1 y 2 - Espect\u00e1culos<\/title>\n<meta name=\"robots\" content=\"index, follow, max-snippet:-1, max-image-preview:large, max-video-preview:-1\" \/>\n<link rel=\"canonical\" href=\"https:\/\/sodre.gub.uy\/espectaculos\/cortos-en-cartelera\/\" \/>\n<meta property=\"og:locale\" content=\"es_ES\" \/>\n<meta property=\"og:type\" content=\"article\" \/>\n<meta property=\"og:title\" content=\"CORTOS EN CARTELERA, programa 1 y 2 - Espect\u00e1culos\" \/>\n<meta property=\"og:description\" content=\"[vc_section el_class=\u00bbcontent&#8211;espectaculo evento-auditorio-nelly-goitino\u00bb][vc_row el_class=\u00bbcyg&#8211;descripcion\u00bb] [vc_column] [vc_column_text] Cortos en cartelera es un espacio dedicado a la exhibici\u00f3n de cortometrajes de realizadores y realizadoras, con el fin de dar visibilidad y fortalecer la presencia de obras nuevas y de calidad en las salas de cine. Este ciclo se llev\u00f3 a cabo en la\u00a0Sala B\u00a0del\u00a0Auditorio Nelly Goiti\u00f1o\u00a0desde\u00a0junio hasta [&hellip;]\" \/>\n<meta property=\"og:url\" content=\"https:\/\/sodre.gub.uy\/espectaculos\/cortos-en-cartelera\/\" \/>\n<meta property=\"og:site_name\" content=\"Espect\u00e1culos\" \/>\n<meta name=\"twitter:card\" content=\"summary_large_image\" \/>\n<meta name=\"twitter:label1\" content=\"Tiempo de lectura\" \/>\n\t<meta name=\"twitter:data1\" content=\"3 minutos\" \/>\n<script type=\"application\/ld+json\" class=\"yoast-schema-graph\">{\"@context\":\"https:\/\/schema.org\",\"@graph\":[{\"@type\":\"WebPage\",\"@id\":\"https:\/\/sodre.gub.uy\/espectaculos\/cortos-en-cartelera\/\",\"url\":\"https:\/\/sodre.gub.uy\/espectaculos\/cortos-en-cartelera\/\",\"name\":\"CORTOS EN CARTELERA, programa 1 y 2 - Espect\u00e1culos\",\"isPartOf\":{\"@id\":\"https:\/\/sodre.gub.uy\/espectaculos\/#website\"},\"datePublished\":\"2020-06-02T11:41:08+00:00\",\"dateModified\":\"2020-06-02T11:41:08+00:00\",\"inLanguage\":\"es\",\"potentialAction\":[{\"@type\":\"ReadAction\",\"target\":[\"https:\/\/sodre.gub.uy\/espectaculos\/cortos-en-cartelera\/\"]}]},{\"@type\":\"WebSite\",\"@id\":\"https:\/\/sodre.gub.uy\/espectaculos\/#website\",\"url\":\"https:\/\/sodre.gub.uy\/espectaculos\/\",\"name\":\"Espect\u00e1culos\",\"description\":\"Servicio Oficial de Difusi\u00f3n, Representaciones y Espect\u00e1culos\",\"publisher\":{\"@id\":\"https:\/\/sodre.gub.uy\/espectaculos\/#organization\"},\"potentialAction\":[{\"@type\":\"SearchAction\",\"target\":{\"@type\":\"EntryPoint\",\"urlTemplate\":\"https:\/\/sodre.gub.uy\/espectaculos\/?s={search_term_string}\"},\"query-input\":\"required name=search_term_string\"}],\"inLanguage\":\"es\"},{\"@type\":\"Organization\",\"@id\":\"https:\/\/sodre.gub.uy\/espectaculos\/#organization\",\"name\":\"Espect\u00e1culos\",\"url\":\"https:\/\/sodre.gub.uy\/espectaculos\/\",\"logo\":{\"@type\":\"ImageObject\",\"inLanguage\":\"es\",\"@id\":\"https:\/\/sodre.gub.uy\/espectaculos\/#\/schema\/logo\/image\/\",\"url\":\"https:\/\/sodre.gub.uy\/espectaculos\/wp-content\/uploads\/sites\/2\/2023\/12\/logo-sodre-black.svg\",\"contentUrl\":\"https:\/\/sodre.gub.uy\/espectaculos\/wp-content\/uploads\/sites\/2\/2023\/12\/logo-sodre-black.svg\",\"caption\":\"Espect\u00e1culos\"},\"image\":{\"@id\":\"https:\/\/sodre.gub.uy\/espectaculos\/#\/schema\/logo\/image\/\"}}]}<\/script>\n<!-- \/ Yoast SEO plugin. -->","yoast_head_json":{"title":"CORTOS EN CARTELERA, programa 1 y 2 - Espect\u00e1culos","robots":{"index":"index","follow":"follow","max-snippet":"max-snippet:-1","max-image-preview":"max-image-preview:large","max-video-preview":"max-video-preview:-1"},"canonical":"https:\/\/sodre.gub.uy\/espectaculos\/cortos-en-cartelera\/","og_locale":"es_ES","og_type":"article","og_title":"CORTOS EN CARTELERA, programa 1 y 2 - Espect\u00e1culos","og_description":"[vc_section el_class=\u00bbcontent&#8211;espectaculo evento-auditorio-nelly-goitino\u00bb][vc_row el_class=\u00bbcyg&#8211;descripcion\u00bb] [vc_column] [vc_column_text] Cortos en cartelera es un espacio dedicado a la exhibici\u00f3n de cortometrajes de realizadores y realizadoras, con el fin de dar visibilidad y fortalecer la presencia de obras nuevas y de calidad en las salas de cine. Este ciclo se llev\u00f3 a cabo en la\u00a0Sala B\u00a0del\u00a0Auditorio Nelly Goiti\u00f1o\u00a0desde\u00a0junio hasta [&hellip;]","og_url":"https:\/\/sodre.gub.uy\/espectaculos\/cortos-en-cartelera\/","og_site_name":"Espect\u00e1culos","twitter_card":"summary_large_image","twitter_misc":{"Tiempo de lectura":"3 minutos"},"schema":{"@context":"https:\/\/schema.org","@graph":[{"@type":"WebPage","@id":"https:\/\/sodre.gub.uy\/espectaculos\/cortos-en-cartelera\/","url":"https:\/\/sodre.gub.uy\/espectaculos\/cortos-en-cartelera\/","name":"CORTOS EN CARTELERA, programa 1 y 2 - Espect\u00e1culos","isPartOf":{"@id":"https:\/\/sodre.gub.uy\/espectaculos\/#website"},"datePublished":"2020-06-02T11:41:08+00:00","dateModified":"2020-06-02T11:41:08+00:00","inLanguage":"es","potentialAction":[{"@type":"ReadAction","target":["https:\/\/sodre.gub.uy\/espectaculos\/cortos-en-cartelera\/"]}]},{"@type":"WebSite","@id":"https:\/\/sodre.gub.uy\/espectaculos\/#website","url":"https:\/\/sodre.gub.uy\/espectaculos\/","name":"Espect\u00e1culos","description":"Servicio Oficial de Difusi\u00f3n, Representaciones y Espect\u00e1culos","publisher":{"@id":"https:\/\/sodre.gub.uy\/espectaculos\/#organization"},"potentialAction":[{"@type":"SearchAction","target":{"@type":"EntryPoint","urlTemplate":"https:\/\/sodre.gub.uy\/espectaculos\/?s={search_term_string}"},"query-input":"required name=search_term_string"}],"inLanguage":"es"},{"@type":"Organization","@id":"https:\/\/sodre.gub.uy\/espectaculos\/#organization","name":"Espect\u00e1culos","url":"https:\/\/sodre.gub.uy\/espectaculos\/","logo":{"@type":"ImageObject","inLanguage":"es","@id":"https:\/\/sodre.gub.uy\/espectaculos\/#\/schema\/logo\/image\/","url":"https:\/\/sodre.gub.uy\/espectaculos\/wp-content\/uploads\/sites\/2\/2023\/12\/logo-sodre-black.svg","contentUrl":"https:\/\/sodre.gub.uy\/espectaculos\/wp-content\/uploads\/sites\/2\/2023\/12\/logo-sodre-black.svg","caption":"Espect\u00e1culos"},"image":{"@id":"https:\/\/sodre.gub.uy\/espectaculos\/#\/schema\/logo\/image\/"}}]}},"_links":{"self":[{"href":"https:\/\/sodre.gub.uy\/espectaculos\/wp-json\/wp\/v2\/espectaculo\/3211"}],"collection":[{"href":"https:\/\/sodre.gub.uy\/espectaculos\/wp-json\/wp\/v2\/espectaculo"}],"about":[{"href":"https:\/\/sodre.gub.uy\/espectaculos\/wp-json\/wp\/v2\/types\/espectaculo"}],"version-history":[{"count":0,"href":"https:\/\/sodre.gub.uy\/espectaculos\/wp-json\/wp\/v2\/espectaculo\/3211\/revisions"}],"wp:attachment":[{"href":"https:\/\/sodre.gub.uy\/espectaculos\/wp-json\/wp\/v2\/media?parent=3211"}],"wp:term":[{"taxonomy":"cuerpo-estable","embeddable":true,"href":"https:\/\/sodre.gub.uy\/espectaculos\/wp-json\/wp\/v2\/cuerpo-estable?post=3211"},{"taxonomy":"etiqueta-espectaculo","embeddable":true,"href":"https:\/\/sodre.gub.uy\/espectaculos\/wp-json\/wp\/v2\/etiqueta-espectaculo?post=3211"},{"taxonomy":"lugar","embeddable":true,"href":"https:\/\/sodre.gub.uy\/espectaculos\/wp-json\/wp\/v2\/lugar?post=3211"},{"taxonomy":"sala-espacio","embeddable":true,"href":"https:\/\/sodre.gub.uy\/espectaculos\/wp-json\/wp\/v2\/sala-espacio?post=3211"}],"curies":[{"name":"wp","href":"https:\/\/api.w.org\/{rel}","templated":true}]}}