{"id":2963,"date":"2019-10-31T20:25:20","date_gmt":"2019-10-31T23:25:20","guid":{"rendered":"https:\/\/sodre.gub.uy\/espectaculos\/cine-noviembre\/"},"modified":"2019-10-31T20:25:20","modified_gmt":"2019-10-31T23:25:20","slug":"cine-noviembre","status":"publish","type":"espectaculo","link":"https:\/\/sodre.gub.uy\/espectaculos\/cine-noviembre\/","title":{"rendered":"Cine | noviembre"},"content":{"rendered":"<div class=\"wpb-content-wrapper\"><p>[vc_section el_class=\u00bbcontent&#8211;espectaculo evento-auditorio-nelly-goitino\u00bb][vc_row el_class=\u00bbcyg&#8211;descripcion\u00bb]<br \/>\n\t\t\t\t\t[vc_column]<br \/>\n\t\t\t\t\t\t[vc_column_text]<\/p>\n<section>\n<p><span class=\"tm-color-primary\" style=\"font-size: 18pt;\"><strong>PEL\u00cdCULAS<\/strong><\/span><\/p>\n<p style=\"margin-bottom: 0cm;\" align=\"JUSTIFY\"><strong>&gt; Del jueves 7 al domingo 10 de noviembre<br \/><\/strong><\/p>\n<p style=\"margin-bottom: 0cm;\" align=\"JUSTIFY\">17 horas | <em><span class=\"tm-color-primary\">Santiago, Italia<\/span><\/em><\/p>\n<p style=\"margin-bottom: 0cm;\" align=\"JUSTIFY\">19 horas | jueves &#8211; <em><span class=\"tm-color-primary\">As\u00ed habl\u00f3 el cambista<\/span><\/em><br \/>\u00a0 viernes &#8211; <span class=\"tm-color-primary\"><em>25 watts<br \/><\/em><\/span>\u00a0 s\u00e1bado &#8211; <em><span class=\"tm-color-primary\">Porno para principiantes<br \/><\/span><\/em>\u00a0 domingo &#8211; <span class=\"tm-color-primary\"><em>El campe\u00f3n del mundo<\/em><br \/><\/span><\/p>\n<p style=\"margin-bottom: 0cm;\" align=\"JUSTIFY\">21 horas | <span class=\"tm-color-primary\"><em><i><span style=\"font-weight: 400;\">Lugar en ninguna parte<\/span><\/i><br \/><\/em><\/span><\/p>\n<p style=\"text-align: justify;\"><strong>&gt; Del jueves 14 al domingo 17 de noviembre<br \/><\/strong><\/p>\n<p style=\"text-align: justify;\">17 horas | <em><span class=\"tm-color-primary\"><i><span style=\"font-weight: 400;\">Lugar en ninguna parte<\/span><\/i><\/span><br \/><\/em><\/p>\n<p style=\"text-align: justify;\">19 horas | jueves &#8211; <span style=\"font-weight: 400;\">Cortos en Cartelera, programa #5<\/span><br \/>\u00a0 viernes &#8211; <em><span class=\"tm-color-primary\">25 watts<\/span><\/em><br \/>\u00a0 s\u00e1bado &#8211; <span class=\"tm-color-primary\"><em>Santiago, Italia<\/em><br \/><\/span>\u00a0 domingo &#8211; <em><span class=\"tm-color-primary\">El campe\u00f3n del mundo<\/span><br \/><\/em><\/p>\n<p style=\"text-align: justify;\">21 horas | <span class=\"tm-color-primary\"><em>Presentes<br \/><\/em><\/span><\/p>\n<p style=\"margin-bottom: 0cm;\" align=\"JUSTIFY\"><strong>&gt; Del jueves 21 al s\u00e1bado 23 de noviembre<br \/><\/strong><\/p>\n<p style=\"margin-bottom: 0cm;\" align=\"JUSTIFY\">17 horas | <em><span class=\"tm-color-primary\">Presentes<\/span><\/em><\/p>\n<p style=\"margin-bottom: 0cm;\" align=\"JUSTIFY\">19 horas | jueves &#8211; <em><span class=\"tm-color-primary\"><i><span style=\"font-weight: 400;\">Lugar en ninguna parte<\/span><\/i><br \/><\/span><\/em>\u00a0 viernes &#8211; <em><span class=\"tm-color-primary\">25 watts<\/span><\/em><br \/>\u00a0 s\u00e1bado &#8211; <span class=\"tm-color-primary\"><em>Santiago, Italia<br \/><\/em><\/span><\/p>\n<p style=\"margin-bottom: 0cm;\" align=\"JUSTIFY\">21 horas | <span class=\"tm-color-primary\"><em>Los corroboradores<br \/><\/em><\/span><\/p>\n<p><b><strong>&gt;<\/strong> Mi\u00e9rcoles 27<\/b><\/p>\n<p><span style=\"font-weight: 400;\">19 horas | Cortos en Cartelera, programa #6<\/span><\/p>\n<p><span style=\"font-weight: 400;\">20.50 h | <\/span><span class=\"tm-color-primary\"><i><span style=\"font-weight: 400;\">Varda por Agn\u00e8s<\/span><\/i><\/span><span style=\"font-weight: 400;\"> (Atlantidoc)<\/span><\/p>\n<p><b><strong>&gt;<\/strong> Jueves 28<\/b><\/p>\n<p><span style=\"font-weight: 400;\">17 horas | <\/span>Filmadoc (Atlantidoc)<span class=\"tm-color-primary\"><i><span style=\"font-weight: 400;\"><br \/><\/span><\/i><\/span><\/p>\n<p><span style=\"font-weight: 400;\">19 horas | <\/span><span class=\"tm-color-primary\"><i><span style=\"font-weight: 400;\">Lugar en ninguna parte<\/span><\/i><\/span><\/p>\n<p><span style=\"font-weight: 400;\">21 horas | <\/span><span class=\"tm-color-primary\"><i><span style=\"font-weight: 400;\">El m\u00e9todo<\/span><\/i><\/span><span style=\"font-weight: 400;\"> (Atlantidoc)<\/span><\/p>\n<p><b><strong>&gt;<\/strong> Viernes 29<\/b><\/p>\n<p><span style=\"font-weight: 400;\">17 horas\u00a0| <\/span><span class=\"tm-color-primary\"><i><span style=\"font-weight: 400;\">Los corroboradores<\/span><\/i><\/span><\/p>\n<p><span style=\"font-weight: 400;\">19 horas | <\/span><span class=\"tm-color-primary\"><i><span style=\"font-weight: 400;\">25 watts<\/span><\/i><\/span><\/p>\n<p><span style=\"font-weight: 400;\">20.50 horas | <\/span><span class=\"tm-color-primary\"><i><span style=\"font-weight: 400;\">Ayotzinapa: el paso de la tortuga<\/span><\/i><\/span><span style=\"font-weight: 400;\"> (Atlantidoc)<\/span><\/p>\n<p><b><strong>&gt;<\/strong> S\u00e1bado 30<\/b><\/p>\n<p><span style=\"font-weight: 400;\">17 horas\u00a0| <\/span><span class=\"tm-color-primary\"><i><span style=\"font-weight: 400;\">Los corroboradores<\/span><\/i><\/span><\/p>\n<p><span style=\"font-weight: 400;\">19 horas\u00a0| <\/span><span class=\"tm-color-primary\"><i><span style=\"font-weight: 400;\">Santiago, Italia<\/span><\/i><\/span><\/p>\n<p><span style=\"font-weight: 400;\">21 horas\u00a0| <\/span><span class=\"tm-color-primary\"><i><span style=\"font-weight: 400;\">Algo quema<\/span><\/i><\/span><span style=\"font-weight: 400;\"> (Atlantidoc)<\/span><\/p>\n<p><b><strong>&gt;<\/strong> Domingo 1 de diciembre<\/b><\/p>\n<p><span style=\"font-weight: 400;\">17 horas\u00a0| <\/span><span class=\"tm-color-primary\"><i><span style=\"font-weight: 400;\">Los corroboradores<\/span><\/i><\/span><\/p>\n<p><span style=\"font-weight: 400;\">19 horas\u00a0| <\/span><span class=\"tm-color-primary\"><i><span style=\"font-weight: 400;\">El campe\u00f3n del mundo<\/span><\/i><\/span><\/p>\n<p><span style=\"font-weight: 400;\">21 horas\u00a0| <\/span><span class=\"tm-color-primary\"><i><span style=\"font-weight: 400;\">M\u00e9todo Livingstron<\/span><\/i><\/span><span style=\"font-weight: 400;\"> (Atlantidoc)<\/span><\/p>\n<hr \/>\n<p style=\"text-align: justify;\"><span class=\"tm-color-primary\">Funciones:<\/span> <strong>Del 7 de noviembre al 1 de diciembre en la Sala B del Auditorio Nelly Goiti\u00f1o<\/p>\n<p><\/strong><span class=\"tm-color-primary\">Localidades:<\/span> Generales $ 220<strong><\/p>\n<p><\/strong><span class=\"tm-color-primary\">Beneficios:<\/span> Cupo gratuito para Socio Espectacular y Montevideo Libre. 50 % de descuento para socios de Cinemateca Uruguaya, para estudiantes de cine y comunicaci\u00f3n audiovisual y para socios de la Asociaci\u00f3n de Productores y Realizadores de Cine del Uruguay (Asoprod)<strong><br \/><\/strong><\/p>\n<\/section>\n<p>\t\t\t\t\t\t[\/vc_column_text]<br \/>\n\t\t\t\t\t\t[vc_empty_space height=\u00bb30px\u00bb el_class=\u00bbcyg&#8211;espacio-30&#8243;]<br \/>\n\t\t\t\t\t[\/vc_column]<br \/>\n\t\t\t\t[\/vc_row][vc_row el_class=\u00bbcyg&#8211;ficha\u00bb]<br \/>\n\t\t\t\t\t[vc_column]<br \/>\n\t\t\t\t\t[vc_column_text]<\/p>\n<section><\/section>\n<p>\t\t\t\t\t[\/vc_column_text]<br \/>\n\t\t\t\t\t[\/vc_column]<br \/>\n\t\t\t\t[\/vc_row][vc_row][vc_column][vc_gallery type=\u00bbimage_grid\u00bb images=\u00bb2955,2956,2957,2958,2959,2960,2961,2962&#8243;][\/vc_column][\/vc_row][\/vc_section]<\/p>\n<\/div>","protected":false},"excerpt":{"rendered":"<p>[vc_section el_class=\u00bbcontent&#8211;espectaculo evento-auditorio-nelly-goitino\u00bb][vc_row el_class=\u00bbcyg&#8211;descripcion\u00bb] [vc_column] [vc_column_text] PEL\u00cdCULAS &gt; Del jueves 7 al domingo 10 de noviembre 17 horas | Santiago, Italia 19 horas | jueves &#8211; As\u00ed habl\u00f3 el cambista\u00a0 viernes &#8211; 25 watts\u00a0 s\u00e1bado &#8211; Porno para principiantes\u00a0 domingo &#8211; El campe\u00f3n del mundo 21 horas | Lugar en ninguna parte &gt; Del jueves [&hellip;]<\/p>\n","protected":false},"menu_order":0,"template":"","format":"standard","cuerpo-estable":[],"etiqueta-espectaculo":[],"lugar":[17],"sala-espacio":[36],"acf":[],"yoast_head":"<!-- This site is optimized with the Yoast SEO plugin v21.7 - https:\/\/yoast.com\/wordpress\/plugins\/seo\/ -->\n<title>Cine | noviembre - Espect\u00e1culos<\/title>\n<meta name=\"robots\" content=\"index, follow, max-snippet:-1, max-image-preview:large, max-video-preview:-1\" \/>\n<link rel=\"canonical\" href=\"https:\/\/sodre.gub.uy\/espectaculos\/cine-noviembre\/\" \/>\n<meta property=\"og:locale\" content=\"es_ES\" \/>\n<meta property=\"og:type\" content=\"article\" \/>\n<meta property=\"og:title\" content=\"Cine | noviembre - Espect\u00e1culos\" \/>\n<meta property=\"og:description\" content=\"[vc_section el_class=\u00bbcontent&#8211;espectaculo evento-auditorio-nelly-goitino\u00bb][vc_row el_class=\u00bbcyg&#8211;descripcion\u00bb] [vc_column] [vc_column_text] PEL\u00cdCULAS &gt; Del jueves 7 al domingo 10 de noviembre 17 horas | Santiago, Italia 19 horas | jueves &#8211; As\u00ed habl\u00f3 el cambista\u00a0 viernes &#8211; 25 watts\u00a0 s\u00e1bado &#8211; Porno para principiantes\u00a0 domingo &#8211; El campe\u00f3n del mundo 21 horas | Lugar en ninguna parte &gt; Del jueves [&hellip;]\" \/>\n<meta property=\"og:url\" content=\"https:\/\/sodre.gub.uy\/espectaculos\/cine-noviembre\/\" \/>\n<meta property=\"og:site_name\" content=\"Espect\u00e1culos\" \/>\n<meta name=\"twitter:card\" content=\"summary_large_image\" \/>\n<meta name=\"twitter:label1\" content=\"Tiempo de lectura\" \/>\n\t<meta name=\"twitter:data1\" content=\"2 minutos\" \/>\n<script type=\"application\/ld+json\" class=\"yoast-schema-graph\">{\"@context\":\"https:\/\/schema.org\",\"@graph\":[{\"@type\":\"WebPage\",\"@id\":\"https:\/\/sodre.gub.uy\/espectaculos\/cine-noviembre\/\",\"url\":\"https:\/\/sodre.gub.uy\/espectaculos\/cine-noviembre\/\",\"name\":\"Cine | noviembre - Espect\u00e1culos\",\"isPartOf\":{\"@id\":\"https:\/\/sodre.gub.uy\/espectaculos\/#website\"},\"datePublished\":\"2019-10-31T23:25:20+00:00\",\"dateModified\":\"2019-10-31T23:25:20+00:00\",\"inLanguage\":\"es\",\"potentialAction\":[{\"@type\":\"ReadAction\",\"target\":[\"https:\/\/sodre.gub.uy\/espectaculos\/cine-noviembre\/\"]}]},{\"@type\":\"WebSite\",\"@id\":\"https:\/\/sodre.gub.uy\/espectaculos\/#website\",\"url\":\"https:\/\/sodre.gub.uy\/espectaculos\/\",\"name\":\"Espect\u00e1culos\",\"description\":\"Servicio Oficial de Difusi\u00f3n, Representaciones y Espect\u00e1culos\",\"publisher\":{\"@id\":\"https:\/\/sodre.gub.uy\/espectaculos\/#organization\"},\"potentialAction\":[{\"@type\":\"SearchAction\",\"target\":{\"@type\":\"EntryPoint\",\"urlTemplate\":\"https:\/\/sodre.gub.uy\/espectaculos\/?s={search_term_string}\"},\"query-input\":\"required name=search_term_string\"}],\"inLanguage\":\"es\"},{\"@type\":\"Organization\",\"@id\":\"https:\/\/sodre.gub.uy\/espectaculos\/#organization\",\"name\":\"Espect\u00e1culos\",\"url\":\"https:\/\/sodre.gub.uy\/espectaculos\/\",\"logo\":{\"@type\":\"ImageObject\",\"inLanguage\":\"es\",\"@id\":\"https:\/\/sodre.gub.uy\/espectaculos\/#\/schema\/logo\/image\/\",\"url\":\"https:\/\/sodre.gub.uy\/espectaculos\/wp-content\/uploads\/sites\/2\/2023\/12\/logo-sodre-black.svg\",\"contentUrl\":\"https:\/\/sodre.gub.uy\/espectaculos\/wp-content\/uploads\/sites\/2\/2023\/12\/logo-sodre-black.svg\",\"caption\":\"Espect\u00e1culos\"},\"image\":{\"@id\":\"https:\/\/sodre.gub.uy\/espectaculos\/#\/schema\/logo\/image\/\"}}]}<\/script>\n<!-- \/ Yoast SEO plugin. -->","yoast_head_json":{"title":"Cine | noviembre - Espect\u00e1culos","robots":{"index":"index","follow":"follow","max-snippet":"max-snippet:-1","max-image-preview":"max-image-preview:large","max-video-preview":"max-video-preview:-1"},"canonical":"https:\/\/sodre.gub.uy\/espectaculos\/cine-noviembre\/","og_locale":"es_ES","og_type":"article","og_title":"Cine | noviembre - Espect\u00e1culos","og_description":"[vc_section el_class=\u00bbcontent&#8211;espectaculo evento-auditorio-nelly-goitino\u00bb][vc_row el_class=\u00bbcyg&#8211;descripcion\u00bb] [vc_column] [vc_column_text] PEL\u00cdCULAS &gt; Del jueves 7 al domingo 10 de noviembre 17 horas | Santiago, Italia 19 horas | jueves &#8211; As\u00ed habl\u00f3 el cambista\u00a0 viernes &#8211; 25 watts\u00a0 s\u00e1bado &#8211; Porno para principiantes\u00a0 domingo &#8211; El campe\u00f3n del mundo 21 horas | Lugar en ninguna parte &gt; Del jueves [&hellip;]","og_url":"https:\/\/sodre.gub.uy\/espectaculos\/cine-noviembre\/","og_site_name":"Espect\u00e1culos","twitter_card":"summary_large_image","twitter_misc":{"Tiempo de lectura":"2 minutos"},"schema":{"@context":"https:\/\/schema.org","@graph":[{"@type":"WebPage","@id":"https:\/\/sodre.gub.uy\/espectaculos\/cine-noviembre\/","url":"https:\/\/sodre.gub.uy\/espectaculos\/cine-noviembre\/","name":"Cine | noviembre - Espect\u00e1culos","isPartOf":{"@id":"https:\/\/sodre.gub.uy\/espectaculos\/#website"},"datePublished":"2019-10-31T23:25:20+00:00","dateModified":"2019-10-31T23:25:20+00:00","inLanguage":"es","potentialAction":[{"@type":"ReadAction","target":["https:\/\/sodre.gub.uy\/espectaculos\/cine-noviembre\/"]}]},{"@type":"WebSite","@id":"https:\/\/sodre.gub.uy\/espectaculos\/#website","url":"https:\/\/sodre.gub.uy\/espectaculos\/","name":"Espect\u00e1culos","description":"Servicio Oficial de Difusi\u00f3n, Representaciones y Espect\u00e1culos","publisher":{"@id":"https:\/\/sodre.gub.uy\/espectaculos\/#organization"},"potentialAction":[{"@type":"SearchAction","target":{"@type":"EntryPoint","urlTemplate":"https:\/\/sodre.gub.uy\/espectaculos\/?s={search_term_string}"},"query-input":"required name=search_term_string"}],"inLanguage":"es"},{"@type":"Organization","@id":"https:\/\/sodre.gub.uy\/espectaculos\/#organization","name":"Espect\u00e1culos","url":"https:\/\/sodre.gub.uy\/espectaculos\/","logo":{"@type":"ImageObject","inLanguage":"es","@id":"https:\/\/sodre.gub.uy\/espectaculos\/#\/schema\/logo\/image\/","url":"https:\/\/sodre.gub.uy\/espectaculos\/wp-content\/uploads\/sites\/2\/2023\/12\/logo-sodre-black.svg","contentUrl":"https:\/\/sodre.gub.uy\/espectaculos\/wp-content\/uploads\/sites\/2\/2023\/12\/logo-sodre-black.svg","caption":"Espect\u00e1culos"},"image":{"@id":"https:\/\/sodre.gub.uy\/espectaculos\/#\/schema\/logo\/image\/"}}]}},"_links":{"self":[{"href":"https:\/\/sodre.gub.uy\/espectaculos\/wp-json\/wp\/v2\/espectaculo\/2963"}],"collection":[{"href":"https:\/\/sodre.gub.uy\/espectaculos\/wp-json\/wp\/v2\/espectaculo"}],"about":[{"href":"https:\/\/sodre.gub.uy\/espectaculos\/wp-json\/wp\/v2\/types\/espectaculo"}],"version-history":[{"count":0,"href":"https:\/\/sodre.gub.uy\/espectaculos\/wp-json\/wp\/v2\/espectaculo\/2963\/revisions"}],"wp:attachment":[{"href":"https:\/\/sodre.gub.uy\/espectaculos\/wp-json\/wp\/v2\/media?parent=2963"}],"wp:term":[{"taxonomy":"cuerpo-estable","embeddable":true,"href":"https:\/\/sodre.gub.uy\/espectaculos\/wp-json\/wp\/v2\/cuerpo-estable?post=2963"},{"taxonomy":"etiqueta-espectaculo","embeddable":true,"href":"https:\/\/sodre.gub.uy\/espectaculos\/wp-json\/wp\/v2\/etiqueta-espectaculo?post=2963"},{"taxonomy":"lugar","embeddable":true,"href":"https:\/\/sodre.gub.uy\/espectaculos\/wp-json\/wp\/v2\/lugar?post=2963"},{"taxonomy":"sala-espacio","embeddable":true,"href":"https:\/\/sodre.gub.uy\/espectaculos\/wp-json\/wp\/v2\/sala-espacio?post=2963"}],"curies":[{"name":"wp","href":"https:\/\/api.w.org\/{rel}","templated":true}]}}