{"id":2888,"date":"2019-10-11T14:46:54","date_gmt":"2019-10-11T17:46:54","guid":{"rendered":"https:\/\/sodre.gub.uy\/espectaculos\/orquesta-sinfonica-del-sodre\/"},"modified":"2019-10-11T14:46:54","modified_gmt":"2019-10-11T17:46:54","slug":"orquesta-sinfonica-del-sodre","status":"publish","type":"espectaculo","link":"https:\/\/sodre.gub.uy\/espectaculos\/orquesta-sinfonica-del-sodre\/","title":{"rendered":"Orquesta Sinf\u00f3nica del Sodre"},"content":{"rendered":"<div class=\"wpb-content-wrapper\"><p>[vc_section el_class=\u00bbcontent&#8211;espectaculo evento-auditorio-nelly-goitino\u00bb][vc_row el_class=\u00bbcyg&#8211;descripcion\u00bb]<br \/>\n\t\t\t\t\t[vc_column]<br \/>\n\t\t\t\t\t\t[vc_column_text]<\/p>\n<section>\n<p><span style=\"font-size: 18pt;\"><strong><span class=\"tm-color-primary\">CONCIERTOS<\/span><\/strong><\/span><\/p>\n<p style=\"text-align: justify;\"><strong>S\u00e1bado 11 de mayo a las 19 horas<\/strong><br \/>La Ossodre recibe al director y violinista egipcio <span class=\"tm-color-primary\">Mina Zikri <\/span>y a la pianista uruguaya <span class=\"tm-color-primary\">Alba Acone<\/span>. Se presentan obras de Mozart, Estrada y Dvo\u0159\u00e1k.<\/p>\n<p style=\"text-align: justify;\"><strong>S\u00e1bado 13 y domingo 14 de julio a las 19 horas<br \/><\/strong>La Ossodre bajo la direcci\u00f3n del maestro <span class=\"tm-color-primary\">Diego Naser<\/span> presenta <span class=\"tm-color-primary\"><em>Por siempre Benedetti<\/em><\/span>. La coordinaci\u00f3n art\u00edstica es de Antonio Montoro, la m\u00fasica de Carlos Darakjian y la cantante es Silvana Marrero.<span class=\"tm-color-primary\"><em><br \/><\/em><\/span><\/p>\n<p><strong>S\u00e1bado 21 de setiembre a las 19 horas<\/strong><br \/>La Ossodre presenta <span class=\"tm-color-primary\"><em>J\u00fapiter<\/em><\/span> con el solista <span class=\"tm-color-primary\">Maximiliano Nathan<\/span> en vibr\u00e1fono. El director es <span class=\"tm-color-primary\">Junping Qian<\/span>.<\/p>\n<p style=\"text-align: justify;\"><strong>S\u00e1bado 7 de diciembre a las 19 horas<\/strong><br \/>La Ossodre bajo la direcci\u00f3n del maestro <span class=\"tm-color-primary\">Michael Lessky<\/span> de Austria y la soprano uruguaya <span class=\"tm-color-primary\">Sof\u00eda Mara<\/span> presentan <span class=\"tm-color-primary\"><em>Arias con Sof\u00eda Mara y Michael Lessky<\/em><\/span>.<span class=\"tm-color-primary\"><em><br \/><\/em><\/span><\/p>\n<hr \/>\n<p style=\"text-align: justify;\"><span class=\"tm-color-primary\">Funciones:<\/span> <strong>Del 11 de mayo al 7 de diciembre en la Sala H\u00e9ctor Tosar del Auditorio Nelly Goiti\u00f1o<br \/><\/strong><span class=\"tm-color-primary\"><br \/>Localidades:<\/span> Platea baja $ 380 &#8211; Platea alta y tertulia $ 300<\/p>\n<p><span class=\"tm-color-primary\">Beneficios:<\/span> Cupo gratuito para Socio Espectacular, cubierto este 50 % de descuento. Cupo gratuito para Montevideo Libre. 2 x 1 socio Club El Pa\u00eds<\/p>\n<\/section>\n<p>\t\t\t\t\t\t[\/vc_column_text]<br \/>\n\t\t\t\t\t\t[vc_empty_space height=\u00bb30px\u00bb el_class=\u00bbcyg&#8211;espacio-30&#8243;]<br \/>\n\t\t\t\t\t[\/vc_column]<br \/>\n\t\t\t\t[\/vc_row][vc_row el_class=\u00bbcyg&#8211;ficha\u00bb]<br \/>\n\t\t\t\t\t[vc_column]<br \/>\n\t\t\t\t\t[vc_column_text]<\/p>\n<section><\/section>\n<p>\t\t\t\t\t[\/vc_column_text]<br \/>\n\t\t\t\t\t[\/vc_column]<br \/>\n\t\t\t\t[\/vc_row][vc_row][vc_column][vc_gallery type=\u00bbimage_grid\u00bb images=\u00bb2884,2885,2886,2887&#8243;][\/vc_column][\/vc_row][\/vc_section]<\/p>\n<\/div>","protected":false},"excerpt":{"rendered":"<p>[vc_section el_class=\u00bbcontent&#8211;espectaculo evento-auditorio-nelly-goitino\u00bb][vc_row el_class=\u00bbcyg&#8211;descripcion\u00bb] [vc_column] [vc_column_text] CONCIERTOS S\u00e1bado 11 de mayo a las 19 horasLa Ossodre recibe al director y violinista egipcio Mina Zikri y a la pianista uruguaya Alba Acone. Se presentan obras de Mozart, Estrada y Dvo\u0159\u00e1k. S\u00e1bado 13 y domingo 14 de julio a las 19 horasLa Ossodre bajo la direcci\u00f3n del [&hellip;]<\/p>\n","protected":false},"menu_order":0,"template":"","format":"standard","cuerpo-estable":[],"etiqueta-espectaculo":[],"lugar":[17],"sala-espacio":[35],"acf":[],"yoast_head":"<!-- This site is optimized with the Yoast SEO plugin v21.7 - https:\/\/yoast.com\/wordpress\/plugins\/seo\/ -->\n<title>Orquesta Sinf\u00f3nica del Sodre - Espect\u00e1culos<\/title>\n<meta name=\"robots\" content=\"index, follow, max-snippet:-1, max-image-preview:large, max-video-preview:-1\" \/>\n<link rel=\"canonical\" href=\"https:\/\/sodre.gub.uy\/espectaculos\/orquesta-sinfonica-del-sodre\/\" \/>\n<meta property=\"og:locale\" content=\"es_ES\" \/>\n<meta property=\"og:type\" content=\"article\" \/>\n<meta property=\"og:title\" content=\"Orquesta Sinf\u00f3nica del Sodre - Espect\u00e1culos\" \/>\n<meta property=\"og:description\" content=\"[vc_section el_class=\u00bbcontent&#8211;espectaculo evento-auditorio-nelly-goitino\u00bb][vc_row el_class=\u00bbcyg&#8211;descripcion\u00bb] [vc_column] [vc_column_text] CONCIERTOS S\u00e1bado 11 de mayo a las 19 horasLa Ossodre recibe al director y violinista egipcio Mina Zikri y a la pianista uruguaya Alba Acone. Se presentan obras de Mozart, Estrada y Dvo\u0159\u00e1k. S\u00e1bado 13 y domingo 14 de julio a las 19 horasLa Ossodre bajo la direcci\u00f3n del [&hellip;]\" \/>\n<meta property=\"og:url\" content=\"https:\/\/sodre.gub.uy\/espectaculos\/orquesta-sinfonica-del-sodre\/\" \/>\n<meta property=\"og:site_name\" content=\"Espect\u00e1culos\" \/>\n<meta name=\"twitter:card\" content=\"summary_large_image\" \/>\n<meta name=\"twitter:label1\" content=\"Tiempo de lectura\" \/>\n\t<meta name=\"twitter:data1\" content=\"1 minuto\" \/>\n<script type=\"application\/ld+json\" class=\"yoast-schema-graph\">{\"@context\":\"https:\/\/schema.org\",\"@graph\":[{\"@type\":\"WebPage\",\"@id\":\"https:\/\/sodre.gub.uy\/espectaculos\/orquesta-sinfonica-del-sodre\/\",\"url\":\"https:\/\/sodre.gub.uy\/espectaculos\/orquesta-sinfonica-del-sodre\/\",\"name\":\"Orquesta Sinf\u00f3nica del Sodre - Espect\u00e1culos\",\"isPartOf\":{\"@id\":\"https:\/\/sodre.gub.uy\/espectaculos\/#website\"},\"datePublished\":\"2019-10-11T17:46:54+00:00\",\"dateModified\":\"2019-10-11T17:46:54+00:00\",\"inLanguage\":\"es\",\"potentialAction\":[{\"@type\":\"ReadAction\",\"target\":[\"https:\/\/sodre.gub.uy\/espectaculos\/orquesta-sinfonica-del-sodre\/\"]}]},{\"@type\":\"WebSite\",\"@id\":\"https:\/\/sodre.gub.uy\/espectaculos\/#website\",\"url\":\"https:\/\/sodre.gub.uy\/espectaculos\/\",\"name\":\"Espect\u00e1culos\",\"description\":\"Servicio Oficial de Difusi\u00f3n, Representaciones y Espect\u00e1culos\",\"publisher\":{\"@id\":\"https:\/\/sodre.gub.uy\/espectaculos\/#organization\"},\"potentialAction\":[{\"@type\":\"SearchAction\",\"target\":{\"@type\":\"EntryPoint\",\"urlTemplate\":\"https:\/\/sodre.gub.uy\/espectaculos\/?s={search_term_string}\"},\"query-input\":\"required name=search_term_string\"}],\"inLanguage\":\"es\"},{\"@type\":\"Organization\",\"@id\":\"https:\/\/sodre.gub.uy\/espectaculos\/#organization\",\"name\":\"Espect\u00e1culos\",\"url\":\"https:\/\/sodre.gub.uy\/espectaculos\/\",\"logo\":{\"@type\":\"ImageObject\",\"inLanguage\":\"es\",\"@id\":\"https:\/\/sodre.gub.uy\/espectaculos\/#\/schema\/logo\/image\/\",\"url\":\"https:\/\/sodre.gub.uy\/espectaculos\/wp-content\/uploads\/sites\/2\/2023\/12\/logo-sodre-black.svg\",\"contentUrl\":\"https:\/\/sodre.gub.uy\/espectaculos\/wp-content\/uploads\/sites\/2\/2023\/12\/logo-sodre-black.svg\",\"caption\":\"Espect\u00e1culos\"},\"image\":{\"@id\":\"https:\/\/sodre.gub.uy\/espectaculos\/#\/schema\/logo\/image\/\"}}]}<\/script>\n<!-- \/ Yoast SEO plugin. -->","yoast_head_json":{"title":"Orquesta Sinf\u00f3nica del Sodre - Espect\u00e1culos","robots":{"index":"index","follow":"follow","max-snippet":"max-snippet:-1","max-image-preview":"max-image-preview:large","max-video-preview":"max-video-preview:-1"},"canonical":"https:\/\/sodre.gub.uy\/espectaculos\/orquesta-sinfonica-del-sodre\/","og_locale":"es_ES","og_type":"article","og_title":"Orquesta Sinf\u00f3nica del Sodre - Espect\u00e1culos","og_description":"[vc_section el_class=\u00bbcontent&#8211;espectaculo evento-auditorio-nelly-goitino\u00bb][vc_row el_class=\u00bbcyg&#8211;descripcion\u00bb] [vc_column] [vc_column_text] CONCIERTOS S\u00e1bado 11 de mayo a las 19 horasLa Ossodre recibe al director y violinista egipcio Mina Zikri y a la pianista uruguaya Alba Acone. Se presentan obras de Mozart, Estrada y Dvo\u0159\u00e1k. S\u00e1bado 13 y domingo 14 de julio a las 19 horasLa Ossodre bajo la direcci\u00f3n del [&hellip;]","og_url":"https:\/\/sodre.gub.uy\/espectaculos\/orquesta-sinfonica-del-sodre\/","og_site_name":"Espect\u00e1culos","twitter_card":"summary_large_image","twitter_misc":{"Tiempo de lectura":"1 minuto"},"schema":{"@context":"https:\/\/schema.org","@graph":[{"@type":"WebPage","@id":"https:\/\/sodre.gub.uy\/espectaculos\/orquesta-sinfonica-del-sodre\/","url":"https:\/\/sodre.gub.uy\/espectaculos\/orquesta-sinfonica-del-sodre\/","name":"Orquesta Sinf\u00f3nica del Sodre - Espect\u00e1culos","isPartOf":{"@id":"https:\/\/sodre.gub.uy\/espectaculos\/#website"},"datePublished":"2019-10-11T17:46:54+00:00","dateModified":"2019-10-11T17:46:54+00:00","inLanguage":"es","potentialAction":[{"@type":"ReadAction","target":["https:\/\/sodre.gub.uy\/espectaculos\/orquesta-sinfonica-del-sodre\/"]}]},{"@type":"WebSite","@id":"https:\/\/sodre.gub.uy\/espectaculos\/#website","url":"https:\/\/sodre.gub.uy\/espectaculos\/","name":"Espect\u00e1culos","description":"Servicio Oficial de Difusi\u00f3n, Representaciones y Espect\u00e1culos","publisher":{"@id":"https:\/\/sodre.gub.uy\/espectaculos\/#organization"},"potentialAction":[{"@type":"SearchAction","target":{"@type":"EntryPoint","urlTemplate":"https:\/\/sodre.gub.uy\/espectaculos\/?s={search_term_string}"},"query-input":"required name=search_term_string"}],"inLanguage":"es"},{"@type":"Organization","@id":"https:\/\/sodre.gub.uy\/espectaculos\/#organization","name":"Espect\u00e1culos","url":"https:\/\/sodre.gub.uy\/espectaculos\/","logo":{"@type":"ImageObject","inLanguage":"es","@id":"https:\/\/sodre.gub.uy\/espectaculos\/#\/schema\/logo\/image\/","url":"https:\/\/sodre.gub.uy\/espectaculos\/wp-content\/uploads\/sites\/2\/2023\/12\/logo-sodre-black.svg","contentUrl":"https:\/\/sodre.gub.uy\/espectaculos\/wp-content\/uploads\/sites\/2\/2023\/12\/logo-sodre-black.svg","caption":"Espect\u00e1culos"},"image":{"@id":"https:\/\/sodre.gub.uy\/espectaculos\/#\/schema\/logo\/image\/"}}]}},"_links":{"self":[{"href":"https:\/\/sodre.gub.uy\/espectaculos\/wp-json\/wp\/v2\/espectaculo\/2888"}],"collection":[{"href":"https:\/\/sodre.gub.uy\/espectaculos\/wp-json\/wp\/v2\/espectaculo"}],"about":[{"href":"https:\/\/sodre.gub.uy\/espectaculos\/wp-json\/wp\/v2\/types\/espectaculo"}],"version-history":[{"count":0,"href":"https:\/\/sodre.gub.uy\/espectaculos\/wp-json\/wp\/v2\/espectaculo\/2888\/revisions"}],"wp:attachment":[{"href":"https:\/\/sodre.gub.uy\/espectaculos\/wp-json\/wp\/v2\/media?parent=2888"}],"wp:term":[{"taxonomy":"cuerpo-estable","embeddable":true,"href":"https:\/\/sodre.gub.uy\/espectaculos\/wp-json\/wp\/v2\/cuerpo-estable?post=2888"},{"taxonomy":"etiqueta-espectaculo","embeddable":true,"href":"https:\/\/sodre.gub.uy\/espectaculos\/wp-json\/wp\/v2\/etiqueta-espectaculo?post=2888"},{"taxonomy":"lugar","embeddable":true,"href":"https:\/\/sodre.gub.uy\/espectaculos\/wp-json\/wp\/v2\/lugar?post=2888"},{"taxonomy":"sala-espacio","embeddable":true,"href":"https:\/\/sodre.gub.uy\/espectaculos\/wp-json\/wp\/v2\/sala-espacio?post=2888"}],"curies":[{"name":"wp","href":"https:\/\/api.w.org\/{rel}","templated":true}]}}