{"id":2695,"date":"2019-09-05T18:46:14","date_gmt":"2019-09-05T21:46:14","guid":{"rendered":"https:\/\/sodre.gub.uy\/espectaculos\/la-dama-de-hierro\/"},"modified":"2019-09-05T18:46:14","modified_gmt":"2019-09-05T21:46:14","slug":"la-dama-de-hierro","status":"publish","type":"espectaculo","link":"https:\/\/sodre.gub.uy\/espectaculos\/la-dama-de-hierro\/","title":{"rendered":"LA DAMA DE HIERRO"},"content":{"rendered":"<div class=\"wpb-content-wrapper\"><p>[vc_section el_class=\u00bbcontent&#8211;espectaculo evento-auditorio-nelly-goitino\u00bb][vc_row el_class=\u00bbcyg&#8211;descripcion\u00bb]<br \/>\n\t\t\t\t\t[vc_column]<br \/>\n\t\t\t\t\t\t[vc_column_text]<\/p>\n<section>\n<p style=\"text-align: justify;\"><span class=\"tm-color-primary\"><strong>SINOPSIS<\/strong><\/span><\/p>\n<p style=\"text-align: justify;\">Relato biogr\u00e1fico de Margaret Thatcher (1925-2013), una mujer de origen humilde que fue capaz de derribar todas las barreras que representaban el sexo y la clase social para convertirse en una dirigente pol\u00edtica poderosa en un mundo dominado por los hombres. La historia trata sobre el poder y el alto precio que a veces se paga por llegar a ese lugar, centr\u00e1ndose en momentos claves de su carrera pol\u00edtica como sus primeros a\u00f1os en el partido conservador y su llegada al parlamento en 1959, su nombramiento como primera ministra en 1979, la guerra de las Malvinas en 1982 y otros momentos, hasta su dimisi\u00f3n en el a\u00f1o 1990, ofreciendo siempre un retrato \u00edntimo y el perfil p\u00fablico de una mujer extraordinaria, compleja y controvertida.<\/p>\n<p style=\"text-align: justify;\">Quien desee encontrar en esta pel\u00edcula un relato de la actividad pol\u00edtica de la <em>dama de hierro<\/em>, no lo encontrar\u00e1. Lo que la pel\u00edcula quiere mostrar es la evoluci\u00f3n vital de una persona, Margaret Thatcher, y en este prop\u00f3sito simplifica el relato para reflejar para cada fase el rasgo m\u00e1s importante de esa persona, desde la infancia hasta su situaci\u00f3n final de demencia senil que, en realidad, se intercala en el resto de la pel\u00edcula. Al final, es un recordatorio, sobre la fr\u00e1gil condici\u00f3n humana. Incluso una de las personas m\u00e1s poderosas, que con la fuerza de sus convicciones, seguridad en s\u00ed misma y esfuerzo sali\u00f3 de la tienda de su padre y lleg\u00f3 al 10 de Downing Street para revolucionar el Reino Unido, acaba siendo una anciana casi desvalida y necesitada de ayuda.<\/p>\n<p style=\"text-align: justify;\">Meryl Streep la interpreta magistralmente mimetiz\u00e1ndose en su papel y reflejando los distintos rasgos de la personalidad y sentimientos dominantes en el personaje en cada una de estas etapas.<\/p>\n<p style=\"text-align: justify;\">Premios<br \/>2011: \u00d3scar: Mejor actriz (Meryl Streep) y mejor maquillaje.<br \/>2011: Globos de Oro: Mejor actriz dram\u00e1tica (Meryl Streep).<br \/>2011: BAFTA: Mejor actriz (Streep), maquillaje y peluquer\u00eda, 4 nominaciones.<br \/>2011: C\u00edrculo de cr\u00edticos de Nueva York: Mejor actriz (Meryl Streep).<\/p>\n<p style=\"text-align: justify;\"><span class=\"tm-color-primary\"><strong>FICHA T\u00c9CNICA<\/strong><\/span><\/p>\n<p style=\"text-align: justify;\">Direcci\u00f3n: Phyllida Lloyd<\/p>\n<p style=\"text-align: justify;\">Guion: Abi Morgan<\/p>\n<p style=\"text-align: justify;\">M\u00fasica: Thomas Newman<\/p>\n<p style=\"text-align: justify;\">Fotograf\u00eda: Elliot Davis<\/p>\n<p style=\"text-align: justify;\">Protagonistas: Meryl Streep, Jim Broadbent, Anthony Head, Richard E. Grant, Alexandra Roach, Iain Glen, Roger Allam y Olivia Colman<\/p>\n<p style=\"text-align: justify;\">Reino Unido &#8211; 2011 &#8211; 105&#8242;<\/p>\n<hr \/>\n<p style=\"text-align: justify;\"><span class=\"tm-color-primary\">Funci\u00f3n:<\/span> <strong>14 de octubre a las 20.15 horas en la Sala H\u00e9ctor Tosar del Auditorio Nelly Goiti\u00f1o<\/p>\n<p><\/strong><span class=\"tm-color-primary\">Localidades:<\/span> Generales $ 150<strong><\/p>\n<p><\/strong><span class=\"tm-color-primary\">Beneficios:<\/span> Cupo gratuito para Socio Espectacular y Montevideo Libre<strong><br \/><\/strong><\/p>\n<\/section>\n<p>\t\t\t\t\t\t[\/vc_column_text]<br \/>\n\t\t\t\t\t\t[vc_empty_space height=\u00bb30px\u00bb el_class=\u00bbcyg&#8211;espacio-30&#8243;]<br \/>\n\t\t\t\t\t[\/vc_column]<br \/>\n\t\t\t\t[\/vc_row][vc_row el_class=\u00bbcyg&#8211;ficha\u00bb]<br \/>\n\t\t\t\t\t[vc_column]<br \/>\n\t\t\t\t\t[vc_column_text]<\/p>\n<section><\/section>\n<p>\t\t\t\t\t[\/vc_column_text]<br \/>\n\t\t\t\t\t[\/vc_column]<br \/>\n\t\t\t\t[\/vc_row][\/vc_section]<\/p>\n<\/div>","protected":false},"excerpt":{"rendered":"<p>[vc_section el_class=\u00bbcontent&#8211;espectaculo evento-auditorio-nelly-goitino\u00bb][vc_row el_class=\u00bbcyg&#8211;descripcion\u00bb] [vc_column] [vc_column_text] SINOPSIS Relato biogr\u00e1fico de Margaret Thatcher (1925-2013), una mujer de origen humilde que fue capaz de derribar todas las barreras que representaban el sexo y la clase social para convertirse en una dirigente pol\u00edtica poderosa en un mundo dominado por los hombres. La historia trata sobre el poder y [&hellip;]<\/p>\n","protected":false},"menu_order":0,"template":"","format":"standard","cuerpo-estable":[],"etiqueta-espectaculo":[],"lugar":[17],"sala-espacio":[35],"acf":[],"yoast_head":"<!-- This site is optimized with the Yoast SEO plugin v21.7 - https:\/\/yoast.com\/wordpress\/plugins\/seo\/ -->\n<title>LA DAMA DE HIERRO - Espect\u00e1culos<\/title>\n<meta name=\"robots\" content=\"index, follow, max-snippet:-1, max-image-preview:large, max-video-preview:-1\" \/>\n<link rel=\"canonical\" href=\"https:\/\/sodre.gub.uy\/espectaculos\/la-dama-de-hierro\/\" \/>\n<meta property=\"og:locale\" content=\"es_ES\" \/>\n<meta property=\"og:type\" content=\"article\" \/>\n<meta property=\"og:title\" content=\"LA DAMA DE HIERRO - Espect\u00e1culos\" \/>\n<meta property=\"og:description\" content=\"[vc_section el_class=\u00bbcontent&#8211;espectaculo evento-auditorio-nelly-goitino\u00bb][vc_row el_class=\u00bbcyg&#8211;descripcion\u00bb] [vc_column] [vc_column_text] SINOPSIS Relato biogr\u00e1fico de Margaret Thatcher (1925-2013), una mujer de origen humilde que fue capaz de derribar todas las barreras que representaban el sexo y la clase social para convertirse en una dirigente pol\u00edtica poderosa en un mundo dominado por los hombres. La historia trata sobre el poder y [&hellip;]\" \/>\n<meta property=\"og:url\" content=\"https:\/\/sodre.gub.uy\/espectaculos\/la-dama-de-hierro\/\" \/>\n<meta property=\"og:site_name\" content=\"Espect\u00e1culos\" \/>\n<meta name=\"twitter:card\" content=\"summary_large_image\" \/>\n<meta name=\"twitter:label1\" content=\"Tiempo de lectura\" \/>\n\t<meta name=\"twitter:data1\" content=\"2 minutos\" \/>\n<script type=\"application\/ld+json\" class=\"yoast-schema-graph\">{\"@context\":\"https:\/\/schema.org\",\"@graph\":[{\"@type\":\"WebPage\",\"@id\":\"https:\/\/sodre.gub.uy\/espectaculos\/la-dama-de-hierro\/\",\"url\":\"https:\/\/sodre.gub.uy\/espectaculos\/la-dama-de-hierro\/\",\"name\":\"LA DAMA DE HIERRO - Espect\u00e1culos\",\"isPartOf\":{\"@id\":\"https:\/\/sodre.gub.uy\/espectaculos\/#website\"},\"datePublished\":\"2019-09-05T21:46:14+00:00\",\"dateModified\":\"2019-09-05T21:46:14+00:00\",\"inLanguage\":\"es\",\"potentialAction\":[{\"@type\":\"ReadAction\",\"target\":[\"https:\/\/sodre.gub.uy\/espectaculos\/la-dama-de-hierro\/\"]}]},{\"@type\":\"WebSite\",\"@id\":\"https:\/\/sodre.gub.uy\/espectaculos\/#website\",\"url\":\"https:\/\/sodre.gub.uy\/espectaculos\/\",\"name\":\"Espect\u00e1culos\",\"description\":\"Servicio Oficial de Difusi\u00f3n, Representaciones y Espect\u00e1culos\",\"publisher\":{\"@id\":\"https:\/\/sodre.gub.uy\/espectaculos\/#organization\"},\"potentialAction\":[{\"@type\":\"SearchAction\",\"target\":{\"@type\":\"EntryPoint\",\"urlTemplate\":\"https:\/\/sodre.gub.uy\/espectaculos\/?s={search_term_string}\"},\"query-input\":\"required name=search_term_string\"}],\"inLanguage\":\"es\"},{\"@type\":\"Organization\",\"@id\":\"https:\/\/sodre.gub.uy\/espectaculos\/#organization\",\"name\":\"Espect\u00e1culos\",\"url\":\"https:\/\/sodre.gub.uy\/espectaculos\/\",\"logo\":{\"@type\":\"ImageObject\",\"inLanguage\":\"es\",\"@id\":\"https:\/\/sodre.gub.uy\/espectaculos\/#\/schema\/logo\/image\/\",\"url\":\"https:\/\/sodre.gub.uy\/espectaculos\/wp-content\/uploads\/sites\/2\/2023\/12\/logo-sodre-black.svg\",\"contentUrl\":\"https:\/\/sodre.gub.uy\/espectaculos\/wp-content\/uploads\/sites\/2\/2023\/12\/logo-sodre-black.svg\",\"caption\":\"Espect\u00e1culos\"},\"image\":{\"@id\":\"https:\/\/sodre.gub.uy\/espectaculos\/#\/schema\/logo\/image\/\"}}]}<\/script>\n<!-- \/ Yoast SEO plugin. -->","yoast_head_json":{"title":"LA DAMA DE HIERRO - Espect\u00e1culos","robots":{"index":"index","follow":"follow","max-snippet":"max-snippet:-1","max-image-preview":"max-image-preview:large","max-video-preview":"max-video-preview:-1"},"canonical":"https:\/\/sodre.gub.uy\/espectaculos\/la-dama-de-hierro\/","og_locale":"es_ES","og_type":"article","og_title":"LA DAMA DE HIERRO - Espect\u00e1culos","og_description":"[vc_section el_class=\u00bbcontent&#8211;espectaculo evento-auditorio-nelly-goitino\u00bb][vc_row el_class=\u00bbcyg&#8211;descripcion\u00bb] [vc_column] [vc_column_text] SINOPSIS Relato biogr\u00e1fico de Margaret Thatcher (1925-2013), una mujer de origen humilde que fue capaz de derribar todas las barreras que representaban el sexo y la clase social para convertirse en una dirigente pol\u00edtica poderosa en un mundo dominado por los hombres. La historia trata sobre el poder y [&hellip;]","og_url":"https:\/\/sodre.gub.uy\/espectaculos\/la-dama-de-hierro\/","og_site_name":"Espect\u00e1culos","twitter_card":"summary_large_image","twitter_misc":{"Tiempo de lectura":"2 minutos"},"schema":{"@context":"https:\/\/schema.org","@graph":[{"@type":"WebPage","@id":"https:\/\/sodre.gub.uy\/espectaculos\/la-dama-de-hierro\/","url":"https:\/\/sodre.gub.uy\/espectaculos\/la-dama-de-hierro\/","name":"LA DAMA DE HIERRO - Espect\u00e1culos","isPartOf":{"@id":"https:\/\/sodre.gub.uy\/espectaculos\/#website"},"datePublished":"2019-09-05T21:46:14+00:00","dateModified":"2019-09-05T21:46:14+00:00","inLanguage":"es","potentialAction":[{"@type":"ReadAction","target":["https:\/\/sodre.gub.uy\/espectaculos\/la-dama-de-hierro\/"]}]},{"@type":"WebSite","@id":"https:\/\/sodre.gub.uy\/espectaculos\/#website","url":"https:\/\/sodre.gub.uy\/espectaculos\/","name":"Espect\u00e1culos","description":"Servicio Oficial de Difusi\u00f3n, Representaciones y Espect\u00e1culos","publisher":{"@id":"https:\/\/sodre.gub.uy\/espectaculos\/#organization"},"potentialAction":[{"@type":"SearchAction","target":{"@type":"EntryPoint","urlTemplate":"https:\/\/sodre.gub.uy\/espectaculos\/?s={search_term_string}"},"query-input":"required name=search_term_string"}],"inLanguage":"es"},{"@type":"Organization","@id":"https:\/\/sodre.gub.uy\/espectaculos\/#organization","name":"Espect\u00e1culos","url":"https:\/\/sodre.gub.uy\/espectaculos\/","logo":{"@type":"ImageObject","inLanguage":"es","@id":"https:\/\/sodre.gub.uy\/espectaculos\/#\/schema\/logo\/image\/","url":"https:\/\/sodre.gub.uy\/espectaculos\/wp-content\/uploads\/sites\/2\/2023\/12\/logo-sodre-black.svg","contentUrl":"https:\/\/sodre.gub.uy\/espectaculos\/wp-content\/uploads\/sites\/2\/2023\/12\/logo-sodre-black.svg","caption":"Espect\u00e1culos"},"image":{"@id":"https:\/\/sodre.gub.uy\/espectaculos\/#\/schema\/logo\/image\/"}}]}},"_links":{"self":[{"href":"https:\/\/sodre.gub.uy\/espectaculos\/wp-json\/wp\/v2\/espectaculo\/2695"}],"collection":[{"href":"https:\/\/sodre.gub.uy\/espectaculos\/wp-json\/wp\/v2\/espectaculo"}],"about":[{"href":"https:\/\/sodre.gub.uy\/espectaculos\/wp-json\/wp\/v2\/types\/espectaculo"}],"version-history":[{"count":0,"href":"https:\/\/sodre.gub.uy\/espectaculos\/wp-json\/wp\/v2\/espectaculo\/2695\/revisions"}],"wp:attachment":[{"href":"https:\/\/sodre.gub.uy\/espectaculos\/wp-json\/wp\/v2\/media?parent=2695"}],"wp:term":[{"taxonomy":"cuerpo-estable","embeddable":true,"href":"https:\/\/sodre.gub.uy\/espectaculos\/wp-json\/wp\/v2\/cuerpo-estable?post=2695"},{"taxonomy":"etiqueta-espectaculo","embeddable":true,"href":"https:\/\/sodre.gub.uy\/espectaculos\/wp-json\/wp\/v2\/etiqueta-espectaculo?post=2695"},{"taxonomy":"lugar","embeddable":true,"href":"https:\/\/sodre.gub.uy\/espectaculos\/wp-json\/wp\/v2\/lugar?post=2695"},{"taxonomy":"sala-espacio","embeddable":true,"href":"https:\/\/sodre.gub.uy\/espectaculos\/wp-json\/wp\/v2\/sala-espacio?post=2695"}],"curies":[{"name":"wp","href":"https:\/\/api.w.org\/{rel}","templated":true}]}}