{"id":2689,"date":"2019-10-07T11:34:58","date_gmt":"2019-10-07T14:34:58","guid":{"rendered":"https:\/\/sodre.gub.uy\/espectaculos\/africa-mia\/"},"modified":"2019-10-07T11:34:58","modified_gmt":"2019-10-07T14:34:58","slug":"africa-mia","status":"publish","type":"espectaculo","link":"https:\/\/sodre.gub.uy\/espectaculos\/africa-mia\/","title":{"rendered":"\u00c1FRICA M\u00cdA"},"content":{"rendered":"<div class=\"wpb-content-wrapper\"><p>[vc_section el_class=\u00bbcontent&#8211;espectaculo evento-auditorio-nelly-goitino\u00bb][vc_row el_class=\u00bbcyg&#8211;descripcion\u00bb]<br \/>\n\t\t\t\t\t[vc_column]<br \/>\n\t\t\t\t\t\t[vc_column_text]<\/p>\n<section>\n<p style=\"text-align: justify;\"><span class=\"tm-color-primary\"><strong>SINOPSIS<\/strong><\/span><\/p>\n<p style=\"text-align: justify;\">Libremente inspirada en la obra hom\u00f3nima de la escritora danesa Isak Dinesen. A principios del siglo XX, Karen (Streep) contrae un matrimonio de conveniencia con el bar\u00f3n Blixen (Brandauer), un mujeriego empedernido. Ambos se establecen en Kenia con el prop\u00f3sito de explotar una plantaci\u00f3n de caf\u00e9. En Karen Blixen nace un apasionado amor por la tierra y por las gentes de Kenia. Pero tambi\u00e9n se enamora perdidamente de Denys Finch-Hatton (Redford), un personaje aventurero y rom\u00e1ntico a la antigua usanza, que ama la libertad por encima de todas las cosas.<\/p>\n<p style=\"text-align: justify;\">Esta emotiva obra maestra es un hermos\u00edsimo canto a \u00c1frica, a la naturaleza y al arte de contar una historia tocando los resortes m\u00e1s b\u00e1sicos de los sentimientos humanos. Algunos la acusan de ser superficial pero no lo son los temas que trata: adulterio, enfermedad, muerte, soledad, marginaci\u00f3n, ruina, desamor\u2026 M\u00e1gicamente al final solo queda el encanto de un viaje memorable marcado por dos vuelos en avioneta (en el primero iban dos, en el segundo solo uno). Y queda el recuerdo del mejor retrato sobre el dilema entre independencia y compromiso que se haya visto jam\u00e1s en una pantalla de cine. El guion, basado en una magn\u00edfica novela, la fotograf\u00eda, la m\u00fasica, las interpretaciones \u2013inmensos Streep, Redford y Brandauer\u2013 todo en <em>\u00c1frica m\u00eda<\/em> tiene un adjetivo: memorable. En sus im\u00e1genes de aliento \u00e9pico vemos pasar la historia de dos humanos perdidos en la inmensidad de algo m\u00e1s grande que el famoso continente.<\/p>\n<p style=\"text-align: justify;\">Premios<br \/>1985: 7 \u00d3scar: Mejor pel\u00edcula, director, guion, fotograf\u00eda, direcci\u00f3n art\u00edstica, banda sonora original y sonido.<br \/>1985: 3 Globos de Oro, incluyendo mejor pel\u00edcula de drama. 6 nominaciones.<\/p>\n<p style=\"text-align: justify;\"><span class=\"tm-color-primary\"><strong>FICHA T\u00c9CNICA<\/strong><\/span><\/p>\n<p style=\"text-align: justify;\">Direcci\u00f3n: Sydney Pollack<\/p>\n<p style=\"text-align: justify;\">Guion: Kurt Luedtke, sobre novela de Isak Dinesen<\/p>\n<p style=\"text-align: justify;\">M\u00fasica: John Barry<\/p>\n<p style=\"text-align: justify;\">Fotograf\u00eda: David Watkin<\/p>\n<p style=\"text-align: justify;\">Protagonistas: Meryl Streep, Robert Redford, Klaus Maria Brandauer, Michael Kitchen, Malick Bowens y Michael Gough<\/p>\n<p style=\"text-align: justify;\">Estados Unidos &#8211; 1985 &#8211; 160&#8242;<\/p>\n<hr \/>\n<p style=\"text-align: justify;\"><span class=\"tm-color-primary\">Funci\u00f3n:<\/span> <strong>7 de octubre a las 18 horas en la Sala H\u00e9ctor Tosar del Auditorio Nelly Goiti\u00f1o<\/p>\n<p><\/strong><span class=\"tm-color-primary\">Localidades:<\/span> Generales $ 150<strong><\/p>\n<p><\/strong><span class=\"tm-color-primary\">Beneficios:<\/span> Cupo gratuito para Socio Espectacular y Montevideo Libre<strong><br \/><\/strong><\/p>\n<\/section>\n<p>\t\t\t\t\t\t[\/vc_column_text]<br \/>\n\t\t\t\t\t\t[vc_empty_space height=\u00bb30px\u00bb el_class=\u00bbcyg&#8211;espacio-30&#8243;]<br \/>\n\t\t\t\t\t[\/vc_column]<br \/>\n\t\t\t\t[\/vc_row][vc_row el_class=\u00bbcyg&#8211;ficha\u00bb]<br \/>\n\t\t\t\t\t[vc_column]<br \/>\n\t\t\t\t\t[vc_column_text]<\/p>\n<section><\/section>\n<p>\t\t\t\t\t[\/vc_column_text]<br \/>\n\t\t\t\t\t[\/vc_column]<br \/>\n\t\t\t\t[\/vc_row][\/vc_section]<\/p>\n<\/div>","protected":false},"excerpt":{"rendered":"<p>[vc_section el_class=\u00bbcontent&#8211;espectaculo evento-auditorio-nelly-goitino\u00bb][vc_row el_class=\u00bbcyg&#8211;descripcion\u00bb] [vc_column] [vc_column_text] SINOPSIS Libremente inspirada en la obra hom\u00f3nima de la escritora danesa Isak Dinesen. A principios del siglo XX, Karen (Streep) contrae un matrimonio de conveniencia con el bar\u00f3n Blixen (Brandauer), un mujeriego empedernido. Ambos se establecen en Kenia con el prop\u00f3sito de explotar una plantaci\u00f3n de caf\u00e9. En Karen [&hellip;]<\/p>\n","protected":false},"menu_order":0,"template":"","format":"standard","cuerpo-estable":[],"etiqueta-espectaculo":[],"lugar":[17],"sala-espacio":[35],"acf":[],"yoast_head":"<!-- This site is optimized with the Yoast SEO plugin v21.7 - https:\/\/yoast.com\/wordpress\/plugins\/seo\/ -->\n<title>\u00c1FRICA M\u00cdA - Espect\u00e1culos<\/title>\n<meta name=\"robots\" content=\"index, follow, max-snippet:-1, max-image-preview:large, max-video-preview:-1\" \/>\n<link rel=\"canonical\" href=\"https:\/\/sodre.gub.uy\/espectaculos\/africa-mia\/\" \/>\n<meta property=\"og:locale\" content=\"es_ES\" \/>\n<meta property=\"og:type\" content=\"article\" \/>\n<meta property=\"og:title\" content=\"\u00c1FRICA M\u00cdA - Espect\u00e1culos\" \/>\n<meta property=\"og:description\" content=\"[vc_section el_class=\u00bbcontent&#8211;espectaculo evento-auditorio-nelly-goitino\u00bb][vc_row el_class=\u00bbcyg&#8211;descripcion\u00bb] [vc_column] [vc_column_text] SINOPSIS Libremente inspirada en la obra hom\u00f3nima de la escritora danesa Isak Dinesen. A principios del siglo XX, Karen (Streep) contrae un matrimonio de conveniencia con el bar\u00f3n Blixen (Brandauer), un mujeriego empedernido. Ambos se establecen en Kenia con el prop\u00f3sito de explotar una plantaci\u00f3n de caf\u00e9. En Karen [&hellip;]\" \/>\n<meta property=\"og:url\" content=\"https:\/\/sodre.gub.uy\/espectaculos\/africa-mia\/\" \/>\n<meta property=\"og:site_name\" content=\"Espect\u00e1culos\" \/>\n<meta name=\"twitter:card\" content=\"summary_large_image\" \/>\n<meta name=\"twitter:label1\" content=\"Tiempo de lectura\" \/>\n\t<meta name=\"twitter:data1\" content=\"2 minutos\" \/>\n<script type=\"application\/ld+json\" class=\"yoast-schema-graph\">{\"@context\":\"https:\/\/schema.org\",\"@graph\":[{\"@type\":\"WebPage\",\"@id\":\"https:\/\/sodre.gub.uy\/espectaculos\/africa-mia\/\",\"url\":\"https:\/\/sodre.gub.uy\/espectaculos\/africa-mia\/\",\"name\":\"\u00c1FRICA M\u00cdA - Espect\u00e1culos\",\"isPartOf\":{\"@id\":\"https:\/\/sodre.gub.uy\/espectaculos\/#website\"},\"datePublished\":\"2019-10-07T14:34:58+00:00\",\"dateModified\":\"2019-10-07T14:34:58+00:00\",\"inLanguage\":\"es\",\"potentialAction\":[{\"@type\":\"ReadAction\",\"target\":[\"https:\/\/sodre.gub.uy\/espectaculos\/africa-mia\/\"]}]},{\"@type\":\"WebSite\",\"@id\":\"https:\/\/sodre.gub.uy\/espectaculos\/#website\",\"url\":\"https:\/\/sodre.gub.uy\/espectaculos\/\",\"name\":\"Espect\u00e1culos\",\"description\":\"Servicio Oficial de Difusi\u00f3n, Representaciones y Espect\u00e1culos\",\"publisher\":{\"@id\":\"https:\/\/sodre.gub.uy\/espectaculos\/#organization\"},\"potentialAction\":[{\"@type\":\"SearchAction\",\"target\":{\"@type\":\"EntryPoint\",\"urlTemplate\":\"https:\/\/sodre.gub.uy\/espectaculos\/?s={search_term_string}\"},\"query-input\":\"required name=search_term_string\"}],\"inLanguage\":\"es\"},{\"@type\":\"Organization\",\"@id\":\"https:\/\/sodre.gub.uy\/espectaculos\/#organization\",\"name\":\"Espect\u00e1culos\",\"url\":\"https:\/\/sodre.gub.uy\/espectaculos\/\",\"logo\":{\"@type\":\"ImageObject\",\"inLanguage\":\"es\",\"@id\":\"https:\/\/sodre.gub.uy\/espectaculos\/#\/schema\/logo\/image\/\",\"url\":\"https:\/\/sodre.gub.uy\/espectaculos\/wp-content\/uploads\/sites\/2\/2023\/12\/logo-sodre-black.svg\",\"contentUrl\":\"https:\/\/sodre.gub.uy\/espectaculos\/wp-content\/uploads\/sites\/2\/2023\/12\/logo-sodre-black.svg\",\"caption\":\"Espect\u00e1culos\"},\"image\":{\"@id\":\"https:\/\/sodre.gub.uy\/espectaculos\/#\/schema\/logo\/image\/\"}}]}<\/script>\n<!-- \/ Yoast SEO plugin. -->","yoast_head_json":{"title":"\u00c1FRICA M\u00cdA - Espect\u00e1culos","robots":{"index":"index","follow":"follow","max-snippet":"max-snippet:-1","max-image-preview":"max-image-preview:large","max-video-preview":"max-video-preview:-1"},"canonical":"https:\/\/sodre.gub.uy\/espectaculos\/africa-mia\/","og_locale":"es_ES","og_type":"article","og_title":"\u00c1FRICA M\u00cdA - Espect\u00e1culos","og_description":"[vc_section el_class=\u00bbcontent&#8211;espectaculo evento-auditorio-nelly-goitino\u00bb][vc_row el_class=\u00bbcyg&#8211;descripcion\u00bb] [vc_column] [vc_column_text] SINOPSIS Libremente inspirada en la obra hom\u00f3nima de la escritora danesa Isak Dinesen. A principios del siglo XX, Karen (Streep) contrae un matrimonio de conveniencia con el bar\u00f3n Blixen (Brandauer), un mujeriego empedernido. Ambos se establecen en Kenia con el prop\u00f3sito de explotar una plantaci\u00f3n de caf\u00e9. En Karen [&hellip;]","og_url":"https:\/\/sodre.gub.uy\/espectaculos\/africa-mia\/","og_site_name":"Espect\u00e1culos","twitter_card":"summary_large_image","twitter_misc":{"Tiempo de lectura":"2 minutos"},"schema":{"@context":"https:\/\/schema.org","@graph":[{"@type":"WebPage","@id":"https:\/\/sodre.gub.uy\/espectaculos\/africa-mia\/","url":"https:\/\/sodre.gub.uy\/espectaculos\/africa-mia\/","name":"\u00c1FRICA M\u00cdA - Espect\u00e1culos","isPartOf":{"@id":"https:\/\/sodre.gub.uy\/espectaculos\/#website"},"datePublished":"2019-10-07T14:34:58+00:00","dateModified":"2019-10-07T14:34:58+00:00","inLanguage":"es","potentialAction":[{"@type":"ReadAction","target":["https:\/\/sodre.gub.uy\/espectaculos\/africa-mia\/"]}]},{"@type":"WebSite","@id":"https:\/\/sodre.gub.uy\/espectaculos\/#website","url":"https:\/\/sodre.gub.uy\/espectaculos\/","name":"Espect\u00e1culos","description":"Servicio Oficial de Difusi\u00f3n, Representaciones y Espect\u00e1culos","publisher":{"@id":"https:\/\/sodre.gub.uy\/espectaculos\/#organization"},"potentialAction":[{"@type":"SearchAction","target":{"@type":"EntryPoint","urlTemplate":"https:\/\/sodre.gub.uy\/espectaculos\/?s={search_term_string}"},"query-input":"required name=search_term_string"}],"inLanguage":"es"},{"@type":"Organization","@id":"https:\/\/sodre.gub.uy\/espectaculos\/#organization","name":"Espect\u00e1culos","url":"https:\/\/sodre.gub.uy\/espectaculos\/","logo":{"@type":"ImageObject","inLanguage":"es","@id":"https:\/\/sodre.gub.uy\/espectaculos\/#\/schema\/logo\/image\/","url":"https:\/\/sodre.gub.uy\/espectaculos\/wp-content\/uploads\/sites\/2\/2023\/12\/logo-sodre-black.svg","contentUrl":"https:\/\/sodre.gub.uy\/espectaculos\/wp-content\/uploads\/sites\/2\/2023\/12\/logo-sodre-black.svg","caption":"Espect\u00e1culos"},"image":{"@id":"https:\/\/sodre.gub.uy\/espectaculos\/#\/schema\/logo\/image\/"}}]}},"_links":{"self":[{"href":"https:\/\/sodre.gub.uy\/espectaculos\/wp-json\/wp\/v2\/espectaculo\/2689"}],"collection":[{"href":"https:\/\/sodre.gub.uy\/espectaculos\/wp-json\/wp\/v2\/espectaculo"}],"about":[{"href":"https:\/\/sodre.gub.uy\/espectaculos\/wp-json\/wp\/v2\/types\/espectaculo"}],"version-history":[{"count":0,"href":"https:\/\/sodre.gub.uy\/espectaculos\/wp-json\/wp\/v2\/espectaculo\/2689\/revisions"}],"wp:attachment":[{"href":"https:\/\/sodre.gub.uy\/espectaculos\/wp-json\/wp\/v2\/media?parent=2689"}],"wp:term":[{"taxonomy":"cuerpo-estable","embeddable":true,"href":"https:\/\/sodre.gub.uy\/espectaculos\/wp-json\/wp\/v2\/cuerpo-estable?post=2689"},{"taxonomy":"etiqueta-espectaculo","embeddable":true,"href":"https:\/\/sodre.gub.uy\/espectaculos\/wp-json\/wp\/v2\/etiqueta-espectaculo?post=2689"},{"taxonomy":"lugar","embeddable":true,"href":"https:\/\/sodre.gub.uy\/espectaculos\/wp-json\/wp\/v2\/lugar?post=2689"},{"taxonomy":"sala-espacio","embeddable":true,"href":"https:\/\/sodre.gub.uy\/espectaculos\/wp-json\/wp\/v2\/sala-espacio?post=2689"}],"curies":[{"name":"wp","href":"https:\/\/api.w.org\/{rel}","templated":true}]}}