{"id":2686,"date":"2019-09-30T11:17:33","date_gmt":"2019-09-30T14:17:33","guid":{"rendered":"https:\/\/sodre.gub.uy\/espectaculos\/serpico\/"},"modified":"2019-09-30T11:17:33","modified_gmt":"2019-09-30T14:17:33","slug":"serpico","status":"publish","type":"espectaculo","link":"https:\/\/sodre.gub.uy\/espectaculos\/serpico\/","title":{"rendered":"SERPICO"},"content":{"rendered":"<div class=\"wpb-content-wrapper\"><p>[vc_section el_class=\u00bbcontent&#8211;espectaculo evento-auditorio-nelly-goitino\u00bb][vc_row el_class=\u00bbcyg&#8211;descripcion\u00bb]<br \/>\n\t\t\t\t\t[vc_column]<br \/>\n\t\t\t\t\t\t[vc_column_text]<\/p>\n<section>\n<p><span class=\"tm-color-primary\"><strong>SINOPSIS<\/strong><\/span><\/p>\n<p style=\"text-align: justify;\">A\u00f1os setenta. Relato biogr\u00e1fico sobre Frank Serpico, un polic\u00eda \u00edntegro de principios incorruptibles que, a diferencia de sus colegas, nunca se dej\u00f3 sobornar, y precisamente por ello siempre tuvo problemas con sus compa\u00f1eros de profesi\u00f3n y se vio expuesto a situaciones muy peligrosas.<\/p>\n<p style=\"text-align: justify;\">La pel\u00edcula de Sidney Lumet pretende abordar la frustraci\u00f3n de un polic\u00eda real que no imaginaba que los valores que jur\u00f3 defender estaban interiormente corrompidos sistem\u00e1ticamente. El cuerpo de polic\u00eda mostrado en <em>Serpico<\/em> apenas deja t\u00edtere con cabeza, desde los polic\u00edas m\u00e1s insignificantes, pasando por los altos mandos y terminando con los pol\u00edticos, m\u00e1s preocupados por los resultados electorales que de un esc\u00e1ndalo derivado de un conflicto interno y tan serio, as\u00ed como el desinter\u00e9s por acceder a una investigaci\u00f3n y posterior limpieza. Frank Serpico, en ning\u00fan momento pretende ser un h\u00e9roe, simplemente quiere realizar su trabajo con profesionalidad y disciplina, algo que no tardar\u00e1 en descubrir que es una tarea poco menos que imposible. Al Pacino, en pleno estado de forma, evidencia la capacidad del polic\u00eda para actuar con correcci\u00f3n, a la vez que lo fusiona con su mundo personal, al que termina afectando de manera inevitable. El filme promueve el cambio a trav\u00e9s del valor de un solo individuo, que con su predisposici\u00f3n puede sorprender lo que llega a conseguir.<\/p>\n<p style=\"text-align: justify;\">Premios<br \/>1973: \u00d3scar: Nominada a mejor actor (Al Pacino) y mejor guion adaptado.<br \/>1973: Globos de Oro: Mejor actor (Al Pacino). Nominada a mejor pel\u00edcula de drama.<br \/>1973: C\u00edrculo de Cr\u00edticos de Nueva York: Nominada a mejor actor (Al Pacino).<\/p>\n<p style=\"text-align: justify;\"><span class=\"tm-color-primary\"><strong>FICHA T\u00c9CNICA<\/strong><\/span><\/p>\n<p>Direcci\u00f3n: Sidney Lumet<\/p>\n<p>Guion: Waldo Salt y Norman Wexler, sobre novela de Peter Maas<\/p>\n<p>M\u00fasica: Mikis Theodorakis<\/p>\n<p>Fotograf\u00eda: Arthur J. Ornitz<\/p>\n<p>Protagonistas: Al Pacino, John Randolph, Jack Kehoe, Tony Roberts, Biff McGuire y Cornelia Sharpe<\/p>\n<p>Estados Unidos &#8211; 1973 &#8211; 130&#8242;<\/p>\n<hr \/>\n<p style=\"text-align: justify;\"><span class=\"tm-color-primary\">Funci\u00f3n:<\/span> <strong>30 de setiembre a las 20.15 horas en la Sala H\u00e9ctor Tosar del Auditorio Nelly Goiti\u00f1o<\/p>\n<p><\/strong><span class=\"tm-color-primary\">Localidades:<\/span> Generales $ 150<strong><\/p>\n<p><\/strong><span class=\"tm-color-primary\">Beneficios:<\/span> Cupo gratuito para Socio Espectacular y Montevideo Libre<strong><br \/><\/strong><\/p>\n<\/section>\n<p>\t\t\t\t\t\t[\/vc_column_text]<br \/>\n\t\t\t\t\t\t[vc_empty_space height=\u00bb30px\u00bb el_class=\u00bbcyg&#8211;espacio-30&#8243;]<br \/>\n\t\t\t\t\t[\/vc_column]<br \/>\n\t\t\t\t[\/vc_row][vc_row el_class=\u00bbcyg&#8211;ficha\u00bb]<br \/>\n\t\t\t\t\t[vc_column]<br \/>\n\t\t\t\t\t[vc_column_text]<\/p>\n<section><\/section>\n<p>\t\t\t\t\t[\/vc_column_text]<br \/>\n\t\t\t\t\t[\/vc_column]<br \/>\n\t\t\t\t[\/vc_row][\/vc_section]<\/p>\n<\/div>","protected":false},"excerpt":{"rendered":"<p>[vc_section el_class=\u00bbcontent&#8211;espectaculo evento-auditorio-nelly-goitino\u00bb][vc_row el_class=\u00bbcyg&#8211;descripcion\u00bb] [vc_column] [vc_column_text] SINOPSIS A\u00f1os setenta. Relato biogr\u00e1fico sobre Frank Serpico, un polic\u00eda \u00edntegro de principios incorruptibles que, a diferencia de sus colegas, nunca se dej\u00f3 sobornar, y precisamente por ello siempre tuvo problemas con sus compa\u00f1eros de profesi\u00f3n y se vio expuesto a situaciones muy peligrosas. La pel\u00edcula de Sidney Lumet [&hellip;]<\/p>\n","protected":false},"menu_order":0,"template":"","format":"standard","cuerpo-estable":[],"etiqueta-espectaculo":[],"lugar":[17],"sala-espacio":[35],"acf":[],"yoast_head":"<!-- This site is optimized with the Yoast SEO plugin v21.7 - https:\/\/yoast.com\/wordpress\/plugins\/seo\/ -->\n<title>SERPICO - Espect\u00e1culos<\/title>\n<meta name=\"robots\" content=\"index, follow, max-snippet:-1, max-image-preview:large, max-video-preview:-1\" \/>\n<link rel=\"canonical\" href=\"https:\/\/sodre.gub.uy\/espectaculos\/serpico\/\" \/>\n<meta property=\"og:locale\" content=\"es_ES\" \/>\n<meta property=\"og:type\" content=\"article\" \/>\n<meta property=\"og:title\" content=\"SERPICO - Espect\u00e1culos\" \/>\n<meta property=\"og:description\" content=\"[vc_section el_class=\u00bbcontent&#8211;espectaculo evento-auditorio-nelly-goitino\u00bb][vc_row el_class=\u00bbcyg&#8211;descripcion\u00bb] [vc_column] [vc_column_text] SINOPSIS A\u00f1os setenta. Relato biogr\u00e1fico sobre Frank Serpico, un polic\u00eda \u00edntegro de principios incorruptibles que, a diferencia de sus colegas, nunca se dej\u00f3 sobornar, y precisamente por ello siempre tuvo problemas con sus compa\u00f1eros de profesi\u00f3n y se vio expuesto a situaciones muy peligrosas. La pel\u00edcula de Sidney Lumet [&hellip;]\" \/>\n<meta property=\"og:url\" content=\"https:\/\/sodre.gub.uy\/espectaculos\/serpico\/\" \/>\n<meta property=\"og:site_name\" content=\"Espect\u00e1culos\" \/>\n<meta name=\"twitter:card\" content=\"summary_large_image\" \/>\n<meta name=\"twitter:label1\" content=\"Tiempo de lectura\" \/>\n\t<meta name=\"twitter:data1\" content=\"2 minutos\" \/>\n<script type=\"application\/ld+json\" class=\"yoast-schema-graph\">{\"@context\":\"https:\/\/schema.org\",\"@graph\":[{\"@type\":\"WebPage\",\"@id\":\"https:\/\/sodre.gub.uy\/espectaculos\/serpico\/\",\"url\":\"https:\/\/sodre.gub.uy\/espectaculos\/serpico\/\",\"name\":\"SERPICO - Espect\u00e1culos\",\"isPartOf\":{\"@id\":\"https:\/\/sodre.gub.uy\/espectaculos\/#website\"},\"datePublished\":\"2019-09-30T14:17:33+00:00\",\"dateModified\":\"2019-09-30T14:17:33+00:00\",\"inLanguage\":\"es\",\"potentialAction\":[{\"@type\":\"ReadAction\",\"target\":[\"https:\/\/sodre.gub.uy\/espectaculos\/serpico\/\"]}]},{\"@type\":\"WebSite\",\"@id\":\"https:\/\/sodre.gub.uy\/espectaculos\/#website\",\"url\":\"https:\/\/sodre.gub.uy\/espectaculos\/\",\"name\":\"Espect\u00e1culos\",\"description\":\"Servicio Oficial de Difusi\u00f3n, Representaciones y Espect\u00e1culos\",\"publisher\":{\"@id\":\"https:\/\/sodre.gub.uy\/espectaculos\/#organization\"},\"potentialAction\":[{\"@type\":\"SearchAction\",\"target\":{\"@type\":\"EntryPoint\",\"urlTemplate\":\"https:\/\/sodre.gub.uy\/espectaculos\/?s={search_term_string}\"},\"query-input\":\"required name=search_term_string\"}],\"inLanguage\":\"es\"},{\"@type\":\"Organization\",\"@id\":\"https:\/\/sodre.gub.uy\/espectaculos\/#organization\",\"name\":\"Espect\u00e1culos\",\"url\":\"https:\/\/sodre.gub.uy\/espectaculos\/\",\"logo\":{\"@type\":\"ImageObject\",\"inLanguage\":\"es\",\"@id\":\"https:\/\/sodre.gub.uy\/espectaculos\/#\/schema\/logo\/image\/\",\"url\":\"https:\/\/sodre.gub.uy\/espectaculos\/wp-content\/uploads\/sites\/2\/2023\/12\/logo-sodre-black.svg\",\"contentUrl\":\"https:\/\/sodre.gub.uy\/espectaculos\/wp-content\/uploads\/sites\/2\/2023\/12\/logo-sodre-black.svg\",\"caption\":\"Espect\u00e1culos\"},\"image\":{\"@id\":\"https:\/\/sodre.gub.uy\/espectaculos\/#\/schema\/logo\/image\/\"}}]}<\/script>\n<!-- \/ Yoast SEO plugin. -->","yoast_head_json":{"title":"SERPICO - Espect\u00e1culos","robots":{"index":"index","follow":"follow","max-snippet":"max-snippet:-1","max-image-preview":"max-image-preview:large","max-video-preview":"max-video-preview:-1"},"canonical":"https:\/\/sodre.gub.uy\/espectaculos\/serpico\/","og_locale":"es_ES","og_type":"article","og_title":"SERPICO - Espect\u00e1culos","og_description":"[vc_section el_class=\u00bbcontent&#8211;espectaculo evento-auditorio-nelly-goitino\u00bb][vc_row el_class=\u00bbcyg&#8211;descripcion\u00bb] [vc_column] [vc_column_text] SINOPSIS A\u00f1os setenta. Relato biogr\u00e1fico sobre Frank Serpico, un polic\u00eda \u00edntegro de principios incorruptibles que, a diferencia de sus colegas, nunca se dej\u00f3 sobornar, y precisamente por ello siempre tuvo problemas con sus compa\u00f1eros de profesi\u00f3n y se vio expuesto a situaciones muy peligrosas. La pel\u00edcula de Sidney Lumet [&hellip;]","og_url":"https:\/\/sodre.gub.uy\/espectaculos\/serpico\/","og_site_name":"Espect\u00e1culos","twitter_card":"summary_large_image","twitter_misc":{"Tiempo de lectura":"2 minutos"},"schema":{"@context":"https:\/\/schema.org","@graph":[{"@type":"WebPage","@id":"https:\/\/sodre.gub.uy\/espectaculos\/serpico\/","url":"https:\/\/sodre.gub.uy\/espectaculos\/serpico\/","name":"SERPICO - Espect\u00e1culos","isPartOf":{"@id":"https:\/\/sodre.gub.uy\/espectaculos\/#website"},"datePublished":"2019-09-30T14:17:33+00:00","dateModified":"2019-09-30T14:17:33+00:00","inLanguage":"es","potentialAction":[{"@type":"ReadAction","target":["https:\/\/sodre.gub.uy\/espectaculos\/serpico\/"]}]},{"@type":"WebSite","@id":"https:\/\/sodre.gub.uy\/espectaculos\/#website","url":"https:\/\/sodre.gub.uy\/espectaculos\/","name":"Espect\u00e1culos","description":"Servicio Oficial de Difusi\u00f3n, Representaciones y Espect\u00e1culos","publisher":{"@id":"https:\/\/sodre.gub.uy\/espectaculos\/#organization"},"potentialAction":[{"@type":"SearchAction","target":{"@type":"EntryPoint","urlTemplate":"https:\/\/sodre.gub.uy\/espectaculos\/?s={search_term_string}"},"query-input":"required name=search_term_string"}],"inLanguage":"es"},{"@type":"Organization","@id":"https:\/\/sodre.gub.uy\/espectaculos\/#organization","name":"Espect\u00e1culos","url":"https:\/\/sodre.gub.uy\/espectaculos\/","logo":{"@type":"ImageObject","inLanguage":"es","@id":"https:\/\/sodre.gub.uy\/espectaculos\/#\/schema\/logo\/image\/","url":"https:\/\/sodre.gub.uy\/espectaculos\/wp-content\/uploads\/sites\/2\/2023\/12\/logo-sodre-black.svg","contentUrl":"https:\/\/sodre.gub.uy\/espectaculos\/wp-content\/uploads\/sites\/2\/2023\/12\/logo-sodre-black.svg","caption":"Espect\u00e1culos"},"image":{"@id":"https:\/\/sodre.gub.uy\/espectaculos\/#\/schema\/logo\/image\/"}}]}},"_links":{"self":[{"href":"https:\/\/sodre.gub.uy\/espectaculos\/wp-json\/wp\/v2\/espectaculo\/2686"}],"collection":[{"href":"https:\/\/sodre.gub.uy\/espectaculos\/wp-json\/wp\/v2\/espectaculo"}],"about":[{"href":"https:\/\/sodre.gub.uy\/espectaculos\/wp-json\/wp\/v2\/types\/espectaculo"}],"version-history":[{"count":0,"href":"https:\/\/sodre.gub.uy\/espectaculos\/wp-json\/wp\/v2\/espectaculo\/2686\/revisions"}],"wp:attachment":[{"href":"https:\/\/sodre.gub.uy\/espectaculos\/wp-json\/wp\/v2\/media?parent=2686"}],"wp:term":[{"taxonomy":"cuerpo-estable","embeddable":true,"href":"https:\/\/sodre.gub.uy\/espectaculos\/wp-json\/wp\/v2\/cuerpo-estable?post=2686"},{"taxonomy":"etiqueta-espectaculo","embeddable":true,"href":"https:\/\/sodre.gub.uy\/espectaculos\/wp-json\/wp\/v2\/etiqueta-espectaculo?post=2686"},{"taxonomy":"lugar","embeddable":true,"href":"https:\/\/sodre.gub.uy\/espectaculos\/wp-json\/wp\/v2\/lugar?post=2686"},{"taxonomy":"sala-espacio","embeddable":true,"href":"https:\/\/sodre.gub.uy\/espectaculos\/wp-json\/wp\/v2\/sala-espacio?post=2686"}],"curies":[{"name":"wp","href":"https:\/\/api.w.org\/{rel}","templated":true}]}}