{"id":2675,"date":"2019-10-08T16:04:16","date_gmt":"2019-10-08T19:04:16","guid":{"rendered":"https:\/\/sodre.gub.uy\/espectaculos\/asi-hablo-el-cambista\/"},"modified":"2019-10-08T16:04:16","modified_gmt":"2019-10-08T19:04:16","slug":"asi-hablo-el-cambista","status":"publish","type":"espectaculo","link":"https:\/\/sodre.gub.uy\/espectaculos\/asi-hablo-el-cambista\/","title":{"rendered":"AS\u00cd HABL\u00d3 EL CAMBISTA"},"content":{"rendered":"<div class=\"wpb-content-wrapper\"><p>[vc_section el_class=\u00bbcontent&#8211;espectaculo evento-auditorio-nelly-goitino\u00bb][vc_row el_class=\u00bbcyg&#8211;descripcion\u00bb]<br \/>\n\t\t\t\t\t[vc_column]<br \/>\n\t\t\t\t\t\t[vc_column_text]<\/p>\n<section>\n<p style=\"text-align: justify;\"><span class=\"tm-color-primary\"><strong>SINOPSIS<\/strong><\/span><\/p>\n<p style=\"text-align: justify;\">Humberto Brause es cambista o, como a \u00e9l le gusta definirse, el origen de todos los males. Si quiere conservar su pellejo en medio de su ambici\u00f3n sin l\u00edmites por hacer dinero, tendr\u00e1 que poner a prueba su dudoso c\u00f3digo de \u00e9tica y negociar con la corrupci\u00f3n de las altas esferas pol\u00edticas, la debacle econ\u00f3mica de la Argentina y los vaivenes de su absurdo matrimonio.<\/p>\n<p style=\"text-align: justify;\"><span class=\"tm-color-primary\"><strong>FICHA T\u00c9CNICA<\/strong><\/span><span class=\"tm-color-primary\" style=\"font-size: 18pt;\"><br \/><\/span><\/p>\n<p style=\"text-align: justify;\">Direcci\u00f3n: Federico Veiroj<\/p>\n<p style=\"text-align: justify;\">Guion: Arauco Hern\u00e1ndez, Mart\u00edn Mauregui y Federico Veiroj<\/p>\n<p style=\"text-align: justify;\">Productores: Charly Guti\u00e9rrez, Diego Robino y Santiago L\u00f3pez<\/p>\n<p style=\"text-align: justify;\">Coproductores: Natacha Cervi, Hern\u00e1n Musaluppi, Christoph Friedel y Claudia Steffen<\/p>\n<p style=\"text-align: justify;\">Fotograf\u00eda: Arauco Hern\u00e1ndez<\/p>\n<p style=\"text-align: justify;\">Arte: Pablo Maestre Galli<\/p>\n<p style=\"text-align: justify;\">Montaje: Fernando Franco y Fernando Epstein<\/p>\n<p style=\"text-align: justify;\">Sonido: Catriel Vildosola<\/p>\n<p style=\"text-align: justify;\">M\u00fasica original: Hern\u00e1n Segret<\/p>\n<p style=\"text-align: justify;\">Elenco: Daniel Hendler, Dolores Fonzi, Luis Mach\u00edn, Germ\u00e1n De Silva y Benjam\u00edn Vicu\u00f1a<\/p>\n<p style=\"text-align: justify;\">Uruguay, Argentina, Alemania &#8211; 2019 &#8211; 97&#8242;<\/p>\n<hr \/>\n<p><span class=\"tm-color-primary\">Funci\u00f3n:<\/span> <strong>7 de noviembre a las 19 horas Sala B del Auditorio Nelly Goiti\u00f1o<\/strong><\/p>\n<p style=\"text-align: justify;\"><span class=\"tm-color-primary\">Localidades:<\/span> Generales $ 220<strong><\/p>\n<p><\/strong><span class=\"tm-color-primary\">Beneficios:<\/span> Cupo gratuito para Socio Espectacular y Montevideo Libre. 50 % de descuento para socios de Cinemateca Uruguaya, para estudiantes de cine y comunicaci\u00f3n audiovisual y para socios de la Asociaci\u00f3n de Productores y Realizadores de Cine del Uruguay (Asoprod)<strong><br \/><\/strong><\/p>\n<\/section>\n<p>\t\t\t\t\t\t[\/vc_column_text]<br \/>\n\t\t\t\t\t\t[vc_empty_space height=\u00bb30px\u00bb el_class=\u00bbcyg&#8211;espacio-30&#8243;]<br \/>\n\t\t\t\t\t[\/vc_column]<br \/>\n\t\t\t\t[\/vc_row][vc_row el_class=\u00bbcyg&#8211;ficha\u00bb]<br \/>\n\t\t\t\t\t[vc_column]<br \/>\n\t\t\t\t\t[vc_column_text]<\/p>\n<section><\/section>\n<p>\t\t\t\t\t[\/vc_column_text]<br \/>\n\t\t\t\t\t[\/vc_column]<br \/>\n\t\t\t\t[\/vc_row][vc_row][vc_column][vc_gallery type=\u00bbimage_grid\u00bb images=\u00bb2671,2672,2673,2674&#8243;][\/vc_column][\/vc_row][vc_row][vc_column][vc_video link=\u00bbhttps:\/\/www.youtube.com\/watch?v=Qp55_2vxMe0&#8243;][\/vc_column][\/vc_row][\/vc_section]<\/p>\n<\/div>","protected":false},"excerpt":{"rendered":"<p>[vc_section el_class=\u00bbcontent&#8211;espectaculo evento-auditorio-nelly-goitino\u00bb][vc_row el_class=\u00bbcyg&#8211;descripcion\u00bb] [vc_column] [vc_column_text] SINOPSIS Humberto Brause es cambista o, como a \u00e9l le gusta definirse, el origen de todos los males. Si quiere conservar su pellejo en medio de su ambici\u00f3n sin l\u00edmites por hacer dinero, tendr\u00e1 que poner a prueba su dudoso c\u00f3digo de \u00e9tica y negociar con la corrupci\u00f3n de [&hellip;]<\/p>\n","protected":false},"menu_order":0,"template":"","format":"standard","cuerpo-estable":[],"etiqueta-espectaculo":[],"lugar":[17],"sala-espacio":[36],"acf":[],"yoast_head":"<!-- This site is optimized with the Yoast SEO plugin v21.7 - https:\/\/yoast.com\/wordpress\/plugins\/seo\/ -->\n<title>AS\u00cd HABL\u00d3 EL CAMBISTA - Espect\u00e1culos<\/title>\n<meta name=\"robots\" content=\"index, follow, max-snippet:-1, max-image-preview:large, max-video-preview:-1\" \/>\n<link rel=\"canonical\" href=\"https:\/\/sodre.gub.uy\/espectaculos\/asi-hablo-el-cambista\/\" \/>\n<meta property=\"og:locale\" content=\"es_ES\" \/>\n<meta property=\"og:type\" content=\"article\" \/>\n<meta property=\"og:title\" content=\"AS\u00cd HABL\u00d3 EL CAMBISTA - Espect\u00e1culos\" \/>\n<meta property=\"og:description\" content=\"[vc_section el_class=\u00bbcontent&#8211;espectaculo evento-auditorio-nelly-goitino\u00bb][vc_row el_class=\u00bbcyg&#8211;descripcion\u00bb] [vc_column] [vc_column_text] SINOPSIS Humberto Brause es cambista o, como a \u00e9l le gusta definirse, el origen de todos los males. Si quiere conservar su pellejo en medio de su ambici\u00f3n sin l\u00edmites por hacer dinero, tendr\u00e1 que poner a prueba su dudoso c\u00f3digo de \u00e9tica y negociar con la corrupci\u00f3n de [&hellip;]\" \/>\n<meta property=\"og:url\" content=\"https:\/\/sodre.gub.uy\/espectaculos\/asi-hablo-el-cambista\/\" \/>\n<meta property=\"og:site_name\" content=\"Espect\u00e1culos\" \/>\n<meta name=\"twitter:card\" content=\"summary_large_image\" \/>\n<meta name=\"twitter:label1\" content=\"Tiempo de lectura\" \/>\n\t<meta name=\"twitter:data1\" content=\"1 minuto\" \/>\n<script type=\"application\/ld+json\" class=\"yoast-schema-graph\">{\"@context\":\"https:\/\/schema.org\",\"@graph\":[{\"@type\":\"WebPage\",\"@id\":\"https:\/\/sodre.gub.uy\/espectaculos\/asi-hablo-el-cambista\/\",\"url\":\"https:\/\/sodre.gub.uy\/espectaculos\/asi-hablo-el-cambista\/\",\"name\":\"AS\u00cd HABL\u00d3 EL CAMBISTA - Espect\u00e1culos\",\"isPartOf\":{\"@id\":\"https:\/\/sodre.gub.uy\/espectaculos\/#website\"},\"datePublished\":\"2019-10-08T19:04:16+00:00\",\"dateModified\":\"2019-10-08T19:04:16+00:00\",\"inLanguage\":\"es\",\"potentialAction\":[{\"@type\":\"ReadAction\",\"target\":[\"https:\/\/sodre.gub.uy\/espectaculos\/asi-hablo-el-cambista\/\"]}]},{\"@type\":\"WebSite\",\"@id\":\"https:\/\/sodre.gub.uy\/espectaculos\/#website\",\"url\":\"https:\/\/sodre.gub.uy\/espectaculos\/\",\"name\":\"Espect\u00e1culos\",\"description\":\"Servicio Oficial de Difusi\u00f3n, Representaciones y Espect\u00e1culos\",\"publisher\":{\"@id\":\"https:\/\/sodre.gub.uy\/espectaculos\/#organization\"},\"potentialAction\":[{\"@type\":\"SearchAction\",\"target\":{\"@type\":\"EntryPoint\",\"urlTemplate\":\"https:\/\/sodre.gub.uy\/espectaculos\/?s={search_term_string}\"},\"query-input\":\"required name=search_term_string\"}],\"inLanguage\":\"es\"},{\"@type\":\"Organization\",\"@id\":\"https:\/\/sodre.gub.uy\/espectaculos\/#organization\",\"name\":\"Espect\u00e1culos\",\"url\":\"https:\/\/sodre.gub.uy\/espectaculos\/\",\"logo\":{\"@type\":\"ImageObject\",\"inLanguage\":\"es\",\"@id\":\"https:\/\/sodre.gub.uy\/espectaculos\/#\/schema\/logo\/image\/\",\"url\":\"https:\/\/sodre.gub.uy\/espectaculos\/wp-content\/uploads\/sites\/2\/2023\/12\/logo-sodre-black.svg\",\"contentUrl\":\"https:\/\/sodre.gub.uy\/espectaculos\/wp-content\/uploads\/sites\/2\/2023\/12\/logo-sodre-black.svg\",\"caption\":\"Espect\u00e1culos\"},\"image\":{\"@id\":\"https:\/\/sodre.gub.uy\/espectaculos\/#\/schema\/logo\/image\/\"}}]}<\/script>\n<!-- \/ Yoast SEO plugin. -->","yoast_head_json":{"title":"AS\u00cd HABL\u00d3 EL CAMBISTA - Espect\u00e1culos","robots":{"index":"index","follow":"follow","max-snippet":"max-snippet:-1","max-image-preview":"max-image-preview:large","max-video-preview":"max-video-preview:-1"},"canonical":"https:\/\/sodre.gub.uy\/espectaculos\/asi-hablo-el-cambista\/","og_locale":"es_ES","og_type":"article","og_title":"AS\u00cd HABL\u00d3 EL CAMBISTA - Espect\u00e1culos","og_description":"[vc_section el_class=\u00bbcontent&#8211;espectaculo evento-auditorio-nelly-goitino\u00bb][vc_row el_class=\u00bbcyg&#8211;descripcion\u00bb] [vc_column] [vc_column_text] SINOPSIS Humberto Brause es cambista o, como a \u00e9l le gusta definirse, el origen de todos los males. Si quiere conservar su pellejo en medio de su ambici\u00f3n sin l\u00edmites por hacer dinero, tendr\u00e1 que poner a prueba su dudoso c\u00f3digo de \u00e9tica y negociar con la corrupci\u00f3n de [&hellip;]","og_url":"https:\/\/sodre.gub.uy\/espectaculos\/asi-hablo-el-cambista\/","og_site_name":"Espect\u00e1culos","twitter_card":"summary_large_image","twitter_misc":{"Tiempo de lectura":"1 minuto"},"schema":{"@context":"https:\/\/schema.org","@graph":[{"@type":"WebPage","@id":"https:\/\/sodre.gub.uy\/espectaculos\/asi-hablo-el-cambista\/","url":"https:\/\/sodre.gub.uy\/espectaculos\/asi-hablo-el-cambista\/","name":"AS\u00cd HABL\u00d3 EL CAMBISTA - Espect\u00e1culos","isPartOf":{"@id":"https:\/\/sodre.gub.uy\/espectaculos\/#website"},"datePublished":"2019-10-08T19:04:16+00:00","dateModified":"2019-10-08T19:04:16+00:00","inLanguage":"es","potentialAction":[{"@type":"ReadAction","target":["https:\/\/sodre.gub.uy\/espectaculos\/asi-hablo-el-cambista\/"]}]},{"@type":"WebSite","@id":"https:\/\/sodre.gub.uy\/espectaculos\/#website","url":"https:\/\/sodre.gub.uy\/espectaculos\/","name":"Espect\u00e1culos","description":"Servicio Oficial de Difusi\u00f3n, Representaciones y Espect\u00e1culos","publisher":{"@id":"https:\/\/sodre.gub.uy\/espectaculos\/#organization"},"potentialAction":[{"@type":"SearchAction","target":{"@type":"EntryPoint","urlTemplate":"https:\/\/sodre.gub.uy\/espectaculos\/?s={search_term_string}"},"query-input":"required name=search_term_string"}],"inLanguage":"es"},{"@type":"Organization","@id":"https:\/\/sodre.gub.uy\/espectaculos\/#organization","name":"Espect\u00e1culos","url":"https:\/\/sodre.gub.uy\/espectaculos\/","logo":{"@type":"ImageObject","inLanguage":"es","@id":"https:\/\/sodre.gub.uy\/espectaculos\/#\/schema\/logo\/image\/","url":"https:\/\/sodre.gub.uy\/espectaculos\/wp-content\/uploads\/sites\/2\/2023\/12\/logo-sodre-black.svg","contentUrl":"https:\/\/sodre.gub.uy\/espectaculos\/wp-content\/uploads\/sites\/2\/2023\/12\/logo-sodre-black.svg","caption":"Espect\u00e1culos"},"image":{"@id":"https:\/\/sodre.gub.uy\/espectaculos\/#\/schema\/logo\/image\/"}}]}},"_links":{"self":[{"href":"https:\/\/sodre.gub.uy\/espectaculos\/wp-json\/wp\/v2\/espectaculo\/2675"}],"collection":[{"href":"https:\/\/sodre.gub.uy\/espectaculos\/wp-json\/wp\/v2\/espectaculo"}],"about":[{"href":"https:\/\/sodre.gub.uy\/espectaculos\/wp-json\/wp\/v2\/types\/espectaculo"}],"version-history":[{"count":0,"href":"https:\/\/sodre.gub.uy\/espectaculos\/wp-json\/wp\/v2\/espectaculo\/2675\/revisions"}],"wp:attachment":[{"href":"https:\/\/sodre.gub.uy\/espectaculos\/wp-json\/wp\/v2\/media?parent=2675"}],"wp:term":[{"taxonomy":"cuerpo-estable","embeddable":true,"href":"https:\/\/sodre.gub.uy\/espectaculos\/wp-json\/wp\/v2\/cuerpo-estable?post=2675"},{"taxonomy":"etiqueta-espectaculo","embeddable":true,"href":"https:\/\/sodre.gub.uy\/espectaculos\/wp-json\/wp\/v2\/etiqueta-espectaculo?post=2675"},{"taxonomy":"lugar","embeddable":true,"href":"https:\/\/sodre.gub.uy\/espectaculos\/wp-json\/wp\/v2\/lugar?post=2675"},{"taxonomy":"sala-espacio","embeddable":true,"href":"https:\/\/sodre.gub.uy\/espectaculos\/wp-json\/wp\/v2\/sala-espacio?post=2675"}],"curies":[{"name":"wp","href":"https:\/\/api.w.org\/{rel}","templated":true}]}}