{"id":2650,"date":"2019-09-20T12:44:56","date_gmt":"2019-09-20T15:44:56","guid":{"rendered":"https:\/\/sodre.gub.uy\/espectaculos\/atrapado-sin-salida\/"},"modified":"2019-09-20T12:44:56","modified_gmt":"2019-09-20T15:44:56","slug":"atrapado-sin-salida","status":"publish","type":"espectaculo","link":"https:\/\/sodre.gub.uy\/espectaculos\/atrapado-sin-salida\/","title":{"rendered":"ATRAPADO SIN SALIDA"},"content":{"rendered":"<div class=\"wpb-content-wrapper\"><p>[vc_section el_class=\u00bbcontent&#8211;espectaculo evento-auditorio-nelly-goitino\u00bb][vc_row el_class=\u00bbcyg&#8211;descripcion\u00bb]<br \/>\n\t\t\t\t\t[vc_column]<br \/>\n\t\t\t\t\t\t[vc_column_text]<\/p>\n<section>\n<p style=\"text-align: justify;\"><span class=\"tm-color-primary\"><strong>SINOPSIS<\/strong><\/span><\/p>\n<p style=\"text-align: justify;\">Randle McMurphy (Jack Nicholson), un hombre condenado por asalto, y un esp\u00edritu libre que vive contracorriente, es recluido en un hospital psiqui\u00e1trico. La inflexible disciplina del centro acent\u00faa su contagiosa tendencia al desorden, que acabar\u00e1 desencadenando una guerra entre los pacientes y el personal de la cl\u00ednica con la fr\u00eda y severa enfermera Ratched (Louise Fletcher) a la cabeza. La suerte de cada paciente del pabell\u00f3n est\u00e1 en juego.<\/p>\n<p style=\"text-align: justify;\">El director checo Milos Forman y un enorme Jack Nicholson abordan la locura como concepto, la dignidad del individuo como ventana de escape en la enfermedad mental y \u2013ya de paso\u2013 el sistema psiqui\u00e1trico norteamericano como denuncia en uno de los t\u00edtulos m\u00edticos de los a\u00f1os setenta. Multipremiada \u2013todav\u00eda es hoy una de las 3 \u00fanicas pel\u00edculas ganadoras de los 5 \u00d3scar principales\u2013, obtuvo adem\u00e1s un enorme \u00e9xito de p\u00fablico. Como curiosidad, estuvo producida por un joven \u2013ten\u00eda 29 a\u00f1os\u2013 Michael Douglas. Una obra formidable en la que destaca la interpretaci\u00f3n de Nicholson, que borda un papel hoy ya inimaginable con otro actor.<\/p>\n<p style=\"text-align: justify;\">Premios<br \/>1975: 5 \u00d3scar: Pel\u00edcula, director, actor (Nicholson), actriz (Fletcher) y guion adaptado.<br \/>1975: 5 Globos de Oro: Pel\u00edcula, director, actor (Nicholson), actriz (Fletcher) y guion.<br \/>1976: BAFTA: 6 premios incluyendo mejor pel\u00edcula, director y actor. 10 nominaciones.<\/p>\n<p style=\"text-align: justify;\"><span class=\"tm-color-primary\"><strong>FICHA T\u00c9CNICA<\/strong><\/span><\/p>\n<p style=\"text-align: justify;\">Direcci\u00f3n: Milos Forman<\/p>\n<p style=\"text-align: justify;\">Guion: Bo Goldman y Lawrence Hauben, basado en la novela de Ken Kesey<\/p>\n<p style=\"text-align: justify;\">M\u00fasica: Jack Nitzsche<\/p>\n<p style=\"text-align: justify;\">Fotograf\u00eda: Haskell Wexler<\/p>\n<p style=\"text-align: justify;\">Protagonistas: Jack Nicholson, Louise Fletcher, Brad Dourif, William Redfield, Sydney Lassick, Will Sampson, Christopher Lloyd, Danny DeVito y Scatman Crothers<\/p>\n<p style=\"text-align: justify;\">Estados Unidos &#8211; 1975 &#8211; 133&#8242;<\/p>\n<hr \/>\n<p style=\"text-align: justify;\"><span class=\"tm-color-primary\">Funci\u00f3n:<\/span> <strong>23 de setiembre a las 18 horas en la Sala H\u00e9ctor Tosar del Auditorio Nelly Goiti\u00f1o<\/p>\n<p><\/strong><span class=\"tm-color-primary\">Localidades:<\/span> Generales $ 150<strong><\/p>\n<p><\/strong><span class=\"tm-color-primary\">Beneficios:<\/span> Cupo gratuito para Socio Espectacular y Montevideo Libre<strong><br \/><\/strong><\/p>\n<\/section>\n<p>\t\t\t\t\t\t[\/vc_column_text]<br \/>\n\t\t\t\t\t\t[vc_empty_space height=\u00bb30px\u00bb el_class=\u00bbcyg&#8211;espacio-30&#8243;]<br \/>\n\t\t\t\t\t[\/vc_column]<br \/>\n\t\t\t\t[\/vc_row][vc_row el_class=\u00bbcyg&#8211;ficha\u00bb]<br \/>\n\t\t\t\t\t[vc_column]<br \/>\n\t\t\t\t\t[vc_column_text]<\/p>\n<section><\/section>\n<p>\t\t\t\t\t[\/vc_column_text]<br \/>\n\t\t\t\t\t[\/vc_column]<br \/>\n\t\t\t\t[\/vc_row][\/vc_section]<\/p>\n<\/div>","protected":false},"excerpt":{"rendered":"<p>[vc_section el_class=\u00bbcontent&#8211;espectaculo evento-auditorio-nelly-goitino\u00bb][vc_row el_class=\u00bbcyg&#8211;descripcion\u00bb] [vc_column] [vc_column_text] SINOPSIS Randle McMurphy (Jack Nicholson), un hombre condenado por asalto, y un esp\u00edritu libre que vive contracorriente, es recluido en un hospital psiqui\u00e1trico. La inflexible disciplina del centro acent\u00faa su contagiosa tendencia al desorden, que acabar\u00e1 desencadenando una guerra entre los pacientes y el personal de la cl\u00ednica con [&hellip;]<\/p>\n","protected":false},"menu_order":0,"template":"","format":"standard","cuerpo-estable":[],"etiqueta-espectaculo":[],"lugar":[17],"sala-espacio":[35],"acf":[],"yoast_head":"<!-- This site is optimized with the Yoast SEO plugin v21.7 - https:\/\/yoast.com\/wordpress\/plugins\/seo\/ -->\n<title>ATRAPADO SIN SALIDA - Espect\u00e1culos<\/title>\n<meta name=\"robots\" content=\"index, follow, max-snippet:-1, max-image-preview:large, max-video-preview:-1\" \/>\n<link rel=\"canonical\" href=\"https:\/\/sodre.gub.uy\/espectaculos\/atrapado-sin-salida\/\" \/>\n<meta property=\"og:locale\" content=\"es_ES\" \/>\n<meta property=\"og:type\" content=\"article\" \/>\n<meta property=\"og:title\" content=\"ATRAPADO SIN SALIDA - Espect\u00e1culos\" \/>\n<meta property=\"og:description\" content=\"[vc_section el_class=\u00bbcontent&#8211;espectaculo evento-auditorio-nelly-goitino\u00bb][vc_row el_class=\u00bbcyg&#8211;descripcion\u00bb] [vc_column] [vc_column_text] SINOPSIS Randle McMurphy (Jack Nicholson), un hombre condenado por asalto, y un esp\u00edritu libre que vive contracorriente, es recluido en un hospital psiqui\u00e1trico. La inflexible disciplina del centro acent\u00faa su contagiosa tendencia al desorden, que acabar\u00e1 desencadenando una guerra entre los pacientes y el personal de la cl\u00ednica con [&hellip;]\" \/>\n<meta property=\"og:url\" content=\"https:\/\/sodre.gub.uy\/espectaculos\/atrapado-sin-salida\/\" \/>\n<meta property=\"og:site_name\" content=\"Espect\u00e1culos\" \/>\n<meta name=\"twitter:card\" content=\"summary_large_image\" \/>\n<meta name=\"twitter:label1\" content=\"Tiempo de lectura\" \/>\n\t<meta name=\"twitter:data1\" content=\"2 minutos\" \/>\n<script type=\"application\/ld+json\" class=\"yoast-schema-graph\">{\"@context\":\"https:\/\/schema.org\",\"@graph\":[{\"@type\":\"WebPage\",\"@id\":\"https:\/\/sodre.gub.uy\/espectaculos\/atrapado-sin-salida\/\",\"url\":\"https:\/\/sodre.gub.uy\/espectaculos\/atrapado-sin-salida\/\",\"name\":\"ATRAPADO SIN SALIDA - Espect\u00e1culos\",\"isPartOf\":{\"@id\":\"https:\/\/sodre.gub.uy\/espectaculos\/#website\"},\"datePublished\":\"2019-09-20T15:44:56+00:00\",\"dateModified\":\"2019-09-20T15:44:56+00:00\",\"inLanguage\":\"es\",\"potentialAction\":[{\"@type\":\"ReadAction\",\"target\":[\"https:\/\/sodre.gub.uy\/espectaculos\/atrapado-sin-salida\/\"]}]},{\"@type\":\"WebSite\",\"@id\":\"https:\/\/sodre.gub.uy\/espectaculos\/#website\",\"url\":\"https:\/\/sodre.gub.uy\/espectaculos\/\",\"name\":\"Espect\u00e1culos\",\"description\":\"Servicio Oficial de Difusi\u00f3n, Representaciones y Espect\u00e1culos\",\"publisher\":{\"@id\":\"https:\/\/sodre.gub.uy\/espectaculos\/#organization\"},\"potentialAction\":[{\"@type\":\"SearchAction\",\"target\":{\"@type\":\"EntryPoint\",\"urlTemplate\":\"https:\/\/sodre.gub.uy\/espectaculos\/?s={search_term_string}\"},\"query-input\":\"required name=search_term_string\"}],\"inLanguage\":\"es\"},{\"@type\":\"Organization\",\"@id\":\"https:\/\/sodre.gub.uy\/espectaculos\/#organization\",\"name\":\"Espect\u00e1culos\",\"url\":\"https:\/\/sodre.gub.uy\/espectaculos\/\",\"logo\":{\"@type\":\"ImageObject\",\"inLanguage\":\"es\",\"@id\":\"https:\/\/sodre.gub.uy\/espectaculos\/#\/schema\/logo\/image\/\",\"url\":\"https:\/\/sodre.gub.uy\/espectaculos\/wp-content\/uploads\/sites\/2\/2023\/12\/logo-sodre-black.svg\",\"contentUrl\":\"https:\/\/sodre.gub.uy\/espectaculos\/wp-content\/uploads\/sites\/2\/2023\/12\/logo-sodre-black.svg\",\"caption\":\"Espect\u00e1culos\"},\"image\":{\"@id\":\"https:\/\/sodre.gub.uy\/espectaculos\/#\/schema\/logo\/image\/\"}}]}<\/script>\n<!-- \/ Yoast SEO plugin. -->","yoast_head_json":{"title":"ATRAPADO SIN SALIDA - Espect\u00e1culos","robots":{"index":"index","follow":"follow","max-snippet":"max-snippet:-1","max-image-preview":"max-image-preview:large","max-video-preview":"max-video-preview:-1"},"canonical":"https:\/\/sodre.gub.uy\/espectaculos\/atrapado-sin-salida\/","og_locale":"es_ES","og_type":"article","og_title":"ATRAPADO SIN SALIDA - Espect\u00e1culos","og_description":"[vc_section el_class=\u00bbcontent&#8211;espectaculo evento-auditorio-nelly-goitino\u00bb][vc_row el_class=\u00bbcyg&#8211;descripcion\u00bb] [vc_column] [vc_column_text] SINOPSIS Randle McMurphy (Jack Nicholson), un hombre condenado por asalto, y un esp\u00edritu libre que vive contracorriente, es recluido en un hospital psiqui\u00e1trico. La inflexible disciplina del centro acent\u00faa su contagiosa tendencia al desorden, que acabar\u00e1 desencadenando una guerra entre los pacientes y el personal de la cl\u00ednica con [&hellip;]","og_url":"https:\/\/sodre.gub.uy\/espectaculos\/atrapado-sin-salida\/","og_site_name":"Espect\u00e1culos","twitter_card":"summary_large_image","twitter_misc":{"Tiempo de lectura":"2 minutos"},"schema":{"@context":"https:\/\/schema.org","@graph":[{"@type":"WebPage","@id":"https:\/\/sodre.gub.uy\/espectaculos\/atrapado-sin-salida\/","url":"https:\/\/sodre.gub.uy\/espectaculos\/atrapado-sin-salida\/","name":"ATRAPADO SIN SALIDA - Espect\u00e1culos","isPartOf":{"@id":"https:\/\/sodre.gub.uy\/espectaculos\/#website"},"datePublished":"2019-09-20T15:44:56+00:00","dateModified":"2019-09-20T15:44:56+00:00","inLanguage":"es","potentialAction":[{"@type":"ReadAction","target":["https:\/\/sodre.gub.uy\/espectaculos\/atrapado-sin-salida\/"]}]},{"@type":"WebSite","@id":"https:\/\/sodre.gub.uy\/espectaculos\/#website","url":"https:\/\/sodre.gub.uy\/espectaculos\/","name":"Espect\u00e1culos","description":"Servicio Oficial de Difusi\u00f3n, Representaciones y Espect\u00e1culos","publisher":{"@id":"https:\/\/sodre.gub.uy\/espectaculos\/#organization"},"potentialAction":[{"@type":"SearchAction","target":{"@type":"EntryPoint","urlTemplate":"https:\/\/sodre.gub.uy\/espectaculos\/?s={search_term_string}"},"query-input":"required name=search_term_string"}],"inLanguage":"es"},{"@type":"Organization","@id":"https:\/\/sodre.gub.uy\/espectaculos\/#organization","name":"Espect\u00e1culos","url":"https:\/\/sodre.gub.uy\/espectaculos\/","logo":{"@type":"ImageObject","inLanguage":"es","@id":"https:\/\/sodre.gub.uy\/espectaculos\/#\/schema\/logo\/image\/","url":"https:\/\/sodre.gub.uy\/espectaculos\/wp-content\/uploads\/sites\/2\/2023\/12\/logo-sodre-black.svg","contentUrl":"https:\/\/sodre.gub.uy\/espectaculos\/wp-content\/uploads\/sites\/2\/2023\/12\/logo-sodre-black.svg","caption":"Espect\u00e1culos"},"image":{"@id":"https:\/\/sodre.gub.uy\/espectaculos\/#\/schema\/logo\/image\/"}}]}},"_links":{"self":[{"href":"https:\/\/sodre.gub.uy\/espectaculos\/wp-json\/wp\/v2\/espectaculo\/2650"}],"collection":[{"href":"https:\/\/sodre.gub.uy\/espectaculos\/wp-json\/wp\/v2\/espectaculo"}],"about":[{"href":"https:\/\/sodre.gub.uy\/espectaculos\/wp-json\/wp\/v2\/types\/espectaculo"}],"version-history":[{"count":0,"href":"https:\/\/sodre.gub.uy\/espectaculos\/wp-json\/wp\/v2\/espectaculo\/2650\/revisions"}],"wp:attachment":[{"href":"https:\/\/sodre.gub.uy\/espectaculos\/wp-json\/wp\/v2\/media?parent=2650"}],"wp:term":[{"taxonomy":"cuerpo-estable","embeddable":true,"href":"https:\/\/sodre.gub.uy\/espectaculos\/wp-json\/wp\/v2\/cuerpo-estable?post=2650"},{"taxonomy":"etiqueta-espectaculo","embeddable":true,"href":"https:\/\/sodre.gub.uy\/espectaculos\/wp-json\/wp\/v2\/etiqueta-espectaculo?post=2650"},{"taxonomy":"lugar","embeddable":true,"href":"https:\/\/sodre.gub.uy\/espectaculos\/wp-json\/wp\/v2\/lugar?post=2650"},{"taxonomy":"sala-espacio","embeddable":true,"href":"https:\/\/sodre.gub.uy\/espectaculos\/wp-json\/wp\/v2\/sala-espacio?post=2650"}],"curies":[{"name":"wp","href":"https:\/\/api.w.org\/{rel}","templated":true}]}}