{"id":2507,"date":"2019-08-12T09:42:58","date_gmt":"2019-08-12T12:42:58","guid":{"rendered":"https:\/\/sodre.gub.uy\/espectaculos\/cortos-en-cartelera-programa-2-el-horror-de-lo-cotidiano\/"},"modified":"2019-08-12T09:42:58","modified_gmt":"2019-08-12T12:42:58","slug":"cortos-en-cartelera-programa-2-el-horror-de-lo-cotidiano","status":"publish","type":"espectaculo","link":"https:\/\/sodre.gub.uy\/espectaculos\/cortos-en-cartelera-programa-2-el-horror-de-lo-cotidiano\/","title":{"rendered":"CORTOS EN CARTELERA | PROGRAMA #2 EL HORROR DE LO COTIDIANO"},"content":{"rendered":"<div class=\"wpb-content-wrapper\"><p>[vc_section el_class=\u00bbcontent&#8211;espectaculo evento-auditorio-nelly-goitino\u00bb][vc_row el_class=\u00bbcyg&#8211;descripcion\u00bb]<br \/>\n\t\t\t\t\t[vc_column]<br \/>\n\t\t\t\t\t\t[vc_column_text]<\/p>\n<section>\n<p style=\"text-align: justify;\"><strong><span class=\"tm-color-primary\">Cortos en cartelera<\/span><\/strong> es presentado por el\u00a0Sodre y la Direcci\u00f3n del Cine y Audiovisual Nacional (ICAU) y\u00a0organizado por\u00a0BuenCine. Este ciclo propone un nuevo espacio de exhibici\u00f3n y visibilidad para los cortometrajes uruguayos m\u00e1s recientes.<\/p>\n<p style=\"margin-bottom: 0cm; text-align: justify;\"><strong><span class=\"tm-color-primary\">Programa #2 &#8211; El horror de lo cotidiano\u00a0<\/span><\/strong><\/p>\n<p style=\"margin-bottom: 0cm; text-align: justify;\">Este no es el terror de monstruos y vampiros, este terror proviene del enrarecimiento de lo cotidiano. Estos cortos muestran maneras de percibir lo siniestro en la familia, lo sobrenatural del hogar, la brutalidad de la indiferencia y se preguntan c\u00f3mo sobrevivir ante tanta impunidad. Nuestro tiempo es nuestro horror.<\/p>\n<p style=\"text-align: justify;\"><span class=\"tm-color-primary\"><em><strong>Lloren la locura perdida de estos campos<\/strong><\/em><\/span><br \/> Direcci\u00f3n: Alex Piperno\u00a0\/ 15&#8242; &#8211; 2019<br \/> Sinopsis: Una ni\u00f1a muere en una quinta en la provincia y es velada por su familia. A la noche un perro salvaje desentierra el cad\u00e1ver y lo lleva al bosque. Bajo la sombra de los \u00e1rboles la ni\u00f1a despierta y decide regresar a casa acompa\u00f1ada por el perro.<\/p>\n<p style=\"text-align: justify;\"><em><span class=\"tm-color-primary\"><strong>Quedarse en casa<\/strong><\/span><\/em><br \/> Direcci\u00f3n: Lucas Mazzoni \/ 14&#8242; &#8211; 2018<br \/> Sinopsis: Mariela, una noche, al volver de trabajar, se encuentra con una joven desconocida en su propio cuarto. Sin saber c\u00f3mo reaccionar, la invita a quedarse esa noche en la casa. Pese a lo extra\u00f1o de la situaci\u00f3n, ambas se acercan, y durante esa cena, Mariela llega a olvidarse de estar sola.<\/p>\n<p style=\"text-align: justify;\"><span class=\"tm-color-primary\"><em><strong>Emma<\/strong><\/em><\/span><br \/> Direcci\u00f3n: Clara Lezama \/ 17&#8242; &#8211; 2017<br \/> Sinopsis: Una joven llega a un hotel escapando de algo, pero lejos de ser un escondite, todo lo que sucede en este lugar alimenta su paranoia.<\/p>\n<p style=\"text-align: justify;\"><span class=\"tm-color-primary\"><em><strong>La noche de Melisa<\/strong><\/em><\/span><br \/> Direcci\u00f3n: Milagros Fern\u00e1ndez\u00a0\/ 16&#8242; &#8211; 2018<br \/> Sinopsis: En una calle solitaria un hombre golpea duramente a Melisa, una mujer trans. Tras la fuga del hombre, Melisa, toda lastimada, acude a pedir ayuda a una comisar\u00eda donde los polic\u00edas resultan ser omisos y no la toman en serio, por lo que decide ir a buscar por su cuenta al agresor.<\/p>\n<p style=\"text-align: justify;\"><span class=\"tm-color-primary\"><em><strong>La petit mort<\/strong><\/em><\/span><br \/> Direcci\u00f3n: Felipe Ruete \/ 14&#8242; &#8211; 2018<br \/> Sinopsis: Carlos es un joven que atraviesa por una crisis de identidad. Durante el proceso tendr\u00e1 que enfrentarse a sus miedos m\u00e1s profundos.<\/p>\n<p style=\"text-align: justify;\">Programan: Agust\u00edn Fern\u00e1ndez, Roc\u00edo Llamb\u00ed y Juan Andr\u00e9s Belo<\/p>\n<p style=\"text-align: justify;\">Duraci\u00f3n total del programa: 74&#8242;<\/p>\n<hr \/>\n<p style=\"text-align: justify;\"><span class=\"tm-color-primary\">Funci\u00f3n:<\/span> <strong>31 de julio a las 20 horas y 15 de agosto a las 19 horas en la Sala B del Auditorio Nelly Goiti\u00f1o<\/p>\n<p><\/strong><span class=\"tm-color-primary\">Localidades:<\/span> Generales $ 220<strong><\/p>\n<p><\/strong><span class=\"tm-color-primary\">Beneficios:<\/span> Cupo gratuito para Socio Espectacular y Montevideo Libre. 50 % de descuento para socios de Cinemateca Uruguaya, para estudiantes de cine y comunicaci\u00f3n audiovisual y para socios de la Asociaci\u00f3n de Productores y Realizadores de Cine del Uruguay (Asoprod)<strong><br \/><\/strong><\/p>\n<\/section>\n<p>\t\t\t\t\t\t[\/vc_column_text]<br \/>\n\t\t\t\t\t\t[vc_empty_space height=\u00bb30px\u00bb el_class=\u00bbcyg&#8211;espacio-30&#8243;]<br \/>\n\t\t\t\t\t[\/vc_column]<br \/>\n\t\t\t\t[\/vc_row][vc_row el_class=\u00bbcyg&#8211;ficha\u00bb]<br \/>\n\t\t\t\t\t[vc_column]<br \/>\n\t\t\t\t\t[vc_column_text]<\/p>\n<section><\/section>\n<p>\t\t\t\t\t[\/vc_column_text]<br \/>\n\t\t\t\t\t[\/vc_column]<br \/>\n\t\t\t\t[\/vc_row][\/vc_section]<\/p>\n<\/div>","protected":false},"excerpt":{"rendered":"<p>[vc_section el_class=\u00bbcontent&#8211;espectaculo evento-auditorio-nelly-goitino\u00bb][vc_row el_class=\u00bbcyg&#8211;descripcion\u00bb] [vc_column] [vc_column_text] Cortos en cartelera es presentado por el\u00a0Sodre y la Direcci\u00f3n del Cine y Audiovisual Nacional (ICAU) y\u00a0organizado por\u00a0BuenCine. Este ciclo propone un nuevo espacio de exhibici\u00f3n y visibilidad para los cortometrajes uruguayos m\u00e1s recientes. Programa #2 &#8211; El horror de lo cotidiano\u00a0 Este no es el terror de monstruos [&hellip;]<\/p>\n","protected":false},"menu_order":0,"template":"","format":"standard","cuerpo-estable":[],"etiqueta-espectaculo":[],"lugar":[17],"sala-espacio":[36],"acf":[],"yoast_head":"<!-- This site is optimized with the Yoast SEO plugin v21.7 - https:\/\/yoast.com\/wordpress\/plugins\/seo\/ -->\n<title>CORTOS EN CARTELERA | PROGRAMA #2 EL HORROR DE LO COTIDIANO - Espect\u00e1culos<\/title>\n<meta name=\"robots\" content=\"index, follow, max-snippet:-1, max-image-preview:large, max-video-preview:-1\" \/>\n<link rel=\"canonical\" href=\"https:\/\/sodre.gub.uy\/espectaculos\/cortos-en-cartelera-programa-2-el-horror-de-lo-cotidiano\/\" \/>\n<meta property=\"og:locale\" content=\"es_ES\" \/>\n<meta property=\"og:type\" content=\"article\" \/>\n<meta property=\"og:title\" content=\"CORTOS EN CARTELERA | PROGRAMA #2 EL HORROR DE LO COTIDIANO - Espect\u00e1culos\" \/>\n<meta property=\"og:description\" content=\"[vc_section el_class=\u00bbcontent&#8211;espectaculo evento-auditorio-nelly-goitino\u00bb][vc_row el_class=\u00bbcyg&#8211;descripcion\u00bb] [vc_column] [vc_column_text] Cortos en cartelera es presentado por el\u00a0Sodre y la Direcci\u00f3n del Cine y Audiovisual Nacional (ICAU) y\u00a0organizado por\u00a0BuenCine. Este ciclo propone un nuevo espacio de exhibici\u00f3n y visibilidad para los cortometrajes uruguayos m\u00e1s recientes. Programa #2 &#8211; El horror de lo cotidiano\u00a0 Este no es el terror de monstruos [&hellip;]\" \/>\n<meta property=\"og:url\" content=\"https:\/\/sodre.gub.uy\/espectaculos\/cortos-en-cartelera-programa-2-el-horror-de-lo-cotidiano\/\" \/>\n<meta property=\"og:site_name\" content=\"Espect\u00e1culos\" \/>\n<meta name=\"twitter:card\" content=\"summary_large_image\" \/>\n<meta name=\"twitter:label1\" content=\"Tiempo de lectura\" \/>\n\t<meta name=\"twitter:data1\" content=\"2 minutos\" \/>\n<script type=\"application\/ld+json\" class=\"yoast-schema-graph\">{\"@context\":\"https:\/\/schema.org\",\"@graph\":[{\"@type\":\"WebPage\",\"@id\":\"https:\/\/sodre.gub.uy\/espectaculos\/cortos-en-cartelera-programa-2-el-horror-de-lo-cotidiano\/\",\"url\":\"https:\/\/sodre.gub.uy\/espectaculos\/cortos-en-cartelera-programa-2-el-horror-de-lo-cotidiano\/\",\"name\":\"CORTOS EN CARTELERA | PROGRAMA #2 EL HORROR DE LO COTIDIANO - Espect\u00e1culos\",\"isPartOf\":{\"@id\":\"https:\/\/sodre.gub.uy\/espectaculos\/#website\"},\"datePublished\":\"2019-08-12T12:42:58+00:00\",\"dateModified\":\"2019-08-12T12:42:58+00:00\",\"inLanguage\":\"es\",\"potentialAction\":[{\"@type\":\"ReadAction\",\"target\":[\"https:\/\/sodre.gub.uy\/espectaculos\/cortos-en-cartelera-programa-2-el-horror-de-lo-cotidiano\/\"]}]},{\"@type\":\"WebSite\",\"@id\":\"https:\/\/sodre.gub.uy\/espectaculos\/#website\",\"url\":\"https:\/\/sodre.gub.uy\/espectaculos\/\",\"name\":\"Espect\u00e1culos\",\"description\":\"Servicio Oficial de Difusi\u00f3n, Representaciones y Espect\u00e1culos\",\"publisher\":{\"@id\":\"https:\/\/sodre.gub.uy\/espectaculos\/#organization\"},\"potentialAction\":[{\"@type\":\"SearchAction\",\"target\":{\"@type\":\"EntryPoint\",\"urlTemplate\":\"https:\/\/sodre.gub.uy\/espectaculos\/?s={search_term_string}\"},\"query-input\":\"required name=search_term_string\"}],\"inLanguage\":\"es\"},{\"@type\":\"Organization\",\"@id\":\"https:\/\/sodre.gub.uy\/espectaculos\/#organization\",\"name\":\"Espect\u00e1culos\",\"url\":\"https:\/\/sodre.gub.uy\/espectaculos\/\",\"logo\":{\"@type\":\"ImageObject\",\"inLanguage\":\"es\",\"@id\":\"https:\/\/sodre.gub.uy\/espectaculos\/#\/schema\/logo\/image\/\",\"url\":\"https:\/\/sodre.gub.uy\/espectaculos\/wp-content\/uploads\/sites\/2\/2023\/12\/logo-sodre-black.svg\",\"contentUrl\":\"https:\/\/sodre.gub.uy\/espectaculos\/wp-content\/uploads\/sites\/2\/2023\/12\/logo-sodre-black.svg\",\"caption\":\"Espect\u00e1culos\"},\"image\":{\"@id\":\"https:\/\/sodre.gub.uy\/espectaculos\/#\/schema\/logo\/image\/\"}}]}<\/script>\n<!-- \/ Yoast SEO plugin. -->","yoast_head_json":{"title":"CORTOS EN CARTELERA | PROGRAMA #2 EL HORROR DE LO COTIDIANO - Espect\u00e1culos","robots":{"index":"index","follow":"follow","max-snippet":"max-snippet:-1","max-image-preview":"max-image-preview:large","max-video-preview":"max-video-preview:-1"},"canonical":"https:\/\/sodre.gub.uy\/espectaculos\/cortos-en-cartelera-programa-2-el-horror-de-lo-cotidiano\/","og_locale":"es_ES","og_type":"article","og_title":"CORTOS EN CARTELERA | PROGRAMA #2 EL HORROR DE LO COTIDIANO - Espect\u00e1culos","og_description":"[vc_section el_class=\u00bbcontent&#8211;espectaculo evento-auditorio-nelly-goitino\u00bb][vc_row el_class=\u00bbcyg&#8211;descripcion\u00bb] [vc_column] [vc_column_text] Cortos en cartelera es presentado por el\u00a0Sodre y la Direcci\u00f3n del Cine y Audiovisual Nacional (ICAU) y\u00a0organizado por\u00a0BuenCine. Este ciclo propone un nuevo espacio de exhibici\u00f3n y visibilidad para los cortometrajes uruguayos m\u00e1s recientes. Programa #2 &#8211; El horror de lo cotidiano\u00a0 Este no es el terror de monstruos [&hellip;]","og_url":"https:\/\/sodre.gub.uy\/espectaculos\/cortos-en-cartelera-programa-2-el-horror-de-lo-cotidiano\/","og_site_name":"Espect\u00e1culos","twitter_card":"summary_large_image","twitter_misc":{"Tiempo de lectura":"2 minutos"},"schema":{"@context":"https:\/\/schema.org","@graph":[{"@type":"WebPage","@id":"https:\/\/sodre.gub.uy\/espectaculos\/cortos-en-cartelera-programa-2-el-horror-de-lo-cotidiano\/","url":"https:\/\/sodre.gub.uy\/espectaculos\/cortos-en-cartelera-programa-2-el-horror-de-lo-cotidiano\/","name":"CORTOS EN CARTELERA | PROGRAMA #2 EL HORROR DE LO COTIDIANO - Espect\u00e1culos","isPartOf":{"@id":"https:\/\/sodre.gub.uy\/espectaculos\/#website"},"datePublished":"2019-08-12T12:42:58+00:00","dateModified":"2019-08-12T12:42:58+00:00","inLanguage":"es","potentialAction":[{"@type":"ReadAction","target":["https:\/\/sodre.gub.uy\/espectaculos\/cortos-en-cartelera-programa-2-el-horror-de-lo-cotidiano\/"]}]},{"@type":"WebSite","@id":"https:\/\/sodre.gub.uy\/espectaculos\/#website","url":"https:\/\/sodre.gub.uy\/espectaculos\/","name":"Espect\u00e1culos","description":"Servicio Oficial de Difusi\u00f3n, Representaciones y Espect\u00e1culos","publisher":{"@id":"https:\/\/sodre.gub.uy\/espectaculos\/#organization"},"potentialAction":[{"@type":"SearchAction","target":{"@type":"EntryPoint","urlTemplate":"https:\/\/sodre.gub.uy\/espectaculos\/?s={search_term_string}"},"query-input":"required name=search_term_string"}],"inLanguage":"es"},{"@type":"Organization","@id":"https:\/\/sodre.gub.uy\/espectaculos\/#organization","name":"Espect\u00e1culos","url":"https:\/\/sodre.gub.uy\/espectaculos\/","logo":{"@type":"ImageObject","inLanguage":"es","@id":"https:\/\/sodre.gub.uy\/espectaculos\/#\/schema\/logo\/image\/","url":"https:\/\/sodre.gub.uy\/espectaculos\/wp-content\/uploads\/sites\/2\/2023\/12\/logo-sodre-black.svg","contentUrl":"https:\/\/sodre.gub.uy\/espectaculos\/wp-content\/uploads\/sites\/2\/2023\/12\/logo-sodre-black.svg","caption":"Espect\u00e1culos"},"image":{"@id":"https:\/\/sodre.gub.uy\/espectaculos\/#\/schema\/logo\/image\/"}}]}},"_links":{"self":[{"href":"https:\/\/sodre.gub.uy\/espectaculos\/wp-json\/wp\/v2\/espectaculo\/2507"}],"collection":[{"href":"https:\/\/sodre.gub.uy\/espectaculos\/wp-json\/wp\/v2\/espectaculo"}],"about":[{"href":"https:\/\/sodre.gub.uy\/espectaculos\/wp-json\/wp\/v2\/types\/espectaculo"}],"version-history":[{"count":0,"href":"https:\/\/sodre.gub.uy\/espectaculos\/wp-json\/wp\/v2\/espectaculo\/2507\/revisions"}],"wp:attachment":[{"href":"https:\/\/sodre.gub.uy\/espectaculos\/wp-json\/wp\/v2\/media?parent=2507"}],"wp:term":[{"taxonomy":"cuerpo-estable","embeddable":true,"href":"https:\/\/sodre.gub.uy\/espectaculos\/wp-json\/wp\/v2\/cuerpo-estable?post=2507"},{"taxonomy":"etiqueta-espectaculo","embeddable":true,"href":"https:\/\/sodre.gub.uy\/espectaculos\/wp-json\/wp\/v2\/etiqueta-espectaculo?post=2507"},{"taxonomy":"lugar","embeddable":true,"href":"https:\/\/sodre.gub.uy\/espectaculos\/wp-json\/wp\/v2\/lugar?post=2507"},{"taxonomy":"sala-espacio","embeddable":true,"href":"https:\/\/sodre.gub.uy\/espectaculos\/wp-json\/wp\/v2\/sala-espacio?post=2507"}],"curies":[{"name":"wp","href":"https:\/\/api.w.org\/{rel}","templated":true}]}}