{"id":2355,"date":"2019-07-15T14:14:25","date_gmt":"2019-07-15T17:14:25","guid":{"rendered":"https:\/\/sodre.gub.uy\/espectaculos\/la-experiencia-judia-de-basavilbaso-a-nueva-amsterdam\/"},"modified":"2019-07-15T14:14:25","modified_gmt":"2019-07-15T17:14:25","slug":"la-experiencia-judia-de-basavilbaso-a-nueva-amsterdam","status":"publish","type":"espectaculo","link":"https:\/\/sodre.gub.uy\/espectaculos\/la-experiencia-judia-de-basavilbaso-a-nueva-amsterdam\/","title":{"rendered":"LA EXPERIENCIA JUD\u00cdA, DE BASAVILBASO A NUEVA \u00c1MSTERDAM"},"content":{"rendered":"<div class=\"wpb-content-wrapper\"><p>[vc_section el_class=\u00bbcontent&#8211;espectaculo evento-auditorio-nelly-goitino\u00bb][vc_row el_class=\u00bbcyg&#8211;descripcion\u00bb]<br \/>\n\t\t\t\t\t[vc_column]<br \/>\n\t\t\t\t\t\t[vc_column_text]<\/p>\n<section>\n<p><span class=\"tm-color-primary\"><strong>SINOPSIS<\/strong><\/span><\/p>\n<p style=\"text-align: justify;\">Vestigios de sinagogas, cementerios en las junglas de Surinam y a trav\u00e9s del Caribe; personas en el nordeste brasilero descubri\u00e9ndose jud\u00edos. Un viaje que revela la historia no contada de la presencia jud\u00eda en Am\u00e9rica escapando de los tiempos de la Inquisici\u00f3n.<\/p>\n<p style=\"text-align: justify;\"><span class=\"tm-color-primary\"><strong>FICHA T\u00c9CNICA<\/strong><\/span><span class=\"tm-color-primary\" style=\"font-size: 18pt;\"><br \/><\/span><\/p>\n<p style=\"text-align: justify;\" align=\"JUSTIFY\">Direcci\u00f3n: Miguel Luis Kohan<\/p>\n<p style=\"text-align: justify;\" align=\"JUSTIFY\"><span lang=\"es-MX\">Guion<\/span>: In\u00e9s De Oliveira C\u00e9zar y Miguel Luis Kohan<\/p>\n<p style=\"text-align: justify;\" align=\"JUSTIFY\">Fotograf\u00eda y <span lang=\"es-MX\">c<\/span>\u00e1mara: Javier Grufi (Argentina y Brasil), Dave Edhard (Surinam), Miguel Kohan (St. Eustatius, Jamaica, Surinam, E<span lang=\"es-MX\">stados Unidos<\/span>, Israel), In\u00e9s de Oliveira C\u00e9zar (Jamaica) y Federico Bracken (Argentina)<\/p>\n<p style=\"text-align: justify;\" align=\"JUSTIFY\">Producci\u00f3n <span lang=\"es-MX\">e<\/span>jecutiva: Daniel Dunkelman, Teresa Rosenfarb, In\u00e9s De Oliveira C\u00e9zar y Miguel Luis Kohan<\/p>\n<p style=\"text-align: justify;\" align=\"JUSTIFY\">Producci\u00f3n general: K Films Producciones<\/p>\n<p style=\"text-align: justify;\" align=\"JUSTIFY\">Jefe de producci\u00f3n: Saula Benavente<\/p>\n<p style=\"text-align: justify;\" align=\"JUSTIFY\">Montaje: Rosario Cervio<\/p>\n<p style=\"text-align: justify;\" align=\"JUSTIFY\">Asistente de direcci\u00f3n: Anabel Centeno<\/p>\n<p style=\"text-align: justify;\" align=\"JUSTIFY\">M\u00fasica <span lang=\"es-MX\">o<\/span>riginal: Cesar Lerner<\/p>\n<p style=\"text-align: justify;\" align=\"JUSTIFY\">Testimonios: Mordechai Arbell (Israel), Teresa Arcusin (Basavilbaso), Hugo Arcusin (Basavilbaso), Harold Sijlbing (Surinam), Lesli Artes (Surinam), Rachel Frankel (Nueva York, Jamaica), Joanna Martin (Jamaica), Jacques Ribemboim (off Brasil), Raimundo Ara\u00fajo Da Silva (Brasil), Pedro Calado de Ara\u00fajo (Brasil), Sandro Da Silva (Brasil) y Monse\u00f1or Antenor Salvino de Ara\u00fajo (Brasil)<\/p>\n<p style=\"text-align: justify;\" align=\"JUSTIFY\">Argentina &#8211; 2019 &#8211; 84<span lang=\"es-MX\">&#8216;<\/span><\/p>\n<hr \/>\n<p><span class=\"tm-color-primary\">Funci\u00f3n:<\/span> <strong>1 de agosto a las 19 horas en la Sala B del Auditorio Nelly Goiti\u00f1o<\/strong><\/p>\n<p style=\"text-align: justify;\"><span class=\"tm-color-primary\">Localidades:<\/span> Generales $ 220<strong><\/p>\n<p><\/strong><span class=\"tm-color-primary\">Beneficios:<\/span> Cupo gratuito para Socio Espectacular y Montevideo Libre. 50 % de descuento para socios de Cinemateca Uruguaya, para estudiantes de cine y comunicaci\u00f3n audiovisual y para socios de la Asociaci\u00f3n de Productores y Realizadores de Cine del Uruguay (Asoprod)<strong><br \/><\/strong><\/p>\n<\/section>\n<p>\t\t\t\t\t\t[\/vc_column_text]<br \/>\n\t\t\t\t\t\t[vc_empty_space height=\u00bb30px\u00bb el_class=\u00bbcyg&#8211;espacio-30&#8243;]<br \/>\n\t\t\t\t\t[\/vc_column]<br \/>\n\t\t\t\t[\/vc_row][vc_row el_class=\u00bbcyg&#8211;ficha\u00bb]<br \/>\n\t\t\t\t\t[vc_column]<br \/>\n\t\t\t\t\t[vc_column_text]<\/p>\n<section><\/section>\n<p>\t\t\t\t\t[\/vc_column_text]<br \/>\n\t\t\t\t\t[\/vc_column]<br \/>\n\t\t\t\t[\/vc_row][vc_row][vc_column][vc_gallery type=\u00bbimage_grid\u00bb images=\u00bb2352,2353,2354&#8243;][\/vc_column][\/vc_row][vc_row][vc_column][vc_video link=\u00bbhttps:\/\/www.youtube.com\/watch?v=A0n95o7Um5c\u00bb][\/vc_column][\/vc_row][\/vc_section]<\/p>\n<\/div>","protected":false},"excerpt":{"rendered":"<p>[vc_section el_class=\u00bbcontent&#8211;espectaculo evento-auditorio-nelly-goitino\u00bb][vc_row el_class=\u00bbcyg&#8211;descripcion\u00bb] [vc_column] [vc_column_text] SINOPSIS Vestigios de sinagogas, cementerios en las junglas de Surinam y a trav\u00e9s del Caribe; personas en el nordeste brasilero descubri\u00e9ndose jud\u00edos. Un viaje que revela la historia no contada de la presencia jud\u00eda en Am\u00e9rica escapando de los tiempos de la Inquisici\u00f3n. FICHA T\u00c9CNICA Direcci\u00f3n: Miguel Luis Kohan [&hellip;]<\/p>\n","protected":false},"menu_order":0,"template":"","format":"standard","cuerpo-estable":[],"etiqueta-espectaculo":[],"lugar":[17],"sala-espacio":[36],"acf":[],"yoast_head":"<!-- This site is optimized with the Yoast SEO plugin v21.7 - https:\/\/yoast.com\/wordpress\/plugins\/seo\/ -->\n<title>LA EXPERIENCIA JUD\u00cdA, DE BASAVILBASO A NUEVA \u00c1MSTERDAM - Espect\u00e1culos<\/title>\n<meta name=\"robots\" content=\"index, follow, max-snippet:-1, max-image-preview:large, max-video-preview:-1\" \/>\n<link rel=\"canonical\" href=\"https:\/\/sodre.gub.uy\/espectaculos\/la-experiencia-judia-de-basavilbaso-a-nueva-amsterdam\/\" \/>\n<meta property=\"og:locale\" content=\"es_ES\" \/>\n<meta property=\"og:type\" content=\"article\" \/>\n<meta property=\"og:title\" content=\"LA EXPERIENCIA JUD\u00cdA, DE BASAVILBASO A NUEVA \u00c1MSTERDAM - Espect\u00e1culos\" \/>\n<meta property=\"og:description\" content=\"[vc_section el_class=\u00bbcontent&#8211;espectaculo evento-auditorio-nelly-goitino\u00bb][vc_row el_class=\u00bbcyg&#8211;descripcion\u00bb] [vc_column] [vc_column_text] SINOPSIS Vestigios de sinagogas, cementerios en las junglas de Surinam y a trav\u00e9s del Caribe; personas en el nordeste brasilero descubri\u00e9ndose jud\u00edos. Un viaje que revela la historia no contada de la presencia jud\u00eda en Am\u00e9rica escapando de los tiempos de la Inquisici\u00f3n. FICHA T\u00c9CNICA Direcci\u00f3n: Miguel Luis Kohan [&hellip;]\" \/>\n<meta property=\"og:url\" content=\"https:\/\/sodre.gub.uy\/espectaculos\/la-experiencia-judia-de-basavilbaso-a-nueva-amsterdam\/\" \/>\n<meta property=\"og:site_name\" content=\"Espect\u00e1culos\" \/>\n<meta name=\"twitter:card\" content=\"summary_large_image\" \/>\n<meta name=\"twitter:label1\" content=\"Tiempo de lectura\" \/>\n\t<meta name=\"twitter:data1\" content=\"2 minutos\" \/>\n<script type=\"application\/ld+json\" class=\"yoast-schema-graph\">{\"@context\":\"https:\/\/schema.org\",\"@graph\":[{\"@type\":\"WebPage\",\"@id\":\"https:\/\/sodre.gub.uy\/espectaculos\/la-experiencia-judia-de-basavilbaso-a-nueva-amsterdam\/\",\"url\":\"https:\/\/sodre.gub.uy\/espectaculos\/la-experiencia-judia-de-basavilbaso-a-nueva-amsterdam\/\",\"name\":\"LA EXPERIENCIA JUD\u00cdA, DE BASAVILBASO A NUEVA \u00c1MSTERDAM - Espect\u00e1culos\",\"isPartOf\":{\"@id\":\"https:\/\/sodre.gub.uy\/espectaculos\/#website\"},\"datePublished\":\"2019-07-15T17:14:25+00:00\",\"dateModified\":\"2019-07-15T17:14:25+00:00\",\"inLanguage\":\"es\",\"potentialAction\":[{\"@type\":\"ReadAction\",\"target\":[\"https:\/\/sodre.gub.uy\/espectaculos\/la-experiencia-judia-de-basavilbaso-a-nueva-amsterdam\/\"]}]},{\"@type\":\"WebSite\",\"@id\":\"https:\/\/sodre.gub.uy\/espectaculos\/#website\",\"url\":\"https:\/\/sodre.gub.uy\/espectaculos\/\",\"name\":\"Espect\u00e1culos\",\"description\":\"Servicio Oficial de Difusi\u00f3n, Representaciones y Espect\u00e1culos\",\"publisher\":{\"@id\":\"https:\/\/sodre.gub.uy\/espectaculos\/#organization\"},\"potentialAction\":[{\"@type\":\"SearchAction\",\"target\":{\"@type\":\"EntryPoint\",\"urlTemplate\":\"https:\/\/sodre.gub.uy\/espectaculos\/?s={search_term_string}\"},\"query-input\":\"required name=search_term_string\"}],\"inLanguage\":\"es\"},{\"@type\":\"Organization\",\"@id\":\"https:\/\/sodre.gub.uy\/espectaculos\/#organization\",\"name\":\"Espect\u00e1culos\",\"url\":\"https:\/\/sodre.gub.uy\/espectaculos\/\",\"logo\":{\"@type\":\"ImageObject\",\"inLanguage\":\"es\",\"@id\":\"https:\/\/sodre.gub.uy\/espectaculos\/#\/schema\/logo\/image\/\",\"url\":\"https:\/\/sodre.gub.uy\/espectaculos\/wp-content\/uploads\/sites\/2\/2023\/12\/logo-sodre-black.svg\",\"contentUrl\":\"https:\/\/sodre.gub.uy\/espectaculos\/wp-content\/uploads\/sites\/2\/2023\/12\/logo-sodre-black.svg\",\"caption\":\"Espect\u00e1culos\"},\"image\":{\"@id\":\"https:\/\/sodre.gub.uy\/espectaculos\/#\/schema\/logo\/image\/\"}}]}<\/script>\n<!-- \/ Yoast SEO plugin. -->","yoast_head_json":{"title":"LA EXPERIENCIA JUD\u00cdA, DE BASAVILBASO A NUEVA \u00c1MSTERDAM - Espect\u00e1culos","robots":{"index":"index","follow":"follow","max-snippet":"max-snippet:-1","max-image-preview":"max-image-preview:large","max-video-preview":"max-video-preview:-1"},"canonical":"https:\/\/sodre.gub.uy\/espectaculos\/la-experiencia-judia-de-basavilbaso-a-nueva-amsterdam\/","og_locale":"es_ES","og_type":"article","og_title":"LA EXPERIENCIA JUD\u00cdA, DE BASAVILBASO A NUEVA \u00c1MSTERDAM - Espect\u00e1culos","og_description":"[vc_section el_class=\u00bbcontent&#8211;espectaculo evento-auditorio-nelly-goitino\u00bb][vc_row el_class=\u00bbcyg&#8211;descripcion\u00bb] [vc_column] [vc_column_text] SINOPSIS Vestigios de sinagogas, cementerios en las junglas de Surinam y a trav\u00e9s del Caribe; personas en el nordeste brasilero descubri\u00e9ndose jud\u00edos. Un viaje que revela la historia no contada de la presencia jud\u00eda en Am\u00e9rica escapando de los tiempos de la Inquisici\u00f3n. FICHA T\u00c9CNICA Direcci\u00f3n: Miguel Luis Kohan [&hellip;]","og_url":"https:\/\/sodre.gub.uy\/espectaculos\/la-experiencia-judia-de-basavilbaso-a-nueva-amsterdam\/","og_site_name":"Espect\u00e1culos","twitter_card":"summary_large_image","twitter_misc":{"Tiempo de lectura":"2 minutos"},"schema":{"@context":"https:\/\/schema.org","@graph":[{"@type":"WebPage","@id":"https:\/\/sodre.gub.uy\/espectaculos\/la-experiencia-judia-de-basavilbaso-a-nueva-amsterdam\/","url":"https:\/\/sodre.gub.uy\/espectaculos\/la-experiencia-judia-de-basavilbaso-a-nueva-amsterdam\/","name":"LA EXPERIENCIA JUD\u00cdA, DE BASAVILBASO A NUEVA \u00c1MSTERDAM - Espect\u00e1culos","isPartOf":{"@id":"https:\/\/sodre.gub.uy\/espectaculos\/#website"},"datePublished":"2019-07-15T17:14:25+00:00","dateModified":"2019-07-15T17:14:25+00:00","inLanguage":"es","potentialAction":[{"@type":"ReadAction","target":["https:\/\/sodre.gub.uy\/espectaculos\/la-experiencia-judia-de-basavilbaso-a-nueva-amsterdam\/"]}]},{"@type":"WebSite","@id":"https:\/\/sodre.gub.uy\/espectaculos\/#website","url":"https:\/\/sodre.gub.uy\/espectaculos\/","name":"Espect\u00e1culos","description":"Servicio Oficial de Difusi\u00f3n, Representaciones y Espect\u00e1culos","publisher":{"@id":"https:\/\/sodre.gub.uy\/espectaculos\/#organization"},"potentialAction":[{"@type":"SearchAction","target":{"@type":"EntryPoint","urlTemplate":"https:\/\/sodre.gub.uy\/espectaculos\/?s={search_term_string}"},"query-input":"required name=search_term_string"}],"inLanguage":"es"},{"@type":"Organization","@id":"https:\/\/sodre.gub.uy\/espectaculos\/#organization","name":"Espect\u00e1culos","url":"https:\/\/sodre.gub.uy\/espectaculos\/","logo":{"@type":"ImageObject","inLanguage":"es","@id":"https:\/\/sodre.gub.uy\/espectaculos\/#\/schema\/logo\/image\/","url":"https:\/\/sodre.gub.uy\/espectaculos\/wp-content\/uploads\/sites\/2\/2023\/12\/logo-sodre-black.svg","contentUrl":"https:\/\/sodre.gub.uy\/espectaculos\/wp-content\/uploads\/sites\/2\/2023\/12\/logo-sodre-black.svg","caption":"Espect\u00e1culos"},"image":{"@id":"https:\/\/sodre.gub.uy\/espectaculos\/#\/schema\/logo\/image\/"}}]}},"_links":{"self":[{"href":"https:\/\/sodre.gub.uy\/espectaculos\/wp-json\/wp\/v2\/espectaculo\/2355"}],"collection":[{"href":"https:\/\/sodre.gub.uy\/espectaculos\/wp-json\/wp\/v2\/espectaculo"}],"about":[{"href":"https:\/\/sodre.gub.uy\/espectaculos\/wp-json\/wp\/v2\/types\/espectaculo"}],"version-history":[{"count":0,"href":"https:\/\/sodre.gub.uy\/espectaculos\/wp-json\/wp\/v2\/espectaculo\/2355\/revisions"}],"wp:attachment":[{"href":"https:\/\/sodre.gub.uy\/espectaculos\/wp-json\/wp\/v2\/media?parent=2355"}],"wp:term":[{"taxonomy":"cuerpo-estable","embeddable":true,"href":"https:\/\/sodre.gub.uy\/espectaculos\/wp-json\/wp\/v2\/cuerpo-estable?post=2355"},{"taxonomy":"etiqueta-espectaculo","embeddable":true,"href":"https:\/\/sodre.gub.uy\/espectaculos\/wp-json\/wp\/v2\/etiqueta-espectaculo?post=2355"},{"taxonomy":"lugar","embeddable":true,"href":"https:\/\/sodre.gub.uy\/espectaculos\/wp-json\/wp\/v2\/lugar?post=2355"},{"taxonomy":"sala-espacio","embeddable":true,"href":"https:\/\/sodre.gub.uy\/espectaculos\/wp-json\/wp\/v2\/sala-espacio?post=2355"}],"curies":[{"name":"wp","href":"https:\/\/api.w.org\/{rel}","templated":true}]}}