{"id":13103,"date":"2026-09-03T12:48:28","date_gmt":"2026-09-03T15:48:28","guid":{"rendered":"https:\/\/sodre.gub.uy\/espectaculos\/?post_type=espectaculo&#038;p=13103"},"modified":"2026-09-03T12:49:50","modified_gmt":"2026-09-03T15:49:50","slug":"ballet-clasico-juvenil-segundo-programa-2026","status":"publish","type":"espectaculo","link":"https:\/\/sodre.gub.uy\/espectaculos\/ballet-clasico-juvenil-segundo-programa-2026\/","title":{"rendered":"Ballet Cl\u00e1sico Juvenil \u2013 Segundo programa 2026"},"content":{"rendered":"<div class=\"wpb-content-wrapper\"><p>[vc_section el_class=\u00bbcontent&#8211;espectaculo\u00bb][vc_row el_class=\u00bbcyg&#8211;descripcion\u00bb][vc_column][vc_column_text]<strong>Presenta:<\/strong><\/p>\n<ul>\n<li><em>Satori<\/em><\/li>\n<li><em>Satanella<\/em> Pas de Deux<\/li>\n<li><em>Zitarrosa en todos<\/em><\/li>\n<\/ul>\n<h4><em>Satori<\/em><\/h4>\n<p>Este ballet fue creado por Domingo Vera para el Ballet del Sodre en 1986. Con m\u00fasica de Giovani Batista Pergolesi, compositor italiano, se trata de St\u00e1bat mater dolorosa. Fue escrita en 1736 durante sus \u00faltimas semanas de vida. Es una pieza barroca emotiva, cantada en lat\u00edn, que explora el dolor de la Virgen Mar\u00eda ante la crucifixi\u00f3n de Cristo. \u201cSatori es el resplandor repentino dentro\u00a0 de la conciencia de una verdad hasta entonces desconocida\u201d (Budismo Zen).<\/p>\n<p><strong>M\u00fasica:<\/strong> Giovanni Batista Pergolesi<br \/>\n<strong>Coreograf\u00eda:<\/strong> Domingo Vera<br \/>\n<strong>Puesta en escena y reposici\u00f3n coreogr\u00e1fica:<\/strong> Equipo art\u00edstico del Ballet Cl\u00e1sico Juvenil<br \/>\n<strong>Vestuario y sastrer\u00eda:<\/strong> Auditorio Nelly Goiti\u00f1o<\/p>\n<h4><\/h4>\n<h4><em>Satanella<\/em> Pas de Deux<\/h4>\n<p><em>Satanella<\/em>, tambi\u00e9n conocido como \u201cLe Diable amoureux\u201d, es un ballet pantomima coreografiado originalmente por Joseph Mazilier con m\u00fasica de Napol\u00e9on Henri Reber y Fran\u00e7ois Benoist, basado en la novela de Jacques Cazotte.<\/p>\n<p>El ballet completo rara vez se representa hoy en d\u00eda, pero \u201cSatanella Pas de Deux\u201d o \u201cCarnaval de Venecia\u201d sigue siendo una pieza de repertorio cl\u00e1sico muy popular. El argumento, basado en el romance ocultista de 1772 El diablo enamorado, sigue a un joven noble espa\u00f1ol llamado conde Fr\u00e9d\u00e9ric o conde Fabio en algunas adaptaciones. Durante una expedici\u00f3n, invoca accidentalmente a un demonio femenino. El demonio toma la forma de una mujer hermosa llamada Urielle o Satanella y adopta forma humana para seducirlo. La verdadera identidad de Satanella se revela cuando se quita la m\u00e1scara la v\u00edspera de su boda. En 1866, el famoso core\u00f3grafo Marius Petipa mont\u00f3 su propia versi\u00f3n del ballet en Rusia. Para estas reposiciones, el compositor Cesare Pugni cre\u00f3 m\u00fasica adicional, transformando algunas de las variaciones en piezas muy populares. Aunque la obra original de Mazilier no sobrevivi\u00f3 completa, la variaci\u00f3n y el pas de deux de Satanella se convirtieron en un favorito de las galas de ballet contempor\u00e1neas y de competiciones.<\/p>\n<p><strong>M\u00fasica:<\/strong> Cesar Pugni<br \/>\n<strong>Coreograf\u00eda:<\/strong> Marius Petip\u00e1<br \/>\n<strong>Puesta en escena y reposici\u00f3n coreogr\u00e1fica: <\/strong>Equipo art\u00edstico del Ballet Cl\u00e1sico Juvenil<br \/>\n<strong>Vestuario y sastrer\u00eda:<\/strong> Auditorio Nelly Goiti\u00f1o<\/p>\n<p>&nbsp;<\/p>\n<h4><em>Zitarrosa en todos<\/em><\/h4>\n<p>Este ballet marca el inicio de la actividad como core\u00f3grafa de Marina S\u00e1nchez. A trav\u00e9s de la danza, se propone explorar el arte del gran cantautor uruguayo. Sus historias y personajes; sus melod\u00edas inspiradas, desplegadas sobre un tapiz musical netamente nuestro; su voz profunda y urgente. A lo largo del ballet se va revelando la forma en que Zitarrosa habita en sus canciones, en la chamarrita, la vidalita y la milonga, en <em>El viol\u00edn de Becho<\/em> y en sus premoniciones a <em>Do\u00f1a Soledad<\/em>. Pero esta obra procura ir a\u00fan m\u00e1s all\u00e1 e iluminar el misterio inefable que cubre la creaci\u00f3n de todo gran artista: la capacidad para, desde un lenguaje netamente personal y local, trascender su lugar en el mundo y proyectarse universalmente para hablarle a cada ser humano y estar as\u00ed \u201cen todos\u201d.<\/p>\n<p><strong>Coreograf\u00eda:<\/strong> Marina Sanchez<br \/>\n<strong>M\u00fasica original:<\/strong> Alfredo Zitarrosa \/Julio Cobelli \/ Bajofondo<br \/>\n<em>Recopilaci\u00f3n<\/em> \/ Cuarteto Zitarrosa<br \/>\n<em>Pa\u2019l que se va<\/em> \/ Alfredo Zitarrosa<br \/>\n<em>El viol\u00edn de Becho<\/em> \/ Alfredo Zitarrosa<br \/>\n<em>Do\u00f1a Soledad<\/em> \/ Alfredo Zitarrosa<br \/>\n<em>Stephanie<\/em> \/ Alfredo Zitarrosa<br \/>\n<em>A Jos\u00e9 Artigas<\/em> \/ Alfredo Zitarrosa<br \/>\n<em>Adagio en mi pa\u00eds<\/em> \/ Alfredo Zitarrosa<br \/>\nBajofondo<br \/>\n<strong>Dise\u00f1o de vestuario:<\/strong> Bastides<br \/>\n<strong>Dise\u00f1o de efectos visuales:<\/strong> Bastides<br \/>\n<strong>Dise\u00f1o de iluminaci\u00f3n:<\/strong> Claudia S\u00e1nchez<br \/>\n<strong>Dise\u00f1o de sonido:<\/strong> Pamela Cuenca<br \/>\n<strong>Producci\u00f3n general:<\/strong> Ballet Nacional Sodre \/ Auditorio Nacional Adela Reta<br \/>\nCreado y estrenado en 2014<\/p>\n<p>&nbsp;<\/p>\n<h4>Entrada libre.<\/h4>\n<p>[\/vc_column_text][vc_empty_space height=\u00bb30px\u00bb el_class=\u00bbcyg&#8211;espacio-30&#8243;][\/vc_column][\/vc_row][vc_row el_class=\u00bbcyg&#8211;ficha\u00bb][vc_column width=\u00bb1\/2&#8243;][vc_row_inner][vc_column_inner][vc_empty_space height=\u00bb10&#8243; el_class=\u00bbcyg&#8211;espacio-10&#8243;][\/vc_column_inner][\/vc_row_inner][vc_row_inner][vc_column_inner][vc_empty_space height=\u00bb10&#8243; el_class=\u00bbcyg&#8211;espacio-10&#8243;][\/vc_column_inner][\/vc_row_inner][\/vc_column][vc_column width=\u00bb1\/2&#8243;][vc_row_inner][vc_column_inner][vc_empty_space height=\u00bb10&#8243; el_class=\u00bbcyg&#8211;espacio-10&#8243;][\/vc_column_inner][\/vc_row_inner][vc_row_inner][vc_column_inner][vc_empty_space height=\u00bb10&#8243; el_class=\u00bbcyg&#8211;espacio-10&#8243;][\/vc_column_inner][\/vc_row_inner][\/vc_column][\/vc_row][vc_row][vc_column][vc_empty_space height=\u00bb10px\u00bb][\/vc_column][\/vc_row][\/vc_section]<\/p>\n<\/div>","protected":false},"excerpt":{"rendered":"<p>Escuela Nacional de Formaci\u00f3n Art\u00edstica Sodre<\/p>\n","protected":false},"menu_order":0,"template":"","format":"standard","cuerpo-estable":[40],"etiqueta-espectaculo":[55],"lugar":[17],"sala-espacio":[],"acf":[],"yoast_head":"<!-- This site is optimized with the Yoast SEO plugin v21.7 - https:\/\/yoast.com\/wordpress\/plugins\/seo\/ -->\n<title>Ballet Cl\u00e1sico Juvenil \u2013 Segundo programa 2026 - Espect\u00e1culos<\/title>\n<meta name=\"robots\" content=\"index, follow, max-snippet:-1, max-image-preview:large, max-video-preview:-1\" \/>\n<link rel=\"canonical\" href=\"https:\/\/sodre.gub.uy\/espectaculos\/ballet-clasico-juvenil-segundo-programa-2026\/\" \/>\n<meta property=\"og:locale\" content=\"es_ES\" \/>\n<meta property=\"og:type\" content=\"article\" \/>\n<meta property=\"og:title\" content=\"Ballet Cl\u00e1sico Juvenil \u2013 Segundo programa 2026 - Espect\u00e1culos\" \/>\n<meta property=\"og:description\" content=\"Escuela Nacional de Formaci\u00f3n Art\u00edstica Sodre\" \/>\n<meta property=\"og:url\" content=\"https:\/\/sodre.gub.uy\/espectaculos\/ballet-clasico-juvenil-segundo-programa-2026\/\" \/>\n<meta property=\"og:site_name\" content=\"Espect\u00e1culos\" \/>\n<meta property=\"article:modified_time\" content=\"2026-09-03T15:49:50+00:00\" \/>\n<meta name=\"twitter:card\" content=\"summary_large_image\" \/>\n<meta name=\"twitter:label1\" content=\"Tiempo de lectura\" \/>\n\t<meta name=\"twitter:data1\" content=\"3 minutos\" \/>\n<script type=\"application\/ld+json\" class=\"yoast-schema-graph\">{\"@context\":\"https:\/\/schema.org\",\"@graph\":[{\"@type\":\"WebPage\",\"@id\":\"https:\/\/sodre.gub.uy\/espectaculos\/ballet-clasico-juvenil-segundo-programa-2026\/\",\"url\":\"https:\/\/sodre.gub.uy\/espectaculos\/ballet-clasico-juvenil-segundo-programa-2026\/\",\"name\":\"Ballet Cl\u00e1sico Juvenil \u2013 Segundo programa 2026 - Espect\u00e1culos\",\"isPartOf\":{\"@id\":\"https:\/\/sodre.gub.uy\/espectaculos\/#website\"},\"datePublished\":\"2026-09-03T15:48:28+00:00\",\"dateModified\":\"2026-09-03T15:49:50+00:00\",\"inLanguage\":\"es\",\"potentialAction\":[{\"@type\":\"ReadAction\",\"target\":[\"https:\/\/sodre.gub.uy\/espectaculos\/ballet-clasico-juvenil-segundo-programa-2026\/\"]}]},{\"@type\":\"WebSite\",\"@id\":\"https:\/\/sodre.gub.uy\/espectaculos\/#website\",\"url\":\"https:\/\/sodre.gub.uy\/espectaculos\/\",\"name\":\"Espect\u00e1culos\",\"description\":\"Servicio Oficial de Difusi\u00f3n, Representaciones y Espect\u00e1culos\",\"publisher\":{\"@id\":\"https:\/\/sodre.gub.uy\/espectaculos\/#organization\"},\"potentialAction\":[{\"@type\":\"SearchAction\",\"target\":{\"@type\":\"EntryPoint\",\"urlTemplate\":\"https:\/\/sodre.gub.uy\/espectaculos\/?s={search_term_string}\"},\"query-input\":\"required name=search_term_string\"}],\"inLanguage\":\"es\"},{\"@type\":\"Organization\",\"@id\":\"https:\/\/sodre.gub.uy\/espectaculos\/#organization\",\"name\":\"Espect\u00e1culos\",\"url\":\"https:\/\/sodre.gub.uy\/espectaculos\/\",\"logo\":{\"@type\":\"ImageObject\",\"inLanguage\":\"es\",\"@id\":\"https:\/\/sodre.gub.uy\/espectaculos\/#\/schema\/logo\/image\/\",\"url\":\"https:\/\/sodre.gub.uy\/espectaculos\/wp-content\/uploads\/sites\/2\/2023\/12\/logo-sodre-black.svg\",\"contentUrl\":\"https:\/\/sodre.gub.uy\/espectaculos\/wp-content\/uploads\/sites\/2\/2023\/12\/logo-sodre-black.svg\",\"caption\":\"Espect\u00e1culos\"},\"image\":{\"@id\":\"https:\/\/sodre.gub.uy\/espectaculos\/#\/schema\/logo\/image\/\"}}]}<\/script>\n<!-- \/ Yoast SEO plugin. -->","yoast_head_json":{"title":"Ballet Cl\u00e1sico Juvenil \u2013 Segundo programa 2026 - Espect\u00e1culos","robots":{"index":"index","follow":"follow","max-snippet":"max-snippet:-1","max-image-preview":"max-image-preview:large","max-video-preview":"max-video-preview:-1"},"canonical":"https:\/\/sodre.gub.uy\/espectaculos\/ballet-clasico-juvenil-segundo-programa-2026\/","og_locale":"es_ES","og_type":"article","og_title":"Ballet Cl\u00e1sico Juvenil \u2013 Segundo programa 2026 - Espect\u00e1culos","og_description":"Escuela Nacional de Formaci\u00f3n Art\u00edstica Sodre","og_url":"https:\/\/sodre.gub.uy\/espectaculos\/ballet-clasico-juvenil-segundo-programa-2026\/","og_site_name":"Espect\u00e1culos","article_modified_time":"2026-09-03T15:49:50+00:00","twitter_card":"summary_large_image","twitter_misc":{"Tiempo de lectura":"3 minutos"},"schema":{"@context":"https:\/\/schema.org","@graph":[{"@type":"WebPage","@id":"https:\/\/sodre.gub.uy\/espectaculos\/ballet-clasico-juvenil-segundo-programa-2026\/","url":"https:\/\/sodre.gub.uy\/espectaculos\/ballet-clasico-juvenil-segundo-programa-2026\/","name":"Ballet Cl\u00e1sico Juvenil \u2013 Segundo programa 2026 - Espect\u00e1culos","isPartOf":{"@id":"https:\/\/sodre.gub.uy\/espectaculos\/#website"},"datePublished":"2026-09-03T15:48:28+00:00","dateModified":"2026-09-03T15:49:50+00:00","inLanguage":"es","potentialAction":[{"@type":"ReadAction","target":["https:\/\/sodre.gub.uy\/espectaculos\/ballet-clasico-juvenil-segundo-programa-2026\/"]}]},{"@type":"WebSite","@id":"https:\/\/sodre.gub.uy\/espectaculos\/#website","url":"https:\/\/sodre.gub.uy\/espectaculos\/","name":"Espect\u00e1culos","description":"Servicio Oficial de Difusi\u00f3n, Representaciones y Espect\u00e1culos","publisher":{"@id":"https:\/\/sodre.gub.uy\/espectaculos\/#organization"},"potentialAction":[{"@type":"SearchAction","target":{"@type":"EntryPoint","urlTemplate":"https:\/\/sodre.gub.uy\/espectaculos\/?s={search_term_string}"},"query-input":"required name=search_term_string"}],"inLanguage":"es"},{"@type":"Organization","@id":"https:\/\/sodre.gub.uy\/espectaculos\/#organization","name":"Espect\u00e1culos","url":"https:\/\/sodre.gub.uy\/espectaculos\/","logo":{"@type":"ImageObject","inLanguage":"es","@id":"https:\/\/sodre.gub.uy\/espectaculos\/#\/schema\/logo\/image\/","url":"https:\/\/sodre.gub.uy\/espectaculos\/wp-content\/uploads\/sites\/2\/2023\/12\/logo-sodre-black.svg","contentUrl":"https:\/\/sodre.gub.uy\/espectaculos\/wp-content\/uploads\/sites\/2\/2023\/12\/logo-sodre-black.svg","caption":"Espect\u00e1culos"},"image":{"@id":"https:\/\/sodre.gub.uy\/espectaculos\/#\/schema\/logo\/image\/"}}]}},"_links":{"self":[{"href":"https:\/\/sodre.gub.uy\/espectaculos\/wp-json\/wp\/v2\/espectaculo\/13103"}],"collection":[{"href":"https:\/\/sodre.gub.uy\/espectaculos\/wp-json\/wp\/v2\/espectaculo"}],"about":[{"href":"https:\/\/sodre.gub.uy\/espectaculos\/wp-json\/wp\/v2\/types\/espectaculo"}],"version-history":[{"count":3,"href":"https:\/\/sodre.gub.uy\/espectaculos\/wp-json\/wp\/v2\/espectaculo\/13103\/revisions"}],"predecessor-version":[{"id":13106,"href":"https:\/\/sodre.gub.uy\/espectaculos\/wp-json\/wp\/v2\/espectaculo\/13103\/revisions\/13106"}],"wp:attachment":[{"href":"https:\/\/sodre.gub.uy\/espectaculos\/wp-json\/wp\/v2\/media?parent=13103"}],"wp:term":[{"taxonomy":"cuerpo-estable","embeddable":true,"href":"https:\/\/sodre.gub.uy\/espectaculos\/wp-json\/wp\/v2\/cuerpo-estable?post=13103"},{"taxonomy":"etiqueta-espectaculo","embeddable":true,"href":"https:\/\/sodre.gub.uy\/espectaculos\/wp-json\/wp\/v2\/etiqueta-espectaculo?post=13103"},{"taxonomy":"lugar","embeddable":true,"href":"https:\/\/sodre.gub.uy\/espectaculos\/wp-json\/wp\/v2\/lugar?post=13103"},{"taxonomy":"sala-espacio","embeddable":true,"href":"https:\/\/sodre.gub.uy\/espectaculos\/wp-json\/wp\/v2\/sala-espacio?post=13103"}],"curies":[{"name":"wp","href":"https:\/\/api.w.org\/{rel}","templated":true}]}}