{"id":11673,"date":"2026-04-10T11:50:47","date_gmt":"2026-04-10T14:50:47","guid":{"rendered":"https:\/\/sodre.gub.uy\/espectaculos\/?post_type=espectaculo&#038;p=11673"},"modified":"2026-04-16T14:48:09","modified_gmt":"2026-04-16T17:48:09","slug":"sintesis-en-concierto","status":"publish","type":"espectaculo","link":"https:\/\/sodre.gub.uy\/espectaculos\/sintesis-en-concierto\/","title":{"rendered":"S\u00edntesis en Concierto"},"content":{"rendered":"<div class=\"wpb-content-wrapper\"><p>[vc_section el_class=\u00bbcontent&#8211;espectaculo\u00bb][vc_row el_class=\u00bbcyg&#8211;descripcion\u00bb][vc_column][vc_empty_space height=\u00bb30px\u00bb el_class=\u00bbcyg&#8211;espacio-30&#8243;][vc_column_text]El D\u00fao S\u00edntesis inicia su proyecto en el a\u00f1o 1982 con el advenimiento de la Democracia y cuando sus integrantes, Laura Jodara y Viviana Dan\u00f3n, egresaron del Conservatorio Superior de M\u00fasica Manuel de Falla de CABA, Argentina.<\/p>\n<p>Ambas pianistas, cantantes, directoras de Coro y docentes, deciden conformar este d\u00fao, dando forma e identidad a muchas canciones del repertorio popular argentino como as\u00ed tambi\u00e9n a temas de su autor\u00eda, plasmando un estilo e identidad propios.<\/p>\n<p>En esta oportunidad presentan un repertorio variado que combina obras de piano a cuatro manos del g\u00e9nero acad\u00e9mico y otras del cancionero popular rioplatense.<\/p>\n<p>La Sonata en Re mayor de Mozart, una selecci\u00f3n de piezas folkl\u00f3ricas de Tchaicovsky y la Petite Suite de Debussy conforman la primera parte de este concierto, con Laura y Vivi al piano, a cuatro manos.<\/p>\n<p>Junto a estos tres compositores recorreremos un tramo de la Historia de la M\u00fasica, que comprende el Clasicismo, el Romanticismo y el Impresionismo, cada uno con su propio estilo y caracter\u00edsticas.<\/p>\n<p>En la segunda parte se abre un abanico de canciones, con arreglos propios a dos voces y piano, con un recorrido por Mar\u00eda Elena Walsh, Ariel Ram\u00edrez, Viviana Dan\u00f3n, y por supuesto, Ruben Rada, para homenajear al cantautor uruguayo.<\/p>\n<p>El Duo S\u00edntesis intenta transmitir en cada presentaci\u00f3n el sentimiento de que la M\u00fasica es una sola, y que podemos sumergirnos en ella y disfrutarla en sus variadas manifestaciones.<\/p>\n<p>&nbsp;<\/p>\n<p><strong>Programa<\/strong><\/p>\n<table style=\"border-collapse: collapse;width: 100%;height: 408px\">\n<tbody>\n<tr style=\"height: 96px\">\n<td style=\"width: 50%;height: 96px\"><strong>Wolfgang Amadeus Mozart<\/strong><\/td>\n<td style=\"width: 50%;height: 96px\">Piano a 4 manos<\/p>\n<p>Sonata en Re mayor. K.V. n.\u00ba 381<\/td>\n<\/tr>\n<tr style=\"height: 24px\">\n<td style=\"width: 50%;height: 24px\"><strong>Piotr Ilich Tchaikovsky<\/strong><\/td>\n<td style=\"width: 50%;height: 24px\">Folk Songs for piano 4 hands<\/td>\n<\/tr>\n<tr style=\"height: 48px\">\n<td style=\"width: 50%;height: 48px\"><strong>Claude Debussy<\/strong><\/td>\n<td style=\"width: 50%;height: 48px\">Petite Suite \u2013 En bateau \u2013 Cortege -Menuet \u2013 Ballet<\/td>\n<\/tr>\n<tr style=\"height: 96px\">\n<td style=\"width: 50%;height: 96px\"><strong>Ariel Ram\u00edrez y F\u00e9lix Luna<\/strong><\/td>\n<td style=\"width: 50%;height: 96px\">Alfonsina y el mar<\/p>\n<p>Rosarito Vera, maestra<\/td>\n<\/tr>\n<tr style=\"height: 96px\">\n<td style=\"width: 50%;height: 96px\"><strong>Mar\u00eda Elena Walsh<\/strong><\/td>\n<td style=\"width: 50%;height: 96px\">Canci\u00f3n de caminantes<\/p>\n<p>Serenata para la tierra de uno<\/td>\n<\/tr>\n<tr style=\"height: 24px\">\n<td style=\"width: 50%;height: 24px\"><strong>Viviana Dan\u00f3n<\/strong><\/td>\n<td style=\"width: 50%;height: 24px\">Para que cambien los d\u00edas Mujer<\/td>\n<\/tr>\n<tr style=\"height: 24px\">\n<td style=\"width: 50%;height: 24px\"><strong>Ruben Rada<\/strong><\/td>\n<td style=\"width: 50%;height: 24px\">El mundo entero<\/td>\n<\/tr>\n<\/tbody>\n<\/table>\n<p>[\/vc_column_text][vc_empty_space height=\u00bb62px\u00bb][\/vc_column][\/vc_row][vc_row el_class=\u00bbcyg&#8211;ficha\u00bb][vc_column width=\u00bb1\/2&#8243;][vc_row_inner][vc_column_inner][vc_empty_space height=\u00bb10&#8243; el_class=\u00bbcyg&#8211;espacio-10&#8243;][vc_column_text]<span style=\"color: #020304;font-family: Inter, sans-serif;font-size: 14.72px;font-style: normal;font-weight: 400;letter-spacing: normal;text-align: start;text-indent: 0px;text-transform: none;background-color: #ffffff;float: none\">Piano y voces<\/span><br style=\"margin: 0px;padding: 0px;position: relative;color: #020304;font-family: Inter, sans-serif;font-size: 14.72px;font-style: normal;font-weight: 400;letter-spacing: normal;text-align: start;text-indent: 0px;text-transform: none;background-color: #ffffff\" \/><span style=\"color: #020304;font-family: Inter, sans-serif;font-size: 14.72px;font-style: normal;font-weight: 400;letter-spacing: normal;text-align: start;text-indent: 0px;text-transform: none;background-color: #ffffff;float: none\">D\u00fao S\u00edntesis<\/span><br style=\"margin: 0px;padding: 0px;position: relative;color: #020304;font-family: Inter, sans-serif;font-size: 14.72px;font-style: normal;font-weight: 400;letter-spacing: normal;text-align: start;text-indent: 0px;text-transform: none;background-color: #ffffff\" \/><span style=\"color: #020304;font-family: Inter, sans-serif;font-size: 14.72px;font-style: normal;font-weight: 400;letter-spacing: normal;text-align: start;text-indent: 0px;text-transform: none;background-color: #ffffff;float: none\">Laura Jodara \u2013 Piano y voz<\/span><br style=\"margin: 0px;padding: 0px;position: relative;color: #020304;font-family: Inter, sans-serif;font-size: 14.72px;font-style: normal;font-weight: 400;letter-spacing: normal;text-align: start;text-indent: 0px;text-transform: none;background-color: #ffffff\" \/><span style=\"color: #020304;font-family: Inter, sans-serif;font-size: 14.72px;font-style: normal;font-weight: 400;letter-spacing: normal;text-align: start;text-indent: 0px;text-transform: none;background-color: #ffffff;float: none\">Viviana Dan\u00f3n \u2013 Piano y voz<\/span>[\/vc_column_text][\/vc_column_inner][\/vc_row_inner][vc_row_inner][vc_column_inner][vc_empty_space height=\u00bb10&#8243; el_class=\u00bbcyg&#8211;espacio-10&#8243;][\/vc_column_inner][\/vc_row_inner][\/vc_column][vc_column width=\u00bb1\/2&#8243;][vc_row_inner][vc_column_inner][vc_empty_space height=\u00bb10&#8243; el_class=\u00bbcyg&#8211;espacio-10&#8243;][\/vc_column_inner][\/vc_row_inner][vc_row_inner][vc_column_inner][vc_empty_space height=\u00bb10&#8243; el_class=\u00bbcyg&#8211;espacio-10&#8243;][\/vc_column_inner][\/vc_row_inner][\/vc_column][\/vc_row][vc_row][vc_column][vc_empty_space height=\u00bb10px\u00bb][\/vc_column][\/vc_row][\/vc_section]<\/p>\n<\/div>","protected":false},"excerpt":{"rendered":"<p>Temporada de M\u00fasica de C\u00e1mara<\/p>\n","protected":false},"menu_order":0,"template":"","format":"standard","cuerpo-estable":[45],"etiqueta-espectaculo":[],"lugar":[18],"sala-espacio":[],"acf":[],"yoast_head":"<!-- This site is optimized with the Yoast SEO plugin v21.7 - https:\/\/yoast.com\/wordpress\/plugins\/seo\/ -->\n<title>S\u00edntesis en Concierto - Espect\u00e1culos<\/title>\n<meta name=\"robots\" content=\"index, follow, max-snippet:-1, max-image-preview:large, max-video-preview:-1\" \/>\n<link rel=\"canonical\" href=\"https:\/\/sodre.gub.uy\/espectaculos\/sintesis-en-concierto\/\" \/>\n<meta property=\"og:locale\" content=\"es_ES\" \/>\n<meta property=\"og:type\" content=\"article\" \/>\n<meta property=\"og:title\" content=\"S\u00edntesis en Concierto - Espect\u00e1culos\" \/>\n<meta property=\"og:description\" content=\"Temporada de M\u00fasica de C\u00e1mara\" \/>\n<meta property=\"og:url\" content=\"https:\/\/sodre.gub.uy\/espectaculos\/sintesis-en-concierto\/\" \/>\n<meta property=\"og:site_name\" content=\"Espect\u00e1culos\" \/>\n<meta property=\"article:modified_time\" content=\"2026-04-16T17:48:09+00:00\" \/>\n<meta name=\"twitter:card\" content=\"summary_large_image\" \/>\n<meta name=\"twitter:label1\" content=\"Tiempo de lectura\" \/>\n\t<meta name=\"twitter:data1\" content=\"2 minutos\" \/>\n<script type=\"application\/ld+json\" class=\"yoast-schema-graph\">{\"@context\":\"https:\/\/schema.org\",\"@graph\":[{\"@type\":\"WebPage\",\"@id\":\"https:\/\/sodre.gub.uy\/espectaculos\/sintesis-en-concierto\/\",\"url\":\"https:\/\/sodre.gub.uy\/espectaculos\/sintesis-en-concierto\/\",\"name\":\"S\u00edntesis en Concierto - Espect\u00e1culos\",\"isPartOf\":{\"@id\":\"https:\/\/sodre.gub.uy\/espectaculos\/#website\"},\"datePublished\":\"2026-04-10T14:50:47+00:00\",\"dateModified\":\"2026-04-16T17:48:09+00:00\",\"inLanguage\":\"es\",\"potentialAction\":[{\"@type\":\"ReadAction\",\"target\":[\"https:\/\/sodre.gub.uy\/espectaculos\/sintesis-en-concierto\/\"]}]},{\"@type\":\"WebSite\",\"@id\":\"https:\/\/sodre.gub.uy\/espectaculos\/#website\",\"url\":\"https:\/\/sodre.gub.uy\/espectaculos\/\",\"name\":\"Espect\u00e1culos\",\"description\":\"Servicio Oficial de Difusi\u00f3n, Representaciones y Espect\u00e1culos\",\"publisher\":{\"@id\":\"https:\/\/sodre.gub.uy\/espectaculos\/#organization\"},\"potentialAction\":[{\"@type\":\"SearchAction\",\"target\":{\"@type\":\"EntryPoint\",\"urlTemplate\":\"https:\/\/sodre.gub.uy\/espectaculos\/?s={search_term_string}\"},\"query-input\":\"required name=search_term_string\"}],\"inLanguage\":\"es\"},{\"@type\":\"Organization\",\"@id\":\"https:\/\/sodre.gub.uy\/espectaculos\/#organization\",\"name\":\"Espect\u00e1culos\",\"url\":\"https:\/\/sodre.gub.uy\/espectaculos\/\",\"logo\":{\"@type\":\"ImageObject\",\"inLanguage\":\"es\",\"@id\":\"https:\/\/sodre.gub.uy\/espectaculos\/#\/schema\/logo\/image\/\",\"url\":\"https:\/\/sodre.gub.uy\/espectaculos\/wp-content\/uploads\/sites\/2\/2023\/12\/logo-sodre-black.svg\",\"contentUrl\":\"https:\/\/sodre.gub.uy\/espectaculos\/wp-content\/uploads\/sites\/2\/2023\/12\/logo-sodre-black.svg\",\"caption\":\"Espect\u00e1culos\"},\"image\":{\"@id\":\"https:\/\/sodre.gub.uy\/espectaculos\/#\/schema\/logo\/image\/\"}}]}<\/script>\n<!-- \/ Yoast SEO plugin. -->","yoast_head_json":{"title":"S\u00edntesis en Concierto - Espect\u00e1culos","robots":{"index":"index","follow":"follow","max-snippet":"max-snippet:-1","max-image-preview":"max-image-preview:large","max-video-preview":"max-video-preview:-1"},"canonical":"https:\/\/sodre.gub.uy\/espectaculos\/sintesis-en-concierto\/","og_locale":"es_ES","og_type":"article","og_title":"S\u00edntesis en Concierto - Espect\u00e1culos","og_description":"Temporada de M\u00fasica de C\u00e1mara","og_url":"https:\/\/sodre.gub.uy\/espectaculos\/sintesis-en-concierto\/","og_site_name":"Espect\u00e1culos","article_modified_time":"2026-04-16T17:48:09+00:00","twitter_card":"summary_large_image","twitter_misc":{"Tiempo de lectura":"2 minutos"},"schema":{"@context":"https:\/\/schema.org","@graph":[{"@type":"WebPage","@id":"https:\/\/sodre.gub.uy\/espectaculos\/sintesis-en-concierto\/","url":"https:\/\/sodre.gub.uy\/espectaculos\/sintesis-en-concierto\/","name":"S\u00edntesis en Concierto - Espect\u00e1culos","isPartOf":{"@id":"https:\/\/sodre.gub.uy\/espectaculos\/#website"},"datePublished":"2026-04-10T14:50:47+00:00","dateModified":"2026-04-16T17:48:09+00:00","inLanguage":"es","potentialAction":[{"@type":"ReadAction","target":["https:\/\/sodre.gub.uy\/espectaculos\/sintesis-en-concierto\/"]}]},{"@type":"WebSite","@id":"https:\/\/sodre.gub.uy\/espectaculos\/#website","url":"https:\/\/sodre.gub.uy\/espectaculos\/","name":"Espect\u00e1culos","description":"Servicio Oficial de Difusi\u00f3n, Representaciones y Espect\u00e1culos","publisher":{"@id":"https:\/\/sodre.gub.uy\/espectaculos\/#organization"},"potentialAction":[{"@type":"SearchAction","target":{"@type":"EntryPoint","urlTemplate":"https:\/\/sodre.gub.uy\/espectaculos\/?s={search_term_string}"},"query-input":"required name=search_term_string"}],"inLanguage":"es"},{"@type":"Organization","@id":"https:\/\/sodre.gub.uy\/espectaculos\/#organization","name":"Espect\u00e1culos","url":"https:\/\/sodre.gub.uy\/espectaculos\/","logo":{"@type":"ImageObject","inLanguage":"es","@id":"https:\/\/sodre.gub.uy\/espectaculos\/#\/schema\/logo\/image\/","url":"https:\/\/sodre.gub.uy\/espectaculos\/wp-content\/uploads\/sites\/2\/2023\/12\/logo-sodre-black.svg","contentUrl":"https:\/\/sodre.gub.uy\/espectaculos\/wp-content\/uploads\/sites\/2\/2023\/12\/logo-sodre-black.svg","caption":"Espect\u00e1culos"},"image":{"@id":"https:\/\/sodre.gub.uy\/espectaculos\/#\/schema\/logo\/image\/"}}]}},"_links":{"self":[{"href":"https:\/\/sodre.gub.uy\/espectaculos\/wp-json\/wp\/v2\/espectaculo\/11673"}],"collection":[{"href":"https:\/\/sodre.gub.uy\/espectaculos\/wp-json\/wp\/v2\/espectaculo"}],"about":[{"href":"https:\/\/sodre.gub.uy\/espectaculos\/wp-json\/wp\/v2\/types\/espectaculo"}],"version-history":[{"count":8,"href":"https:\/\/sodre.gub.uy\/espectaculos\/wp-json\/wp\/v2\/espectaculo\/11673\/revisions"}],"predecessor-version":[{"id":11757,"href":"https:\/\/sodre.gub.uy\/espectaculos\/wp-json\/wp\/v2\/espectaculo\/11673\/revisions\/11757"}],"wp:attachment":[{"href":"https:\/\/sodre.gub.uy\/espectaculos\/wp-json\/wp\/v2\/media?parent=11673"}],"wp:term":[{"taxonomy":"cuerpo-estable","embeddable":true,"href":"https:\/\/sodre.gub.uy\/espectaculos\/wp-json\/wp\/v2\/cuerpo-estable?post=11673"},{"taxonomy":"etiqueta-espectaculo","embeddable":true,"href":"https:\/\/sodre.gub.uy\/espectaculos\/wp-json\/wp\/v2\/etiqueta-espectaculo?post=11673"},{"taxonomy":"lugar","embeddable":true,"href":"https:\/\/sodre.gub.uy\/espectaculos\/wp-json\/wp\/v2\/lugar?post=11673"},{"taxonomy":"sala-espacio","embeddable":true,"href":"https:\/\/sodre.gub.uy\/espectaculos\/wp-json\/wp\/v2\/sala-espacio?post=11673"}],"curies":[{"name":"wp","href":"https:\/\/api.w.org\/{rel}","templated":true}]}}