{"id":11633,"date":"2026-04-09T14:56:08","date_gmt":"2026-04-09T17:56:08","guid":{"rendered":"https:\/\/sodre.gub.uy\/espectaculos\/?post_type=espectaculo&#038;p=11633"},"modified":"2026-04-16T14:47:35","modified_gmt":"2026-04-16T17:47:35","slug":"mujeres-celebres-latinoamericanas","status":"publish","type":"espectaculo","link":"https:\/\/sodre.gub.uy\/espectaculos\/mujeres-celebres-latinoamericanas\/","title":{"rendered":"Mujeres c\u00e9lebres latinoamericanas"},"content":{"rendered":"<div class=\"wpb-content-wrapper\"><p>[vc_section el_class=\u00bbcontent&#8211;espectaculo\u00bb][vc_row el_class=\u00bbcyg&#8211;descripcion\u00bb][vc_column][vc_empty_space height=\u00bb30px\u00bb el_class=\u00bbcyg&#8211;espacio-30&#8243;][vc_column_text]A\u00f1o 2010:<br \/>\nEsas \u00abcausalidades\u00bb del destino: En uno de mis viajes a Buenos Aires para cumplir con mi beca de Perfeccionamiento en Canto L\u00edrico con el maestro Nino Falzetti, tenor de vasta labor en el Teatro Col\u00f3n, se da mi encuentro con Andr\u00e9s Pedro Risso que deviene, a trav\u00e9s de los a\u00f1os, en una hermosa, sincera y hermanada amistad&#8230;<\/p>\n<p>Risso, autor y compositor excepcional, despert\u00f3 en m\u00ed el deseo de conocer sus obras que incorpor\u00e9 a mi ya amplio repertorio.<\/p>\n<p>Junto a la pianista Mariana Airaudo, quien desde el \u00abvamos\u00bb se sum\u00f3 a la idea de presentar las Composiciones de Risso, continuamos estudiando.<\/p>\n<p>Con el apoyo de Mariana y el aval del maestro Risso, incorpor\u00e9 al elenco a la destacada soprano Virginia Berrondo, quien tambi\u00e9n desde el principio aport\u00f3 su mejor energ\u00eda y entrega para enriquecer este proyecto, que ya es una hermosa realidad con fecha de estreno, Dios mediante, para el domingo 10 de mayo a las 18 horas en la Sala Vaz Ferreira.<\/p>\n<p>Andr\u00e9s, quien desde un comienzo, me brind\u00f3 su total consentimiento, me une, sin saberlo, en este hermoso viaje l\u00edrico\u2013musical, con mis otras dos \u00abMujeres C\u00e9lebres Latinoamericanas\u00bb como lo son, las talentosas Mariana Airaudo (Piano) y Virginia Berrondo (Canto).<\/p>\n<p>Javier Cordero<\/p>\n<p>&nbsp;<\/p>\n<p><strong>Programa<\/strong><\/p>\n<p><strong>PRIMERA PARTE<\/strong><\/p>\n<ul>\n<li><strong>Juana de Ibarbourou (Uruguay)<\/strong><\/li>\n<\/ul>\n<p>De Diez canciones sobre Poemas de Juana de Ibarbourou<br \/>\nM\u00fasica: Andr\u00e9s Pedro Risso<\/p>\n<p>Preludio (Portada) Piano<br \/>\nQuietud (Canci\u00f3n) Tenor<br \/>\nBerta (A Berta Singerman) Soprano<br \/>\nLa Pasajera (Aire de Zamba)<br \/>\nBajo la Lluvia (Aria) Soprano<\/p>\n<ul>\n<li><strong>Alfonsina Storni (Argentina)<\/strong><\/li>\n<\/ul>\n<p>De Siete Canciones sobre Poemas de Alfonsina<br \/>\nM\u00fasica: Andr\u00e9s Pedro Risso<\/p>\n<p>Preludio (Pr\u00f3logo) Piano<br \/>\nQueja (Aria) Soprano<br \/>\nDolor (Romanza) Soprano<\/p>\n<p>Amalia (Argentina)<br \/>\nPlegaria(Oraci\u00f3n Sin Palabras) Piano<br \/>\nUn d\u00eda de dicha (Aria de Eduardo Belgrano) Tenor<br \/>\nSiempre te amar\u00e9 (Aria de Amalia S\u00e1ens) Soprano<br \/>\nAmor, Ideal Amor (D\u00fao Amalia y Eduardo) Soprano y Tenor<\/p>\n<p>&nbsp;<\/p>\n<p><strong>SEGUNDA PARTE<\/strong><\/p>\n<ul>\n<li><strong>Gabriela Mistral (Chile)<\/strong><\/li>\n<\/ul>\n<p>M\u00fasica: Andr\u00e9s Pedro Risso sobre Poema de Gabriela Mistral<\/p>\n<p>Aire Mapuche (Airecito) Piano<br \/>\nBerta (A Berta Singerman) Soprano<\/p>\n<p>Mar\u00eda Eva Duarte<\/p>\n<p>Preludio Acto Primero (Obertura) Piano<br \/>\nGorri\u00f3n de la Inmensidad (Romanza de Juan Per\u00f3n) Tenor<br \/>\nAl Pueblo m\u00edo\u2026 (D\u00fao de Eva Duarte y Juan)<\/p>\n<p>Lola Mora<\/p>\n<p>Preludio Acto Primero (Invocaci\u00f3n) Piano<br \/>\nPerduto Amor! (D\u00fao: Lola Mora y Paolo Tosti) Soprano y Tenor[\/vc_column_text][\/vc_column][\/vc_row][vc_row el_class=\u00bbcyg&#8211;ficha\u00bb][vc_column width=\u00bb1\/2&#8243;][vc_row_inner][vc_column_inner][vc_column_text]Virginia Berrondo \u2013 Soprano<br \/>\nJavier Cordero \u2013 Tenor<br \/>\nMariana Airaudo \u2013 Piano[\/vc_column_text][vc_empty_space height=\u00bb10&#8243; el_class=\u00bbcyg&#8211;espacio-10&#8243;][\/vc_column_inner][\/vc_row_inner][vc_row_inner][vc_column_inner][vc_empty_space height=\u00bb10&#8243; el_class=\u00bbcyg&#8211;espacio-10&#8243;][\/vc_column_inner][\/vc_row_inner][\/vc_column][vc_column width=\u00bb1\/2&#8243;][vc_row_inner][vc_column_inner][vc_empty_space height=\u00bb10&#8243; el_class=\u00bbcyg&#8211;espacio-10&#8243;][\/vc_column_inner][\/vc_row_inner][vc_row_inner][vc_column_inner][vc_empty_space height=\u00bb10&#8243; el_class=\u00bbcyg&#8211;espacio-10&#8243;][\/vc_column_inner][\/vc_row_inner][\/vc_column][\/vc_row][vc_row][vc_column][vc_empty_space height=\u00bb60px\u00bb]\r\n<a \r\nrole=\"link\"\r\naria-label=\"Programaci\u00f3n de la Temporada 2026\"\r\nclass=\"cyg--btn \" \r\nhref=\"https:\/\/sodre.gub.uy\/actividad\/temporada-de-musica-de-camara-2026\/\"\r\ntarget=\"\"\r\n>\r\nProgramaci\u00f3n de la Temporada 2026<\/a>\r\n[\/vc_column][\/vc_row][\/vc_section]<\/p>\n<\/div>","protected":false},"excerpt":{"rendered":"<p>Temporada de M\u00fasica de C\u00e1mara 2026<\/p>\n","protected":false},"menu_order":0,"template":"","format":"standard","cuerpo-estable":[45],"etiqueta-espectaculo":[39],"lugar":[18],"sala-espacio":[],"acf":[],"yoast_head":"<!-- This site is optimized with the Yoast SEO plugin v21.7 - https:\/\/yoast.com\/wordpress\/plugins\/seo\/ -->\n<title>Mujeres c\u00e9lebres latinoamericanas - Espect\u00e1culos<\/title>\n<meta name=\"robots\" content=\"index, follow, max-snippet:-1, max-image-preview:large, max-video-preview:-1\" \/>\n<link rel=\"canonical\" href=\"https:\/\/sodre.gub.uy\/espectaculos\/mujeres-celebres-latinoamericanas\/\" \/>\n<meta property=\"og:locale\" content=\"es_ES\" \/>\n<meta property=\"og:type\" content=\"article\" \/>\n<meta property=\"og:title\" content=\"Mujeres c\u00e9lebres latinoamericanas - Espect\u00e1culos\" \/>\n<meta property=\"og:description\" content=\"Temporada de M\u00fasica de C\u00e1mara 2026\" \/>\n<meta property=\"og:url\" content=\"https:\/\/sodre.gub.uy\/espectaculos\/mujeres-celebres-latinoamericanas\/\" \/>\n<meta property=\"og:site_name\" content=\"Espect\u00e1culos\" \/>\n<meta property=\"article:modified_time\" content=\"2026-04-16T17:47:35+00:00\" \/>\n<meta name=\"twitter:card\" content=\"summary_large_image\" \/>\n<meta name=\"twitter:label1\" content=\"Tiempo de lectura\" \/>\n\t<meta name=\"twitter:data1\" content=\"2 minutos\" \/>\n<script type=\"application\/ld+json\" class=\"yoast-schema-graph\">{\"@context\":\"https:\/\/schema.org\",\"@graph\":[{\"@type\":\"WebPage\",\"@id\":\"https:\/\/sodre.gub.uy\/espectaculos\/mujeres-celebres-latinoamericanas\/\",\"url\":\"https:\/\/sodre.gub.uy\/espectaculos\/mujeres-celebres-latinoamericanas\/\",\"name\":\"Mujeres c\u00e9lebres latinoamericanas - Espect\u00e1culos\",\"isPartOf\":{\"@id\":\"https:\/\/sodre.gub.uy\/espectaculos\/#website\"},\"datePublished\":\"2026-04-09T17:56:08+00:00\",\"dateModified\":\"2026-04-16T17:47:35+00:00\",\"inLanguage\":\"es\",\"potentialAction\":[{\"@type\":\"ReadAction\",\"target\":[\"https:\/\/sodre.gub.uy\/espectaculos\/mujeres-celebres-latinoamericanas\/\"]}]},{\"@type\":\"WebSite\",\"@id\":\"https:\/\/sodre.gub.uy\/espectaculos\/#website\",\"url\":\"https:\/\/sodre.gub.uy\/espectaculos\/\",\"name\":\"Espect\u00e1culos\",\"description\":\"Servicio Oficial de Difusi\u00f3n, Representaciones y Espect\u00e1culos\",\"publisher\":{\"@id\":\"https:\/\/sodre.gub.uy\/espectaculos\/#organization\"},\"potentialAction\":[{\"@type\":\"SearchAction\",\"target\":{\"@type\":\"EntryPoint\",\"urlTemplate\":\"https:\/\/sodre.gub.uy\/espectaculos\/?s={search_term_string}\"},\"query-input\":\"required name=search_term_string\"}],\"inLanguage\":\"es\"},{\"@type\":\"Organization\",\"@id\":\"https:\/\/sodre.gub.uy\/espectaculos\/#organization\",\"name\":\"Espect\u00e1culos\",\"url\":\"https:\/\/sodre.gub.uy\/espectaculos\/\",\"logo\":{\"@type\":\"ImageObject\",\"inLanguage\":\"es\",\"@id\":\"https:\/\/sodre.gub.uy\/espectaculos\/#\/schema\/logo\/image\/\",\"url\":\"https:\/\/sodre.gub.uy\/espectaculos\/wp-content\/uploads\/sites\/2\/2023\/12\/logo-sodre-black.svg\",\"contentUrl\":\"https:\/\/sodre.gub.uy\/espectaculos\/wp-content\/uploads\/sites\/2\/2023\/12\/logo-sodre-black.svg\",\"caption\":\"Espect\u00e1culos\"},\"image\":{\"@id\":\"https:\/\/sodre.gub.uy\/espectaculos\/#\/schema\/logo\/image\/\"}}]}<\/script>\n<!-- \/ Yoast SEO plugin. -->","yoast_head_json":{"title":"Mujeres c\u00e9lebres latinoamericanas - Espect\u00e1culos","robots":{"index":"index","follow":"follow","max-snippet":"max-snippet:-1","max-image-preview":"max-image-preview:large","max-video-preview":"max-video-preview:-1"},"canonical":"https:\/\/sodre.gub.uy\/espectaculos\/mujeres-celebres-latinoamericanas\/","og_locale":"es_ES","og_type":"article","og_title":"Mujeres c\u00e9lebres latinoamericanas - Espect\u00e1culos","og_description":"Temporada de M\u00fasica de C\u00e1mara 2026","og_url":"https:\/\/sodre.gub.uy\/espectaculos\/mujeres-celebres-latinoamericanas\/","og_site_name":"Espect\u00e1culos","article_modified_time":"2026-04-16T17:47:35+00:00","twitter_card":"summary_large_image","twitter_misc":{"Tiempo de lectura":"2 minutos"},"schema":{"@context":"https:\/\/schema.org","@graph":[{"@type":"WebPage","@id":"https:\/\/sodre.gub.uy\/espectaculos\/mujeres-celebres-latinoamericanas\/","url":"https:\/\/sodre.gub.uy\/espectaculos\/mujeres-celebres-latinoamericanas\/","name":"Mujeres c\u00e9lebres latinoamericanas - Espect\u00e1culos","isPartOf":{"@id":"https:\/\/sodre.gub.uy\/espectaculos\/#website"},"datePublished":"2026-04-09T17:56:08+00:00","dateModified":"2026-04-16T17:47:35+00:00","inLanguage":"es","potentialAction":[{"@type":"ReadAction","target":["https:\/\/sodre.gub.uy\/espectaculos\/mujeres-celebres-latinoamericanas\/"]}]},{"@type":"WebSite","@id":"https:\/\/sodre.gub.uy\/espectaculos\/#website","url":"https:\/\/sodre.gub.uy\/espectaculos\/","name":"Espect\u00e1culos","description":"Servicio Oficial de Difusi\u00f3n, Representaciones y Espect\u00e1culos","publisher":{"@id":"https:\/\/sodre.gub.uy\/espectaculos\/#organization"},"potentialAction":[{"@type":"SearchAction","target":{"@type":"EntryPoint","urlTemplate":"https:\/\/sodre.gub.uy\/espectaculos\/?s={search_term_string}"},"query-input":"required name=search_term_string"}],"inLanguage":"es"},{"@type":"Organization","@id":"https:\/\/sodre.gub.uy\/espectaculos\/#organization","name":"Espect\u00e1culos","url":"https:\/\/sodre.gub.uy\/espectaculos\/","logo":{"@type":"ImageObject","inLanguage":"es","@id":"https:\/\/sodre.gub.uy\/espectaculos\/#\/schema\/logo\/image\/","url":"https:\/\/sodre.gub.uy\/espectaculos\/wp-content\/uploads\/sites\/2\/2023\/12\/logo-sodre-black.svg","contentUrl":"https:\/\/sodre.gub.uy\/espectaculos\/wp-content\/uploads\/sites\/2\/2023\/12\/logo-sodre-black.svg","caption":"Espect\u00e1culos"},"image":{"@id":"https:\/\/sodre.gub.uy\/espectaculos\/#\/schema\/logo\/image\/"}}]}},"_links":{"self":[{"href":"https:\/\/sodre.gub.uy\/espectaculos\/wp-json\/wp\/v2\/espectaculo\/11633"}],"collection":[{"href":"https:\/\/sodre.gub.uy\/espectaculos\/wp-json\/wp\/v2\/espectaculo"}],"about":[{"href":"https:\/\/sodre.gub.uy\/espectaculos\/wp-json\/wp\/v2\/types\/espectaculo"}],"version-history":[{"count":5,"href":"https:\/\/sodre.gub.uy\/espectaculos\/wp-json\/wp\/v2\/espectaculo\/11633\/revisions"}],"predecessor-version":[{"id":11756,"href":"https:\/\/sodre.gub.uy\/espectaculos\/wp-json\/wp\/v2\/espectaculo\/11633\/revisions\/11756"}],"wp:attachment":[{"href":"https:\/\/sodre.gub.uy\/espectaculos\/wp-json\/wp\/v2\/media?parent=11633"}],"wp:term":[{"taxonomy":"cuerpo-estable","embeddable":true,"href":"https:\/\/sodre.gub.uy\/espectaculos\/wp-json\/wp\/v2\/cuerpo-estable?post=11633"},{"taxonomy":"etiqueta-espectaculo","embeddable":true,"href":"https:\/\/sodre.gub.uy\/espectaculos\/wp-json\/wp\/v2\/etiqueta-espectaculo?post=11633"},{"taxonomy":"lugar","embeddable":true,"href":"https:\/\/sodre.gub.uy\/espectaculos\/wp-json\/wp\/v2\/lugar?post=11633"},{"taxonomy":"sala-espacio","embeddable":true,"href":"https:\/\/sodre.gub.uy\/espectaculos\/wp-json\/wp\/v2\/sala-espacio?post=11633"}],"curies":[{"name":"wp","href":"https:\/\/api.w.org\/{rel}","templated":true}]}}