{"id":10688,"date":"2026-01-08T09:24:32","date_gmt":"2026-01-08T12:24:32","guid":{"rendered":"https:\/\/sodre.gub.uy\/espectaculos\/?post_type=espectaculo&#038;p=10688"},"modified":"2026-03-11T11:11:41","modified_gmt":"2026-03-11T14:11:41","slug":"ritual","status":"publish","type":"espectaculo","link":"https:\/\/sodre.gub.uy\/espectaculos\/ritual\/","title":{"rendered":"Ritual"},"content":{"rendered":"<div class=\"wpb-content-wrapper\"><p>[vc_section el_class=\u00bbcontent&#8211;espectaculo\u00bb][vc_row el_class=\u00bbcyg&#8211;descripcion\u00bb][vc_column][vc_column_text]Bajo su batuta, la velada se iniciar\u00e1 con la primera suite de <em>El sombrero de tres picos<\/em> de Manuel de Falla, una obra vibrante que fusiona el lenguaje sinf\u00f3nico con el folclore andaluz. A continuaci\u00f3n, se interpretar\u00e1 la <em>Fantas\u00eda para un gentilhombre<\/em> de Joaqu\u00edn Rodrigo, con la participaci\u00f3n solista del guitarrista Eduardo Fern\u00e1ndez. El programa culminar\u00e1 con la suite de <em>El p\u00e1jaro de fuego<\/em> de Stravinsky, una obra deslumbrante que combina el colorido del folclore ruso con una innovadora fuerza r\u00edtmica y orquestal.<\/p>\n<p>&nbsp;<\/p>\n<p><strong>Programa<\/strong><\/p>\n<table style=\"border-collapse: collapse;width: 100%\">\n<tbody>\n<tr>\n<td style=\"width: 50%\"><strong>Manuel de Falla<\/strong><br \/>\n<span style=\"font-size: 10pt\">(C\u00e1diz, 1876 \u2013 Alta Gracia, 1946)<\/span><\/td>\n<td style=\"width: 50%\"><em>El sombrero de tres picos<\/em>, suite n.\u00ba 1<\/p>\n<ol>\n<li style=\"list-style-type: none\">\n<ol style=\"list-style-type: upper-roman\">\n<li>Introducci\u00f3n<\/li>\n<li>La tarde<\/li>\n<li>Danza de la molinera (Fandango)<\/li>\n<li>El Corregidor<\/li>\n<li>Las uvas<\/li>\n<\/ol>\n<\/li>\n<\/ol>\n<p>&nbsp;<\/p>\n<p>Editor original: Chester (W. M. G.). Representante exclusivo Barry Editorial (www.barryeditorial.com.ar)<\/td>\n<\/tr>\n<tr>\n<td style=\"width: 50%\"><strong>Joaqu\u00edn Rodrigo<\/strong><br \/>\n<span style=\"font-size: 10pt\">(Sagunto, 1901 \u2013 Madrid, 1999)<\/span><\/td>\n<td style=\"width: 50%\"><em>Fantas\u00eda para un gentilhombre<\/em><\/p>\n<ol style=\"list-style-type: upper-roman\">\n<li>Villano y Ricercare<\/li>\n<li>Espa\u00f1oleta y Fanfarria de la Caballer\u00eda de N\u00e1poles<\/li>\n<li>Danza de las hachas<\/li>\n<li>Canario<\/li>\n<\/ol>\n<p>&nbsp;<\/p>\n<p>Editor original: Schott Music. Representante exclusivo Barry Editorial (www.barryeditorial.com.ar)<\/td>\n<\/tr>\n<tr>\n<td style=\"width: 50%\"><strong>Igor Stravinsky<br \/>\n<\/strong><span style=\"font-size: 10pt\">(Oranienbaum, 1882 \u2013 Nueva York, 1971)<\/span><\/td>\n<td style=\"width: 50%\">Suite de <em>El p\u00e1jaro de fuego<\/em> (versi\u00f3n 1919)<\/p>\n<ol style=\"list-style-type: upper-roman\">\n<li>Introducci\u00f3n<\/li>\n<li>Danza del p\u00e1jaro de fuego<\/li>\n<li>Variaci\u00f3n del p\u00e1jaro de fuego<\/li>\n<li>Ronda de las princesas<\/li>\n<li>Danza infernal del Rey Kashchei<\/li>\n<li>Canci\u00f3n de cuna<\/li>\n<li>Finale<\/li>\n<\/ol>\n<p>&nbsp;<\/p>\n<p>Editor original: Schott Music. Representante exclusivo Barry Editorial (www.barryeditorial.com.ar)<\/td>\n<\/tr>\n<\/tbody>\n<\/table>\n<p>[\/vc_column_text][vc_empty_space height=\u00bb30px\u00bb el_class=\u00bbcyg&#8211;espacio-30&#8243;][\/vc_column][\/vc_row][vc_row el_class=\u00bbcyg&#8211;ficha\u00bb][vc_column width=\u00bb1\/2&#8243;][vc_row_inner][vc_column_inner][vc_column_text]<strong>Director:<\/strong> Ignacio Garc\u00eda Vidal<\/p>\n<p><strong>Solista:<\/strong> Eduardo Fern\u00e1ndez (guitarra)[\/vc_column_text][vc_empty_space height=\u00bb10&#8243; el_class=\u00bbcyg&#8211;espacio-10&#8243;][\/vc_column_inner][\/vc_row_inner][vc_row_inner][vc_column_inner][vc_empty_space height=\u00bb10&#8243; el_class=\u00bbcyg&#8211;espacio-10&#8243;][\/vc_column_inner][\/vc_row_inner][\/vc_column][vc_column width=\u00bb1\/2&#8243;][vc_row_inner][vc_column_inner][vc_empty_space height=\u00bb10&#8243; el_class=\u00bbcyg&#8211;espacio-10&#8243;][\/vc_column_inner][\/vc_row_inner][vc_row_inner][vc_column_inner][vc_empty_space height=\u00bb10&#8243; el_class=\u00bbcyg&#8211;espacio-10&#8243;][\/vc_column_inner][\/vc_row_inner][\/vc_column][\/vc_row][vc_row][vc_column][vc_empty_space height=\u00bb60px\u00bb][vc_column_text]<\/p>\n<h4>Los elencos del Sodre suenan en todo el pa\u00eds: las radios p\u00fablicas los transmiten en vivo, 95 a\u00f1os juntos.<\/h4>\n<p>[\/vc_column_text][vc_empty_space height=\u00bb30px\u00bb]\r\n<a \r\nrole=\"link\"\r\naria-label=\"Escuchar aqu\u00ed\"\r\nclass=\"cyg--btn \" \r\nhref=\"https:\/\/mediospublicos.uy\/ritual-grandes-obras-del-siglo-xx\/\"\r\ntarget=\"\"\r\n>\r\nEscuchar aqu\u00ed<\/a>\r\n[vc_empty_space height=\u00bb60px\u00bb][\/vc_column][\/vc_row][\/vc_section][vc_row][vc_column width=\u00bb1\/2&#8243;][vc_column_text]<\/p>\n<p style=\"margin: 0px 0px 12px;padding: 0px;position: relative;font-family: Inter, sans-serif;line-height: 1.65;color: #020304;font-size: 14.72px;font-style: normal;font-weight: 400;letter-spacing: normal;text-align: start;text-indent: 0px;text-transform: none;background-color: #ffffff\"><span style=\"margin: 0px;padding: 0px;position: relative;font-size: 10pt\"><strong style=\"margin: 0px;padding: 0px;position: relative;font-weight: 600\">Medios de pago BROU:<\/strong><\/span><\/p>\n<p style=\"margin: 0px 0px 12px;padding: 0px;position: relative;font-family: Inter, sans-serif;line-height: 1.65;color: #020304;font-size: 14.72px;font-style: normal;font-weight: 400;letter-spacing: normal;text-align: start;text-indent: 0px;text-transform: none;background-color: #ffffff\"><span style=\"margin: 0px;padding: 0px;position: relative;font-size: 10pt\">20 % de descuento abonando con tarjetas de cr\u00e9dito Visa y Mastercard Recompensa, y tarjetas de d\u00e9bito Visa y Mastercard D\u00e9bito Recompensa del Banco.<\/span><\/p>\n<p style=\"margin: 0px 0px 12px;padding: 0px;position: relative;font-family: Inter, sans-serif;line-height: 1.65;color: #020304;font-size: 14.72px;font-style: normal;font-weight: 400;letter-spacing: normal;text-align: start;text-indent: 0px;text-transform: none;background-color: #ffffff\"><span style=\"margin: 0px;padding: 0px;position: relative;font-size: 10pt\">50 %\u00a0 de descuento para las tarjetas Black y Visa Platinum del Banco para todas las obras.<\/span><\/p>\n<p style=\"margin: 0px;padding: 0px;position: relative;font-family: Inter, sans-serif;line-height: 1.65;color: #020304;font-size: 14.72px;font-style: normal;font-weight: 400;letter-spacing: normal;text-align: start;text-indent: 0px;text-transform: none;background-color: #ffffff\"><span style=\"margin: 0px;padding: 0px;position: relative;font-size: 10pt\">Tope del descuento: $1000 (por cuenta y por mes).<\/span><\/p>\n<p>[\/vc_column_text][\/vc_column][vc_column width=\u00bb1\/2&#8243;][\/vc_column][\/vc_row]<\/p>\n<\/div>","protected":false},"excerpt":{"rendered":"<p>Atractivo programa dedicado a grandes obras del siglo XX, en un concierto que marcar\u00e1 el debut del maestro Ignacio Garc\u00eda Vidal como nuevo director titular de la Ossodre<\/p>\n","protected":false},"menu_order":0,"template":"","format":"standard","cuerpo-estable":[23],"etiqueta-espectaculo":[],"lugar":[16],"sala-espacio":[30],"acf":[],"yoast_head":"<!-- This site is optimized with the Yoast SEO plugin v21.7 - https:\/\/yoast.com\/wordpress\/plugins\/seo\/ -->\n<title>Ritual - Espect\u00e1culos<\/title>\n<meta name=\"robots\" content=\"index, follow, max-snippet:-1, max-image-preview:large, max-video-preview:-1\" \/>\n<link rel=\"canonical\" href=\"https:\/\/sodre.gub.uy\/espectaculos\/ritual\/\" \/>\n<meta property=\"og:locale\" content=\"es_ES\" \/>\n<meta property=\"og:type\" content=\"article\" \/>\n<meta property=\"og:title\" content=\"Ritual - Espect\u00e1culos\" \/>\n<meta property=\"og:description\" content=\"Atractivo programa dedicado a grandes obras del siglo XX, en un concierto que marcar\u00e1 el debut del maestro Ignacio Garc\u00eda Vidal como nuevo director titular de la Ossodre\" \/>\n<meta property=\"og:url\" content=\"https:\/\/sodre.gub.uy\/espectaculos\/ritual\/\" \/>\n<meta property=\"og:site_name\" content=\"Espect\u00e1culos\" \/>\n<meta property=\"article:modified_time\" content=\"2026-03-11T14:11:41+00:00\" \/>\n<meta name=\"twitter:card\" content=\"summary_large_image\" \/>\n<meta name=\"twitter:label1\" content=\"Tiempo de lectura\" \/>\n\t<meta name=\"twitter:data1\" content=\"2 minutos\" \/>\n<script type=\"application\/ld+json\" class=\"yoast-schema-graph\">{\"@context\":\"https:\/\/schema.org\",\"@graph\":[{\"@type\":\"WebPage\",\"@id\":\"https:\/\/sodre.gub.uy\/espectaculos\/ritual\/\",\"url\":\"https:\/\/sodre.gub.uy\/espectaculos\/ritual\/\",\"name\":\"Ritual - Espect\u00e1culos\",\"isPartOf\":{\"@id\":\"https:\/\/sodre.gub.uy\/espectaculos\/#website\"},\"datePublished\":\"2026-01-08T12:24:32+00:00\",\"dateModified\":\"2026-03-11T14:11:41+00:00\",\"inLanguage\":\"es\",\"potentialAction\":[{\"@type\":\"ReadAction\",\"target\":[\"https:\/\/sodre.gub.uy\/espectaculos\/ritual\/\"]}]},{\"@type\":\"WebSite\",\"@id\":\"https:\/\/sodre.gub.uy\/espectaculos\/#website\",\"url\":\"https:\/\/sodre.gub.uy\/espectaculos\/\",\"name\":\"Espect\u00e1culos\",\"description\":\"Servicio Oficial de Difusi\u00f3n, Representaciones y Espect\u00e1culos\",\"publisher\":{\"@id\":\"https:\/\/sodre.gub.uy\/espectaculos\/#organization\"},\"potentialAction\":[{\"@type\":\"SearchAction\",\"target\":{\"@type\":\"EntryPoint\",\"urlTemplate\":\"https:\/\/sodre.gub.uy\/espectaculos\/?s={search_term_string}\"},\"query-input\":\"required name=search_term_string\"}],\"inLanguage\":\"es\"},{\"@type\":\"Organization\",\"@id\":\"https:\/\/sodre.gub.uy\/espectaculos\/#organization\",\"name\":\"Espect\u00e1culos\",\"url\":\"https:\/\/sodre.gub.uy\/espectaculos\/\",\"logo\":{\"@type\":\"ImageObject\",\"inLanguage\":\"es\",\"@id\":\"https:\/\/sodre.gub.uy\/espectaculos\/#\/schema\/logo\/image\/\",\"url\":\"https:\/\/sodre.gub.uy\/espectaculos\/wp-content\/uploads\/sites\/2\/2023\/12\/logo-sodre-black.svg\",\"contentUrl\":\"https:\/\/sodre.gub.uy\/espectaculos\/wp-content\/uploads\/sites\/2\/2023\/12\/logo-sodre-black.svg\",\"caption\":\"Espect\u00e1culos\"},\"image\":{\"@id\":\"https:\/\/sodre.gub.uy\/espectaculos\/#\/schema\/logo\/image\/\"}}]}<\/script>\n<!-- \/ Yoast SEO plugin. -->","yoast_head_json":{"title":"Ritual - Espect\u00e1culos","robots":{"index":"index","follow":"follow","max-snippet":"max-snippet:-1","max-image-preview":"max-image-preview:large","max-video-preview":"max-video-preview:-1"},"canonical":"https:\/\/sodre.gub.uy\/espectaculos\/ritual\/","og_locale":"es_ES","og_type":"article","og_title":"Ritual - Espect\u00e1culos","og_description":"Atractivo programa dedicado a grandes obras del siglo XX, en un concierto que marcar\u00e1 el debut del maestro Ignacio Garc\u00eda Vidal como nuevo director titular de la Ossodre","og_url":"https:\/\/sodre.gub.uy\/espectaculos\/ritual\/","og_site_name":"Espect\u00e1culos","article_modified_time":"2026-03-11T14:11:41+00:00","twitter_card":"summary_large_image","twitter_misc":{"Tiempo de lectura":"2 minutos"},"schema":{"@context":"https:\/\/schema.org","@graph":[{"@type":"WebPage","@id":"https:\/\/sodre.gub.uy\/espectaculos\/ritual\/","url":"https:\/\/sodre.gub.uy\/espectaculos\/ritual\/","name":"Ritual - Espect\u00e1culos","isPartOf":{"@id":"https:\/\/sodre.gub.uy\/espectaculos\/#website"},"datePublished":"2026-01-08T12:24:32+00:00","dateModified":"2026-03-11T14:11:41+00:00","inLanguage":"es","potentialAction":[{"@type":"ReadAction","target":["https:\/\/sodre.gub.uy\/espectaculos\/ritual\/"]}]},{"@type":"WebSite","@id":"https:\/\/sodre.gub.uy\/espectaculos\/#website","url":"https:\/\/sodre.gub.uy\/espectaculos\/","name":"Espect\u00e1culos","description":"Servicio Oficial de Difusi\u00f3n, Representaciones y Espect\u00e1culos","publisher":{"@id":"https:\/\/sodre.gub.uy\/espectaculos\/#organization"},"potentialAction":[{"@type":"SearchAction","target":{"@type":"EntryPoint","urlTemplate":"https:\/\/sodre.gub.uy\/espectaculos\/?s={search_term_string}"},"query-input":"required name=search_term_string"}],"inLanguage":"es"},{"@type":"Organization","@id":"https:\/\/sodre.gub.uy\/espectaculos\/#organization","name":"Espect\u00e1culos","url":"https:\/\/sodre.gub.uy\/espectaculos\/","logo":{"@type":"ImageObject","inLanguage":"es","@id":"https:\/\/sodre.gub.uy\/espectaculos\/#\/schema\/logo\/image\/","url":"https:\/\/sodre.gub.uy\/espectaculos\/wp-content\/uploads\/sites\/2\/2023\/12\/logo-sodre-black.svg","contentUrl":"https:\/\/sodre.gub.uy\/espectaculos\/wp-content\/uploads\/sites\/2\/2023\/12\/logo-sodre-black.svg","caption":"Espect\u00e1culos"},"image":{"@id":"https:\/\/sodre.gub.uy\/espectaculos\/#\/schema\/logo\/image\/"}}]}},"_links":{"self":[{"href":"https:\/\/sodre.gub.uy\/espectaculos\/wp-json\/wp\/v2\/espectaculo\/10688"}],"collection":[{"href":"https:\/\/sodre.gub.uy\/espectaculos\/wp-json\/wp\/v2\/espectaculo"}],"about":[{"href":"https:\/\/sodre.gub.uy\/espectaculos\/wp-json\/wp\/v2\/types\/espectaculo"}],"version-history":[{"count":9,"href":"https:\/\/sodre.gub.uy\/espectaculos\/wp-json\/wp\/v2\/espectaculo\/10688\/revisions"}],"predecessor-version":[{"id":11429,"href":"https:\/\/sodre.gub.uy\/espectaculos\/wp-json\/wp\/v2\/espectaculo\/10688\/revisions\/11429"}],"wp:attachment":[{"href":"https:\/\/sodre.gub.uy\/espectaculos\/wp-json\/wp\/v2\/media?parent=10688"}],"wp:term":[{"taxonomy":"cuerpo-estable","embeddable":true,"href":"https:\/\/sodre.gub.uy\/espectaculos\/wp-json\/wp\/v2\/cuerpo-estable?post=10688"},{"taxonomy":"etiqueta-espectaculo","embeddable":true,"href":"https:\/\/sodre.gub.uy\/espectaculos\/wp-json\/wp\/v2\/etiqueta-espectaculo?post=10688"},{"taxonomy":"lugar","embeddable":true,"href":"https:\/\/sodre.gub.uy\/espectaculos\/wp-json\/wp\/v2\/lugar?post=10688"},{"taxonomy":"sala-espacio","embeddable":true,"href":"https:\/\/sodre.gub.uy\/espectaculos\/wp-json\/wp\/v2\/sala-espacio?post=10688"}],"curies":[{"name":"wp","href":"https:\/\/api.w.org\/{rel}","templated":true}]}}