{"id":10557,"date":"2025-12-04T10:05:24","date_gmt":"2025-12-04T13:05:24","guid":{"rendered":"https:\/\/sodre.gub.uy\/espectaculos\/?post_type=espectaculo&#038;p=10557"},"modified":"2025-12-08T10:15:16","modified_gmt":"2025-12-08T13:15:16","slug":"wainrot-tras-bambalinas","status":"publish","type":"espectaculo","link":"https:\/\/sodre.gub.uy\/espectaculos\/wainrot-tras-bambalinas\/","title":{"rendered":"Wainrot, Tras bambalinas"},"content":{"rendered":"<div class=\"wpb-content-wrapper\"><p>[vc_section el_class=\u00bbcontent&#8211;espectaculo\u00bb][vc_row el_class=\u00bbcyg&#8211;descripcion\u00bb][vc_column][vc_column_text]Una biograf\u00eda es siempre el recorte de una vida; la de Mauricio Wainrot nos interesa especialmente por su riqueza y trascendencia en el mundo de la danza.<\/p>\n<p>Nacido en Buenos Aires en 1946, de padres polacos jud\u00edos inmigrantes y cuyas familias fueran exterminadas en su Polonia natal, Mauricio crece en un conventillo. En 1968 Wainrot comienza su v\u00ednculo con el Teatro General San Mart\u00edn, formando parte como bailar\u00edn del Ballet Contempor\u00e1neo bajo la direcci\u00f3n art\u00edstica de Oscar Ar\u00e1iz y luego de Ana Mar\u00eda Stekelman. En 1982 asume la direcci\u00f3n art\u00edstica del grupo de danza del Teatro San Mart\u00edn, per\u00edodo en el cual comienza a desarrollar su carrera como core\u00f3grafo. Inicia as\u00ed una notable trayectoria internacional que lo llev\u00f3 a dirigir 165 obras en numerosas compa\u00f1\u00edas del mundo, entre las que destacan The Juilliard Dance Ensamble de Nueva York, English National Ballet, The Cincinatti Ballet, Ballet Real de Wallonie, Hannover Opera Ballet, Bat Dor Dance Company of Israel, Ballet<br \/>\nNacional de Chile, Compa\u00f1\u00eda Nacional de M\u00e9xico, Ballet Floida y Hubbard Street Dance Company.<\/p>\n<p>El documental no se limita a celebrar \u00e9xitos: investiga tambi\u00e9n sus or\u00edgenes familiares marcados por el exilio y la p\u00e9rdida, su infancia humilde, su identidad, y c\u00f3mo esos elementos formaron su sensibilidad art\u00edstica.<\/p>\n<p>Una parte significativa es cuando Wainrot viaja a Varsovia (Polonia), al barrio natal de sus padres, evocando el pasado, la memoria familiar \u2014un momento de reflexi\u00f3n fuerte sobre el dolor, el desarraigo y la memoria hist\u00f3rica.<\/p>\n<p>En resumen: el documental propone una \u201cbiograf\u00eda emocional y creativa\u201d \u2014 un viaje entre cuerpo, memoria, historia y danza \u2014 mostrando c\u00f3mo la vida de Wainrot se inscribe en cada coreograf\u00eda.[\/vc_column_text][vc_empty_space height=\u00bb30px\u00bb el_class=\u00bbcyg&#8211;espacio-30&#8243;][\/vc_column][\/vc_row][vc_row el_class=\u00bbcyg&#8211;ficha\u00bb][vc_column width=\u00bb1\/2&#8243;][vc_row_inner][vc_column_inner][vc_column_text]<strong>Ficha art\u00edstica:<\/strong><\/p>\n<p><strong>Invitados:<\/strong> Julio Bocca, Paloma Herrera, Andrea Chinetti, Mar\u00eda Noel Ricceto, Igor Yebra, Luis Faldutti<\/p>\n<p><strong>Direcci\u00f3n \/ Guion:<\/strong> Teresa Costantini<br \/>\n<strong>Producci\u00f3n ejecutiva:<\/strong> Margarita G\u00f3mez<br \/>\n<strong>Productor asociado:<\/strong> Pablo Terruzzi<br \/>\n<strong>Direcci\u00f3n de fotograf\u00eda \/ C\u00e1mara:<\/strong> Hugo Colace \u2014 (ADF)<br \/>\n<strong>Edici\u00f3n:<\/strong> Laura B\u00faa (SAE)<br \/>\n<strong>Sonido:<\/strong> Luciano Zerbatini<br \/>\n<strong>M\u00fasica:<\/strong> Fabi\u00e1n Picciano y Pol Medina<br \/>\n<strong>Producci\u00f3n general:<\/strong> Teresa Costantini \/ Buenos Aires Producciones<\/p>\n<p><strong>Pa\u00eds:<\/strong> Argentina<\/p>\n<p><strong>A\u00f1o de realizaci\u00f3n:<\/strong> 2024[\/vc_column_text][vc_empty_space height=\u00bb10&#8243; el_class=\u00bbcyg&#8211;espacio-10&#8243;][\/vc_column_inner][\/vc_row_inner][vc_row_inner][vc_column_inner][vc_empty_space height=\u00bb10&#8243; el_class=\u00bbcyg&#8211;espacio-10&#8243;][\/vc_column_inner][\/vc_row_inner][\/vc_column][vc_column width=\u00bb1\/2&#8243;][vc_row_inner][vc_column_inner][vc_empty_space height=\u00bb10&#8243; el_class=\u00bbcyg&#8211;espacio-10&#8243;][\/vc_column_inner][\/vc_row_inner][vc_row_inner][vc_column_inner][vc_empty_space height=\u00bb10&#8243; el_class=\u00bbcyg&#8211;espacio-10&#8243;][\/vc_column_inner][\/vc_row_inner][\/vc_column][\/vc_row][vc_row][vc_column][vc_empty_space height=\u00bb10px\u00bb][vc_column_text]<strong>Duraci\u00f3n:<\/strong> 56 min.[\/vc_column_text][vc_column_text]Apto para todo p\u00fablico.[\/vc_column_text][\/vc_column][\/vc_row][\/vc_section]<\/p>\n<\/div>","protected":false},"excerpt":{"rendered":"<p>Retrato \u00edntimo del core\u00f3grafo argentino<\/p>\n","protected":false},"menu_order":0,"template":"","format":"standard","cuerpo-estable":[29],"etiqueta-espectaculo":[78],"lugar":[17],"sala-espacio":[],"acf":[],"yoast_head":"<!-- This site is optimized with the Yoast SEO plugin v21.7 - https:\/\/yoast.com\/wordpress\/plugins\/seo\/ -->\n<title>Wainrot, Tras bambalinas - Espect\u00e1culos<\/title>\n<meta name=\"robots\" content=\"index, follow, max-snippet:-1, max-image-preview:large, max-video-preview:-1\" \/>\n<link rel=\"canonical\" href=\"https:\/\/sodre.gub.uy\/espectaculos\/wainrot-tras-bambalinas\/\" \/>\n<meta property=\"og:locale\" content=\"es_ES\" \/>\n<meta property=\"og:type\" content=\"article\" \/>\n<meta property=\"og:title\" content=\"Wainrot, Tras bambalinas - Espect\u00e1culos\" \/>\n<meta property=\"og:description\" content=\"Retrato \u00edntimo del core\u00f3grafo argentino\" \/>\n<meta property=\"og:url\" content=\"https:\/\/sodre.gub.uy\/espectaculos\/wainrot-tras-bambalinas\/\" \/>\n<meta property=\"og:site_name\" content=\"Espect\u00e1culos\" \/>\n<meta property=\"article:modified_time\" content=\"2025-12-08T13:15:16+00:00\" \/>\n<meta name=\"twitter:card\" content=\"summary_large_image\" \/>\n<meta name=\"twitter:label1\" content=\"Tiempo de lectura\" \/>\n\t<meta name=\"twitter:data1\" content=\"2 minutos\" \/>\n<script type=\"application\/ld+json\" class=\"yoast-schema-graph\">{\"@context\":\"https:\/\/schema.org\",\"@graph\":[{\"@type\":\"WebPage\",\"@id\":\"https:\/\/sodre.gub.uy\/espectaculos\/wainrot-tras-bambalinas\/\",\"url\":\"https:\/\/sodre.gub.uy\/espectaculos\/wainrot-tras-bambalinas\/\",\"name\":\"Wainrot, Tras bambalinas - Espect\u00e1culos\",\"isPartOf\":{\"@id\":\"https:\/\/sodre.gub.uy\/espectaculos\/#website\"},\"datePublished\":\"2025-12-04T13:05:24+00:00\",\"dateModified\":\"2025-12-08T13:15:16+00:00\",\"inLanguage\":\"es\",\"potentialAction\":[{\"@type\":\"ReadAction\",\"target\":[\"https:\/\/sodre.gub.uy\/espectaculos\/wainrot-tras-bambalinas\/\"]}]},{\"@type\":\"WebSite\",\"@id\":\"https:\/\/sodre.gub.uy\/espectaculos\/#website\",\"url\":\"https:\/\/sodre.gub.uy\/espectaculos\/\",\"name\":\"Espect\u00e1culos\",\"description\":\"Servicio Oficial de Difusi\u00f3n, Representaciones y Espect\u00e1culos\",\"publisher\":{\"@id\":\"https:\/\/sodre.gub.uy\/espectaculos\/#organization\"},\"potentialAction\":[{\"@type\":\"SearchAction\",\"target\":{\"@type\":\"EntryPoint\",\"urlTemplate\":\"https:\/\/sodre.gub.uy\/espectaculos\/?s={search_term_string}\"},\"query-input\":\"required name=search_term_string\"}],\"inLanguage\":\"es\"},{\"@type\":\"Organization\",\"@id\":\"https:\/\/sodre.gub.uy\/espectaculos\/#organization\",\"name\":\"Espect\u00e1culos\",\"url\":\"https:\/\/sodre.gub.uy\/espectaculos\/\",\"logo\":{\"@type\":\"ImageObject\",\"inLanguage\":\"es\",\"@id\":\"https:\/\/sodre.gub.uy\/espectaculos\/#\/schema\/logo\/image\/\",\"url\":\"https:\/\/sodre.gub.uy\/espectaculos\/wp-content\/uploads\/sites\/2\/2023\/12\/logo-sodre-black.svg\",\"contentUrl\":\"https:\/\/sodre.gub.uy\/espectaculos\/wp-content\/uploads\/sites\/2\/2023\/12\/logo-sodre-black.svg\",\"caption\":\"Espect\u00e1culos\"},\"image\":{\"@id\":\"https:\/\/sodre.gub.uy\/espectaculos\/#\/schema\/logo\/image\/\"}}]}<\/script>\n<!-- \/ Yoast SEO plugin. -->","yoast_head_json":{"title":"Wainrot, Tras bambalinas - Espect\u00e1culos","robots":{"index":"index","follow":"follow","max-snippet":"max-snippet:-1","max-image-preview":"max-image-preview:large","max-video-preview":"max-video-preview:-1"},"canonical":"https:\/\/sodre.gub.uy\/espectaculos\/wainrot-tras-bambalinas\/","og_locale":"es_ES","og_type":"article","og_title":"Wainrot, Tras bambalinas - Espect\u00e1culos","og_description":"Retrato \u00edntimo del core\u00f3grafo argentino","og_url":"https:\/\/sodre.gub.uy\/espectaculos\/wainrot-tras-bambalinas\/","og_site_name":"Espect\u00e1culos","article_modified_time":"2025-12-08T13:15:16+00:00","twitter_card":"summary_large_image","twitter_misc":{"Tiempo de lectura":"2 minutos"},"schema":{"@context":"https:\/\/schema.org","@graph":[{"@type":"WebPage","@id":"https:\/\/sodre.gub.uy\/espectaculos\/wainrot-tras-bambalinas\/","url":"https:\/\/sodre.gub.uy\/espectaculos\/wainrot-tras-bambalinas\/","name":"Wainrot, Tras bambalinas - Espect\u00e1culos","isPartOf":{"@id":"https:\/\/sodre.gub.uy\/espectaculos\/#website"},"datePublished":"2025-12-04T13:05:24+00:00","dateModified":"2025-12-08T13:15:16+00:00","inLanguage":"es","potentialAction":[{"@type":"ReadAction","target":["https:\/\/sodre.gub.uy\/espectaculos\/wainrot-tras-bambalinas\/"]}]},{"@type":"WebSite","@id":"https:\/\/sodre.gub.uy\/espectaculos\/#website","url":"https:\/\/sodre.gub.uy\/espectaculos\/","name":"Espect\u00e1culos","description":"Servicio Oficial de Difusi\u00f3n, Representaciones y Espect\u00e1culos","publisher":{"@id":"https:\/\/sodre.gub.uy\/espectaculos\/#organization"},"potentialAction":[{"@type":"SearchAction","target":{"@type":"EntryPoint","urlTemplate":"https:\/\/sodre.gub.uy\/espectaculos\/?s={search_term_string}"},"query-input":"required name=search_term_string"}],"inLanguage":"es"},{"@type":"Organization","@id":"https:\/\/sodre.gub.uy\/espectaculos\/#organization","name":"Espect\u00e1culos","url":"https:\/\/sodre.gub.uy\/espectaculos\/","logo":{"@type":"ImageObject","inLanguage":"es","@id":"https:\/\/sodre.gub.uy\/espectaculos\/#\/schema\/logo\/image\/","url":"https:\/\/sodre.gub.uy\/espectaculos\/wp-content\/uploads\/sites\/2\/2023\/12\/logo-sodre-black.svg","contentUrl":"https:\/\/sodre.gub.uy\/espectaculos\/wp-content\/uploads\/sites\/2\/2023\/12\/logo-sodre-black.svg","caption":"Espect\u00e1culos"},"image":{"@id":"https:\/\/sodre.gub.uy\/espectaculos\/#\/schema\/logo\/image\/"}}]}},"_links":{"self":[{"href":"https:\/\/sodre.gub.uy\/espectaculos\/wp-json\/wp\/v2\/espectaculo\/10557"}],"collection":[{"href":"https:\/\/sodre.gub.uy\/espectaculos\/wp-json\/wp\/v2\/espectaculo"}],"about":[{"href":"https:\/\/sodre.gub.uy\/espectaculos\/wp-json\/wp\/v2\/types\/espectaculo"}],"version-history":[{"count":3,"href":"https:\/\/sodre.gub.uy\/espectaculos\/wp-json\/wp\/v2\/espectaculo\/10557\/revisions"}],"predecessor-version":[{"id":10572,"href":"https:\/\/sodre.gub.uy\/espectaculos\/wp-json\/wp\/v2\/espectaculo\/10557\/revisions\/10572"}],"wp:attachment":[{"href":"https:\/\/sodre.gub.uy\/espectaculos\/wp-json\/wp\/v2\/media?parent=10557"}],"wp:term":[{"taxonomy":"cuerpo-estable","embeddable":true,"href":"https:\/\/sodre.gub.uy\/espectaculos\/wp-json\/wp\/v2\/cuerpo-estable?post=10557"},{"taxonomy":"etiqueta-espectaculo","embeddable":true,"href":"https:\/\/sodre.gub.uy\/espectaculos\/wp-json\/wp\/v2\/etiqueta-espectaculo?post=10557"},{"taxonomy":"lugar","embeddable":true,"href":"https:\/\/sodre.gub.uy\/espectaculos\/wp-json\/wp\/v2\/lugar?post=10557"},{"taxonomy":"sala-espacio","embeddable":true,"href":"https:\/\/sodre.gub.uy\/espectaculos\/wp-json\/wp\/v2\/sala-espacio?post=10557"}],"curies":[{"name":"wp","href":"https:\/\/api.w.org\/{rel}","templated":true}]}}