{"id":447,"date":"2023-11-30T11:15:23","date_gmt":"2023-11-30T14:15:23","guid":{"rendered":"https:\/\/sodre.gub.uy\/escuelas-sodre\/?page_id=447"},"modified":"2025-10-16T09:42:41","modified_gmt":"2025-10-16T12:42:41","slug":"formacion-docente-en-artes","status":"publish","type":"page","link":"https:\/\/sodre.gub.uy\/enfas\/formacion-docente-en-artes\/","title":{"rendered":"Formaci\u00f3n Docente en Artes"},"content":{"rendered":"<div class=\"wpb-content-wrapper\"><p>[vc_row][vc_column][\/vc_column][\/vc_row][vc_row][vc_column width=\u00bb1\/2&#8243;][vc_column_text]La licenciatura dura 4 a\u00f1os y tiene por objetivo formar docentes que durante todo el proceso formativo se encuentren en contacto directo con la vida art\u00edstica y participen en proyectos de investigaci\u00f3n pedag\u00f3gica art\u00edstica as\u00ed como en proyectos de vinculaci\u00f3n en el medio que puedan promover di\u00e1logos de manera argumentada con actores del sector art\u00edstico.<\/p>\n<p>Tiene una carga horaria de 26 horas semanales y las clases se desarrollar\u00e1n de lunes a viernes de 8 a 14 h.<\/p>\n<p><strong>N\u00facleo de Competencias B\u00e1sicas:<\/strong> En el primer a\u00f1o, las asignaturas incluidas son:<\/p>\n<ul>\n<li>Anatom\u00eda<\/li>\n<li>Nutrici\u00f3n<\/li>\n<li>Educaci\u00f3n Art\u00edstica<\/li>\n<li>La Actividad de Conocer (Gnoseolog\u00eda\u2013Epistemolog\u00eda)<\/li>\n<li>Matem\u00e1tica para la Educaci\u00f3n<\/li>\n<li>Recursos Ling\u00fc\u00edsticos<\/li>\n<li>Fonoaudiolog\u00eda<\/li>\n<\/ul>\n<p><strong>N\u00facleo de Competencias Disciplinares:<\/strong> Se puede cursar seg\u00fan la especializaci\u00f3n elegida, M\u00fasica o Danza.<\/p>\n<p>Para <strong>Danza<\/strong> en el primer a\u00f1o, las asignaturas incluidas son:<\/p>\n<ul>\n<li>Folclore<\/li>\n<li>M\u00fasica<\/li>\n<li>T\u00e9cnica Moderna<\/li>\n<li>T\u00e9cnica Cl\u00e1sica<\/li>\n<li>Danza Contempor\u00e1nea<\/li>\n<li>Educaci\u00f3n Som\u00e1tica<\/li>\n<\/ul>\n<p>Para <strong>M\u00fasica<\/strong>, en el primer a\u00f1o, las asignaturas incluidas son:<\/p>\n<ul>\n<li>Educaci\u00f3n de la Voz<\/li>\n<li>Pr\u00e1ctica de Conjunto<\/li>\n<li>Solfeo y Ac\u00fastica<\/li>\n<li>Educaci\u00f3n Som\u00e1tica<\/li>\n<li>Solfeo y Armon\u00eda<\/li>\n<\/ul>\n<p><strong>N\u00facleo de Ense\u00f1anza y Evaluaci\u00f3n del Aprendizaje:<\/strong> Incluye las siguientes asignaturas en el primer a\u00f1o:<\/p>\n<ul>\n<li>Historia y Filosof\u00eda de la Educaci\u00f3n<\/li>\n<li>Neurociencias y Cognici\u00f3n<\/li>\n<li>Sujetos de Aprendizaje<\/li>\n<li>Introducci\u00f3n a las Teor\u00edas Pedag\u00f3gicas<\/li>\n<li>Teor\u00edas Pedag\u00f3gicas<\/li>\n<li>Introducci\u00f3n a la Ense\u00f1anza de Sensopercepci\u00f3n<\/li>\n<\/ul>\n<p><strong>N\u00facleo de Herramientas Profesionales:<\/strong> Incluye las siguientes asignaturas en el primer a\u00f1o:<\/p>\n<ul>\n<li>Ingl\u00e9s<\/li>\n<li>Competencias Digitales<\/li>\n<li>Transdisciplina<\/li>\n<\/ul>\n<p>[\/vc_column_text][\/vc_column][vc_column width=\u00bb1\/2&#8243;][vc_single_image image=\u00bb620&#8243; img_size=\u00bbfull\u00bb][\/vc_column][\/vc_row][vc_row][vc_column][vc_empty_space height=\u00bb40px\u00bb][\/vc_column][\/vc_row][vc_row][vc_column]\n\n<h3 \n\trole=\"heading\" \n\tclass=\"cyg--tit contenido cyg--font-inter cyg--font-normal \"\n>\n\n\tEquipo\n<\/h3>\n\n\n[vc_empty_space height=\u00bb15px\u00bb][\/vc_column][\/vc_row][vc_row][vc_column width=\u00bb1\/2&#8243;][vc_column_text]<strong>Direcci\u00f3n General Escuelas Sodre:<\/strong> Natalia Sobrera<br \/>\n<strong>Adjunto a la Direcci\u00f3n General:<\/strong> Emiliano D\u2019Agostino<br \/>\n<strong>Producci\u00f3n Art\u00edstica:<\/strong> Rodrigo Garmendia<br \/>\n<strong>Secretar\u00eda General:<\/strong> Victoria Mosqueira<\/p>\n<p><strong>Coordinaci\u00f3n Acad\u00e9mica \u2013 \u00c1rea Formaci\u00f3n Docente:<\/strong> Laura Varela<\/p>\n<p><strong>Docentes \u00c1rea Formaci\u00f3n Docente<\/strong><\/p>\n<p>Rossana Fleitas:<strong> Anatom\u00eda y fisiolog\u00eda (Sem. I)<\/strong><br \/>\nLilena Ferrari:<strong> Nutrici\u00f3n (Sem. I)<\/strong><br \/>\nAndr\u00e9s Papaleo:<strong> Educaci\u00f3n Art\u00edstica (Sem. I)<\/strong><br \/>\nMariel Cisneros:<strong> La actividad de conocer (Gnoseolog\u00eda Epistemolog\u00eda) (Sem. I)<\/strong><br \/>\nAnal\u00eda Font\u00e1n:<strong> Danzas Folcl\u00f3ricas (Sem. I)<\/strong><br \/>\nValentina D\u00edaz:<strong> Danza Moderna (Sem. I)<\/strong><br \/>\nJos\u00e9 Romero Ottonello:<strong> M\u00fasica (Anual)<\/strong><br \/>\nSof\u00eda Mara:<strong> Educaci\u00f3n de la Voz (Anual)<\/strong><br \/>\nMart\u00edn Jorge:<strong> Pr\u00e1ctica Conjunto (Anual), Solfeo y Ac\u00fastica (Sem. I)<\/strong><br \/>\nLaura Curbelo:<strong> Historia y filosof\u00eda de la educaci\u00f3n (Sem. I)<\/strong><br \/>\nPatricia Fern\u00e1ndez:<strong> Neurociencias y cognici\u00f3n (Sem. I)<\/strong><br \/>\nGustavo Aramburu:<strong> Sujetos de aprendizaje (Sem. I)<\/strong><br \/>\nDiego Silva:<strong> Introducci\u00f3n Teor\u00edas pedag\u00f3gicas (Sem. I), Teor\u00edas Pedag\u00f3gicas (Sem. II)<\/strong><br \/>\nMartina Bail\u00f3n:<strong> Competencias digitales (Anual)<\/strong><br \/>\nAndrea Varela:<strong> Ingl\u00e9s (Anual)<\/strong><br \/>\nMateo Delfino:<strong> Matem\u00e1tica para educaci\u00f3n art\u00edstica (Sem. II)<\/strong><br \/>\nMat\u00edas N\u00fa\u00f1ez:<strong> Recursos Ling\u00fc\u00edsticos (Sem. II)<\/strong><br \/>\nPaola Fontana:<strong> Fonoaudiolog\u00eda (Sem. II)<\/strong><br \/>\nMart\u00edn Jorge:<strong> Solfeo y Armon\u00eda (Sem. II)<\/strong><br \/>\nFederico Godoy:<strong> T\u00e9cnica Cl\u00e1sica (Sem. II)<\/strong><br \/>\nDaniella P\u00e1ssaro:<strong> Danza Contempor\u00e1nea (Sem. II)<\/strong><br \/>\nMariel Cisneros:<strong> Transdisciplina (Sem. II)<\/strong><br \/>\nB\u00e1rbara Buz\u00f3:<strong> Introducci\u00f3n a la ense\u00f1anza de la sensopercepci\u00f3n (Sem. II)<\/strong><br \/>\nClaudia Pisani:<strong> Educaci\u00f3n Som\u00e1tica (Sem. II)<\/strong>[\/vc_column_text][vc_empty_space height=\u00bb15px\u00bb][vc_empty_space height=\u00bb50px\u00bb]\n\n<h3 \n\trole=\"heading\" \n\tclass=\"cyg--tit contenido cyg--font-gloock cyg--font-normal \"\n>\n\n\tContacto\n<\/h3>\n\n\n[vc_empty_space height=\u00bb15px\u00bb][vc_column_text]<strong>Escuela Nacional de Danza<\/strong><\/p>\n<p>Wilson Ferreira Aldunate 1345, 1.\u00ba piso<\/p>\n<p>Bedel\u00eda \u2013 2901 67 50<\/p>\n<p>Julio Herrera y Obes 1489<\/p>\n<p>Bedel\u00edas \u2013 2909 31 61<\/p>\n<p>enfaballet@sodre.gub.uy[\/vc_column_text][\/vc_column][vc_column width=\u00bb1\/2&#8243;][\/vc_column][\/vc_row]<\/p>\n<\/div>","protected":false},"excerpt":{"rendered":"<p>[vc_row][vc_column][\/vc_column][\/vc_row][vc_row][vc_column width=\u00bb1\/2&#8243;][vc_column_text]La licenciatura dura 4 a\u00f1os y tiene por objetivo formar docentes que durante todo el proceso formativo se encuentren en contacto directo con la vida art\u00edstica y participen en proyectos de investigaci\u00f3n pedag\u00f3gica art\u00edstica as\u00ed como en proyectos de vinculaci\u00f3n en el medio que puedan promover di\u00e1logos de manera argumentada con actores del sector [&hellip;]<\/p>\n","protected":false},"author":5,"featured_media":0,"parent":0,"menu_order":0,"comment_status":"closed","ping_status":"closed","template":"","meta":{"footnotes":""},"acf":[],"yoast_head":"<!-- This site is optimized with the Yoast SEO plugin v21.7 - https:\/\/yoast.com\/wordpress\/plugins\/seo\/ -->\n<title>Formaci\u00f3n Docente en Artes - Escuela Nacional de Formaci\u00f3n Art\u00edstica<\/title>\n<meta name=\"robots\" content=\"index, follow, max-snippet:-1, max-image-preview:large, max-video-preview:-1\" \/>\n<link rel=\"canonical\" href=\"https:\/\/sodre.gub.uy\/enfas\/formacion-docente-en-artes\/\" \/>\n<meta property=\"og:locale\" content=\"es_ES\" \/>\n<meta property=\"og:type\" content=\"article\" \/>\n<meta property=\"og:title\" content=\"Formaci\u00f3n Docente en Artes - Escuela Nacional de Formaci\u00f3n Art\u00edstica\" \/>\n<meta property=\"og:description\" content=\"[vc_row][vc_column][\/vc_column][\/vc_row][vc_row][vc_column width=\u00bb1\/2&#8243;][vc_column_text]La licenciatura dura 4 a\u00f1os y tiene por objetivo formar docentes que durante todo el proceso formativo se encuentren en contacto directo con la vida art\u00edstica y participen en proyectos de investigaci\u00f3n pedag\u00f3gica art\u00edstica as\u00ed como en proyectos de vinculaci\u00f3n en el medio que puedan promover di\u00e1logos de manera argumentada con actores del sector [&hellip;]\" \/>\n<meta property=\"og:url\" content=\"https:\/\/sodre.gub.uy\/enfas\/formacion-docente-en-artes\/\" \/>\n<meta property=\"og:site_name\" content=\"Escuela Nacional de Formaci\u00f3n Art\u00edstica\" \/>\n<meta property=\"article:modified_time\" content=\"2025-10-16T12:42:41+00:00\" \/>\n<meta name=\"twitter:card\" content=\"summary_large_image\" \/>\n<meta name=\"twitter:label1\" content=\"Tiempo de lectura\" \/>\n\t<meta name=\"twitter:data1\" content=\"3 minutos\" \/>\n<script type=\"application\/ld+json\" class=\"yoast-schema-graph\">{\"@context\":\"https:\/\/schema.org\",\"@graph\":[{\"@type\":\"WebPage\",\"@id\":\"https:\/\/sodre.gub.uy\/enfas\/formacion-docente-en-artes\/\",\"url\":\"https:\/\/sodre.gub.uy\/enfas\/formacion-docente-en-artes\/\",\"name\":\"Formaci\u00f3n Docente en Artes - Escuela Nacional de Formaci\u00f3n Art\u00edstica\",\"isPartOf\":{\"@id\":\"https:\/\/sodre.gub.uy\/enfas\/#website\"},\"datePublished\":\"2023-11-30T14:15:23+00:00\",\"dateModified\":\"2025-10-16T12:42:41+00:00\",\"inLanguage\":\"es\",\"potentialAction\":[{\"@type\":\"ReadAction\",\"target\":[\"https:\/\/sodre.gub.uy\/enfas\/formacion-docente-en-artes\/\"]}]},{\"@type\":\"WebSite\",\"@id\":\"https:\/\/sodre.gub.uy\/enfas\/#website\",\"url\":\"https:\/\/sodre.gub.uy\/enfas\/\",\"name\":\"Escuela Nacional de Formaci\u00f3n Art\u00edstica\",\"description\":\"Servicio Oficial de Difusi\u00f3n, Representaciones y Espect\u00e1culos\",\"publisher\":{\"@id\":\"https:\/\/sodre.gub.uy\/enfas\/#organization\"},\"potentialAction\":[{\"@type\":\"SearchAction\",\"target\":{\"@type\":\"EntryPoint\",\"urlTemplate\":\"https:\/\/sodre.gub.uy\/enfas\/?s={search_term_string}\"},\"query-input\":\"required name=search_term_string\"}],\"inLanguage\":\"es\"},{\"@type\":\"Organization\",\"@id\":\"https:\/\/sodre.gub.uy\/enfas\/#organization\",\"name\":\"Escuela Nacional de Formaci\u00f3n Art\u00edstica\",\"url\":\"https:\/\/sodre.gub.uy\/enfas\/\",\"logo\":{\"@type\":\"ImageObject\",\"inLanguage\":\"es\",\"@id\":\"https:\/\/sodre.gub.uy\/enfas\/#\/schema\/logo\/image\/\",\"url\":\"https:\/\/sodre.gub.uy\/enfas\/wp-content\/uploads\/sites\/3\/2023\/12\/logo-sodre-black.svg\",\"contentUrl\":\"https:\/\/sodre.gub.uy\/enfas\/wp-content\/uploads\/sites\/3\/2023\/12\/logo-sodre-black.svg\",\"caption\":\"Escuela Nacional de Formaci\u00f3n Art\u00edstica\"},\"image\":{\"@id\":\"https:\/\/sodre.gub.uy\/enfas\/#\/schema\/logo\/image\/\"}}]}<\/script>\n<!-- \/ Yoast SEO plugin. -->","yoast_head_json":{"title":"Formaci\u00f3n Docente en Artes - Escuela Nacional de Formaci\u00f3n Art\u00edstica","robots":{"index":"index","follow":"follow","max-snippet":"max-snippet:-1","max-image-preview":"max-image-preview:large","max-video-preview":"max-video-preview:-1"},"canonical":"https:\/\/sodre.gub.uy\/enfas\/formacion-docente-en-artes\/","og_locale":"es_ES","og_type":"article","og_title":"Formaci\u00f3n Docente en Artes - Escuela Nacional de Formaci\u00f3n Art\u00edstica","og_description":"[vc_row][vc_column][\/vc_column][\/vc_row][vc_row][vc_column width=\u00bb1\/2&#8243;][vc_column_text]La licenciatura dura 4 a\u00f1os y tiene por objetivo formar docentes que durante todo el proceso formativo se encuentren en contacto directo con la vida art\u00edstica y participen en proyectos de investigaci\u00f3n pedag\u00f3gica art\u00edstica as\u00ed como en proyectos de vinculaci\u00f3n en el medio que puedan promover di\u00e1logos de manera argumentada con actores del sector [&hellip;]","og_url":"https:\/\/sodre.gub.uy\/enfas\/formacion-docente-en-artes\/","og_site_name":"Escuela Nacional de Formaci\u00f3n Art\u00edstica","article_modified_time":"2025-10-16T12:42:41+00:00","twitter_card":"summary_large_image","twitter_misc":{"Tiempo de lectura":"3 minutos"},"schema":{"@context":"https:\/\/schema.org","@graph":[{"@type":"WebPage","@id":"https:\/\/sodre.gub.uy\/enfas\/formacion-docente-en-artes\/","url":"https:\/\/sodre.gub.uy\/enfas\/formacion-docente-en-artes\/","name":"Formaci\u00f3n Docente en Artes - Escuela Nacional de Formaci\u00f3n Art\u00edstica","isPartOf":{"@id":"https:\/\/sodre.gub.uy\/enfas\/#website"},"datePublished":"2023-11-30T14:15:23+00:00","dateModified":"2025-10-16T12:42:41+00:00","inLanguage":"es","potentialAction":[{"@type":"ReadAction","target":["https:\/\/sodre.gub.uy\/enfas\/formacion-docente-en-artes\/"]}]},{"@type":"WebSite","@id":"https:\/\/sodre.gub.uy\/enfas\/#website","url":"https:\/\/sodre.gub.uy\/enfas\/","name":"Escuela Nacional de Formaci\u00f3n Art\u00edstica","description":"Servicio Oficial de Difusi\u00f3n, Representaciones y Espect\u00e1culos","publisher":{"@id":"https:\/\/sodre.gub.uy\/enfas\/#organization"},"potentialAction":[{"@type":"SearchAction","target":{"@type":"EntryPoint","urlTemplate":"https:\/\/sodre.gub.uy\/enfas\/?s={search_term_string}"},"query-input":"required name=search_term_string"}],"inLanguage":"es"},{"@type":"Organization","@id":"https:\/\/sodre.gub.uy\/enfas\/#organization","name":"Escuela Nacional de Formaci\u00f3n Art\u00edstica","url":"https:\/\/sodre.gub.uy\/enfas\/","logo":{"@type":"ImageObject","inLanguage":"es","@id":"https:\/\/sodre.gub.uy\/enfas\/#\/schema\/logo\/image\/","url":"https:\/\/sodre.gub.uy\/enfas\/wp-content\/uploads\/sites\/3\/2023\/12\/logo-sodre-black.svg","contentUrl":"https:\/\/sodre.gub.uy\/enfas\/wp-content\/uploads\/sites\/3\/2023\/12\/logo-sodre-black.svg","caption":"Escuela Nacional de Formaci\u00f3n Art\u00edstica"},"image":{"@id":"https:\/\/sodre.gub.uy\/enfas\/#\/schema\/logo\/image\/"}}]}},"_links":{"self":[{"href":"https:\/\/sodre.gub.uy\/enfas\/wp-json\/wp\/v2\/pages\/447"}],"collection":[{"href":"https:\/\/sodre.gub.uy\/enfas\/wp-json\/wp\/v2\/pages"}],"about":[{"href":"https:\/\/sodre.gub.uy\/enfas\/wp-json\/wp\/v2\/types\/page"}],"author":[{"embeddable":true,"href":"https:\/\/sodre.gub.uy\/enfas\/wp-json\/wp\/v2\/users\/5"}],"replies":[{"embeddable":true,"href":"https:\/\/sodre.gub.uy\/enfas\/wp-json\/wp\/v2\/comments?post=447"}],"version-history":[{"count":52,"href":"https:\/\/sodre.gub.uy\/enfas\/wp-json\/wp\/v2\/pages\/447\/revisions"}],"predecessor-version":[{"id":803,"href":"https:\/\/sodre.gub.uy\/enfas\/wp-json\/wp\/v2\/pages\/447\/revisions\/803"}],"wp:attachment":[{"href":"https:\/\/sodre.gub.uy\/enfas\/wp-json\/wp\/v2\/media?parent=447"}],"curies":[{"name":"wp","href":"https:\/\/api.w.org\/{rel}","templated":true}]}}