{"id":426,"date":"2023-11-29T15:39:01","date_gmt":"2023-11-29T18:39:01","guid":{"rendered":"https:\/\/sodre.gub.uy\/escuelas-sodre\/?page_id=426"},"modified":"2026-01-07T11:31:38","modified_gmt":"2026-01-07T14:31:38","slug":"danza-contemporanea","status":"publish","type":"page","link":"https:\/\/sodre.gub.uy\/enfas\/danza-contemporanea\/","title":{"rendered":"Danza Contempor\u00e1nea"},"content":{"rendered":"<div class=\"wpb-content-wrapper\"><p>[vc_section][vc_row gap=\u00bb30&#8243;][vc_column width=\u00bb1\/2&#8243;][vc_column_text]Una profesi\u00f3n din\u00e1mica necesita bailarines contempor\u00e1neos con una gran capacidad de baile as\u00ed como t\u00e9cnicas esc\u00e9nicas y compositivas que le permita insertarse en un campo art\u00edstico que est\u00e1 en permanente cambio. En el transcurso de cuatro a\u00f1os, los estudiantes transitan el camino para convertirse en bailarines vers\u00e1tiles que colaboran activamente en el pensamiento de la escena ya sea como int\u00e9rpretes\u2013creadores o en el proceso de trabajo de los core\u00f3grafos. Durante el estudio se sumergen en varios estilos de danza contempor\u00e1nea junto con la danza acad\u00e9mica a nivel t\u00e9cnico avanzado. Esto ayudar\u00e1 a convertirse en bailarines de m\u00faltiples talentos que se sientan c\u00f3modos con estilos modernos y contempor\u00e1neos, grupos de danza tanto aqu\u00ed como en el extranjero. El manejo de un amplio repertorio contempor\u00e1neo y el vocabulario de danza, adem\u00e1s de un estilo personal, generar\u00e1 un bailar\u00edn\/a que podr\u00e1 participar en la demanda de producciones.<\/p>\n<p>Durante los dos primeros a\u00f1os del programa de estudio el \u00e9nfasis est\u00e1 en el desarrollo de la danza, sus habilidades t\u00e9cnicas necesarias y la construcci\u00f3n de un vocabulario de danza basado en la danza cl\u00e1sica, la moderna y la contempor\u00e1nea. Siendo el foco en los dos \u00faltimos a\u00f1os, la construcci\u00f3n de su propio lenguaje y el cuerpo en escena. Se trabajar\u00e1 sobre la improvisaci\u00f3n, la composici\u00f3n, el trabajo cooperativo, la improvisaci\u00f3n de contacto, la investigaci\u00f3n y el an\u00e1lisis del movimiento, el teatro y el teatro f\u00edsico, la m\u00fasica, el M\u00e9todo Feldenkrais, la T\u00e9cnica Alexander, el repertorio contempor\u00e1neo, as\u00ed como materias te\u00f3ricas tales como la Historia de la Danza, la Filosof\u00eda y la Est\u00e9tica, la Historia del Arte, la Gesti\u00f3n y la Producci\u00f3n que aseguren un desarrollo m\u00e1s amplio y profundo de sus habilidades para convertirse en artista cr\u00edtico de un mundo contempor\u00e1neo.<\/p>\n<p>A lo largo de todo el programa de estudios se presta mucha atenci\u00f3n al desarrollo de su personalidad, disciplina y dedicaci\u00f3n mental e intelectual.<\/p>\n<p>La mayor\u00eda de los docentes del equipo est\u00e1n activos en el campo profesional, por consiguiente, los nuevos desarrollos en la pr\u00e1ctica de la danza a nivel nacional e internacional son seguidos de cerca e integrados en el programa de educaci\u00f3n.<\/p>\n<p>Esta formaci\u00f3n se compone de un Ciclo Introductorio y una Tecnicatura que tiene el reconocimiento de titulaci\u00f3n terciaria no universitaria por Educaci\u00f3n Superior del Ministerio de Educaci\u00f3n y Cultura (MEC) desde el a\u00f1o 2021.[\/vc_column_text][vc_empty_space height=\u00bb40px\u00bb]\n\n<h3 \n\trole=\"heading\" \n\tclass=\"cyg--tit contenido cyg--font-inter cyg--font-normal \"\n>\n\n\tEquipo\n<\/h3>\n\n\n[vc_empty_space height=\u00bb15px\u00bb][vc_column_text]<strong>Direcci\u00f3n General Escuelas Sodre:<\/strong> Natalia Sobrera<\/p>\n<p><strong>Adjunto a la Direcci\u00f3n General:<\/strong> Emiliano D\u2019Agostino<\/p>\n<p><strong>Producci\u00f3n Art\u00edstica:<\/strong> Rodrigo Garmendia<\/p>\n<p><strong>Secretar\u00eda General:<\/strong> Victoria Mosqueira<\/p>\n<p><strong>Coordinaci\u00f3n Acad\u00e9mica \u2013 \u00c1rea Danza Contempor\u00e1nea:<\/strong> Andrea Salazar<\/p>\n<p><strong>Docentes \u00c1rea Danza Contempor\u00e1nea<\/strong><\/p>\n<p>Mar\u00eda Mendive:<strong> Arte Esc\u00e9nico<\/strong><br \/>\nRodrigo Garmendia:<strong> Arte Esc\u00e9nico<\/strong><br \/>\nManuela Montalto:<strong> Improvisaci\u00f3n y Composici\u00f3n<\/strong><br \/>\nNatalia Burgue\u00f1o:<strong> Improvisaci\u00f3n y Composici\u00f3n, Danza Contempor\u00e1nea<\/strong><br \/>\nCarolina Besuievsky:<strong> Improvisaci\u00f3n y Composici\u00f3n<\/strong><br \/>\nCarolina Silveira:<strong> Improvisaci\u00f3n y Composici\u00f3n, Escrituras Esc\u00e9nicas<\/strong><br \/>\nTania Gonz\u00e1lez:<strong> Comunicaci\u00f3n<\/strong><br \/>\nCatalina Chouhy:<strong> Improvisaci\u00f3n en contacto<\/strong><br \/>\nDaniella P\u00e1ssaro:<strong> Danza Contempor\u00e1nea<\/strong><br \/>\nAndrea Lamana:<strong> Danza Contempor\u00e1nea<\/strong><br \/>\nAndrea Arobba:<strong> Danza Contempor\u00e1nea, Repertorio Contempor\u00e1neo, Aikido<\/strong><br \/>\nJosefina D\u00edaz:<strong> Danza Contempor\u00e1nea<\/strong><br \/>\nJ\u00e9sica Schapira:<strong> Danza Moderna, M\u00fasica<\/strong><br \/>\nCelia Hope:<strong> Danza Moderna, Repertorio Contempor\u00e1neo<\/strong><br \/>\nFlorencia De Freitas:<strong> Danza moderna<\/strong><br \/>\nFlorencia Varela:<strong> Educaci\u00f3n Som\u00e1tica \u2013 M\u00e9todo Feldenkrais<\/strong><br \/>\nMariana Di Paula:<strong> Educaci\u00f3n Som\u00e1tica \u2013 T\u00e9cnica Alexander<\/strong><br \/>\nKaren Wild: <strong>Filosof\u00eda y Est\u00e9tica<\/strong><br \/>\nLiliana Boatta:<strong> Danza Folcl\u00f3rica<\/strong><br \/>\nNatacha Melo:<strong> Gesti\u00f3n y producci\u00f3n<\/strong><br \/>\nLuc\u00eda Y\u00e1\u00f1ez:<strong> Historia y teor\u00eda de la Danza<\/strong><br \/>\nRamiro Pallares:<strong> Historia del Arte<\/strong><br \/>\nGustavo Aramburu:<strong> Tango<\/strong><br \/>\nSof\u00eda Bas:<strong> Danza Cl\u00e1sica<\/strong><br \/>\nLuc\u00eda Mart\u00ednez:<strong> Danza Cl\u00e1sica<\/strong><br \/>\nNatalia Acheriteguy:<strong> Danza Cl\u00e1sica<\/strong><br \/>\nTamara G\u00f3mez:<strong> T\u00e9cnicas Corporales \u2013 Yoga<\/strong><br \/>\nMayte Bachmann:<strong> Pr\u00e1ctica de Movimiento<\/strong><br \/>\nGast\u00f3n Boldt:<strong> Pr\u00e1ctica de Movimiento<\/strong><\/p>\n<p><strong>M\u00fasicos acompa\u00f1antes<\/strong><br \/>\nFernanda B\u00e9rtola:<strong> Percusionista<\/strong><br \/>\nJuan Prada:<strong> Pianista<\/strong><\/p>\n<p><strong>Elenco Contempor\u00e1neo Juvenil (ECJ)<\/strong><\/p>\n<p><strong>Coordinaci\u00f3n Art\u00edstica:<\/strong> Andrea Salazar[\/vc_column_text][vc_empty_space height=\u00bb40px\u00bb]\n\n<h3 \n\trole=\"heading\" \n\tclass=\"cyg--tit contenido cyg--font-inter cyg--font-normal \"\n>\n\n\tInscripciones\n<\/h3>\n\n\n[vc_empty_space height=\u00bb15px\u00bb][vc_column_text]<em style=\"margin: 0px;padding: 0px;position: relative\">Cierre de inscripciones 31 de diciembre de 2025.<\/em><\/p>\n<h4><\/h4>\n<h4><strong>Ciclo introductorio<\/strong><\/h4>\n<p>Son los dos primeros a\u00f1os de la formaci\u00f3n en Danza Contempor\u00e1nea que se desarrollan de lunes a viernes durante cuatro horas diarias.<\/p>\n<p>En esos a\u00f1os de estudio el \u00e9nfasis est\u00e1 en el desarrollo de la danza, sus habilidades t\u00e9cnicas necesarias y la construcci\u00f3n de un vocabulario de danza basado en la danza cl\u00e1sica, la moderna y la contempor\u00e1nea. Esta es la base para el desarrollo profesional adecuado.<\/p>\n<p>Los puntos de partida importantes son un est\u00e1ndar alto en t\u00e9cnica, creatividad y potencial para el desarrollo de una personalidad esc\u00e9nica.<\/p>\n<p><strong>Requisitos<\/strong><\/p>\n<ul>\n<li>Edades: Tener m\u00ednimo 16 a\u00f1os cumplidos al comienzo del ciclo lectivo 2026 y m\u00e1ximo 25 a\u00f1os. Nacidos entre 1999 y 2008.<\/li>\n<li>Tener Primer a\u00f1o de Bachillerato diversificado o primer a\u00f1o de Educaci\u00f3n Media Tecnol\u00f3gica o Bachillerato Tecnol\u00f3gico en cualquier orientaci\u00f3n aprobado.<\/li>\n<li>Tener Carn\u00e9 de salud vigente.<\/li>\n<li>Aprobar la prueba de admisi\u00f3n (audici\u00f3n).<\/li>\n<\/ul>\n<p><strong>Prueba de admisi\u00f3n<\/strong><\/p>\n<p>Es de car\u00e1cter eliminatorio compuesta por distintas fases.<\/p>\n<p>La primera ser\u00e1 una clase de danza contempor\u00e1nea e inmediatamente despu\u00e9s una clase de danza cl\u00e1sica. All\u00ed se evaluar\u00e1n habilidades en coordinaci\u00f3n, postura, flexibilidad, manejo del cuerpo, fluidez del movimiento y la capacidad para comprender las propuestas planteadas en las pruebas.<\/p>\n<p>Si esta primera fase es lograda, se convocar\u00e1 para los siguientes d\u00edas a la segunda etapa de audici\u00f3n.<\/p>\n<p>La siguiente fase es una clase de improvisaci\u00f3n y composici\u00f3n. Se evaluar\u00e1 la sensibilidad, la creatividad, la apropiaci\u00f3n del espacio, la comunicaci\u00f3n con los otros, la comprensi\u00f3n de las consignas, el movimiento propio y su presencia esc\u00e9nica.<\/p>\n<p>Los que aprueben esta fase pasan ese mismo d\u00eda a la presentaci\u00f3n de un solo de un minuto de creaci\u00f3n propia y a una entrevista personal.<\/p>\n<p>Estas instancias ser\u00e1n coordinadas luego de finalizar el per\u00edodo de inscripci\u00f3n y cada postulante deber\u00e1 asistir con:<\/p>\n<ul>\n<li>Original y fotocopia de c\u00e9dula de identidad o pasaporte.<\/li>\n<li>Original y fotocopia de carn\u00e9 de salud vigente.<\/li>\n<li>Original y fotocopia de documento probatorio de primer a\u00f1o de Bachillerato de Educaci\u00f3n Secundaria o de DGETP en cualquier orientaci\u00f3n aprobado o con una asignatura previa a aprobar en abril del ciclo lectivo al que postula.<\/li>\n<li>Foto carn\u00e9.<\/li>\n<\/ul>\n<p>El resultado final ser\u00e1 informado por correo electr\u00f3nico luego de finalizadas todas las pruebas.<\/p>\n<h4>Tecnicatura<\/h4>\n<p>Son dos a\u00f1os de formaci\u00f3n de cuatro horas diarias y es la propuesta curricular aprobada por el \u00e1rea de Educaci\u00f3n Superior del Ministerio de Educaci\u00f3n y Cultura (MEC) de car\u00e1cter terciario no universitario. Compone el perfeccionamiento profesional en danza contempor\u00e1nea para convertirse en bailarines con una excelente ductilidad. Los estudiantes obtendr\u00e1n la formaci\u00f3n superior necesaria para convertirse en bailarines esc\u00e9nicos contempor\u00e1neos colaborando activamente en el pensamiento de la escena y en el proceso de trabajo de los core\u00f3grafos.<\/p>\n<p>Este llamado depender\u00e1 de la disponibilidad de cupos para el primer a\u00f1o de la Tecnicatura en el 2026.<\/p>\n<p><strong>Requisitos<\/strong><\/p>\n<ul>\n<li>Tener el Ciclo Introductorio aprobado en su totalidad para inscribirse de forma directa sin audici\u00f3n. En caso de no tenerlo aprobado o no haberlo cursado, se deber\u00e1 dar prueba de admisi\u00f3n*.<\/li>\n<li>Edades: Tener un m\u00ednimo de 18 y m\u00e1ximo de 28 a\u00f1os de edad al inicio del ciclo lectivo 2026 (nacidos entre 1997 y 2006).<\/li>\n<li>Tener Bachillerato de Educaci\u00f3n Secundaria o de DGETP en cualquier orientaci\u00f3n aprobado completamente o con una asignatura previa a aprobar en abril del ciclo lectivo al que postula.<\/li>\n<li>Tener carn\u00e9 de salud vigente.<\/li>\n<li>Aprobar la prueba de admisi\u00f3n* (si corresponde).<\/li>\n<\/ul>\n<p><strong>Prueba de admisi\u00f3n<\/strong><\/p>\n<p>Realizar satisfactoriamente una prueba de ingreso que contendr\u00e1 una combinaci\u00f3n de las \u00e1reas te\u00f3ricas, pr\u00e1cticas y compositivas de la carrera evaluando el perfil y la madurez del postulante para entrar a la Tecnicatura del \u00c1rea Danza Contempor\u00e1nea.<\/p>\n<p><strong>Para esta instancia deber\u00e1 asistir con<\/strong><\/p>\n<ul>\n<li>Original y fotocopia de carn\u00e9 de salud vigente.<\/li>\n<li>Original y fotocopia de c\u00e9dula de identidad o pasaporte.<\/li>\n<li>Original y fotocopia de documento probatorio de Bachillerato de Educaci\u00f3n Secundaria o de DGETP en cualquier orientaci\u00f3n aprobado completamente o con una asignatura previa a aprobar en abril del ciclo lectivo al que postula.<\/li>\n<li>Foto carn\u00e9.<\/li>\n<\/ul>\n<p>Podr\u00e1 enviarse por correo electr\u00f3nico material bibliogr\u00e1fico y pautas para la elaboraci\u00f3n de producciones escritas que ser\u00e1n enviadas al cierre del per\u00edodo de inscripciones.<\/p>\n<p>El resultado final ser\u00e1 informado por correo electr\u00f3nico luego de finalizadas todas las instancias de la prueba de admisi\u00f3n.[\/vc_column_text][vc_empty_space height=\u00bb15px\u00bb][vc_empty_space height=\u00bb40px\u00bb]\n\n<h3 \n\trole=\"heading\" \n\tclass=\"cyg--tit contenido cyg--font-inter cyg--font-normal \"\n>\n\n\tContacto\n<\/h3>\n\n\n[vc_empty_space height=\u00bb15px\u00bb][vc_column_text]Av. Uruguay 876 \/ 878<br \/>\nBedel\u00eda: 2903 3143 \/ 2903 0661<\/p>\n<p>Julio Herrera y Obes 1489<br \/>\nBedel\u00eda: 2909 3161<\/p>\n<p><a href=\"mailto:enfacontemporanea@sodre.gub.uy\">enfacontemporanea@sodre.gub.uy<\/a>[\/vc_column_text][vc_empty_space height=\u00bb40px\u00bb][\/vc_column][vc_column width=\u00bb1\/2&#8243; css=\u00bb.vc_custom_1701211009001{margin-top: 0px !important;border-top-width: 0px !important;padding-top: 0px !important;}\u00bb][vc_single_image image=\u00bb556&#8243; img_size=\u00bbfull\u00bb css=\u00bb.vc_custom_1701704196972{margin-top: 0px !important;border-top-width: 0px !important;padding-top: 0px !important;}\u00bb][vc_empty_space height=\u00bb30px\u00bb][vc_single_image image=\u00bb557&#8243; img_size=\u00bbfull\u00bb css=\u00bb.vc_custom_1701704208352{margin-top: 0px !important;border-top-width: 0px !important;padding-top: 0px !important;}\u00bb][vc_empty_space height=\u00bb30px\u00bb][vc_single_image image=\u00bb555&#8243; img_size=\u00bbfull\u00bb css=\u00bb.vc_custom_1701704220649{margin-top: 0px !important;border-top-width: 0px !important;padding-top: 0px !important;}\u00bb][\/vc_column][\/vc_row][\/vc_section]<\/p>\n<\/div>","protected":false},"excerpt":{"rendered":"<p>[vc_section][vc_row gap=\u00bb30&#8243;][vc_column width=\u00bb1\/2&#8243;][vc_column_text]Una profesi\u00f3n din\u00e1mica necesita bailarines contempor\u00e1neos con una gran capacidad de baile as\u00ed como t\u00e9cnicas esc\u00e9nicas y compositivas que le permita insertarse en un campo art\u00edstico que est\u00e1 en permanente cambio. En el transcurso de cuatro a\u00f1os, los estudiantes transitan el camino para convertirse en bailarines vers\u00e1tiles que colaboran activamente en el pensamiento [&hellip;]<\/p>\n","protected":false},"author":5,"featured_media":0,"parent":0,"menu_order":0,"comment_status":"closed","ping_status":"closed","template":"","meta":{"footnotes":""},"acf":[],"yoast_head":"<!-- This site is optimized with the Yoast SEO plugin v21.7 - https:\/\/yoast.com\/wordpress\/plugins\/seo\/ -->\n<title>Danza Contempor\u00e1nea - Escuela Nacional de Formaci\u00f3n Art\u00edstica<\/title>\n<meta name=\"robots\" content=\"index, follow, max-snippet:-1, max-image-preview:large, max-video-preview:-1\" \/>\n<link rel=\"canonical\" href=\"https:\/\/sodre.gub.uy\/enfas\/danza-contemporanea\/\" \/>\n<meta property=\"og:locale\" content=\"es_ES\" \/>\n<meta property=\"og:type\" content=\"article\" \/>\n<meta property=\"og:title\" content=\"Danza Contempor\u00e1nea - Escuela Nacional de Formaci\u00f3n Art\u00edstica\" \/>\n<meta property=\"og:description\" content=\"[vc_section][vc_row gap=\u00bb30&#8243;][vc_column width=\u00bb1\/2&#8243;][vc_column_text]Una profesi\u00f3n din\u00e1mica necesita bailarines contempor\u00e1neos con una gran capacidad de baile as\u00ed como t\u00e9cnicas esc\u00e9nicas y compositivas que le permita insertarse en un campo art\u00edstico que est\u00e1 en permanente cambio. En el transcurso de cuatro a\u00f1os, los estudiantes transitan el camino para convertirse en bailarines vers\u00e1tiles que colaboran activamente en el pensamiento [&hellip;]\" \/>\n<meta property=\"og:url\" content=\"https:\/\/sodre.gub.uy\/enfas\/danza-contemporanea\/\" \/>\n<meta property=\"og:site_name\" content=\"Escuela Nacional de Formaci\u00f3n Art\u00edstica\" \/>\n<meta property=\"article:modified_time\" content=\"2026-01-07T14:31:38+00:00\" \/>\n<meta name=\"twitter:card\" content=\"summary_large_image\" \/>\n<meta name=\"twitter:label1\" content=\"Tiempo de lectura\" \/>\n\t<meta name=\"twitter:data1\" content=\"7 minutos\" \/>\n<script type=\"application\/ld+json\" class=\"yoast-schema-graph\">{\"@context\":\"https:\/\/schema.org\",\"@graph\":[{\"@type\":\"WebPage\",\"@id\":\"https:\/\/sodre.gub.uy\/enfas\/danza-contemporanea\/\",\"url\":\"https:\/\/sodre.gub.uy\/enfas\/danza-contemporanea\/\",\"name\":\"Danza Contempor\u00e1nea - Escuela Nacional de Formaci\u00f3n Art\u00edstica\",\"isPartOf\":{\"@id\":\"https:\/\/sodre.gub.uy\/enfas\/#website\"},\"datePublished\":\"2023-11-29T18:39:01+00:00\",\"dateModified\":\"2026-01-07T14:31:38+00:00\",\"inLanguage\":\"es\",\"potentialAction\":[{\"@type\":\"ReadAction\",\"target\":[\"https:\/\/sodre.gub.uy\/enfas\/danza-contemporanea\/\"]}]},{\"@type\":\"WebSite\",\"@id\":\"https:\/\/sodre.gub.uy\/enfas\/#website\",\"url\":\"https:\/\/sodre.gub.uy\/enfas\/\",\"name\":\"Escuela Nacional de Formaci\u00f3n Art\u00edstica\",\"description\":\"Servicio Oficial de Difusi\u00f3n, Representaciones y Espect\u00e1culos\",\"publisher\":{\"@id\":\"https:\/\/sodre.gub.uy\/enfas\/#organization\"},\"potentialAction\":[{\"@type\":\"SearchAction\",\"target\":{\"@type\":\"EntryPoint\",\"urlTemplate\":\"https:\/\/sodre.gub.uy\/enfas\/?s={search_term_string}\"},\"query-input\":\"required name=search_term_string\"}],\"inLanguage\":\"es\"},{\"@type\":\"Organization\",\"@id\":\"https:\/\/sodre.gub.uy\/enfas\/#organization\",\"name\":\"Escuela Nacional de Formaci\u00f3n Art\u00edstica\",\"url\":\"https:\/\/sodre.gub.uy\/enfas\/\",\"logo\":{\"@type\":\"ImageObject\",\"inLanguage\":\"es\",\"@id\":\"https:\/\/sodre.gub.uy\/enfas\/#\/schema\/logo\/image\/\",\"url\":\"https:\/\/sodre.gub.uy\/enfas\/wp-content\/uploads\/sites\/3\/2023\/12\/logo-sodre-black.svg\",\"contentUrl\":\"https:\/\/sodre.gub.uy\/enfas\/wp-content\/uploads\/sites\/3\/2023\/12\/logo-sodre-black.svg\",\"caption\":\"Escuela Nacional de Formaci\u00f3n Art\u00edstica\"},\"image\":{\"@id\":\"https:\/\/sodre.gub.uy\/enfas\/#\/schema\/logo\/image\/\"}}]}<\/script>\n<!-- \/ Yoast SEO plugin. -->","yoast_head_json":{"title":"Danza Contempor\u00e1nea - Escuela Nacional de Formaci\u00f3n Art\u00edstica","robots":{"index":"index","follow":"follow","max-snippet":"max-snippet:-1","max-image-preview":"max-image-preview:large","max-video-preview":"max-video-preview:-1"},"canonical":"https:\/\/sodre.gub.uy\/enfas\/danza-contemporanea\/","og_locale":"es_ES","og_type":"article","og_title":"Danza Contempor\u00e1nea - Escuela Nacional de Formaci\u00f3n Art\u00edstica","og_description":"[vc_section][vc_row gap=\u00bb30&#8243;][vc_column width=\u00bb1\/2&#8243;][vc_column_text]Una profesi\u00f3n din\u00e1mica necesita bailarines contempor\u00e1neos con una gran capacidad de baile as\u00ed como t\u00e9cnicas esc\u00e9nicas y compositivas que le permita insertarse en un campo art\u00edstico que est\u00e1 en permanente cambio. En el transcurso de cuatro a\u00f1os, los estudiantes transitan el camino para convertirse en bailarines vers\u00e1tiles que colaboran activamente en el pensamiento [&hellip;]","og_url":"https:\/\/sodre.gub.uy\/enfas\/danza-contemporanea\/","og_site_name":"Escuela Nacional de Formaci\u00f3n Art\u00edstica","article_modified_time":"2026-01-07T14:31:38+00:00","twitter_card":"summary_large_image","twitter_misc":{"Tiempo de lectura":"7 minutos"},"schema":{"@context":"https:\/\/schema.org","@graph":[{"@type":"WebPage","@id":"https:\/\/sodre.gub.uy\/enfas\/danza-contemporanea\/","url":"https:\/\/sodre.gub.uy\/enfas\/danza-contemporanea\/","name":"Danza Contempor\u00e1nea - Escuela Nacional de Formaci\u00f3n Art\u00edstica","isPartOf":{"@id":"https:\/\/sodre.gub.uy\/enfas\/#website"},"datePublished":"2023-11-29T18:39:01+00:00","dateModified":"2026-01-07T14:31:38+00:00","inLanguage":"es","potentialAction":[{"@type":"ReadAction","target":["https:\/\/sodre.gub.uy\/enfas\/danza-contemporanea\/"]}]},{"@type":"WebSite","@id":"https:\/\/sodre.gub.uy\/enfas\/#website","url":"https:\/\/sodre.gub.uy\/enfas\/","name":"Escuela Nacional de Formaci\u00f3n Art\u00edstica","description":"Servicio Oficial de Difusi\u00f3n, Representaciones y Espect\u00e1culos","publisher":{"@id":"https:\/\/sodre.gub.uy\/enfas\/#organization"},"potentialAction":[{"@type":"SearchAction","target":{"@type":"EntryPoint","urlTemplate":"https:\/\/sodre.gub.uy\/enfas\/?s={search_term_string}"},"query-input":"required name=search_term_string"}],"inLanguage":"es"},{"@type":"Organization","@id":"https:\/\/sodre.gub.uy\/enfas\/#organization","name":"Escuela Nacional de Formaci\u00f3n Art\u00edstica","url":"https:\/\/sodre.gub.uy\/enfas\/","logo":{"@type":"ImageObject","inLanguage":"es","@id":"https:\/\/sodre.gub.uy\/enfas\/#\/schema\/logo\/image\/","url":"https:\/\/sodre.gub.uy\/enfas\/wp-content\/uploads\/sites\/3\/2023\/12\/logo-sodre-black.svg","contentUrl":"https:\/\/sodre.gub.uy\/enfas\/wp-content\/uploads\/sites\/3\/2023\/12\/logo-sodre-black.svg","caption":"Escuela Nacional de Formaci\u00f3n Art\u00edstica"},"image":{"@id":"https:\/\/sodre.gub.uy\/enfas\/#\/schema\/logo\/image\/"}}]}},"_links":{"self":[{"href":"https:\/\/sodre.gub.uy\/enfas\/wp-json\/wp\/v2\/pages\/426"}],"collection":[{"href":"https:\/\/sodre.gub.uy\/enfas\/wp-json\/wp\/v2\/pages"}],"about":[{"href":"https:\/\/sodre.gub.uy\/enfas\/wp-json\/wp\/v2\/types\/page"}],"author":[{"embeddable":true,"href":"https:\/\/sodre.gub.uy\/enfas\/wp-json\/wp\/v2\/users\/5"}],"replies":[{"embeddable":true,"href":"https:\/\/sodre.gub.uy\/enfas\/wp-json\/wp\/v2\/comments?post=426"}],"version-history":[{"count":19,"href":"https:\/\/sodre.gub.uy\/enfas\/wp-json\/wp\/v2\/pages\/426\/revisions"}],"predecessor-version":[{"id":808,"href":"https:\/\/sodre.gub.uy\/enfas\/wp-json\/wp\/v2\/pages\/426\/revisions\/808"}],"wp:attachment":[{"href":"https:\/\/sodre.gub.uy\/enfas\/wp-json\/wp\/v2\/media?parent=426"}],"curies":[{"name":"wp","href":"https:\/\/api.w.org\/{rel}","templated":true}]}}