{"id":416,"date":"2023-11-29T15:31:12","date_gmt":"2023-11-29T18:31:12","guid":{"rendered":"https:\/\/sodre.gub.uy\/escuelas-sodre\/?page_id=416"},"modified":"2026-01-07T11:31:10","modified_gmt":"2026-01-07T14:31:10","slug":"folclore","status":"publish","type":"page","link":"https:\/\/sodre.gub.uy\/enfas\/folclore\/","title":{"rendered":"Folclore"},"content":{"rendered":"<div class=\"wpb-content-wrapper\"><p>[vc_section][vc_row gap=\u00bb30&#8243;][vc_column width=\u00bb1\/2&#8243;][vc_column_text]Esta formaci\u00f3n fue creada, estructurada y dirigida por una de las m\u00e1ximas representantes de nuestro pa\u00eds en el campo de la danza, la investigaci\u00f3n y la docencia en esta disciplina: la profesora Flor de Mar\u00eda Rodr\u00edguez de Ayestar\u00e1n.<\/p>\n<p>Su estructura curricular y program\u00e1tica incluye asignaturas que procuran cubrir diversas \u00e1reas de la formaci\u00f3n de sus estudiantes: asignaturas pr\u00e1cticas de danza (Danza Folcl\u00f3rica, Malambo, Cl\u00e1sico, Danza Contempor\u00e1nea, Tango, Danzas Latinoamericanas), asignaturas de apoyo a la interpretaci\u00f3n en escenarios (Arte Esc\u00e9nico, Creaci\u00f3n, Pr\u00e1ctica Esc\u00e9nica), asignaturas de apoyo te\u00f3rico (Teor\u00eda de la Danza y del Folclore, Educaci\u00f3n Musical, Folclore Musical Uruguayo, etc.) y asignaturas de referencia hist\u00f3rico\u2013cultural (Historia del Uruguay, Historia Rioplatense, Historia de la Vestimenta, etc.).<\/p>\n<p>El \u00c1rea Folclore ha formado varias generaciones de egresados que se desempe\u00f1aron y desempe\u00f1an tanto a nivel de la educaci\u00f3n curricular (p\u00fablica y privada) como en actividades extracurriculares, de extensi\u00f3n cultural, animaci\u00f3n, de escenario, etc.<\/p>\n<p>El estudiantado en la formaci\u00f3n en danza folcl\u00f3rica abarca una franja etaria que va desde los 16 a los 30 a\u00f1os.<\/p>\n<p>Desde 2022, la propuesta acad\u00e9mica de la Tecnicatura est\u00e1 siendo evaluada por Educaci\u00f3n Superior del Ministerio de Educaci\u00f3n y Cultura para su reconocimiento terciario no universitario.[\/vc_column_text][vc_empty_space height=\u00bb40px\u00bb]\n\n<h3 \n\trole=\"heading\" \n\tclass=\"cyg--tit contenido cyg--font-inter cyg--font-normal \"\n>\n\n\tEquipo\n<\/h3>\n\n\n[vc_empty_space height=\u00bb15px\u00bb][vc_column_text]<strong>Direcci\u00f3n General Escuelas Sodre:<\/strong> Natalia Sobrera<br \/>\n<strong>Adjunto a la Direcci\u00f3n General:<\/strong> Emiliano D\u2019Agostino<br \/>\n<strong>Producci\u00f3n Art\u00edstica:<\/strong> Rodrigo Garmendia<br \/>\n<strong>Secretar\u00eda General:<\/strong> Victoria Mosqueira<\/p>\n<p><strong>Coordinador Acad\u00e9mico \u2013<\/strong>\u00a0<strong>\u00c1rea Folclore:<\/strong> Jorge Caride<\/p>\n<p><strong>Docentes \u00c1rea Folclore<\/strong><\/p>\n<p>Natalia Acheriteguy:<strong> Danza Cl\u00e1sica<\/strong><br \/>\nGustavo Aramburu:<strong> Tango<\/strong><br \/>\nVirginia Arzuaga:<strong> Literatura<\/strong><br \/>\nSandra Blanco:<strong> Arte Esc\u00e9nico<\/strong><br \/>\nLiliana Boatta: Danza Folcl\u00f3rica<br \/>\nSilvana Buchm\u00fcller:<strong> Danza Cl\u00e1sica<\/strong><br \/>\nMarcos Cal:<strong> Malambo, Danzas Latinoamericanas<\/strong><br \/>\nCecilia Canessa:<strong> Gesti\u00f3n y Producci\u00f3n<\/strong><br \/>\nAlejandra Cuadrado:<strong> Pr\u00e1ctica Esc\u00e9nica<\/strong><br \/>\nGast\u00f3n Dami\u00e1n:<strong> Danza Folcl\u00f3rica, Malambo y Pr\u00e1ctica Esc\u00e9nica<\/strong><br \/>\nJosefina D\u00edaz:<strong> Danza Contempor\u00e1nea<\/strong><br \/>\nFlorencia de Freitas:<strong> Expresi\u00f3n Corporal<\/strong><br \/>\nVictoria de Le\u00f3n:<strong> Danza Folcl\u00f3rica<\/strong><br \/>\nOscar Dotta:<strong> Educaci\u00f3n Musical, Folclore Musical Latinoamericano<\/strong><br \/>\nMariana Di Paula:<strong> Estudio Som\u00e1tico<\/strong><br \/>\nLuc\u00eda Escobar:<strong> Danza Folcl\u00f3rica<\/strong><br \/>\nRodrigo Garmendia:<strong> Pr\u00e1ctica Esc\u00e9nica<\/strong><br \/>\nAndrea Genta:<strong> Tango<\/strong><br \/>\nTania Gonz\u00e1lez:<strong> Teor\u00eda de la Comunicaci\u00f3n<\/strong><br \/>\nSerrana Ibarra:<strong> Arte Esc\u00e9nico<\/strong><br \/>\nAndrea Lamana:<strong> Danza Contempor\u00e1nea<\/strong><br \/>\nEnrique L\u00f3pez:<strong> Historia<\/strong><br \/>\nIgnacio L\u00f3pez:<strong> Educaci\u00f3n Musical, Folclore Musical Uruguayo<\/strong><br \/>\nLuc\u00eda Mart\u00ednez:<strong> Danza Cl\u00e1sica<\/strong><br \/>\nManuela Montalto:<strong> Danza Contempor\u00e1nea<\/strong><br \/>\nFederico Olivera:<strong> Danza Folcl\u00f3rica, Candombe<\/strong><br \/>\nAn\u00edbal Orcoyen:<strong> Tango<\/strong><br \/>\nYeny P\u00e1ez:<strong> Historia de la Danza y Teor\u00eda del Folclore<\/strong><br \/>\nV\u00edctor Rivero:<strong> Malambo<\/strong><br \/>\nCecilia Sarasola:<strong> Danza Folcl\u00f3rica, Malambo<\/strong><br \/>\nMichelle Silva:<strong> Candombe (En convenio con la Carrera de Candombe \u2013 IMC)<\/strong><br \/>\nAlejandra Spinetti:<strong> Escritura Acad\u00e9mica<\/strong><br \/>\nHugo Suberbi\u00e9:<strong> Danza Folcl\u00f3rica, Maestro Ensayador BFJ<\/strong><br \/>\nMar\u00eda Eugenia Vaz:<strong> Malambo<\/strong><br \/>\nValeria Vega:<strong> Candombe (En convenio con la Carrera de Candombe \u2013 IMC)<\/strong><br \/>\nSheila Werosch:<strong> Expresi\u00f3n Corporal, Vestuario, Identidad y Patrimonio<\/strong> <strong>Cultural, Acervo<\/strong><\/p>\n<p><strong>M\u00fasicos acompa\u00f1antes<\/strong><\/p>\n<p>Adri\u00e1n Batista:<strong> Guitarrista<\/strong><br \/>\nBruno Benedetto:<strong> Pianista<\/strong><br \/>\nMayra Hern\u00e1ndez:<strong> Pianista<\/strong><br \/>\nHugo N\u00fa\u00f1ez:<strong> Guitarrista<\/strong><\/p>\n<p><strong>Equipo Administrativo<\/strong><\/p>\n<p>Mat\u00edas Aguirre<br \/>\nDaniel Colet<\/p>\n<p><strong>Ballet Folcl\u00f3rico Juvenil (BFJ)<\/strong><\/p>\n<p><strong>Coordinaci\u00f3n General:<\/strong> Jorge Caride<\/p>\n<p><strong>Coordinaci\u00f3n Art\u00edstica:<\/strong> Hugo Suberbi\u00e9[\/vc_column_text][vc_empty_space height=\u00bb40px\u00bb]\n\n<h3 \n\trole=\"heading\" \n\tclass=\"cyg--tit contenido cyg--font-inter cyg--font-normal \"\n>\n\n\tInscripciones\n<\/h3>\n\n\n[vc_empty_space height=\u00bb15px\u00bb][vc_column_text]<em style=\"margin: 0px;padding: 0px;position: relative\">Cierre de inscripciones 31 de diciembre de 2025.<\/em><\/p>\n<p>&nbsp;<\/p>\n<h4>Ciclo Introductorio<\/h4>\n<p>El ciclo introductorio est\u00e1 compuesto por dos a\u00f1os de cursada, de lunes a viernes de cuatro horas diarias. Se considera que es la base de desarrollo t\u00e9cnico art\u00edstico con su etapa final en la propuesta curricular de la Tecnicatura.<\/p>\n<p><strong>Requisitos<\/strong><\/p>\n<ul>\n<li>Edades: tener m\u00ednimo 16 a\u00f1os cumplidos al comienzo de las clases del a\u00f1o lectivo 2026 y m\u00e1ximo 30 a\u00f1os.<\/li>\n<li>Tener Primer a\u00f1o de Bachillerato de Educaci\u00f3n Secundaria o de DGETP en cualquier orientaci\u00f3n aprobado completamente o con una asignatura previa a aprobar en abril del ciclo lectivo al que postula.<\/li>\n<li>Tener carn\u00e9 de salud vigente.<\/li>\n<li>Tener disponibilidad horaria para cursar en uno de los turnos: matutino de 8.30 a 12.30 h o nocturno de 20 a 00 h.<\/li>\n<li>Aprobar pruebas de admisi\u00f3n.<\/li>\n<\/ul>\n<p><strong>Pruebas de admisi\u00f3n<\/strong><\/p>\n<p>Esta instancia ser\u00e1 coordinada luego de finalizar el per\u00edodo de inscripci\u00f3n y se realizar\u00e1 en el mes de febrero. Constar\u00e1 de varias clases pr\u00e1cticas que no requieren conocimientos previos espec\u00edficos. Ser\u00e1n de car\u00e1cter eliminatorio.<\/p>\n<p>Deber\u00e1n asistir a esta instancia con:<\/p>\n<ul>\n<li>Original y fotocopia de carn\u00e9 de salud vigente.<\/li>\n<li>Original y fotocopia de c\u00e9dula de identidad.<\/li>\n<li>Original y fotocopia de documento probatorio de primer a\u00f1o de Bachillerato de Educaci\u00f3n Secundaria o de DGETP en cualquier orientaci\u00f3n aprobado o con una asignatura previa a aprobar en abril del ciclo lectivo al que postula.<\/li>\n<li>Foto carn\u00e9.<\/li>\n<\/ul>\n<h4>Tecnicatura<\/h4>\n<p>Este curso est\u00e1 a consideraci\u00f3n de Educaci\u00f3n Superior del Ministerio de Educaci\u00f3n y Cultura para ser reconocido como una propuesta curricular de car\u00e1cter terciario no universitario.<\/p>\n<p>Se propone profundizar la formaci\u00f3n teniendo como eje central el cuerpo en escena desde el estudio de la danza folcl\u00f3rica desarrollando su t\u00e9cnica, interpretaci\u00f3n y entorno para la difusi\u00f3n, promoci\u00f3n y preservaci\u00f3n de la identidad y el patrimonio cultural inmaterial. En este nivel se espera un dominio t\u00e9cnico relevante y conocimientos adquiridos del ciclo introductor que deber\u00e1n ser acreditados.<\/p>\n<p><strong>Requisitos<\/strong><\/p>\n<ul>\n<li>Tener el Ciclo Introductorio aprobado en su totalidad para inscribirse de forma directa sin audici\u00f3n. En caso de no tenerlo aprobado o no haberlo cursado, se deber\u00e1 dar prueba de admisi\u00f3n*.<\/li>\n<li>Edades: M\u00ednimo 18 a\u00f1os cumplidos al comienzo de las clases del a\u00f1o lectivo 2026 y m\u00e1ximo 32 a\u00f1os.<\/li>\n<li>Bachillerato de Educaci\u00f3n Secundaria o de DGETP en cualquier orientaci\u00f3n aprobado completamente o con una asignatura previa a aprobar en abril del a\u00f1o de ingreso.<\/li>\n<li>Carn\u00e9 de salud vigente.<\/li>\n<li>Disponibilidad horaria para cursar en uno de los turnos: matutino de 8.30 a 12.30 h o nocturno de 20 a 00 h.<\/li>\n<li>Aprobar la prueba de admisi\u00f3n* (si corresponde).<\/li>\n<\/ul>\n<p><strong>Prueba de admisi\u00f3n<\/strong><\/p>\n<p>Esta instancia ser\u00e1 coordinada luego de finalizar el per\u00edodo de inscripci\u00f3n y se realizar\u00e1 en el mes de febrero. Ser\u00e1 de car\u00e1cter eliminatorio.<\/p>\n<p>Se deber\u00e1 acreditar conocimientos en tres \u00e1reas:<\/p>\n<ul>\n<li>Primer \u00c1rea: Danza folcl\u00f3rica y Malambo.<\/li>\n<li>Segunda \u00c1rea: Danza Cl\u00e1sica, Danza Contempor\u00e1nea, Tango y Candombe.<\/li>\n<li>Tercera \u00c1rea: \u00c1rea te\u00f3rica (Historia, Literatura, Historia de la Danza, etc.).<\/li>\n<\/ul>\n<p>Al momento de coordinar la prueba se proporcionar\u00e1n los contenidos de la misma, bibliograf\u00eda y toda la informaci\u00f3n necesaria para realizarla.[\/vc_column_text][vc_empty_space height=\u00bb15px\u00bb][vc_empty_space height=\u00bb40px\u00bb]\n\n<h3 \n\trole=\"heading\" \n\tclass=\"cyg--tit contenido cyg--font-inter cyg--font-normal \"\n>\n\n\tContacto\n<\/h3>\n\n\n[vc_empty_space height=\u00bb15px\u00bb][vc_column_text]Av. Uruguay 876 \/ 878<br \/>\nBedel\u00eda: 2903 3143 \/ 2903 0661<\/p>\n<p>Julio Herrera y Obes 1489<br \/>\nBedel\u00eda: 2909 3161<\/p>\n<p><a href=\"mailto:enfafolclore@sodre.gub.uy\">enfafolclore@sodre.gub.uy<\/a>[\/vc_column_text][vc_empty_space height=\u00bb40px\u00bb][\/vc_column][vc_column width=\u00bb1\/2&#8243; css=\u00bb.vc_custom_1701211009001{margin-top: 0px !important;border-top-width: 0px !important;padding-top: 0px !important;}\u00bb][vc_single_image image=\u00bb550&#8243; img_size=\u00bbfull\u00bb css=\u00bb.vc_custom_1701704016470{margin-top: 0px !important;border-top-width: 0px !important;padding-top: 0px !important;}\u00bb][vc_empty_space height=\u00bb40px\u00bb][vc_single_image image=\u00bb551&#8243; img_size=\u00bbfull\u00bb css=\u00bb.vc_custom_1701704030181{margin-top: 0px !important;border-top-width: 0px !important;padding-top: 0px !important;}\u00bb][vc_empty_space height=\u00bb40px\u00bb][vc_single_image image=\u00bb546&#8243; img_size=\u00bbfull\u00bb css=\u00bb.vc_custom_1701704045493{margin-top: 0px !important;border-top-width: 0px !important;padding-top: 0px !important;}\u00bb][vc_empty_space height=\u00bb40px\u00bb][vc_single_image image=\u00bb547&#8243; img_size=\u00bbfull\u00bb css=\u00bb.vc_custom_1701704055698{margin-top: 0px !important;border-top-width: 0px !important;padding-top: 0px !important;}\u00bb][vc_empty_space height=\u00bb40px\u00bb][vc_single_image image=\u00bb548&#8243; img_size=\u00bbfull\u00bb css=\u00bb.vc_custom_1701704069894{margin-top: 0px !important;border-top-width: 0px !important;padding-top: 0px !important;}\u00bb][vc_empty_space height=\u00bb40px\u00bb][vc_single_image image=\u00bb549&#8243; img_size=\u00bbfull\u00bb css=\u00bb.vc_custom_1701704092314{margin-top: 0px !important;border-top-width: 0px !important;padding-top: 0px !important;}\u00bb][vc_empty_space height=\u00bb40px\u00bb][\/vc_column][\/vc_row][\/vc_section]<\/p>\n<\/div>","protected":false},"excerpt":{"rendered":"<p>[vc_section][vc_row gap=\u00bb30&#8243;][vc_column width=\u00bb1\/2&#8243;][vc_column_text]Esta formaci\u00f3n fue creada, estructurada y dirigida por una de las m\u00e1ximas representantes de nuestro pa\u00eds en el campo de la danza, la investigaci\u00f3n y la docencia en esta disciplina: la profesora Flor de Mar\u00eda Rodr\u00edguez de Ayestar\u00e1n. Su estructura curricular y program\u00e1tica incluye asignaturas que procuran cubrir diversas \u00e1reas de la formaci\u00f3n [&hellip;]<\/p>\n","protected":false},"author":5,"featured_media":0,"parent":0,"menu_order":0,"comment_status":"closed","ping_status":"closed","template":"","meta":{"footnotes":""},"acf":[],"yoast_head":"<!-- This site is optimized with the Yoast SEO plugin v21.7 - https:\/\/yoast.com\/wordpress\/plugins\/seo\/ -->\n<title>Folclore - Escuela Nacional de Formaci\u00f3n Art\u00edstica<\/title>\n<meta name=\"robots\" content=\"index, follow, max-snippet:-1, max-image-preview:large, max-video-preview:-1\" \/>\n<link rel=\"canonical\" href=\"https:\/\/sodre.gub.uy\/enfas\/folclore\/\" \/>\n<meta property=\"og:locale\" content=\"es_ES\" \/>\n<meta property=\"og:type\" content=\"article\" \/>\n<meta property=\"og:title\" content=\"Folclore - Escuela Nacional de Formaci\u00f3n Art\u00edstica\" \/>\n<meta property=\"og:description\" content=\"[vc_section][vc_row gap=\u00bb30&#8243;][vc_column width=\u00bb1\/2&#8243;][vc_column_text]Esta formaci\u00f3n fue creada, estructurada y dirigida por una de las m\u00e1ximas representantes de nuestro pa\u00eds en el campo de la danza, la investigaci\u00f3n y la docencia en esta disciplina: la profesora Flor de Mar\u00eda Rodr\u00edguez de Ayestar\u00e1n. Su estructura curricular y program\u00e1tica incluye asignaturas que procuran cubrir diversas \u00e1reas de la formaci\u00f3n [&hellip;]\" \/>\n<meta property=\"og:url\" content=\"https:\/\/sodre.gub.uy\/enfas\/folclore\/\" \/>\n<meta property=\"og:site_name\" content=\"Escuela Nacional de Formaci\u00f3n Art\u00edstica\" \/>\n<meta property=\"article:modified_time\" content=\"2026-01-07T14:31:10+00:00\" \/>\n<meta name=\"twitter:card\" content=\"summary_large_image\" \/>\n<meta name=\"twitter:label1\" content=\"Tiempo de lectura\" \/>\n\t<meta name=\"twitter:data1\" content=\"7 minutos\" \/>\n<script type=\"application\/ld+json\" class=\"yoast-schema-graph\">{\"@context\":\"https:\/\/schema.org\",\"@graph\":[{\"@type\":\"WebPage\",\"@id\":\"https:\/\/sodre.gub.uy\/enfas\/folclore\/\",\"url\":\"https:\/\/sodre.gub.uy\/enfas\/folclore\/\",\"name\":\"Folclore - Escuela Nacional de Formaci\u00f3n Art\u00edstica\",\"isPartOf\":{\"@id\":\"https:\/\/sodre.gub.uy\/enfas\/#website\"},\"datePublished\":\"2023-11-29T18:31:12+00:00\",\"dateModified\":\"2026-01-07T14:31:10+00:00\",\"inLanguage\":\"es\",\"potentialAction\":[{\"@type\":\"ReadAction\",\"target\":[\"https:\/\/sodre.gub.uy\/enfas\/folclore\/\"]}]},{\"@type\":\"WebSite\",\"@id\":\"https:\/\/sodre.gub.uy\/enfas\/#website\",\"url\":\"https:\/\/sodre.gub.uy\/enfas\/\",\"name\":\"Escuela Nacional de Formaci\u00f3n Art\u00edstica\",\"description\":\"Servicio Oficial de Difusi\u00f3n, Representaciones y Espect\u00e1culos\",\"publisher\":{\"@id\":\"https:\/\/sodre.gub.uy\/enfas\/#organization\"},\"potentialAction\":[{\"@type\":\"SearchAction\",\"target\":{\"@type\":\"EntryPoint\",\"urlTemplate\":\"https:\/\/sodre.gub.uy\/enfas\/?s={search_term_string}\"},\"query-input\":\"required name=search_term_string\"}],\"inLanguage\":\"es\"},{\"@type\":\"Organization\",\"@id\":\"https:\/\/sodre.gub.uy\/enfas\/#organization\",\"name\":\"Escuela Nacional de Formaci\u00f3n Art\u00edstica\",\"url\":\"https:\/\/sodre.gub.uy\/enfas\/\",\"logo\":{\"@type\":\"ImageObject\",\"inLanguage\":\"es\",\"@id\":\"https:\/\/sodre.gub.uy\/enfas\/#\/schema\/logo\/image\/\",\"url\":\"https:\/\/sodre.gub.uy\/enfas\/wp-content\/uploads\/sites\/3\/2023\/12\/logo-sodre-black.svg\",\"contentUrl\":\"https:\/\/sodre.gub.uy\/enfas\/wp-content\/uploads\/sites\/3\/2023\/12\/logo-sodre-black.svg\",\"caption\":\"Escuela Nacional de Formaci\u00f3n Art\u00edstica\"},\"image\":{\"@id\":\"https:\/\/sodre.gub.uy\/enfas\/#\/schema\/logo\/image\/\"}}]}<\/script>\n<!-- \/ Yoast SEO plugin. -->","yoast_head_json":{"title":"Folclore - Escuela Nacional de Formaci\u00f3n Art\u00edstica","robots":{"index":"index","follow":"follow","max-snippet":"max-snippet:-1","max-image-preview":"max-image-preview:large","max-video-preview":"max-video-preview:-1"},"canonical":"https:\/\/sodre.gub.uy\/enfas\/folclore\/","og_locale":"es_ES","og_type":"article","og_title":"Folclore - Escuela Nacional de Formaci\u00f3n Art\u00edstica","og_description":"[vc_section][vc_row gap=\u00bb30&#8243;][vc_column width=\u00bb1\/2&#8243;][vc_column_text]Esta formaci\u00f3n fue creada, estructurada y dirigida por una de las m\u00e1ximas representantes de nuestro pa\u00eds en el campo de la danza, la investigaci\u00f3n y la docencia en esta disciplina: la profesora Flor de Mar\u00eda Rodr\u00edguez de Ayestar\u00e1n. Su estructura curricular y program\u00e1tica incluye asignaturas que procuran cubrir diversas \u00e1reas de la formaci\u00f3n [&hellip;]","og_url":"https:\/\/sodre.gub.uy\/enfas\/folclore\/","og_site_name":"Escuela Nacional de Formaci\u00f3n Art\u00edstica","article_modified_time":"2026-01-07T14:31:10+00:00","twitter_card":"summary_large_image","twitter_misc":{"Tiempo de lectura":"7 minutos"},"schema":{"@context":"https:\/\/schema.org","@graph":[{"@type":"WebPage","@id":"https:\/\/sodre.gub.uy\/enfas\/folclore\/","url":"https:\/\/sodre.gub.uy\/enfas\/folclore\/","name":"Folclore - Escuela Nacional de Formaci\u00f3n Art\u00edstica","isPartOf":{"@id":"https:\/\/sodre.gub.uy\/enfas\/#website"},"datePublished":"2023-11-29T18:31:12+00:00","dateModified":"2026-01-07T14:31:10+00:00","inLanguage":"es","potentialAction":[{"@type":"ReadAction","target":["https:\/\/sodre.gub.uy\/enfas\/folclore\/"]}]},{"@type":"WebSite","@id":"https:\/\/sodre.gub.uy\/enfas\/#website","url":"https:\/\/sodre.gub.uy\/enfas\/","name":"Escuela Nacional de Formaci\u00f3n Art\u00edstica","description":"Servicio Oficial de Difusi\u00f3n, Representaciones y Espect\u00e1culos","publisher":{"@id":"https:\/\/sodre.gub.uy\/enfas\/#organization"},"potentialAction":[{"@type":"SearchAction","target":{"@type":"EntryPoint","urlTemplate":"https:\/\/sodre.gub.uy\/enfas\/?s={search_term_string}"},"query-input":"required name=search_term_string"}],"inLanguage":"es"},{"@type":"Organization","@id":"https:\/\/sodre.gub.uy\/enfas\/#organization","name":"Escuela Nacional de Formaci\u00f3n Art\u00edstica","url":"https:\/\/sodre.gub.uy\/enfas\/","logo":{"@type":"ImageObject","inLanguage":"es","@id":"https:\/\/sodre.gub.uy\/enfas\/#\/schema\/logo\/image\/","url":"https:\/\/sodre.gub.uy\/enfas\/wp-content\/uploads\/sites\/3\/2023\/12\/logo-sodre-black.svg","contentUrl":"https:\/\/sodre.gub.uy\/enfas\/wp-content\/uploads\/sites\/3\/2023\/12\/logo-sodre-black.svg","caption":"Escuela Nacional de Formaci\u00f3n Art\u00edstica"},"image":{"@id":"https:\/\/sodre.gub.uy\/enfas\/#\/schema\/logo\/image\/"}}]}},"_links":{"self":[{"href":"https:\/\/sodre.gub.uy\/enfas\/wp-json\/wp\/v2\/pages\/416"}],"collection":[{"href":"https:\/\/sodre.gub.uy\/enfas\/wp-json\/wp\/v2\/pages"}],"about":[{"href":"https:\/\/sodre.gub.uy\/enfas\/wp-json\/wp\/v2\/types\/page"}],"author":[{"embeddable":true,"href":"https:\/\/sodre.gub.uy\/enfas\/wp-json\/wp\/v2\/users\/5"}],"replies":[{"embeddable":true,"href":"https:\/\/sodre.gub.uy\/enfas\/wp-json\/wp\/v2\/comments?post=416"}],"version-history":[{"count":18,"href":"https:\/\/sodre.gub.uy\/enfas\/wp-json\/wp\/v2\/pages\/416\/revisions"}],"predecessor-version":[{"id":807,"href":"https:\/\/sodre.gub.uy\/enfas\/wp-json\/wp\/v2\/pages\/416\/revisions\/807"}],"wp:attachment":[{"href":"https:\/\/sodre.gub.uy\/enfas\/wp-json\/wp\/v2\/media?parent=416"}],"curies":[{"name":"wp","href":"https:\/\/api.w.org\/{rel}","templated":true}]}}