{"id":462,"date":"2024-06-12T14:18:48","date_gmt":"2024-06-12T17:18:48","guid":{"rendered":"https:\/\/sodre.gub.uy\/anip\/?post_type=exposicion&#038;p=462"},"modified":"2024-06-12T14:19:48","modified_gmt":"2024-06-12T17:19:48","slug":"4-estrellas-cuando-el-futbol-uruguayo-fue-mundial","status":"publish","type":"exposicion","link":"https:\/\/sodre.gub.uy\/anip\/exposicion\/4-estrellas-cuando-el-futbol-uruguayo-fue-mundial\/","title":{"rendered":"4 Estrellas: Cuando el f\u00fatbol uruguayo fue mundial"},"content":{"rendered":"<div class=\"wpb-content-wrapper\"><p>[vc_section][vc_row][vc_column][vc_column_text]El Archivo Nacional de la Imagen y la Palabra (ANIP) present\u00f3 la muestra \u00ab4 Estrellas: Cuando el f\u00fatbol uruguayo fue mundial\u00bb, una conmemoraci\u00f3n de los cien a\u00f1os del triunfo de Uruguay en los Juegos Ol\u00edmpicos de 1924. Esta exposici\u00f3n tambi\u00e9n abarca los Juegos Ol\u00edmpicos de 1928 y los Mundiales de F\u00fatbol de 1930 y 1950, honrando los hitos que forjaron la historia del f\u00fatbol uruguayo y mundial.<\/p>\n<p>Durante la inauguraci\u00f3n, la presidenta del Sodre, Adela Dubra, resalt\u00f3 la importancia de la labor archiv\u00edstica y la riqueza de esta muestra \u00abes muy importante que los archivos sean m\u00e1s conocidos y como dicen los expertos, que los archivos hablen. La exposici\u00f3n tiene una conjunci\u00f3n de fotos e informaci\u00f3n con much\u00edsimo rigor. Hay investigadores como el historiador Juan Carlos Luzuriaga y Pierre Arrighi \u2013quien aport\u00f3 desde Francia\u2013, as\u00ed como la pl\u00e1stica de Ignacio Iturria y Daniel Supervielle. Tambi\u00e9n agradecemos a Facundo Ponce de Le\u00f3n por el material audiovisual y a Gustavo \u2018Maca\u2019 Wojciechowski por su dise\u00f1o\u00bb.<\/p>\n<p>El ministro de Educaci\u00f3n y Cultura, Pablo da Silveira, agreg\u00f3 que \u00abel f\u00fatbol es uno de los grandes alimentos de la vida cultural uruguaya\u00bb. Adem\u00e1s, anunci\u00f3 que en los pr\u00f3ximos d\u00edas el gobierno utilizar\u00e1 la cadena de radio y televisi\u00f3n para festejar el centenario de la primera vuelta ol\u00edmpica. \u00abCreo que ese es un buen indicador de la presencia que tiene el f\u00fatbol en nuestra cultura\u00bb, subray\u00f3.<\/p>\n<p>La exposici\u00f3n incluye una amplia variedad de materiales que documentan la rica historia del f\u00fatbol uruguayo. Desde una gigantograf\u00eda con una l\u00ednea de tiempo que ilustra el camino hacia el primer t\u00edtulo mundial, hasta mostradores con fotograf\u00edas, textos, pinturas y videos. Ofrece una rica narrativa visual y documental y entre los objetos expuestos se encuentra una vieja camiseta de Jos\u00e9 Pedro \u00abVasco\u00bb Cea, pieza emblem\u00e1tica de la historia futbol\u00edstica de Uruguay.<\/p>\n<p>Durante la noche, el secretario nacional del Deporte, Sebasti\u00e1n Bauz\u00e1, reflexion\u00f3 sobre el impacto de los triunfos uruguayos y remarc\u00f3 que \u201chace exactamente 100 a\u00f1os un grupo de talentosos futbolistas uruguayos (\u2026) lograron marcar un hito en la historia del deporte uruguayo y tambi\u00e9n dej\u00f3 una huella imborrable en el f\u00fatbol mundial\u201d.<\/p>\n<p>La directora de la ANIP, Melisa Esp\u00f3sito, enfatiz\u00f3 la relevancia del f\u00fatbol en la identidad nacional afirmando que \u201ces much\u00edsimo m\u00e1s que un juego. Es una pasi\u00f3n que une a todo un pa\u00eds (\u2026) El f\u00fatbol se ha manifestado en nuestra identidad colectiva y se ha convertido en una herramienta de cohesi\u00f3n social inigualable\u00bb.<\/p>\n<p>Por \u00faltimo, el curador de la muestra, Armando Sartorotti, comparti\u00f3 su experiencia personal y confes\u00f3 que al realizarla aprendi\u00f3 \u201csobre humanidad, sacrificio, temple, amor propio y humildad\u00bb.<\/p>\n<p>\u201c4 estrellas\u201d puede visitarse de lunes a viernes de 11 a 17 h en el ANIP, ubicado en Sarand\u00ed 450. Esta exposici\u00f3n no solo celebra los logros deportivos, sino que tambi\u00e9n invita a reflexionar sobre la identidad y la cultura uruguaya a trav\u00e9s del f\u00fatbol, un deporte que ha dejado una marca indeleble en la historia del pa\u00eds.<\/p>\n<p>Esta exposici\u00f3n es posible gracias a la colaboraci\u00f3n del Sodre a trav\u00e9s de ANIP,\u00a0 la Secretar\u00eda Nacional del Deporte, AUF, BSE, Gol Tv, Mc Donald\u00b4s y Lahusen.[\/vc_column_text][\/vc_column][\/vc_row][\/vc_section][vc_row][vc_column][vc_empty_space][\/vc_column][\/vc_row][vc_row][vc_column][vc_gallery type=\u00bbimage_grid\u00bb images=\u00bb464,465,466,467,468,469,470,471,472,473,474,475,476,477,478,479,480,481,482,483,484,485,486,487,488,489,490,491,492&#8243;][\/vc_column][\/vc_row]<\/p>\n<\/div>","protected":false},"excerpt":{"rendered":"<p>Exposici\u00f3n\u2013homenaje a los campeones ol\u00edmpicos y mundiales<\/p>\n","protected":false},"menu_order":0,"template":"","format":"standard","categoria-de-exposicion":[9],"acf":[],"yoast_head":"<!-- This site is optimized with the Yoast SEO plugin v21.7 - https:\/\/yoast.com\/wordpress\/plugins\/seo\/ -->\n<title>4 Estrellas: Cuando el f\u00fatbol uruguayo fue mundial - Anip<\/title>\n<meta name=\"robots\" content=\"index, follow, max-snippet:-1, max-image-preview:large, max-video-preview:-1\" \/>\n<link rel=\"canonical\" href=\"https:\/\/sodre.gub.uy\/anip\/exposicion\/4-estrellas-cuando-el-futbol-uruguayo-fue-mundial\/\" \/>\n<meta property=\"og:locale\" content=\"es_ES\" \/>\n<meta property=\"og:type\" content=\"article\" \/>\n<meta property=\"og:title\" content=\"4 Estrellas: Cuando el f\u00fatbol uruguayo fue mundial - Anip\" \/>\n<meta property=\"og:description\" content=\"Exposici\u00f3n\u2013homenaje a los campeones ol\u00edmpicos y mundiales\" \/>\n<meta property=\"og:url\" content=\"https:\/\/sodre.gub.uy\/anip\/exposicion\/4-estrellas-cuando-el-futbol-uruguayo-fue-mundial\/\" \/>\n<meta property=\"og:site_name\" content=\"Anip\" \/>\n<meta property=\"article:modified_time\" content=\"2024-06-12T17:19:48+00:00\" \/>\n<meta name=\"twitter:card\" content=\"summary_large_image\" \/>\n<meta name=\"twitter:label1\" content=\"Tiempo de lectura\" \/>\n\t<meta name=\"twitter:data1\" content=\"4 minutos\" \/>\n<script type=\"application\/ld+json\" class=\"yoast-schema-graph\">{\"@context\":\"https:\/\/schema.org\",\"@graph\":[{\"@type\":\"WebPage\",\"@id\":\"https:\/\/sodre.gub.uy\/anip\/exposicion\/4-estrellas-cuando-el-futbol-uruguayo-fue-mundial\/\",\"url\":\"https:\/\/sodre.gub.uy\/anip\/exposicion\/4-estrellas-cuando-el-futbol-uruguayo-fue-mundial\/\",\"name\":\"4 Estrellas: Cuando el f\u00fatbol uruguayo fue mundial - Anip\",\"isPartOf\":{\"@id\":\"https:\/\/sodre.gub.uy\/anip\/#website\"},\"datePublished\":\"2024-06-12T17:18:48+00:00\",\"dateModified\":\"2024-06-12T17:19:48+00:00\",\"inLanguage\":\"es\",\"potentialAction\":[{\"@type\":\"ReadAction\",\"target\":[\"https:\/\/sodre.gub.uy\/anip\/exposicion\/4-estrellas-cuando-el-futbol-uruguayo-fue-mundial\/\"]}]},{\"@type\":\"WebSite\",\"@id\":\"https:\/\/sodre.gub.uy\/anip\/#website\",\"url\":\"https:\/\/sodre.gub.uy\/anip\/\",\"name\":\"Anip\",\"description\":\"Servicio Oficial de Difusi\u00f3n, Representaciones y Espect\u00e1culos\",\"publisher\":{\"@id\":\"https:\/\/sodre.gub.uy\/anip\/#organization\"},\"potentialAction\":[{\"@type\":\"SearchAction\",\"target\":{\"@type\":\"EntryPoint\",\"urlTemplate\":\"https:\/\/sodre.gub.uy\/anip\/?s={search_term_string}\"},\"query-input\":\"required name=search_term_string\"}],\"inLanguage\":\"es\"},{\"@type\":\"Organization\",\"@id\":\"https:\/\/sodre.gub.uy\/anip\/#organization\",\"name\":\"Anip\",\"url\":\"https:\/\/sodre.gub.uy\/anip\/\",\"logo\":{\"@type\":\"ImageObject\",\"inLanguage\":\"es\",\"@id\":\"https:\/\/sodre.gub.uy\/anip\/#\/schema\/logo\/image\/\",\"url\":\"https:\/\/sodre.gub.uy\/anip\/wp-content\/uploads\/sites\/4\/2023\/12\/logo-sodre-black.svg\",\"contentUrl\":\"https:\/\/sodre.gub.uy\/anip\/wp-content\/uploads\/sites\/4\/2023\/12\/logo-sodre-black.svg\",\"caption\":\"Anip\"},\"image\":{\"@id\":\"https:\/\/sodre.gub.uy\/anip\/#\/schema\/logo\/image\/\"}}]}<\/script>\n<!-- \/ Yoast SEO plugin. -->","yoast_head_json":{"title":"4 Estrellas: Cuando el f\u00fatbol uruguayo fue mundial - Anip","robots":{"index":"index","follow":"follow","max-snippet":"max-snippet:-1","max-image-preview":"max-image-preview:large","max-video-preview":"max-video-preview:-1"},"canonical":"https:\/\/sodre.gub.uy\/anip\/exposicion\/4-estrellas-cuando-el-futbol-uruguayo-fue-mundial\/","og_locale":"es_ES","og_type":"article","og_title":"4 Estrellas: Cuando el f\u00fatbol uruguayo fue mundial - Anip","og_description":"Exposici\u00f3n\u2013homenaje a los campeones ol\u00edmpicos y mundiales","og_url":"https:\/\/sodre.gub.uy\/anip\/exposicion\/4-estrellas-cuando-el-futbol-uruguayo-fue-mundial\/","og_site_name":"Anip","article_modified_time":"2024-06-12T17:19:48+00:00","twitter_card":"summary_large_image","twitter_misc":{"Tiempo de lectura":"4 minutos"},"schema":{"@context":"https:\/\/schema.org","@graph":[{"@type":"WebPage","@id":"https:\/\/sodre.gub.uy\/anip\/exposicion\/4-estrellas-cuando-el-futbol-uruguayo-fue-mundial\/","url":"https:\/\/sodre.gub.uy\/anip\/exposicion\/4-estrellas-cuando-el-futbol-uruguayo-fue-mundial\/","name":"4 Estrellas: Cuando el f\u00fatbol uruguayo fue mundial - Anip","isPartOf":{"@id":"https:\/\/sodre.gub.uy\/anip\/#website"},"datePublished":"2024-06-12T17:18:48+00:00","dateModified":"2024-06-12T17:19:48+00:00","inLanguage":"es","potentialAction":[{"@type":"ReadAction","target":["https:\/\/sodre.gub.uy\/anip\/exposicion\/4-estrellas-cuando-el-futbol-uruguayo-fue-mundial\/"]}]},{"@type":"WebSite","@id":"https:\/\/sodre.gub.uy\/anip\/#website","url":"https:\/\/sodre.gub.uy\/anip\/","name":"Anip","description":"Servicio Oficial de Difusi\u00f3n, Representaciones y Espect\u00e1culos","publisher":{"@id":"https:\/\/sodre.gub.uy\/anip\/#organization"},"potentialAction":[{"@type":"SearchAction","target":{"@type":"EntryPoint","urlTemplate":"https:\/\/sodre.gub.uy\/anip\/?s={search_term_string}"},"query-input":"required name=search_term_string"}],"inLanguage":"es"},{"@type":"Organization","@id":"https:\/\/sodre.gub.uy\/anip\/#organization","name":"Anip","url":"https:\/\/sodre.gub.uy\/anip\/","logo":{"@type":"ImageObject","inLanguage":"es","@id":"https:\/\/sodre.gub.uy\/anip\/#\/schema\/logo\/image\/","url":"https:\/\/sodre.gub.uy\/anip\/wp-content\/uploads\/sites\/4\/2023\/12\/logo-sodre-black.svg","contentUrl":"https:\/\/sodre.gub.uy\/anip\/wp-content\/uploads\/sites\/4\/2023\/12\/logo-sodre-black.svg","caption":"Anip"},"image":{"@id":"https:\/\/sodre.gub.uy\/anip\/#\/schema\/logo\/image\/"}}]}},"_links":{"self":[{"href":"https:\/\/sodre.gub.uy\/anip\/wp-json\/wp\/v2\/exposicion\/462"}],"collection":[{"href":"https:\/\/sodre.gub.uy\/anip\/wp-json\/wp\/v2\/exposicion"}],"about":[{"href":"https:\/\/sodre.gub.uy\/anip\/wp-json\/wp\/v2\/types\/exposicion"}],"version-history":[{"count":2,"href":"https:\/\/sodre.gub.uy\/anip\/wp-json\/wp\/v2\/exposicion\/462\/revisions"}],"predecessor-version":[{"id":494,"href":"https:\/\/sodre.gub.uy\/anip\/wp-json\/wp\/v2\/exposicion\/462\/revisions\/494"}],"wp:attachment":[{"href":"https:\/\/sodre.gub.uy\/anip\/wp-json\/wp\/v2\/media?parent=462"}],"wp:term":[{"taxonomy":"categoria-de-exposicion","embeddable":true,"href":"https:\/\/sodre.gub.uy\/anip\/wp-json\/wp\/v2\/categoria-de-exposicion?post=462"}],"curies":[{"name":"wp","href":"https:\/\/api.w.org\/{rel}","templated":true}]}}